{"id":25203,"date":"2025-09-08T09:44:33","date_gmt":"2025-09-08T07:44:33","guid":{"rendered":"https:\/\/foodwaste.ch\/?page_id=25203"},"modified":"2025-12-02T15:21:41","modified_gmt":"2025-12-02T14:21:41","slug":"calendrier-foodsave","status":"publish","type":"page","link":"https:\/\/foodwaste.ch\/fr\/reseau\/calendrier-foodsave\/","title":{"rendered":"Calendrier Foodsave"},"content":{"rendered":"<h1 id=\"title\" class=\"wp-block-heading alignwide\">Calendrier Foodsave<\/h1><div class=\"lead\"><p>Le calendrier Foodsave rassemble les manifestations sur le th\u00e8me du \u00abFood Saving\u00bb et du \u00abFood Waste\u00bb (initiatives de lutte contre le gaspillage alimentaire) organis\u00e9es dans toute la Suisse.<\/p>\n<\/div><div class=\"header-button wp-block-buttons is-layout-flex wp-block-buttons-is-layout-flex\"><div class=\"wp-block-button\"><a class=\"wp-block-button__link wp-element-button\" href=\"https:\/\/foodwaste.ch\/fr\/reseau\/saisir-levenement-foodsave\/\">Saisir l\u2019\u00e9v\u00e9nement Foodsave<\/a><\/div><\/div>\n\n<div class=\"mec-wrap mec-skin-list-container  \" id=\"mec_skin_29026\">\r\n\r\n    \r\n            <div class=\"mec-skin-list-events-container\" id=\"mec_skin_events_29026\">\r\n        <div class=\"mec-wrap colorskin-custom\">\r\n\t<div class=\"mec-event-list-standard\">\r\n\t\t\r\n            \r\n                        <article class=\"mec-event-article  mec-clear  mec-divider-toggle mec-toggle-202604-29026 ausstellungen\" itemscope>\r\n                                    <a href=\"https:\/\/foodwaste.ch\/fr\/netzwerk\/foodsave-kalender\/ausstellung-mindestens-haltbar-bis-kein-grund-zum-wegwerfen-an-der-bea-2026\/\">                    <div class=\"mec-topsec\">\r\n                                        <div class=\"col-md-3 mec-event-image-wrap mec-col-table-c\">\r\n                            <div class=\"mec-event-image\">\r\n                                                                <img loading=\"lazy\" decoding=\"async\" width=\"768\" height=\"432\" src=\"https:\/\/foodwaste.ch\/wp-content\/uploads\/2025\/11\/20230923_190420-scaled-768x432.jpg\" class=\"skip_lazy wp-post-image\" alt=\"\" srcset=\"https:\/\/foodwaste.ch\/wp-content\/uploads\/2025\/11\/20230923_190420-scaled-768x432.jpg 768w, https:\/\/foodwaste.ch\/wp-content\/uploads\/2025\/11\/20230923_190420-scaled-300x169.jpg 300w, https:\/\/foodwaste.ch\/wp-content\/uploads\/2025\/11\/20230923_190420-scaled-1024x576.jpg 1024w, https:\/\/foodwaste.ch\/wp-content\/uploads\/2025\/11\/20230923_190420-scaled-1536x864.jpg 1536w, https:\/\/foodwaste.ch\/wp-content\/uploads\/2025\/11\/20230923_190420-scaled-2048x1152.jpg 2048w\" sizes=\"auto, (max-width: 768px) 100vw, 768px\" \/>                            <\/div>\r\n                        <\/div>\r\n                        \r\n                        <div class=\"col-md-6 mec-col-table-c mec-event-content-wrap\">\r\n                            <div class=\"mec-event-content\">\r\n                                                                                                <h3 class=\"mec-event-title\">\r\n                                                                        Ausstellung \u00abMindestens haltbar bis \u2013 kein Grund zum Wegwerfen\u00bb an der BEA 2026                                                                                                                                            <\/h3>\r\n                                <div class=\"mec-event-description\">Die Ausstellung \u00abMindestens haltbar bis \u2013 kein Grund zum Wegwerfen\u00bb wird 2026 w\u00e4hrend der gesamten BEA-Dauer im Rahmen des Regionalprodukte-Auftritts des Amts f\u00fcr Landwirtschaft und Natur des Kantons Bern. Komm vorbei und rette Lebensmittel, sammle im Parcours Informationen zu ihrer verl\u00e4ngerten Haltbarkeit und teste in einer Blind-Degustation, ob du mit deinen Sinnen feststellen kannst, welches [&hellip;]<\/div>\r\n                                                                <div class=\"mec-venue-details\">\r\n                                    <svg xmlns=\"http:\/\/www.w3.org\/2000\/svg\" width=\"12.308\" height=\"16\" viewBox=\"0 0 12.308 16\"><path id=\"location\" d=\"M6.6,15.839a.7.7,0,0,1-.89,0C5.476,15.644,0,11,0,6.029A6.1,6.1,0,0,1,6.154,0a6.1,6.1,0,0,1,6.154,6.029C12.308,11,6.832,15.644,6.6,15.839ZM6.154,1.333a4.747,4.747,0,0,0-4.786,4.7c0,3.6,3.52,7.215,4.786,8.4,1.266-1.184,4.787-4.8,4.787-8.4A4.747,4.747,0,0,0,6.154,1.333Zm0,7.383A2.7,2.7,0,0,1,3.419,6.049,2.7,2.7,0,0,1,6.154,3.383,2.7,2.7,0,0,1,8.889,6.049,2.7,2.7,0,0,1,6.154,8.716Zm0-4A1.334,1.334,0,1,0,7.521,6.049,1.353,1.353,0,0,0,6.154,4.716Z\" fill=\"#40d9f1\" fill-rule=\"evenodd\"\/><\/svg>                                    <span>BERNEXPO, Bern<\/span>\r\n                                                                        <address class=\"mec-event-address\"><span>Mingerstrasse 6<\/span><\/address>\r\n                                                                    <\/div>\r\n                                                            <\/div>\r\n                        <\/div>\r\n                        <div class=\"col-md-3 mec-col-table-c mec-event-meta-wrap\">\r\n                            <div class=\"mec-event-meta mec-color-before\">\r\n                                <div class=\"mec-date-details\">\r\n                                                                                                                    <span class=\"mec-event-d\"><i class=\"mec-sl-calendar\"><\/i><span class=\"mec-start-date-label\">24.04.2026<\/span><span class=\"mec-end-date-label\" itemprop=\"endDate\"> - 03.05.2026<\/span><\/span>\r\n                                                                    <\/div>\r\n                                                                                                                                                                <div class=\"mec-categories-wrapper\"><ul><li>Ausstellungen<\/li>                                                                <li class=\"fw-event\">foodwaste.ch<\/li><\/ul><\/div>                                                                \r\n                                <!--                                -->                            <\/div>\r\n                        <\/div>\r\n                    <\/div>\r\n                    <\/a>\r\n                            <\/article>\r\n            \t\t\r\n            \r\n                        <article class=\"mec-event-article  mec-clear  mec-divider-toggle mec-toggle-202605-29026 foodsave-bankette\" itemscope>\r\n                                    <a href=\"https:\/\/foodwaste.ch\/fr\/netzwerk\/foodsave-kalender\/foodsave-bankett-st-gallen\/\">                    <div class=\"mec-topsec\">\r\n                                        <div class=\"col-md-3 mec-event-image-wrap mec-col-table-c\">\r\n                            <div class=\"mec-event-image\">\r\n                                                                <img loading=\"lazy\" decoding=\"async\" width=\"768\" height=\"512\" src=\"https:\/\/foodwaste.ch\/wp-content\/uploads\/2025\/12\/fsb_2026_DE_v2-768x512.jpg\" class=\"skip_lazy wp-post-image\" alt=\"\" srcset=\"https:\/\/foodwaste.ch\/wp-content\/uploads\/2025\/12\/fsb_2026_DE_v2-768x512.jpg 768w, https:\/\/foodwaste.ch\/wp-content\/uploads\/2025\/12\/fsb_2026_DE_v2-300x200.jpg 300w, https:\/\/foodwaste.ch\/wp-content\/uploads\/2025\/12\/fsb_2026_DE_v2-1024x683.jpg 1024w, https:\/\/foodwaste.ch\/wp-content\/uploads\/2025\/12\/fsb_2026_DE_v2-391x260.jpg 391w, https:\/\/foodwaste.ch\/wp-content\/uploads\/2025\/12\/fsb_2026_DE_v2-1536x1024.jpg 1536w, https:\/\/foodwaste.ch\/wp-content\/uploads\/2025\/12\/fsb_2026_DE_v2.jpg 1620w\" sizes=\"auto, (max-width: 768px) 100vw, 768px\" \/>                            <\/div>\r\n                        <\/div>\r\n                        \r\n                        <div class=\"col-md-6 mec-col-table-c mec-event-content-wrap\">\r\n                            <div class=\"mec-event-content\">\r\n                                                                                                <h3 class=\"mec-event-title\">\r\n                                                                        Foodsave-Bankett St. Gallen                                                                                                                                            <\/h3>\r\n                                <div class=\"mec-event-description\">Der nachhaltige Umgang mit unseren Ressourcen liegt uns am Herzen. Bei Foodsave-Banketten k\u00f6nnen wir gemeinsam erleben, wie einfach es ist, aus nicht mehr verk\u00e4uflichen Lebensmitteln ein Festmahl zu zaubern. Mit K\u00f6stlichkeiten aus der Foodsave-K\u00fcche werden wir aktiv gegen die Verschwendung von Lebensmitteln und feiern Erntedank. Zubereitet von K\u00f6ch:innen und vielen Freiwilligen, laden wir dich zu [&hellip;]<\/div>\r\n                                                                <div class=\"mec-venue-details\">\r\n                                    <svg xmlns=\"http:\/\/www.w3.org\/2000\/svg\" width=\"12.308\" height=\"16\" viewBox=\"0 0 12.308 16\"><path id=\"location\" d=\"M6.6,15.839a.7.7,0,0,1-.89,0C5.476,15.644,0,11,0,6.029A6.1,6.1,0,0,1,6.154,0a6.1,6.1,0,0,1,6.154,6.029C12.308,11,6.832,15.644,6.6,15.839ZM6.154,1.333a4.747,4.747,0,0,0-4.786,4.7c0,3.6,3.52,7.215,4.786,8.4,1.266-1.184,4.787-4.8,4.787-8.4A4.747,4.747,0,0,0,6.154,1.333Zm0,7.383A2.7,2.7,0,0,1,3.419,6.049,2.7,2.7,0,0,1,6.154,3.383,2.7,2.7,0,0,1,8.889,6.049,2.7,2.7,0,0,1,6.154,8.716Zm0-4A1.334,1.334,0,1,0,7.521,6.049,1.353,1.353,0,0,0,6.154,4.716Z\" fill=\"#40d9f1\" fill-rule=\"evenodd\"\/><\/svg>                                    <span>Klosterplatz<\/span>\r\n                                                                    <\/div>\r\n                                                            <\/div>\r\n                        <\/div>\r\n                        <div class=\"col-md-3 mec-col-table-c mec-event-meta-wrap\">\r\n                            <div class=\"mec-event-meta mec-color-before\">\r\n                                <div class=\"mec-date-details\">\r\n                                                                            samedi<br>                                        <span class=\"mec-event-d\"><i class=\"mec-sl-calendar\"><\/i><span class=\"mec-start-date-label\">09.05.2026<\/span><\/span>\r\n                                                                    <\/div>\r\n                                                                <div class=\"mec-time-details\"><svg xmlns=\"http:\/\/www.w3.org\/2000\/svg\" width=\"16\" height=\"16\" viewBox=\"0 0 16 16\"><path id=\"clock\" d=\"M8,16a8,8,0,1,1,8-8A8.009,8.009,0,0,1,8,16ZM8,1.333A6.667,6.667,0,1,0,14.667,8,6.674,6.674,0,0,0,8,1.333Zm2.667,10a.665.665,0,0,1-.471-.2L7.529,8.471a.666.666,0,0,1-.144-.217A.673.673,0,0,1,7.333,8V3.333a.667.667,0,1,1,1.333,0V7.724L11.138,10.2a.667.667,0,0,1-.471,1.138Z\" fill=\"#60daf2\" \/><\/svg><span class=\"mec-start-time\">Journ\u00e9e enti\u00e8re<\/span><\/div>                                                                                                <div class=\"mec-categories-wrapper\"><ul><li>Foodsave-Bankette<\/li>                                                                <li class=\"fw-event\">foodwaste.ch<\/li><\/ul><\/div>                                                                \r\n                                <!--                                -->                            <\/div>\r\n                        <\/div>\r\n                    <\/div>\r\n                    <\/a>\r\n                            <\/article>\r\n            \t\t\r\n            \r\n                        <article class=\"mec-event-article  mec-clear  mec-divider-toggle mec-toggle-202605-29026 foodwaste-ch-macht-schule\" itemscope>\r\n                                    <a href=\"https:\/\/foodwaste.ch\/fr\/netzwerk\/foodsave-kalender\/aus-liebe-zum-essen-food-waste-vermeiden-zu-hause-und-im-unterricht-zyklus-12\/\">                    <div class=\"mec-topsec\">\r\n                                        <div class=\"col-md-3 mec-event-image-wrap mec-col-table-c\">\r\n                            <div class=\"mec-event-image\">\r\n                                                                <img loading=\"lazy\" decoding=\"async\" width=\"768\" height=\"512\" src=\"https:\/\/foodwaste.ch\/wp-content\/uploads\/2025\/11\/VeranstaltungsfotoWeiterbildung_klein_c_PascaleAmez-768x512.jpg\" class=\"skip_lazy wp-post-image\" alt=\"\" srcset=\"https:\/\/foodwaste.ch\/wp-content\/uploads\/2025\/11\/VeranstaltungsfotoWeiterbildung_klein_c_PascaleAmez-768x512.jpg 768w, https:\/\/foodwaste.ch\/wp-content\/uploads\/2025\/11\/VeranstaltungsfotoWeiterbildung_klein_c_PascaleAmez-300x200.jpg 300w, https:\/\/foodwaste.ch\/wp-content\/uploads\/2025\/11\/VeranstaltungsfotoWeiterbildung_klein_c_PascaleAmez-1024x683.jpg 1024w, https:\/\/foodwaste.ch\/wp-content\/uploads\/2025\/11\/VeranstaltungsfotoWeiterbildung_klein_c_PascaleAmez-391x260.jpg 391w, https:\/\/foodwaste.ch\/wp-content\/uploads\/2025\/11\/VeranstaltungsfotoWeiterbildung_klein_c_PascaleAmez.jpg 1500w\" sizes=\"auto, (max-width: 768px) 100vw, 768px\" \/>                            <\/div>\r\n                        <\/div>\r\n                        \r\n                        <div class=\"col-md-6 mec-col-table-c mec-event-content-wrap\">\r\n                            <div class=\"mec-event-content\">\r\n                                                                                                <h3 class=\"mec-event-title\">\r\n                                                                        Aus Liebe zum Essen: Food Waste vermeiden zu Hause und im Unterricht (Zyklus 1&#038;2)                                                                        <span class=\"event-color\" style=\"background: #fdd700\"><\/span>                                                                    <\/h3>\r\n                                <div class=\"mec-event-description\">Ein Themenkurs f\u00fcr Lehrpersonen rund um das Thema Lebensmittelverschwendung. Kursinhalt An diesem Kurs tauchen Sie ein in das Thema Lebensmittelverschwendung. Der Kurs umfasst: Input und Diskussion zum Thema Food Waste in der Schweiz: Wie viel entsteht wo und warum? Welche Folgen hat Food Waste? Was k\u00f6nnen wir tun? Werkstatt Foodsave-K\u00fcche: Einfache Rezepte von Gem\u00fcsebouillon bis [&hellip;]<\/div>\r\n                                                                <div class=\"mec-venue-details\">\r\n                                    <svg xmlns=\"http:\/\/www.w3.org\/2000\/svg\" width=\"12.308\" height=\"16\" viewBox=\"0 0 12.308 16\"><path id=\"location\" d=\"M6.6,15.839a.7.7,0,0,1-.89,0C5.476,15.644,0,11,0,6.029A6.1,6.1,0,0,1,6.154,0a6.1,6.1,0,0,1,6.154,6.029C12.308,11,6.832,15.644,6.6,15.839ZM6.154,1.333a4.747,4.747,0,0,0-4.786,4.7c0,3.6,3.52,7.215,4.786,8.4,1.266-1.184,4.787-4.8,4.787-8.4A4.747,4.747,0,0,0,6.154,1.333Zm0,7.383A2.7,2.7,0,0,1,3.419,6.049,2.7,2.7,0,0,1,6.154,3.383,2.7,2.7,0,0,1,8.889,6.049,2.7,2.7,0,0,1,6.154,8.716Zm0-4A1.334,1.334,0,1,0,7.521,6.049,1.353,1.353,0,0,0,6.154,4.716Z\" fill=\"#40d9f1\" fill-rule=\"evenodd\"\/><\/svg>                                    <span>Realschule Balzers (Liechtenstein)<\/span>\r\n                                                                        <address class=\"mec-event-address\"><span>Schulstrasse 2<\/span><\/address>\r\n                                                                    <\/div>\r\n                                                            <\/div>\r\n                        <\/div>\r\n                        <div class=\"col-md-3 mec-col-table-c mec-event-meta-wrap\">\r\n                            <div class=\"mec-event-meta mec-color-before\">\r\n                                <div class=\"mec-date-details\">\r\n                                                                            mercredi<br>                                        <span class=\"mec-event-d\"><i class=\"mec-sl-calendar\"><\/i><span class=\"mec-start-date-label\">20.05.2026<\/span><\/span>\r\n                                                                    <\/div>\r\n                                                                <div class=\"mec-time-details\"><svg xmlns=\"http:\/\/www.w3.org\/2000\/svg\" width=\"16\" height=\"16\" viewBox=\"0 0 16 16\"><path id=\"clock\" d=\"M8,16a8,8,0,1,1,8-8A8.009,8.009,0,0,1,8,16ZM8,1.333A6.667,6.667,0,1,0,14.667,8,6.674,6.674,0,0,0,8,1.333Zm2.667,10a.665.665,0,0,1-.471-.2L7.529,8.471a.666.666,0,0,1-.144-.217A.673.673,0,0,1,7.333,8V3.333a.667.667,0,1,1,1.333,0V7.724L11.138,10.2a.667.667,0,0,1-.471,1.138Z\" fill=\"#60daf2\" \/><\/svg><span class=\"mec-start-time\">13:30<\/span> - <span class=\"mec-end-time\">18:00<\/span><\/div>                                                                                                <div class=\"mec-categories-wrapper\"><ul><li>foodwaste.ch macht Schule<\/li>                                                                <li class=\"fw-event\">foodwaste.ch<\/li><\/ul><\/div>                                                                \r\n                                <!--                                -->                            <\/div>\r\n                        <\/div>\r\n                    <\/div>\r\n                    <\/a>\r\n                            <\/article>\r\n            \t\t\r\n            \r\n                        <article class=\"mec-event-article  mec-clear  mec-divider-toggle mec-toggle-202605-29026 foodwaste-ch-macht-schule\" itemscope>\r\n                                    <a href=\"https:\/\/foodwaste.ch\/fr\/netzwerk\/foodsave-kalender\/aus-liebe-zum-essen-food-waste-vermeiden-zu-hause-und-im-unterricht-zyklus-3\/\">                    <div class=\"mec-topsec\">\r\n                                        <div class=\"col-md-3 mec-event-image-wrap mec-col-table-c\">\r\n                            <div class=\"mec-event-image\">\r\n                                                                <img loading=\"lazy\" decoding=\"async\" width=\"768\" height=\"512\" src=\"https:\/\/foodwaste.ch\/wp-content\/uploads\/2025\/11\/VeranstaltungsfotoWeiterbildung_klein_c_PascaleAmez-768x512.jpg\" class=\"skip_lazy wp-post-image\" alt=\"\" srcset=\"https:\/\/foodwaste.ch\/wp-content\/uploads\/2025\/11\/VeranstaltungsfotoWeiterbildung_klein_c_PascaleAmez-768x512.jpg 768w, https:\/\/foodwaste.ch\/wp-content\/uploads\/2025\/11\/VeranstaltungsfotoWeiterbildung_klein_c_PascaleAmez-300x200.jpg 300w, https:\/\/foodwaste.ch\/wp-content\/uploads\/2025\/11\/VeranstaltungsfotoWeiterbildung_klein_c_PascaleAmez-1024x683.jpg 1024w, https:\/\/foodwaste.ch\/wp-content\/uploads\/2025\/11\/VeranstaltungsfotoWeiterbildung_klein_c_PascaleAmez-391x260.jpg 391w, https:\/\/foodwaste.ch\/wp-content\/uploads\/2025\/11\/VeranstaltungsfotoWeiterbildung_klein_c_PascaleAmez.jpg 1500w\" sizes=\"auto, (max-width: 768px) 100vw, 768px\" \/>                            <\/div>\r\n                        <\/div>\r\n                        \r\n                        <div class=\"col-md-6 mec-col-table-c mec-event-content-wrap\">\r\n                            <div class=\"mec-event-content\">\r\n                                                                                                <h3 class=\"mec-event-title\">\r\n                                                                        Aus Liebe zum Essen: Food Waste vermeiden zu Hause und im Unterricht (Zyklus 3)                                                                        <span class=\"event-color\" style=\"background: #fdd700\"><\/span>                                                                    <\/h3>\r\n                                <div class=\"mec-event-description\">Ein Themenkurs f\u00fcr Lehrpersonen rund um das Thema Lebensmittelverschwendung. Kursinhalt An diesem Kurs tauchen Sie ein in das Thema Lebensmittelverschwendung. Der Kurs umfasst: Input und Diskussion zum Thema Food Waste in der Schweiz: Wie viel entsteht wo und warum? Welche Folgen hat Food Waste? Was k\u00f6nnen wir tun? Werkstatt Foodsave-Kochen: Wer bereitet die kreativsten H\u00e4ppchen [&hellip;]<\/div>\r\n                                                                <div class=\"mec-venue-details\">\r\n                                    <svg xmlns=\"http:\/\/www.w3.org\/2000\/svg\" width=\"12.308\" height=\"16\" viewBox=\"0 0 12.308 16\"><path id=\"location\" d=\"M6.6,15.839a.7.7,0,0,1-.89,0C5.476,15.644,0,11,0,6.029A6.1,6.1,0,0,1,6.154,0a6.1,6.1,0,0,1,6.154,6.029C12.308,11,6.832,15.644,6.6,15.839ZM6.154,1.333a4.747,4.747,0,0,0-4.786,4.7c0,3.6,3.52,7.215,4.786,8.4,1.266-1.184,4.787-4.8,4.787-8.4A4.747,4.747,0,0,0,6.154,1.333Zm0,7.383A2.7,2.7,0,0,1,3.419,6.049,2.7,2.7,0,0,1,6.154,3.383,2.7,2.7,0,0,1,8.889,6.049,2.7,2.7,0,0,1,6.154,8.716Zm0-4A1.334,1.334,0,1,0,7.521,6.049,1.353,1.353,0,0,0,6.154,4.716Z\" fill=\"#40d9f1\" fill-rule=\"evenodd\"\/><\/svg>                                    <span>Realschule Balzers (Liechtenstein)<\/span>\r\n                                                                        <address class=\"mec-event-address\"><span>Schulstrasse 2<\/span><\/address>\r\n                                                                    <\/div>\r\n                                                            <\/div>\r\n                        <\/div>\r\n                        <div class=\"col-md-3 mec-col-table-c mec-event-meta-wrap\">\r\n                            <div class=\"mec-event-meta mec-color-before\">\r\n                                <div class=\"mec-date-details\">\r\n                                                                            mercredi<br>                                        <span class=\"mec-event-d\"><i class=\"mec-sl-calendar\"><\/i><span class=\"mec-start-date-label\">27.05.2026<\/span><\/span>\r\n                                                                    <\/div>\r\n                                                                <div class=\"mec-time-details\"><svg xmlns=\"http:\/\/www.w3.org\/2000\/svg\" width=\"16\" height=\"16\" viewBox=\"0 0 16 16\"><path id=\"clock\" d=\"M8,16a8,8,0,1,1,8-8A8.009,8.009,0,0,1,8,16ZM8,1.333A6.667,6.667,0,1,0,14.667,8,6.674,6.674,0,0,0,8,1.333Zm2.667,10a.665.665,0,0,1-.471-.2L7.529,8.471a.666.666,0,0,1-.144-.217A.673.673,0,0,1,7.333,8V3.333a.667.667,0,1,1,1.333,0V7.724L11.138,10.2a.667.667,0,0,1-.471,1.138Z\" fill=\"#60daf2\" \/><\/svg><span class=\"mec-start-time\">13:30<\/span> - <span class=\"mec-end-time\">18:00<\/span><\/div>                                                                                                <div class=\"mec-categories-wrapper\"><ul><li>foodwaste.ch macht Schule<\/li>                                                                <li class=\"fw-event\">foodwaste.ch<\/li><\/ul><\/div>                                                                \r\n                                <!--                                -->                            <\/div>\r\n                        <\/div>\r\n                    <\/div>\r\n                    <\/a>\r\n                            <\/article>\r\n            \t\t\r\n            \r\n                        <article class=\"mec-event-article  mec-clear  mec-divider-toggle mec-toggle-202606-29026 banquets-foodsave\" itemscope>\r\n                                    <a href=\"https:\/\/foodwaste.ch\/fr\/reseau\/calendrier-foodsave\/banquet-foodsave-monthey\/\">                    <div class=\"mec-topsec\">\r\n                                        <div class=\"col-md-3 mec-event-image-wrap mec-col-table-c\">\r\n                            <div class=\"mec-event-image\">\r\n                                                                <img loading=\"lazy\" decoding=\"async\" width=\"768\" height=\"512\" src=\"https:\/\/foodwaste.ch\/wp-content\/uploads\/2026\/04\/fsb_2026_FR_v2-768x512.jpg\" class=\"skip_lazy wp-post-image\" alt=\"\" srcset=\"https:\/\/foodwaste.ch\/wp-content\/uploads\/2026\/04\/fsb_2026_FR_v2-768x512.jpg 768w, https:\/\/foodwaste.ch\/wp-content\/uploads\/2026\/04\/fsb_2026_FR_v2-300x200.jpg 300w, https:\/\/foodwaste.ch\/wp-content\/uploads\/2026\/04\/fsb_2026_FR_v2-1024x683.jpg 1024w, https:\/\/foodwaste.ch\/wp-content\/uploads\/2026\/04\/fsb_2026_FR_v2-391x260.jpg 391w, https:\/\/foodwaste.ch\/wp-content\/uploads\/2026\/04\/fsb_2026_FR_v2-1536x1024.jpg 1536w, https:\/\/foodwaste.ch\/wp-content\/uploads\/2026\/04\/fsb_2026_FR_v2.jpg 1620w\" sizes=\"auto, (max-width: 768px) 100vw, 768px\" \/>                            <\/div>\r\n                        <\/div>\r\n                        \r\n                        <div class=\"col-md-6 mec-col-table-c mec-event-content-wrap\">\r\n                            <div class=\"mec-event-content\">\r\n                                                                                                <h3 class=\"mec-event-title\">\r\n                                                                        Banquet-Foodsave Monthey                                                                                                                                            <\/h3>\r\n                                <div class=\"mec-event-description\">La gestion durable de nos ressources nous tient \u00e0 c\u0153ur. Lors des Banquets-Foodsave, nous pouvons d\u00e9couvrir ensemble combien il est facile de pr\u00e9parer un festin \u00e0 partir d\u2019aliments qui ne sont plus commercialisables. Avec les d\u00e9lices de la cuisine anti-gaspi\u2019, nous nous engageons activement contre le gaspillage alimentaire et c\u00e9l\u00e9brons les r\u00e9coltes. Pr\u00e9par\u00e9s par des [&hellip;]<\/div>\r\n                                                                <div class=\"mec-venue-details\">\r\n                                    <svg xmlns=\"http:\/\/www.w3.org\/2000\/svg\" width=\"12.308\" height=\"16\" viewBox=\"0 0 12.308 16\"><path id=\"location\" d=\"M6.6,15.839a.7.7,0,0,1-.89,0C5.476,15.644,0,11,0,6.029A6.1,6.1,0,0,1,6.154,0a6.1,6.1,0,0,1,6.154,6.029C12.308,11,6.832,15.644,6.6,15.839ZM6.154,1.333a4.747,4.747,0,0,0-4.786,4.7c0,3.6,3.52,7.215,4.786,8.4,1.266-1.184,4.787-4.8,4.787-8.4A4.747,4.747,0,0,0,6.154,1.333Zm0,7.383A2.7,2.7,0,0,1,3.419,6.049,2.7,2.7,0,0,1,6.154,3.383,2.7,2.7,0,0,1,8.889,6.049,2.7,2.7,0,0,1,6.154,8.716Zm0-4A1.334,1.334,0,1,0,7.521,6.049,1.353,1.353,0,0,0,6.154,4.716Z\" fill=\"#40d9f1\" fill-rule=\"evenodd\"\/><\/svg>                                    <span>Rue de l\u2019Eglise<\/span>\r\n                                                                    <\/div>\r\n                                                            <\/div>\r\n                        <\/div>\r\n                        <div class=\"col-md-3 mec-col-table-c mec-event-meta-wrap\">\r\n                            <div class=\"mec-event-meta mec-color-before\">\r\n                                <div class=\"mec-date-details\">\r\n                                                                            samedi<br>                                        <span class=\"mec-event-d\"><i class=\"mec-sl-calendar\"><\/i><span class=\"mec-start-date-label\">13.06.2026<\/span><\/span>\r\n                                                                    <\/div>\r\n                                                                                                                                                                <div class=\"mec-categories-wrapper\"><ul><li>Banquets-Foodsave<\/li>                                                                <li class=\"fw-event\">foodwaste.ch<\/li><\/ul><\/div>                                                                \r\n                                <!--                                -->                            <\/div>\r\n                        <\/div>\r\n                    <\/div>\r\n                    <\/a>\r\n                            <\/article>\r\n            \t\t\r\n            \r\n                        <article class=\"mec-event-article  mec-clear  mec-divider-toggle mec-toggle-202606-29026 autres-organisateurs-trices\" itemscope>\r\n                                    <a href=\"https:\/\/foodwaste.ch\/fr\/reseau\/calendrier-foodsave\/focus-food-save-2026\/\">                    <div class=\"mec-topsec\">\r\n                                        <div class=\"col-md-3 mec-event-image-wrap mec-col-table-c\">\r\n                            <div class=\"mec-event-image\">\r\n                                                                <img loading=\"lazy\" decoding=\"async\" width=\"768\" height=\"328\" src=\"https:\/\/foodwaste.ch\/wp-content\/uploads\/2026\/03\/Focus-Food-Save-2026-16_9_FR-1-e1773923735645-768x328.png\" class=\"skip_lazy wp-post-image\" alt=\"\" srcset=\"https:\/\/foodwaste.ch\/wp-content\/uploads\/2026\/03\/Focus-Food-Save-2026-16_9_FR-1-e1773923735645-768x328.png 768w, https:\/\/foodwaste.ch\/wp-content\/uploads\/2026\/03\/Focus-Food-Save-2026-16_9_FR-1-e1773923735645-300x128.png 300w, https:\/\/foodwaste.ch\/wp-content\/uploads\/2026\/03\/Focus-Food-Save-2026-16_9_FR-1-e1773923735645-1024x437.png 1024w, https:\/\/foodwaste.ch\/wp-content\/uploads\/2026\/03\/Focus-Food-Save-2026-16_9_FR-1-e1773923735645.png 1280w\" sizes=\"auto, (max-width: 768px) 100vw, 768px\" \/>                            <\/div>\r\n                        <\/div>\r\n                        \r\n                        <div class=\"col-md-6 mec-col-table-c mec-event-content-wrap\">\r\n                            <div class=\"mec-event-content\">\r\n                                                                                                <h3 class=\"mec-event-title\">\r\n                                                                        Focus Food Save 2026                                                                                                                                            <\/h3>\r\n                                <div class=\"mec-event-description\">Le 24 juin 2026 \u00e0 Berne, le Focus Food Save 26 sera consacr\u00e9 \u00e0 des solutions concr\u00e8tes pour r\u00e9duire les pertes alimentaires. L\u2019\u00e9v\u00e9nement s\u2019adresse aux responsables m\u00e9tiers et durabilit\u00e9 du secteur agroalimentaire ainsi qu\u2019aux repr\u00e9sentant\u00b7e\u00b7s d\u2019ONG et des autorit\u00e9s. L\u2019\u00e9dition 2026 est plac\u00e9e sous le th\u00e8me \u00abclose the gaps\u00bb. Trois axes prioritaires sont au c\u0153ur [&hellip;]<\/div>\r\n                                                                <div class=\"mec-venue-details\">\r\n                                    <svg xmlns=\"http:\/\/www.w3.org\/2000\/svg\" width=\"12.308\" height=\"16\" viewBox=\"0 0 12.308 16\"><path id=\"location\" d=\"M6.6,15.839a.7.7,0,0,1-.89,0C5.476,15.644,0,11,0,6.029A6.1,6.1,0,0,1,6.154,0a6.1,6.1,0,0,1,6.154,6.029C12.308,11,6.832,15.644,6.6,15.839ZM6.154,1.333a4.747,4.747,0,0,0-4.786,4.7c0,3.6,3.52,7.215,4.786,8.4,1.266-1.184,4.787-4.8,4.787-8.4A4.747,4.747,0,0,0,6.154,1.333Zm0,7.383A2.7,2.7,0,0,1,3.419,6.049,2.7,2.7,0,0,1,6.154,3.383,2.7,2.7,0,0,1,8.889,6.049,2.7,2.7,0,0,1,6.154,8.716Zm0-4A1.334,1.334,0,1,0,7.521,6.049,1.353,1.353,0,0,0,6.154,4.716Z\" fill=\"#40d9f1\" fill-rule=\"evenodd\"\/><\/svg>                                    <span>Kursaal Bern<\/span>\r\n                                                                        <address class=\"mec-event-address\"><span>Kornhausstrasse 3<\/span><\/address>\r\n                                                                    <\/div>\r\n                                                            <\/div>\r\n                        <\/div>\r\n                        <div class=\"col-md-3 mec-col-table-c mec-event-meta-wrap\">\r\n                            <div class=\"mec-event-meta mec-color-before\">\r\n                                <div class=\"mec-date-details\">\r\n                                                                            mercredi<br>                                        <span class=\"mec-event-d\"><i class=\"mec-sl-calendar\"><\/i><span class=\"mec-start-date-label\">24.06.2026<\/span><\/span>\r\n                                                                    <\/div>\r\n                                                                <div class=\"mec-time-details\"><svg xmlns=\"http:\/\/www.w3.org\/2000\/svg\" width=\"16\" height=\"16\" viewBox=\"0 0 16 16\"><path id=\"clock\" d=\"M8,16a8,8,0,1,1,8-8A8.009,8.009,0,0,1,8,16ZM8,1.333A6.667,6.667,0,1,0,14.667,8,6.674,6.674,0,0,0,8,1.333Zm2.667,10a.665.665,0,0,1-.471-.2L7.529,8.471a.666.666,0,0,1-.144-.217A.673.673,0,0,1,7.333,8V3.333a.667.667,0,1,1,1.333,0V7.724L11.138,10.2a.667.667,0,0,1-.471,1.138Z\" fill=\"#60daf2\" \/><\/svg><span class=\"mec-start-time\">09:00<\/span> - <span class=\"mec-end-time\">15:00<\/span><\/div>                                                                                                <div class=\"mec-categories-wrapper\"><ul><li>autres organisateurs-trices<\/li>                                                                <\/ul><\/div>                                                                \r\n                                <!--                                -->                            <\/div>\r\n                        <\/div>\r\n                    <\/div>\r\n                    <\/a>\r\n                            <\/article>\r\n            \t\t\r\n            \r\n                        <article class=\"mec-event-article  mec-clear  mec-divider-toggle mec-toggle-202606-29026 null-resten-kuche\" itemscope>\r\n                                    <a href=\"https:\/\/foodwaste.ch\/fr\/netzwerk\/foodsave-kalender\/einmach-workshop-chutney-kimchi-sauerkraut-co-2606\/\">                    <div class=\"mec-topsec\">\r\n                                        <div class=\"col-md-3 mec-event-image-wrap mec-col-table-c\">\r\n                            <div class=\"mec-event-image\">\r\n                                                                <img loading=\"lazy\" decoding=\"async\" width=\"768\" height=\"513\" src=\"https:\/\/foodwaste.ch\/wp-content\/uploads\/2025\/11\/DSCF0166-scaled-768x513.jpg\" class=\"skip_lazy wp-post-image\" alt=\"\" srcset=\"https:\/\/foodwaste.ch\/wp-content\/uploads\/2025\/11\/DSCF0166-scaled-768x513.jpg 768w, https:\/\/foodwaste.ch\/wp-content\/uploads\/2025\/11\/DSCF0166-scaled-300x200.jpg 300w, https:\/\/foodwaste.ch\/wp-content\/uploads\/2025\/11\/DSCF0166-scaled-1024x684.jpg 1024w, https:\/\/foodwaste.ch\/wp-content\/uploads\/2025\/11\/DSCF0166-scaled-391x260.jpg 391w, https:\/\/foodwaste.ch\/wp-content\/uploads\/2025\/11\/DSCF0166-scaled-1536x1026.jpg 1536w, https:\/\/foodwaste.ch\/wp-content\/uploads\/2025\/11\/DSCF0166-scaled-2048x1368.jpg 2048w\" sizes=\"auto, (max-width: 768px) 100vw, 768px\" \/>                            <\/div>\r\n                        <\/div>\r\n                        \r\n                        <div class=\"col-md-6 mec-col-table-c mec-event-content-wrap\">\r\n                            <div class=\"mec-event-content\">\r\n                                                                                                <h3 class=\"mec-event-title\">\r\n                                                                        Einmach-Workshop \u00abChutney, Kimchi, Sauerkraut &#038; Co\u00bb                                                                                                                                            <\/h3>\r\n                                <div class=\"mec-event-description\">An diesem Abend geht\u2019s ans Eingemachte! Gemeinsam verarbeiten wir krummes Gem\u00fcse zu einem Kimchi und einem Chutney. Dabei lernst du das 1\u00d71 des Fermentierens und Einmachens kennen und anwenden. Zudem erf\u00e4hrst du Wissenswertes rund ums Thema Food Waste und lernst, wie du Lebensmittelverschwendung vermeiden kannst. Inspiration f\u00fcr die Verwertung der n\u00e4chsten K\u00fchlschrank- oder Garten\u00fcbersch\u00fcsse und [&hellip;]<\/div>\r\n                                                                <div class=\"mec-venue-details\">\r\n                                    <svg xmlns=\"http:\/\/www.w3.org\/2000\/svg\" width=\"12.308\" height=\"16\" viewBox=\"0 0 12.308 16\"><path id=\"location\" d=\"M6.6,15.839a.7.7,0,0,1-.89,0C5.476,15.644,0,11,0,6.029A6.1,6.1,0,0,1,6.154,0a6.1,6.1,0,0,1,6.154,6.029C12.308,11,6.832,15.644,6.6,15.839ZM6.154,1.333a4.747,4.747,0,0,0-4.786,4.7c0,3.6,3.52,7.215,4.786,8.4,1.266-1.184,4.787-4.8,4.787-8.4A4.747,4.747,0,0,0,6.154,1.333Zm0,7.383A2.7,2.7,0,0,1,3.419,6.049,2.7,2.7,0,0,1,6.154,3.383,2.7,2.7,0,0,1,8.889,6.049,2.7,2.7,0,0,1,6.154,8.716Zm0-4A1.334,1.334,0,1,0,7.521,6.049,1.353,1.353,0,0,0,6.154,4.716Z\" fill=\"#40d9f1\" fill-rule=\"evenodd\"\/><\/svg>                                    <span>Loeb Warenhaus, Bern<\/span>\r\n                                                                        <address class=\"mec-event-address\"><span>Spitalgasse 47-51<\/span><\/address>\r\n                                                                    <\/div>\r\n                                                            <\/div>\r\n                        <\/div>\r\n                        <div class=\"col-md-3 mec-col-table-c mec-event-meta-wrap\">\r\n                            <div class=\"mec-event-meta mec-color-before\">\r\n                                <div class=\"mec-date-details\">\r\n                                                                            jeudi<br>                                        <span class=\"mec-event-d\"><i class=\"mec-sl-calendar\"><\/i><span class=\"mec-start-date-label\">25.06.2026<\/span><\/span>\r\n                                                                    <\/div>\r\n                                                                <div class=\"mec-time-details\"><svg xmlns=\"http:\/\/www.w3.org\/2000\/svg\" width=\"16\" height=\"16\" viewBox=\"0 0 16 16\"><path id=\"clock\" d=\"M8,16a8,8,0,1,1,8-8A8.009,8.009,0,0,1,8,16ZM8,1.333A6.667,6.667,0,1,0,14.667,8,6.674,6.674,0,0,0,8,1.333Zm2.667,10a.665.665,0,0,1-.471-.2L7.529,8.471a.666.666,0,0,1-.144-.217A.673.673,0,0,1,7.333,8V3.333a.667.667,0,1,1,1.333,0V7.724L11.138,10.2a.667.667,0,0,1-.471,1.138Z\" fill=\"#60daf2\" \/><\/svg><span class=\"mec-start-time\">17:00<\/span> - <span class=\"mec-end-time\">20:00<\/span><\/div>                                                                                                <div class=\"mec-categories-wrapper\"><ul><li>Null-Resten-K\u00fcche<\/li>                                                                <li class=\"fw-event\">foodwaste.ch<\/li><\/ul><\/div>                                                                \r\n                                <!--                                -->                            <\/div>\r\n                        <\/div>\r\n                    <\/div>\r\n                    <\/a>\r\n                            <\/article>\r\n            \t\t\r\n            \r\n                        <article class=\"mec-event-article  mec-clear  mec-divider-toggle mec-toggle-202608-29026 null-resten-kuche\" itemscope>\r\n                                    <a href=\"https:\/\/foodwaste.ch\/fr\/netzwerk\/foodsave-kalender\/gartenschaetze-haltbar-machen\/\">                    <div class=\"mec-topsec\">\r\n                                        <div class=\"col-md-3 mec-event-image-wrap mec-col-table-c\">\r\n                            <div class=\"mec-event-image\">\r\n                                                                <img loading=\"lazy\" decoding=\"async\" width=\"768\" height=\"513\" src=\"https:\/\/foodwaste.ch\/wp-content\/uploads\/2025\/11\/DSCF0166-scaled-768x513.jpg\" class=\"skip_lazy wp-post-image\" alt=\"\" srcset=\"https:\/\/foodwaste.ch\/wp-content\/uploads\/2025\/11\/DSCF0166-scaled-768x513.jpg 768w, https:\/\/foodwaste.ch\/wp-content\/uploads\/2025\/11\/DSCF0166-scaled-300x200.jpg 300w, https:\/\/foodwaste.ch\/wp-content\/uploads\/2025\/11\/DSCF0166-scaled-1024x684.jpg 1024w, https:\/\/foodwaste.ch\/wp-content\/uploads\/2025\/11\/DSCF0166-scaled-391x260.jpg 391w, https:\/\/foodwaste.ch\/wp-content\/uploads\/2025\/11\/DSCF0166-scaled-1536x1026.jpg 1536w, https:\/\/foodwaste.ch\/wp-content\/uploads\/2025\/11\/DSCF0166-scaled-2048x1368.jpg 2048w\" sizes=\"auto, (max-width: 768px) 100vw, 768px\" \/>                            <\/div>\r\n                        <\/div>\r\n                        \r\n                        <div class=\"col-md-6 mec-col-table-c mec-event-content-wrap\">\r\n                            <div class=\"mec-event-content\">\r\n                                                                                                <h3 class=\"mec-event-title\">\r\n                                                                        Einmach-Workshop \u00abGartensch\u00e4tze haltbar machen\u00bb                                                                                                                                            <\/h3>\r\n                                <div class=\"mec-event-description\">An diesem Workshop verarbeiten wir gemeinsam \u00abkrummes\u00bb Gem\u00fcse zu einem Chutney und einem Kimchi und lernen dabei die Grunds\u00e4tze vom Einmachen von Gem\u00fcse. Du erf\u00e4hrst Wissenswertes rund ums Thema Food Waste und lernst, wie du Gem\u00fcse\u00fcbersch\u00fcsse kreativ und wohlschmeckend verwertet werden k\u00f6nnen. Diese Ausgabe unseres erfolgreichen Einmach-Kurses Chutney, Kimchi, Sauerkraut &amp; Co bieten wir in [&hellip;]<\/div>\r\n                                                                <div class=\"mec-venue-details\">\r\n                                    <svg xmlns=\"http:\/\/www.w3.org\/2000\/svg\" width=\"12.308\" height=\"16\" viewBox=\"0 0 12.308 16\"><path id=\"location\" d=\"M6.6,15.839a.7.7,0,0,1-.89,0C5.476,15.644,0,11,0,6.029A6.1,6.1,0,0,1,6.154,0a6.1,6.1,0,0,1,6.154,6.029C12.308,11,6.832,15.644,6.6,15.839ZM6.154,1.333a4.747,4.747,0,0,0-4.786,4.7c0,3.6,3.52,7.215,4.786,8.4,1.266-1.184,4.787-4.8,4.787-8.4A4.747,4.747,0,0,0,6.154,1.333Zm0,7.383A2.7,2.7,0,0,1,3.419,6.049,2.7,2.7,0,0,1,6.154,3.383,2.7,2.7,0,0,1,8.889,6.049,2.7,2.7,0,0,1,6.154,8.716Zm0-4A1.334,1.334,0,1,0,7.521,6.049,1.353,1.353,0,0,0,6.154,4.716Z\" fill=\"#40d9f1\" fill-rule=\"evenodd\"\/><\/svg>                                    <span>Werkhof Egelsee, Bern<\/span>\r\n                                                                        <address class=\"mec-event-address\"><span>Muristrasse 21E<\/span><\/address>\r\n                                                                    <\/div>\r\n                                                            <\/div>\r\n                        <\/div>\r\n                        <div class=\"col-md-3 mec-col-table-c mec-event-meta-wrap\">\r\n                            <div class=\"mec-event-meta mec-color-before\">\r\n                                <div class=\"mec-date-details\">\r\n                                                                            mercredi<br>                                        <span class=\"mec-event-d\"><i class=\"mec-sl-calendar\"><\/i><span class=\"mec-start-date-label\">12.08.2026<\/span><\/span>\r\n                                                                    <\/div>\r\n                                                                <div class=\"mec-time-details\"><svg xmlns=\"http:\/\/www.w3.org\/2000\/svg\" width=\"16\" height=\"16\" viewBox=\"0 0 16 16\"><path id=\"clock\" d=\"M8,16a8,8,0,1,1,8-8A8.009,8.009,0,0,1,8,16ZM8,1.333A6.667,6.667,0,1,0,14.667,8,6.674,6.674,0,0,0,8,1.333Zm2.667,10a.665.665,0,0,1-.471-.2L7.529,8.471a.666.666,0,0,1-.144-.217A.673.673,0,0,1,7.333,8V3.333a.667.667,0,1,1,1.333,0V7.724L11.138,10.2a.667.667,0,0,1-.471,1.138Z\" fill=\"#60daf2\" \/><\/svg><span class=\"mec-start-time\">18:00<\/span> - <span class=\"mec-end-time\">21:30<\/span><\/div>                                                                                                <div class=\"mec-categories-wrapper\"><ul><li>Null-Resten-K\u00fcche<\/li>                                                                <li class=\"fw-event\">foodwaste.ch<\/li><\/ul><\/div>                                                                \r\n                                <!--                                -->                            <\/div>\r\n                        <\/div>\r\n                    <\/div>\r\n                    <\/a>\r\n                            <\/article>\r\n            \t\t\r\n            \r\n                        <article class=\"mec-event-article  mec-clear  mec-divider-toggle mec-toggle-202608-29026 foodsave-bankette\" itemscope>\r\n                                    <a href=\"https:\/\/foodwaste.ch\/fr\/netzwerk\/foodsave-kalender\/foodsave-bankett-baden\/\">                    <div class=\"mec-topsec\">\r\n                                        <div class=\"col-md-3 mec-event-image-wrap mec-col-table-c\">\r\n                            <div class=\"mec-event-image\">\r\n                                                                <img loading=\"lazy\" decoding=\"async\" width=\"768\" height=\"512\" src=\"https:\/\/foodwaste.ch\/wp-content\/uploads\/2025\/12\/fsb_2026_DE_v2-768x512.jpg\" class=\"skip_lazy wp-post-image\" alt=\"\" srcset=\"https:\/\/foodwaste.ch\/wp-content\/uploads\/2025\/12\/fsb_2026_DE_v2-768x512.jpg 768w, https:\/\/foodwaste.ch\/wp-content\/uploads\/2025\/12\/fsb_2026_DE_v2-300x200.jpg 300w, https:\/\/foodwaste.ch\/wp-content\/uploads\/2025\/12\/fsb_2026_DE_v2-1024x683.jpg 1024w, https:\/\/foodwaste.ch\/wp-content\/uploads\/2025\/12\/fsb_2026_DE_v2-391x260.jpg 391w, https:\/\/foodwaste.ch\/wp-content\/uploads\/2025\/12\/fsb_2026_DE_v2-1536x1024.jpg 1536w, https:\/\/foodwaste.ch\/wp-content\/uploads\/2025\/12\/fsb_2026_DE_v2.jpg 1620w\" sizes=\"auto, (max-width: 768px) 100vw, 768px\" \/>                            <\/div>\r\n                        <\/div>\r\n                        \r\n                        <div class=\"col-md-6 mec-col-table-c mec-event-content-wrap\">\r\n                            <div class=\"mec-event-content\">\r\n                                                                                                <h3 class=\"mec-event-title\">\r\n                                                                        Foodsave-Bankett Baden                                                                                                                                            <\/h3>\r\n                                <div class=\"mec-event-description\">Der nachhaltige Umgang mit unseren Ressourcen liegt uns am Herzen. Bei Foodsave-Banketten k\u00f6nnen wir gemeinsam erleben, wie einfach es ist, aus nicht mehr verk\u00e4uflichen Lebensmitteln ein Festmahl zu zaubern. Mit K\u00f6stlichkeiten aus der Foodsave-K\u00fcche werden wir aktiv gegen die Verschwendung von Lebensmitteln und feiern Erntedank. Zubereitet von K\u00f6ch:innen und vielen Freiwilligen, laden wir dich zu [&hellip;]<\/div>\r\n                                                                <div class=\"mec-venue-details\">\r\n                                    <svg xmlns=\"http:\/\/www.w3.org\/2000\/svg\" width=\"12.308\" height=\"16\" viewBox=\"0 0 12.308 16\"><path id=\"location\" d=\"M6.6,15.839a.7.7,0,0,1-.89,0C5.476,15.644,0,11,0,6.029A6.1,6.1,0,0,1,6.154,0a6.1,6.1,0,0,1,6.154,6.029C12.308,11,6.832,15.644,6.6,15.839ZM6.154,1.333a4.747,4.747,0,0,0-4.786,4.7c0,3.6,3.52,7.215,4.786,8.4,1.266-1.184,4.787-4.8,4.787-8.4A4.747,4.747,0,0,0,6.154,1.333Zm0,7.383A2.7,2.7,0,0,1,3.419,6.049,2.7,2.7,0,0,1,6.154,3.383,2.7,2.7,0,0,1,8.889,6.049,2.7,2.7,0,0,1,6.154,8.716Zm0-4A1.334,1.334,0,1,0,7.521,6.049,1.353,1.353,0,0,0,6.154,4.716Z\" fill=\"#40d9f1\" fill-rule=\"evenodd\"\/><\/svg>                                    <span>Brown-Boveri-Platz<\/span>\r\n                                                                        <address class=\"mec-event-address\"><span>Baden<\/span><\/address>\r\n                                                                    <\/div>\r\n                                                            <\/div>\r\n                        <\/div>\r\n                        <div class=\"col-md-3 mec-col-table-c mec-event-meta-wrap\">\r\n                            <div class=\"mec-event-meta mec-color-before\">\r\n                                <div class=\"mec-date-details\">\r\n                                                                            samedi<br>                                        <span class=\"mec-event-d\"><i class=\"mec-sl-calendar\"><\/i><span class=\"mec-start-date-label\">22.08.2026<\/span><\/span>\r\n                                                                    <\/div>\r\n                                                                <div class=\"mec-time-details\"><svg xmlns=\"http:\/\/www.w3.org\/2000\/svg\" width=\"16\" height=\"16\" viewBox=\"0 0 16 16\"><path id=\"clock\" d=\"M8,16a8,8,0,1,1,8-8A8.009,8.009,0,0,1,8,16ZM8,1.333A6.667,6.667,0,1,0,14.667,8,6.674,6.674,0,0,0,8,1.333Zm2.667,10a.665.665,0,0,1-.471-.2L7.529,8.471a.666.666,0,0,1-.144-.217A.673.673,0,0,1,7.333,8V3.333a.667.667,0,1,1,1.333,0V7.724L11.138,10.2a.667.667,0,0,1-.471,1.138Z\" fill=\"#60daf2\" \/><\/svg><span class=\"mec-start-time\">Journ\u00e9e enti\u00e8re<\/span><\/div>                                                                                                <div class=\"mec-categories-wrapper\"><ul><li>Foodsave-Bankette<\/li>                                                                <li class=\"fw-event\">foodwaste.ch<\/li><\/ul><\/div>                                                                \r\n                                <!--                                -->                            <\/div>\r\n                        <\/div>\r\n                    <\/div>\r\n                    <\/a>\r\n                            <\/article>\r\n            \t\t\r\n            \r\n                        <article class=\"mec-event-article  mec-clear  mec-divider-toggle mec-toggle-202609-29026 autres-organisateurs-trices\" itemscope>\r\n                                    <a href=\"https:\/\/foodwaste.ch\/fr\/reseau\/calendrier-foodsave\/le-congres-de-la-ssn-2026-lavenir-dans-notre-assiette\/\">                    <div class=\"mec-topsec\">\r\n                                        <div class=\"col-md-3 mec-event-image-wrap mec-col-table-c\">\r\n                            <div class=\"mec-event-image\">\r\n                                                                <img loading=\"lazy\" decoding=\"async\" width=\"768\" height=\"432\" src=\"https:\/\/foodwaste.ch\/wp-content\/uploads\/2026\/03\/FaTa26_quer-16-9_FR-768x432.jpg\" class=\"skip_lazy wp-post-image\" alt=\"\" srcset=\"https:\/\/foodwaste.ch\/wp-content\/uploads\/2026\/03\/FaTa26_quer-16-9_FR-768x432.jpg 768w, https:\/\/foodwaste.ch\/wp-content\/uploads\/2026\/03\/FaTa26_quer-16-9_FR-300x169.jpg 300w, https:\/\/foodwaste.ch\/wp-content\/uploads\/2026\/03\/FaTa26_quer-16-9_FR-1024x576.jpg 1024w, https:\/\/foodwaste.ch\/wp-content\/uploads\/2026\/03\/FaTa26_quer-16-9_FR-1536x864.jpg 1536w, https:\/\/foodwaste.ch\/wp-content\/uploads\/2026\/03\/FaTa26_quer-16-9_FR.jpg 1890w\" sizes=\"auto, (max-width: 768px) 100vw, 768px\" \/>                            <\/div>\r\n                        <\/div>\r\n                        \r\n                        <div class=\"col-md-6 mec-col-table-c mec-event-content-wrap\">\r\n                            <div class=\"mec-event-content\">\r\n                                                                                                <h3 class=\"mec-event-title\">\r\n                                                                        Le congr\u00e8s de la SSN 2026 \u00abL\u2019avenir dans notre assiette\u00bb                                                                                                                                            <\/h3>\r\n                                <div class=\"mec-event-description\">\u00c0 quoi ressemblera notre alimentation dans le futur : durable, \u00e9quitable et repens\u00e9e ? Le congr\u00e8s 2026 de la SSN vous invite \u00e0 d\u00e9couvrir des id\u00e9es novatrices et des solutions pratiques pour un syst\u00e8me alimentaire durable et favorable \u00e0 la sant\u00e9. D\u00e9couvrez de nouvelles perspectives et laissez-vous inspirer par ce qui pourrait se trouver dans [&hellip;]<\/div>\r\n                                                                <div class=\"mec-venue-details\">\r\n                                    <svg xmlns=\"http:\/\/www.w3.org\/2000\/svg\" width=\"12.308\" height=\"16\" viewBox=\"0 0 12.308 16\"><path id=\"location\" d=\"M6.6,15.839a.7.7,0,0,1-.89,0C5.476,15.644,0,11,0,6.029A6.1,6.1,0,0,1,6.154,0a6.1,6.1,0,0,1,6.154,6.029C12.308,11,6.832,15.644,6.6,15.839ZM6.154,1.333a4.747,4.747,0,0,0-4.786,4.7c0,3.6,3.52,7.215,4.786,8.4,1.266-1.184,4.787-4.8,4.787-8.4A4.747,4.747,0,0,0,6.154,1.333Zm0,7.383A2.7,2.7,0,0,1,3.419,6.049,2.7,2.7,0,0,1,6.154,3.383,2.7,2.7,0,0,1,8.889,6.049,2.7,2.7,0,0,1,6.154,8.716Zm0-4A1.334,1.334,0,1,0,7.521,6.049,1.353,1.353,0,0,0,6.154,4.716Z\" fill=\"#40d9f1\" fill-rule=\"evenodd\"\/><\/svg>                                    <span>Inselspital Berne<\/span>\r\n                                                                        <address class=\"mec-event-address\"><span>Auditorium Ettore Rossi<\/span><\/address>\r\n                                                                    <\/div>\r\n                                                            <\/div>\r\n                        <\/div>\r\n                        <div class=\"col-md-3 mec-col-table-c mec-event-meta-wrap\">\r\n                            <div class=\"mec-event-meta mec-color-before\">\r\n                                <div class=\"mec-date-details\">\r\n                                                                            vendredi<br>                                        <span class=\"mec-event-d\"><i class=\"mec-sl-calendar\"><\/i><span class=\"mec-start-date-label\">04.09.2026<\/span><\/span>\r\n                                                                    <\/div>\r\n                                                                <div class=\"mec-time-details\"><svg xmlns=\"http:\/\/www.w3.org\/2000\/svg\" width=\"16\" height=\"16\" viewBox=\"0 0 16 16\"><path id=\"clock\" d=\"M8,16a8,8,0,1,1,8-8A8.009,8.009,0,0,1,8,16ZM8,1.333A6.667,6.667,0,1,0,14.667,8,6.674,6.674,0,0,0,8,1.333Zm2.667,10a.665.665,0,0,1-.471-.2L7.529,8.471a.666.666,0,0,1-.144-.217A.673.673,0,0,1,7.333,8V3.333a.667.667,0,1,1,1.333,0V7.724L11.138,10.2a.667.667,0,0,1-.471,1.138Z\" fill=\"#60daf2\" \/><\/svg><span class=\"mec-start-time\">08:15<\/span> - <span class=\"mec-end-time\">16:45<\/span><\/div>                                                                                                <div class=\"mec-categories-wrapper\"><ul><li>autres organisateurs-trices<\/li>                                                                <\/ul><\/div>                                                                \r\n                                <!--                                -->                            <\/div>\r\n                        <\/div>\r\n                    <\/div>\r\n                    <\/a>\r\n                            <\/article>\r\n            \t\t\r\n            \r\n                        <article class=\"mec-event-article  mec-clear  mec-divider-toggle mec-toggle-202609-29026 banquets-foodsave\" itemscope>\r\n                                    <a href=\"https:\/\/foodwaste.ch\/fr\/reseau\/calendrier-foodsave\/banquet-foodsave-bienne\/\">                    <div class=\"mec-topsec\">\r\n                                        <div class=\"col-md-3 mec-event-image-wrap mec-col-table-c\">\r\n                            <div class=\"mec-event-image\">\r\n                                                                <img loading=\"lazy\" decoding=\"async\" width=\"768\" height=\"512\" src=\"https:\/\/foodwaste.ch\/wp-content\/uploads\/2026\/04\/fsb_2026_FR_v2-768x512.jpg\" class=\"skip_lazy wp-post-image\" alt=\"\" srcset=\"https:\/\/foodwaste.ch\/wp-content\/uploads\/2026\/04\/fsb_2026_FR_v2-768x512.jpg 768w, https:\/\/foodwaste.ch\/wp-content\/uploads\/2026\/04\/fsb_2026_FR_v2-300x200.jpg 300w, https:\/\/foodwaste.ch\/wp-content\/uploads\/2026\/04\/fsb_2026_FR_v2-1024x683.jpg 1024w, https:\/\/foodwaste.ch\/wp-content\/uploads\/2026\/04\/fsb_2026_FR_v2-391x260.jpg 391w, https:\/\/foodwaste.ch\/wp-content\/uploads\/2026\/04\/fsb_2026_FR_v2-1536x1024.jpg 1536w, https:\/\/foodwaste.ch\/wp-content\/uploads\/2026\/04\/fsb_2026_FR_v2.jpg 1620w\" sizes=\"auto, (max-width: 768px) 100vw, 768px\" \/>                            <\/div>\r\n                        <\/div>\r\n                        \r\n                        <div class=\"col-md-6 mec-col-table-c mec-event-content-wrap\">\r\n                            <div class=\"mec-event-content\">\r\n                                                                                                <h3 class=\"mec-event-title\">\r\n                                                                        Banquet-Foodsave Bienne                                                                                                                                            <\/h3>\r\n                                <div class=\"mec-event-description\">La gestion durable de nos ressources nous tient \u00e0 c\u0153ur. Lors des Banquets-Foodsave, nous pouvons d\u00e9couvrir ensemble combien il est facile de pr\u00e9parer un festin \u00e0 partir d&rsquo;aliments qui ne sont plus commercialisables. Avec les d\u00e9lices de la cuisine anti-gaspi\u2019, nous nous engageons activement contre le gaspillage alimentaire et c\u00e9l\u00e9brons les r\u00e9coltes. Pr\u00e9par\u00e9s par des [&hellip;]<\/div>\r\n                                                                <div class=\"mec-venue-details\">\r\n                                    <svg xmlns=\"http:\/\/www.w3.org\/2000\/svg\" width=\"12.308\" height=\"16\" viewBox=\"0 0 12.308 16\"><path id=\"location\" d=\"M6.6,15.839a.7.7,0,0,1-.89,0C5.476,15.644,0,11,0,6.029A6.1,6.1,0,0,1,6.154,0a6.1,6.1,0,0,1,6.154,6.029C12.308,11,6.832,15.644,6.6,15.839ZM6.154,1.333a4.747,4.747,0,0,0-4.786,4.7c0,3.6,3.52,7.215,4.786,8.4,1.266-1.184,4.787-4.8,4.787-8.4A4.747,4.747,0,0,0,6.154,1.333Zm0,7.383A2.7,2.7,0,0,1,3.419,6.049,2.7,2.7,0,0,1,6.154,3.383,2.7,2.7,0,0,1,8.889,6.049,2.7,2.7,0,0,1,6.154,8.716Zm0-4A1.334,1.334,0,1,0,7.521,6.049,1.353,1.353,0,0,0,6.154,4.716Z\" fill=\"#40d9f1\" fill-rule=\"evenodd\"\/><\/svg>                                    <span>Robert-Walser-Platz<\/span>\r\n                                                                        <address class=\"mec-event-address\"><span>Biel<\/span><\/address>\r\n                                                                    <\/div>\r\n                                                            <\/div>\r\n                        <\/div>\r\n                        <div class=\"col-md-3 mec-col-table-c mec-event-meta-wrap\">\r\n                            <div class=\"mec-event-meta mec-color-before\">\r\n                                <div class=\"mec-date-details\">\r\n                                                                            samedi<br>                                        <span class=\"mec-event-d\"><i class=\"mec-sl-calendar\"><\/i><span class=\"mec-start-date-label\">05.09.2026<\/span><\/span>\r\n                                                                    <\/div>\r\n                                                                <div class=\"mec-time-details\"><svg xmlns=\"http:\/\/www.w3.org\/2000\/svg\" width=\"16\" height=\"16\" viewBox=\"0 0 16 16\"><path id=\"clock\" d=\"M8,16a8,8,0,1,1,8-8A8.009,8.009,0,0,1,8,16ZM8,1.333A6.667,6.667,0,1,0,14.667,8,6.674,6.674,0,0,0,8,1.333Zm2.667,10a.665.665,0,0,1-.471-.2L7.529,8.471a.666.666,0,0,1-.144-.217A.673.673,0,0,1,7.333,8V3.333a.667.667,0,1,1,1.333,0V7.724L11.138,10.2a.667.667,0,0,1-.471,1.138Z\" fill=\"#60daf2\" \/><\/svg><span class=\"mec-start-time\">Journ\u00e9e enti\u00e8re<\/span><\/div>                                                                                                <div class=\"mec-categories-wrapper\"><ul><li>Banquets-Foodsave<\/li>                                                                <li class=\"fw-event\">foodwaste.ch<\/li><\/ul><\/div>                                                                \r\n                                <!--                                -->                            <\/div>\r\n                        <\/div>\r\n                    <\/div>\r\n                    <\/a>\r\n                            <\/article>\r\n                        <article class=\"mec-event-article  mec-clear  mec-divider-toggle mec-toggle-202609-29026 foodsave-bankette\" itemscope>\r\n                                    <a href=\"https:\/\/foodwaste.ch\/fr\/netzwerk\/foodsave-kalender\/foodsave-bankett-luzern\/\">                    <div class=\"mec-topsec\">\r\n                                        <div class=\"col-md-3 mec-event-image-wrap mec-col-table-c\">\r\n                            <div class=\"mec-event-image\">\r\n                                                                <img loading=\"lazy\" decoding=\"async\" width=\"768\" height=\"512\" src=\"https:\/\/foodwaste.ch\/wp-content\/uploads\/2025\/12\/fsb_2026_DE_v2-768x512.jpg\" class=\"skip_lazy wp-post-image\" alt=\"\" srcset=\"https:\/\/foodwaste.ch\/wp-content\/uploads\/2025\/12\/fsb_2026_DE_v2-768x512.jpg 768w, https:\/\/foodwaste.ch\/wp-content\/uploads\/2025\/12\/fsb_2026_DE_v2-300x200.jpg 300w, https:\/\/foodwaste.ch\/wp-content\/uploads\/2025\/12\/fsb_2026_DE_v2-1024x683.jpg 1024w, https:\/\/foodwaste.ch\/wp-content\/uploads\/2025\/12\/fsb_2026_DE_v2-391x260.jpg 391w, https:\/\/foodwaste.ch\/wp-content\/uploads\/2025\/12\/fsb_2026_DE_v2-1536x1024.jpg 1536w, https:\/\/foodwaste.ch\/wp-content\/uploads\/2025\/12\/fsb_2026_DE_v2.jpg 1620w\" sizes=\"auto, (max-width: 768px) 100vw, 768px\" \/>                            <\/div>\r\n                        <\/div>\r\n                        \r\n                        <div class=\"col-md-6 mec-col-table-c mec-event-content-wrap\">\r\n                            <div class=\"mec-event-content\">\r\n                                                                                                <h3 class=\"mec-event-title\">\r\n                                                                        Foodsave-Bankett Luzern                                                                                                                                            <\/h3>\r\n                                <div class=\"mec-event-description\">Der nachhaltige Umgang mit unseren Ressourcen liegt uns am Herzen. Bei Foodsave-Banketten k\u00f6nnen wir gemeinsam erleben, wie einfach es ist, aus nicht mehr verk\u00e4uflichen Lebensmitteln ein Festmahl zu zaubern. Mit K\u00f6stlichkeiten aus der Foodsave-K\u00fcche werden wir aktiv gegen die Verschwendung von Lebensmitteln und feiern Erntedank. Zubereitet von K\u00f6ch:innen und vielen Freiwilligen, laden wir dich zu [&hellip;]<\/div>\r\n                                                                <div class=\"mec-venue-details\">\r\n                                    <svg xmlns=\"http:\/\/www.w3.org\/2000\/svg\" width=\"12.308\" height=\"16\" viewBox=\"0 0 12.308 16\"><path id=\"location\" d=\"M6.6,15.839a.7.7,0,0,1-.89,0C5.476,15.644,0,11,0,6.029A6.1,6.1,0,0,1,6.154,0a6.1,6.1,0,0,1,6.154,6.029C12.308,11,6.832,15.644,6.6,15.839ZM6.154,1.333a4.747,4.747,0,0,0-4.786,4.7c0,3.6,3.52,7.215,4.786,8.4,1.266-1.184,4.787-4.8,4.787-8.4A4.747,4.747,0,0,0,6.154,1.333Zm0,7.383A2.7,2.7,0,0,1,3.419,6.049,2.7,2.7,0,0,1,6.154,3.383,2.7,2.7,0,0,1,8.889,6.049,2.7,2.7,0,0,1,6.154,8.716Zm0-4A1.334,1.334,0,1,0,7.521,6.049,1.353,1.353,0,0,0,6.154,4.716Z\" fill=\"#40d9f1\" fill-rule=\"evenodd\"\/><\/svg>                                    <span>Kapellplatz bei der Peterskapelle<\/span>\r\n                                                                    <\/div>\r\n                                                            <\/div>\r\n                        <\/div>\r\n                        <div class=\"col-md-3 mec-col-table-c mec-event-meta-wrap\">\r\n                            <div class=\"mec-event-meta mec-color-before\">\r\n                                <div class=\"mec-date-details\">\r\n                                                                            samedi<br>                                        <span class=\"mec-event-d\"><i class=\"mec-sl-calendar\"><\/i><span class=\"mec-start-date-label\">05.09.2026<\/span><\/span>\r\n                                                                    <\/div>\r\n                                                                <div class=\"mec-time-details\"><svg xmlns=\"http:\/\/www.w3.org\/2000\/svg\" width=\"16\" height=\"16\" viewBox=\"0 0 16 16\"><path id=\"clock\" d=\"M8,16a8,8,0,1,1,8-8A8.009,8.009,0,0,1,8,16ZM8,1.333A6.667,6.667,0,1,0,14.667,8,6.674,6.674,0,0,0,8,1.333Zm2.667,10a.665.665,0,0,1-.471-.2L7.529,8.471a.666.666,0,0,1-.144-.217A.673.673,0,0,1,7.333,8V3.333a.667.667,0,1,1,1.333,0V7.724L11.138,10.2a.667.667,0,0,1-.471,1.138Z\" fill=\"#60daf2\" \/><\/svg><span class=\"mec-start-time\">Journ\u00e9e enti\u00e8re<\/span><\/div>                                                                                                <div class=\"mec-categories-wrapper\"><ul><li>Foodsave-Bankette<\/li>                                                                <li class=\"fw-event\">foodwaste.ch<\/li><\/ul><\/div>                                                                \r\n                                <!--                                -->                            <\/div>\r\n                        <\/div>\r\n                    <\/div>\r\n                    <\/a>\r\n                            <\/article>\r\n            \t\t\r\n            \r\n                        <article class=\"mec-event-article  mec-clear  mec-divider-toggle mec-toggle-202609-29026 foodsave-bankette\" itemscope>\r\n                                    <a href=\"https:\/\/foodwaste.ch\/fr\/netzwerk\/foodsave-kalender\/foodsave-bankett-chur\/\">                    <div class=\"mec-topsec\">\r\n                                        <div class=\"col-md-3 mec-event-image-wrap mec-col-table-c\">\r\n                            <div class=\"mec-event-image\">\r\n                                                                <img loading=\"lazy\" decoding=\"async\" width=\"768\" height=\"512\" src=\"https:\/\/foodwaste.ch\/wp-content\/uploads\/2025\/12\/fsb_2026_DE_v2-768x512.jpg\" class=\"skip_lazy wp-post-image\" alt=\"\" srcset=\"https:\/\/foodwaste.ch\/wp-content\/uploads\/2025\/12\/fsb_2026_DE_v2-768x512.jpg 768w, https:\/\/foodwaste.ch\/wp-content\/uploads\/2025\/12\/fsb_2026_DE_v2-300x200.jpg 300w, https:\/\/foodwaste.ch\/wp-content\/uploads\/2025\/12\/fsb_2026_DE_v2-1024x683.jpg 1024w, https:\/\/foodwaste.ch\/wp-content\/uploads\/2025\/12\/fsb_2026_DE_v2-391x260.jpg 391w, https:\/\/foodwaste.ch\/wp-content\/uploads\/2025\/12\/fsb_2026_DE_v2-1536x1024.jpg 1536w, https:\/\/foodwaste.ch\/wp-content\/uploads\/2025\/12\/fsb_2026_DE_v2.jpg 1620w\" sizes=\"auto, (max-width: 768px) 100vw, 768px\" \/>                            <\/div>\r\n                        <\/div>\r\n                        \r\n                        <div class=\"col-md-6 mec-col-table-c mec-event-content-wrap\">\r\n                            <div class=\"mec-event-content\">\r\n                                                                                                <h3 class=\"mec-event-title\">\r\n                                                                        Foodsave-Bankett Chur                                                                                                                                            <\/h3>\r\n                                <div class=\"mec-event-description\">Der nachhaltige Umgang mit unseren Ressourcen liegt uns am Herzen. Bei Foodsave-Banketten k\u00f6nnen wir gemeinsam erleben, wie einfach es ist, aus nicht mehr verk\u00e4uflichen Lebensmitteln ein Festmahl zu zaubern. Mit K\u00f6stlichkeiten aus der Foodsave-K\u00fcche werden wir aktiv gegen die Verschwendung von Lebensmitteln und feiern Erntedank. Zubereitet von K\u00f6ch:innen und vielen Freiwilligen, laden wir dich zu [&hellip;]<\/div>\r\n                                                                <div class=\"mec-venue-details\">\r\n                                    <svg xmlns=\"http:\/\/www.w3.org\/2000\/svg\" width=\"12.308\" height=\"16\" viewBox=\"0 0 12.308 16\"><path id=\"location\" d=\"M6.6,15.839a.7.7,0,0,1-.89,0C5.476,15.644,0,11,0,6.029A6.1,6.1,0,0,1,6.154,0a6.1,6.1,0,0,1,6.154,6.029C12.308,11,6.832,15.644,6.6,15.839ZM6.154,1.333a4.747,4.747,0,0,0-4.786,4.7c0,3.6,3.52,7.215,4.786,8.4,1.266-1.184,4.787-4.8,4.787-8.4A4.747,4.747,0,0,0,6.154,1.333Zm0,7.383A2.7,2.7,0,0,1,3.419,6.049,2.7,2.7,0,0,1,6.154,3.383,2.7,2.7,0,0,1,8.889,6.049,2.7,2.7,0,0,1,6.154,8.716Zm0-4A1.334,1.334,0,1,0,7.521,6.049,1.353,1.353,0,0,0,6.154,4.716Z\" fill=\"#40d9f1\" fill-rule=\"evenodd\"\/><\/svg>                                    <span>Areal Stadtbaumgarten<\/span>\r\n                                                                        <address class=\"mec-event-address\"><span>Chur<\/span><\/address>\r\n                                                                    <\/div>\r\n                                                            <\/div>\r\n                        <\/div>\r\n                        <div class=\"col-md-3 mec-col-table-c mec-event-meta-wrap\">\r\n                            <div class=\"mec-event-meta mec-color-before\">\r\n                                <div class=\"mec-date-details\">\r\n                                                                            vendredi<br>                                        <span class=\"mec-event-d\"><i class=\"mec-sl-calendar\"><\/i><span class=\"mec-start-date-label\">11.09.2026<\/span><\/span>\r\n                                                                    <\/div>\r\n                                                                <div class=\"mec-time-details\"><svg xmlns=\"http:\/\/www.w3.org\/2000\/svg\" width=\"16\" height=\"16\" viewBox=\"0 0 16 16\"><path id=\"clock\" d=\"M8,16a8,8,0,1,1,8-8A8.009,8.009,0,0,1,8,16ZM8,1.333A6.667,6.667,0,1,0,14.667,8,6.674,6.674,0,0,0,8,1.333Zm2.667,10a.665.665,0,0,1-.471-.2L7.529,8.471a.666.666,0,0,1-.144-.217A.673.673,0,0,1,7.333,8V3.333a.667.667,0,1,1,1.333,0V7.724L11.138,10.2a.667.667,0,0,1-.471,1.138Z\" fill=\"#60daf2\" \/><\/svg><span class=\"mec-start-time\">Journ\u00e9e enti\u00e8re<\/span><\/div>                                                                                                <div class=\"mec-categories-wrapper\"><ul><li>Foodsave-Bankette<\/li>                                                                <li class=\"fw-event\">foodwaste.ch<\/li><\/ul><\/div>                                                                \r\n                                <!--                                -->                            <\/div>\r\n                        <\/div>\r\n                    <\/div>\r\n                    <\/a>\r\n                            <\/article>\r\n            \t\t\r\n            \r\n                        <article class=\"mec-event-article  mec-clear  mec-divider-toggle mec-toggle-202609-29026 foodsave-bankette\" itemscope>\r\n                                    <a href=\"https:\/\/foodwaste.ch\/fr\/netzwerk\/foodsave-kalender\/foodsave-bankett-basel\/\">                    <div class=\"mec-topsec\">\r\n                                        <div class=\"col-md-3 mec-event-image-wrap mec-col-table-c\">\r\n                            <div class=\"mec-event-image\">\r\n                                                                <img loading=\"lazy\" decoding=\"async\" width=\"768\" height=\"512\" src=\"https:\/\/foodwaste.ch\/wp-content\/uploads\/2025\/12\/fsb_2026_DE_v2-768x512.jpg\" class=\"skip_lazy wp-post-image\" alt=\"\" srcset=\"https:\/\/foodwaste.ch\/wp-content\/uploads\/2025\/12\/fsb_2026_DE_v2-768x512.jpg 768w, https:\/\/foodwaste.ch\/wp-content\/uploads\/2025\/12\/fsb_2026_DE_v2-300x200.jpg 300w, https:\/\/foodwaste.ch\/wp-content\/uploads\/2025\/12\/fsb_2026_DE_v2-1024x683.jpg 1024w, https:\/\/foodwaste.ch\/wp-content\/uploads\/2025\/12\/fsb_2026_DE_v2-391x260.jpg 391w, https:\/\/foodwaste.ch\/wp-content\/uploads\/2025\/12\/fsb_2026_DE_v2-1536x1024.jpg 1536w, https:\/\/foodwaste.ch\/wp-content\/uploads\/2025\/12\/fsb_2026_DE_v2.jpg 1620w\" sizes=\"auto, (max-width: 768px) 100vw, 768px\" \/>                            <\/div>\r\n                        <\/div>\r\n                        \r\n                        <div class=\"col-md-6 mec-col-table-c mec-event-content-wrap\">\r\n                            <div class=\"mec-event-content\">\r\n                                                                                                <h3 class=\"mec-event-title\">\r\n                                                                        Foodsave-Bankett Basel                                                                                                                                            <\/h3>\r\n                                <div class=\"mec-event-description\">Der nachhaltige Umgang mit unseren Ressourcen liegt uns am Herzen. Bei Foodsave-Banketten k\u00f6nnen wir gemeinsam erleben, wie einfach es ist, aus nicht mehr verk\u00e4uflichen Lebensmitteln ein Festmahl zu zaubern. Mit K\u00f6stlichkeiten aus der Foodsave-K\u00fcche werden wir aktiv gegen die Verschwendung von Lebensmitteln und feiern Erntedank. Zubereitet von K\u00f6ch:innen und vielen Freiwilligen, laden wir dich zu [&hellip;]<\/div>\r\n                                                                <div class=\"mec-venue-details\">\r\n                                    <svg xmlns=\"http:\/\/www.w3.org\/2000\/svg\" width=\"12.308\" height=\"16\" viewBox=\"0 0 12.308 16\"><path id=\"location\" d=\"M6.6,15.839a.7.7,0,0,1-.89,0C5.476,15.644,0,11,0,6.029A6.1,6.1,0,0,1,6.154,0a6.1,6.1,0,0,1,6.154,6.029C12.308,11,6.832,15.644,6.6,15.839ZM6.154,1.333a4.747,4.747,0,0,0-4.786,4.7c0,3.6,3.52,7.215,4.786,8.4,1.266-1.184,4.787-4.8,4.787-8.4A4.747,4.747,0,0,0,6.154,1.333Zm0,7.383A2.7,2.7,0,0,1,3.419,6.049,2.7,2.7,0,0,1,6.154,3.383,2.7,2.7,0,0,1,8.889,6.049,2.7,2.7,0,0,1,6.154,8.716Zm0-4A1.334,1.334,0,1,0,7.521,6.049,1.353,1.353,0,0,0,6.154,4.716Z\" fill=\"#40d9f1\" fill-rule=\"evenodd\"\/><\/svg>                                    <span>kHaus<\/span>\r\n                                                                        <address class=\"mec-event-address\"><span>Kasernenhof 8, 4058 Basel<\/span><\/address>\r\n                                                                    <\/div>\r\n                                                            <\/div>\r\n                        <\/div>\r\n                        <div class=\"col-md-3 mec-col-table-c mec-event-meta-wrap\">\r\n                            <div class=\"mec-event-meta mec-color-before\">\r\n                                <div class=\"mec-date-details\">\r\n                                                                            samedi<br>                                        <span class=\"mec-event-d\"><i class=\"mec-sl-calendar\"><\/i><span class=\"mec-start-date-label\">12.09.2026<\/span><\/span>\r\n                                                                    <\/div>\r\n                                                                <div class=\"mec-time-details\"><svg xmlns=\"http:\/\/www.w3.org\/2000\/svg\" width=\"16\" height=\"16\" viewBox=\"0 0 16 16\"><path id=\"clock\" d=\"M8,16a8,8,0,1,1,8-8A8.009,8.009,0,0,1,8,16ZM8,1.333A6.667,6.667,0,1,0,14.667,8,6.674,6.674,0,0,0,8,1.333Zm2.667,10a.665.665,0,0,1-.471-.2L7.529,8.471a.666.666,0,0,1-.144-.217A.673.673,0,0,1,7.333,8V3.333a.667.667,0,1,1,1.333,0V7.724L11.138,10.2a.667.667,0,0,1-.471,1.138Z\" fill=\"#60daf2\" \/><\/svg><span class=\"mec-start-time\">Journ\u00e9e enti\u00e8re<\/span><\/div>                                                                                                <div class=\"mec-categories-wrapper\"><ul><li>Foodsave-Bankette<\/li>                                                                <li class=\"fw-event\">foodwaste.ch<\/li><\/ul><\/div>                                                                \r\n                                <!--                                -->                            <\/div>\r\n                        <\/div>\r\n                    <\/div>\r\n                    <\/a>\r\n                            <\/article>\r\n                        <article class=\"mec-event-article  mec-clear  mec-divider-toggle mec-toggle-202609-29026 foodsave-bankette\" itemscope>\r\n                                    <a href=\"https:\/\/foodwaste.ch\/fr\/netzwerk\/foodsave-kalender\/foodsave-bankett-muensingen\/\">                    <div class=\"mec-topsec\">\r\n                                        <div class=\"col-md-3 mec-event-image-wrap mec-col-table-c\">\r\n                            <div class=\"mec-event-image\">\r\n                                                                <img loading=\"lazy\" decoding=\"async\" width=\"768\" height=\"512\" src=\"https:\/\/foodwaste.ch\/wp-content\/uploads\/2025\/12\/fsb_2026_DE_v2-768x512.jpg\" class=\"skip_lazy wp-post-image\" alt=\"\" srcset=\"https:\/\/foodwaste.ch\/wp-content\/uploads\/2025\/12\/fsb_2026_DE_v2-768x512.jpg 768w, https:\/\/foodwaste.ch\/wp-content\/uploads\/2025\/12\/fsb_2026_DE_v2-300x200.jpg 300w, https:\/\/foodwaste.ch\/wp-content\/uploads\/2025\/12\/fsb_2026_DE_v2-1024x683.jpg 1024w, https:\/\/foodwaste.ch\/wp-content\/uploads\/2025\/12\/fsb_2026_DE_v2-391x260.jpg 391w, https:\/\/foodwaste.ch\/wp-content\/uploads\/2025\/12\/fsb_2026_DE_v2-1536x1024.jpg 1536w, https:\/\/foodwaste.ch\/wp-content\/uploads\/2025\/12\/fsb_2026_DE_v2.jpg 1620w\" sizes=\"auto, (max-width: 768px) 100vw, 768px\" \/>                            <\/div>\r\n                        <\/div>\r\n                        \r\n                        <div class=\"col-md-6 mec-col-table-c mec-event-content-wrap\">\r\n                            <div class=\"mec-event-content\">\r\n                                                                                                <h3 class=\"mec-event-title\">\r\n                                                                        Foodsave-Bankett M\u00fcnsingen                                                                                                                                            <\/h3>\r\n                                <div class=\"mec-event-description\">Der nachhaltige Umgang mit unseren Ressourcen liegt uns am Herzen. Bei Foodsave-Banketten k\u00f6nnen wir gemeinsam erleben, wie einfach es ist, aus nicht mehr verk\u00e4uflichen Lebensmitteln ein Festmahl zu zaubern. Mit K\u00f6stlichkeiten aus der Foodsave-K\u00fcche werden wir aktiv gegen die Verschwendung von Lebensmitteln und feiern Erntedank. Zubereitet von K\u00f6ch:innen und vielen Freiwilligen, laden wir dich zu [&hellip;]<\/div>\r\n                                                                <div class=\"mec-venue-details\">\r\n                                    <svg xmlns=\"http:\/\/www.w3.org\/2000\/svg\" width=\"12.308\" height=\"16\" viewBox=\"0 0 12.308 16\"><path id=\"location\" d=\"M6.6,15.839a.7.7,0,0,1-.89,0C5.476,15.644,0,11,0,6.029A6.1,6.1,0,0,1,6.154,0a6.1,6.1,0,0,1,6.154,6.029C12.308,11,6.832,15.644,6.6,15.839ZM6.154,1.333a4.747,4.747,0,0,0-4.786,4.7c0,3.6,3.52,7.215,4.786,8.4,1.266-1.184,4.787-4.8,4.787-8.4A4.747,4.747,0,0,0,6.154,1.333Zm0,7.383A2.7,2.7,0,0,1,3.419,6.049,2.7,2.7,0,0,1,6.154,3.383,2.7,2.7,0,0,1,8.889,6.049,2.7,2.7,0,0,1,6.154,8.716Zm0-4A1.334,1.334,0,1,0,7.521,6.049,1.353,1.353,0,0,0,6.154,4.716Z\" fill=\"#40d9f1\" fill-rule=\"evenodd\"\/><\/svg>                                    <span>Schlossallee<\/span>\r\n                                                                        <address class=\"mec-event-address\"><span>M\u00fcnsingen<\/span><\/address>\r\n                                                                    <\/div>\r\n                                                            <\/div>\r\n                        <\/div>\r\n                        <div class=\"col-md-3 mec-col-table-c mec-event-meta-wrap\">\r\n                            <div class=\"mec-event-meta mec-color-before\">\r\n                                <div class=\"mec-date-details\">\r\n                                                                            samedi<br>                                        <span class=\"mec-event-d\"><i class=\"mec-sl-calendar\"><\/i><span class=\"mec-start-date-label\">12.09.2026<\/span><\/span>\r\n                                                                    <\/div>\r\n                                                                <div class=\"mec-time-details\"><svg xmlns=\"http:\/\/www.w3.org\/2000\/svg\" width=\"16\" height=\"16\" viewBox=\"0 0 16 16\"><path id=\"clock\" d=\"M8,16a8,8,0,1,1,8-8A8.009,8.009,0,0,1,8,16ZM8,1.333A6.667,6.667,0,1,0,14.667,8,6.674,6.674,0,0,0,8,1.333Zm2.667,10a.665.665,0,0,1-.471-.2L7.529,8.471a.666.666,0,0,1-.144-.217A.673.673,0,0,1,7.333,8V3.333a.667.667,0,1,1,1.333,0V7.724L11.138,10.2a.667.667,0,0,1-.471,1.138Z\" fill=\"#60daf2\" \/><\/svg><span class=\"mec-start-time\">Journ\u00e9e enti\u00e8re<\/span><\/div>                                                                                                <div class=\"mec-categories-wrapper\"><ul><li>Foodsave-Bankette<\/li>                                                                <li class=\"fw-event\">foodwaste.ch<\/li><\/ul><\/div>                                                                \r\n                                <!--                                -->                            <\/div>\r\n                        <\/div>\r\n                    <\/div>\r\n                    <\/a>\r\n                            <\/article>\r\n                        <article class=\"mec-event-article  mec-clear  mec-divider-toggle mec-toggle-202609-29026 foodsave-bankette\" itemscope>\r\n                                    <a href=\"https:\/\/foodwaste.ch\/fr\/netzwerk\/foodsave-kalender\/foodsave-bankett-grenchen\/\">                    <div class=\"mec-topsec\">\r\n                                        <div class=\"col-md-3 mec-event-image-wrap mec-col-table-c\">\r\n                            <div class=\"mec-event-image\">\r\n                                                                <img loading=\"lazy\" decoding=\"async\" width=\"768\" height=\"512\" src=\"https:\/\/foodwaste.ch\/wp-content\/uploads\/2025\/12\/fsb_2026_DE_v2-768x512.jpg\" class=\"skip_lazy wp-post-image\" alt=\"\" srcset=\"https:\/\/foodwaste.ch\/wp-content\/uploads\/2025\/12\/fsb_2026_DE_v2-768x512.jpg 768w, https:\/\/foodwaste.ch\/wp-content\/uploads\/2025\/12\/fsb_2026_DE_v2-300x200.jpg 300w, https:\/\/foodwaste.ch\/wp-content\/uploads\/2025\/12\/fsb_2026_DE_v2-1024x683.jpg 1024w, https:\/\/foodwaste.ch\/wp-content\/uploads\/2025\/12\/fsb_2026_DE_v2-391x260.jpg 391w, https:\/\/foodwaste.ch\/wp-content\/uploads\/2025\/12\/fsb_2026_DE_v2-1536x1024.jpg 1536w, https:\/\/foodwaste.ch\/wp-content\/uploads\/2025\/12\/fsb_2026_DE_v2.jpg 1620w\" sizes=\"auto, (max-width: 768px) 100vw, 768px\" \/>                            <\/div>\r\n                        <\/div>\r\n                        \r\n                        <div class=\"col-md-6 mec-col-table-c mec-event-content-wrap\">\r\n                            <div class=\"mec-event-content\">\r\n                                                                                                <h3 class=\"mec-event-title\">\r\n                                                                        Foodsave-Bankett Grenchen                                                                                                                                            <\/h3>\r\n                                <div class=\"mec-event-description\">Der nachhaltige Umgang mit unseren Ressourcen liegt uns am Herzen. Bei Foodsave-Banketten k\u00f6nnen wir gemeinsam erleben, wie einfach es ist, aus nicht mehr verk\u00e4uflichen Lebensmitteln ein Festmahl zu zaubern. Mit K\u00f6stlichkeiten aus der Foodsave-K\u00fcche werden wir aktiv gegen die Verschwendung von Lebensmitteln und feiern Erntedank. Zubereitet von K\u00f6ch:innen und vielen Freiwilligen, laden wir dich zu [&hellip;]<\/div>\r\n                                                                <div class=\"mec-venue-details\">\r\n                                    <svg xmlns=\"http:\/\/www.w3.org\/2000\/svg\" width=\"12.308\" height=\"16\" viewBox=\"0 0 12.308 16\"><path id=\"location\" d=\"M6.6,15.839a.7.7,0,0,1-.89,0C5.476,15.644,0,11,0,6.029A6.1,6.1,0,0,1,6.154,0a6.1,6.1,0,0,1,6.154,6.029C12.308,11,6.832,15.644,6.6,15.839ZM6.154,1.333a4.747,4.747,0,0,0-4.786,4.7c0,3.6,3.52,7.215,4.786,8.4,1.266-1.184,4.787-4.8,4.787-8.4A4.747,4.747,0,0,0,6.154,1.333Zm0,7.383A2.7,2.7,0,0,1,3.419,6.049,2.7,2.7,0,0,1,6.154,3.383,2.7,2.7,0,0,1,8.889,6.049,2.7,2.7,0,0,1,6.154,8.716Zm0-4A1.334,1.334,0,1,0,7.521,6.049,1.353,1.353,0,0,0,6.154,4.716Z\" fill=\"#40d9f1\" fill-rule=\"evenodd\"\/><\/svg>                                    <span>Marktplatz<\/span>\r\n                                                                    <\/div>\r\n                                                            <\/div>\r\n                        <\/div>\r\n                        <div class=\"col-md-3 mec-col-table-c mec-event-meta-wrap\">\r\n                            <div class=\"mec-event-meta mec-color-before\">\r\n                                <div class=\"mec-date-details\">\r\n                                                                            samedi<br>                                        <span class=\"mec-event-d\"><i class=\"mec-sl-calendar\"><\/i><span class=\"mec-start-date-label\">12.09.2026<\/span><\/span>\r\n                                                                    <\/div>\r\n                                                                <div class=\"mec-time-details\"><svg xmlns=\"http:\/\/www.w3.org\/2000\/svg\" width=\"16\" height=\"16\" viewBox=\"0 0 16 16\"><path id=\"clock\" d=\"M8,16a8,8,0,1,1,8-8A8.009,8.009,0,0,1,8,16ZM8,1.333A6.667,6.667,0,1,0,14.667,8,6.674,6.674,0,0,0,8,1.333Zm2.667,10a.665.665,0,0,1-.471-.2L7.529,8.471a.666.666,0,0,1-.144-.217A.673.673,0,0,1,7.333,8V3.333a.667.667,0,1,1,1.333,0V7.724L11.138,10.2a.667.667,0,0,1-.471,1.138Z\" fill=\"#60daf2\" \/><\/svg><span class=\"mec-start-time\">Journ\u00e9e enti\u00e8re<\/span><\/div>                                                                                                <div class=\"mec-categories-wrapper\"><ul><li>Foodsave-Bankette<\/li>                                                                <li class=\"fw-event\">foodwaste.ch<\/li><\/ul><\/div>                                                                \r\n                                <!--                                -->                            <\/div>\r\n                        <\/div>\r\n                    <\/div>\r\n                    <\/a>\r\n                            <\/article>\r\n                        <article class=\"mec-event-article  mec-clear  mec-divider-toggle mec-toggle-202609-29026 banquets-foodsave\" itemscope>\r\n                                    <a href=\"https:\/\/foodwaste.ch\/fr\/reseau\/calendrier-foodsave\/banquet-foodsave-penthalaz\/\">                    <div class=\"mec-topsec\">\r\n                                        <div class=\"col-md-3 mec-event-image-wrap mec-col-table-c\">\r\n                            <div class=\"mec-event-image\">\r\n                                                                <img loading=\"lazy\" decoding=\"async\" width=\"768\" height=\"512\" src=\"https:\/\/foodwaste.ch\/wp-content\/uploads\/2026\/04\/fsb_2026_FR_v2-768x512.jpg\" class=\"skip_lazy wp-post-image\" alt=\"\" srcset=\"https:\/\/foodwaste.ch\/wp-content\/uploads\/2026\/04\/fsb_2026_FR_v2-768x512.jpg 768w, https:\/\/foodwaste.ch\/wp-content\/uploads\/2026\/04\/fsb_2026_FR_v2-300x200.jpg 300w, https:\/\/foodwaste.ch\/wp-content\/uploads\/2026\/04\/fsb_2026_FR_v2-1024x683.jpg 1024w, https:\/\/foodwaste.ch\/wp-content\/uploads\/2026\/04\/fsb_2026_FR_v2-391x260.jpg 391w, https:\/\/foodwaste.ch\/wp-content\/uploads\/2026\/04\/fsb_2026_FR_v2-1536x1024.jpg 1536w, https:\/\/foodwaste.ch\/wp-content\/uploads\/2026\/04\/fsb_2026_FR_v2.jpg 1620w\" sizes=\"auto, (max-width: 768px) 100vw, 768px\" \/>                            <\/div>\r\n                        <\/div>\r\n                        \r\n                        <div class=\"col-md-6 mec-col-table-c mec-event-content-wrap\">\r\n                            <div class=\"mec-event-content\">\r\n                                                                                                <h3 class=\"mec-event-title\">\r\n                                                                        Banquet-Foodsave Penthalaz                                                                                                                                            <\/h3>\r\n                                <div class=\"mec-event-description\">La gestion durable de nos ressources nous tient \u00e0 c\u0153ur. Lors des Banquets-Foodsave, nous pouvons d\u00e9couvrir ensemble combien il est facile de pr\u00e9parer un festin \u00e0 partir d\u2019aliments qui ne sont plus commercialisables. Avec les d\u00e9lices de la cuisine anti-gaspi\u2019, nous nous engageons activement contre le gaspillage alimentaire et c\u00e9l\u00e9brons les r\u00e9coltes. Pr\u00e9par\u00e9s par des [&hellip;]<\/div>\r\n                                                                <div class=\"mec-venue-details\">\r\n                                    <svg xmlns=\"http:\/\/www.w3.org\/2000\/svg\" width=\"12.308\" height=\"16\" viewBox=\"0 0 12.308 16\"><path id=\"location\" d=\"M6.6,15.839a.7.7,0,0,1-.89,0C5.476,15.644,0,11,0,6.029A6.1,6.1,0,0,1,6.154,0a6.1,6.1,0,0,1,6.154,6.029C12.308,11,6.832,15.644,6.6,15.839ZM6.154,1.333a4.747,4.747,0,0,0-4.786,4.7c0,3.6,3.52,7.215,4.786,8.4,1.266-1.184,4.787-4.8,4.787-8.4A4.747,4.747,0,0,0,6.154,1.333Zm0,7.383A2.7,2.7,0,0,1,3.419,6.049,2.7,2.7,0,0,1,6.154,3.383,2.7,2.7,0,0,1,8.889,6.049,2.7,2.7,0,0,1,6.154,8.716Zm0-4A1.334,1.334,0,1,0,7.521,6.049,1.353,1.353,0,0,0,6.154,4.716Z\" fill=\"#40d9f1\" fill-rule=\"evenodd\"\/><\/svg>                                    <span>Place du Verger<\/span>\r\n                                                                    <\/div>\r\n                                                            <\/div>\r\n                        <\/div>\r\n                        <div class=\"col-md-3 mec-col-table-c mec-event-meta-wrap\">\r\n                            <div class=\"mec-event-meta mec-color-before\">\r\n                                <div class=\"mec-date-details\">\r\n                                                                            samedi<br>                                        <span class=\"mec-event-d\"><i class=\"mec-sl-calendar\"><\/i><span class=\"mec-start-date-label\">12.09.2026<\/span><\/span>\r\n                                                                    <\/div>\r\n                                                                                                                                                                <div class=\"mec-categories-wrapper\"><ul><li>Banquets-Foodsave<\/li>                                                                <li class=\"fw-event\">foodwaste.ch<\/li><\/ul><\/div>                                                                \r\n                                <!--                                -->                            <\/div>\r\n                        <\/div>\r\n                    <\/div>\r\n                    <\/a>\r\n                            <\/article>\r\n                        <article class=\"mec-event-article  mec-clear  mec-divider-toggle mec-toggle-202609-29026 foodsave-bankette\" itemscope>\r\n                                    <a href=\"https:\/\/foodwaste.ch\/fr\/netzwerk\/foodsave-kalender\/foodsave-bankett-affoltern\/\">                    <div class=\"mec-topsec\">\r\n                                        <div class=\"col-md-3 mec-event-image-wrap mec-col-table-c\">\r\n                            <div class=\"mec-event-image\">\r\n                                                                <img loading=\"lazy\" decoding=\"async\" width=\"768\" height=\"512\" src=\"https:\/\/foodwaste.ch\/wp-content\/uploads\/2025\/12\/fsb_2026_DE_v2-768x512.jpg\" class=\"skip_lazy wp-post-image\" alt=\"\" srcset=\"https:\/\/foodwaste.ch\/wp-content\/uploads\/2025\/12\/fsb_2026_DE_v2-768x512.jpg 768w, https:\/\/foodwaste.ch\/wp-content\/uploads\/2025\/12\/fsb_2026_DE_v2-300x200.jpg 300w, https:\/\/foodwaste.ch\/wp-content\/uploads\/2025\/12\/fsb_2026_DE_v2-1024x683.jpg 1024w, https:\/\/foodwaste.ch\/wp-content\/uploads\/2025\/12\/fsb_2026_DE_v2-391x260.jpg 391w, https:\/\/foodwaste.ch\/wp-content\/uploads\/2025\/12\/fsb_2026_DE_v2-1536x1024.jpg 1536w, https:\/\/foodwaste.ch\/wp-content\/uploads\/2025\/12\/fsb_2026_DE_v2.jpg 1620w\" sizes=\"auto, (max-width: 768px) 100vw, 768px\" \/>                            <\/div>\r\n                        <\/div>\r\n                        \r\n                        <div class=\"col-md-6 mec-col-table-c mec-event-content-wrap\">\r\n                            <div class=\"mec-event-content\">\r\n                                                                                                <h3 class=\"mec-event-title\">\r\n                                                                        Foodsave-Bankett Affoltern am Albis                                                                                                                                            <\/h3>\r\n                                <div class=\"mec-event-description\">Der nachhaltige Umgang mit unseren Ressourcen liegt uns am Herzen. Bei Foodsave-Banketten k\u00f6nnen wir gemeinsam erleben, wie einfach es ist, aus nicht mehr verk\u00e4uflichen Lebensmitteln ein Festmahl zu zaubern. Mit K\u00f6stlichkeiten aus der Foodsave-K\u00fcche werden wir aktiv gegen die Verschwendung von Lebensmitteln und feiern Erntedank. Zubereitet von K\u00f6ch:innen und vielen Freiwilligen, laden wir dich zu [&hellip;]<\/div>\r\n                                                                <div class=\"mec-venue-details\">\r\n                                    <svg xmlns=\"http:\/\/www.w3.org\/2000\/svg\" width=\"12.308\" height=\"16\" viewBox=\"0 0 12.308 16\"><path id=\"location\" d=\"M6.6,15.839a.7.7,0,0,1-.89,0C5.476,15.644,0,11,0,6.029A6.1,6.1,0,0,1,6.154,0a6.1,6.1,0,0,1,6.154,6.029C12.308,11,6.832,15.644,6.6,15.839ZM6.154,1.333a4.747,4.747,0,0,0-4.786,4.7c0,3.6,3.52,7.215,4.786,8.4,1.266-1.184,4.787-4.8,4.787-8.4A4.747,4.747,0,0,0,6.154,1.333Zm0,7.383A2.7,2.7,0,0,1,3.419,6.049,2.7,2.7,0,0,1,6.154,3.383,2.7,2.7,0,0,1,8.889,6.049,2.7,2.7,0,0,1,6.154,8.716Zm0-4A1.334,1.334,0,1,0,7.521,6.049,1.353,1.353,0,0,0,6.154,4.716Z\" fill=\"#40d9f1\" fill-rule=\"evenodd\"\/><\/svg>                                    <span>Kasinosaal, Stadthaus<\/span>\r\n                                                                    <\/div>\r\n                                                            <\/div>\r\n                        <\/div>\r\n                        <div class=\"col-md-3 mec-col-table-c mec-event-meta-wrap\">\r\n                            <div class=\"mec-event-meta mec-color-before\">\r\n                                <div class=\"mec-date-details\">\r\n                                                                            samedi<br>                                        <span class=\"mec-event-d\"><i class=\"mec-sl-calendar\"><\/i><span class=\"mec-start-date-label\">12.09.2026<\/span><\/span>\r\n                                                                    <\/div>\r\n                                                                <div class=\"mec-time-details\"><svg xmlns=\"http:\/\/www.w3.org\/2000\/svg\" width=\"16\" height=\"16\" viewBox=\"0 0 16 16\"><path id=\"clock\" d=\"M8,16a8,8,0,1,1,8-8A8.009,8.009,0,0,1,8,16ZM8,1.333A6.667,6.667,0,1,0,14.667,8,6.674,6.674,0,0,0,8,1.333Zm2.667,10a.665.665,0,0,1-.471-.2L7.529,8.471a.666.666,0,0,1-.144-.217A.673.673,0,0,1,7.333,8V3.333a.667.667,0,1,1,1.333,0V7.724L11.138,10.2a.667.667,0,0,1-.471,1.138Z\" fill=\"#60daf2\" \/><\/svg><span class=\"mec-start-time\">Journ\u00e9e enti\u00e8re<\/span><\/div>                                                                                                <div class=\"mec-categories-wrapper\"><ul><li>Foodsave-Bankette<\/li>                                                                <li class=\"fw-event\">foodwaste.ch<\/li><\/ul><\/div>                                                                \r\n                                <!--                                -->                            <\/div>\r\n                        <\/div>\r\n                    <\/div>\r\n                    <\/a>\r\n                            <\/article>\r\n            \t\t\r\n            \r\n                        <article class=\"mec-event-article  mec-clear  mec-divider-toggle mec-toggle-202609-29026 foodsave-bankette\" itemscope>\r\n                                    <a href=\"https:\/\/foodwaste.ch\/fr\/netzwerk\/foodsave-kalender\/foodsave-bankett-bern\/\">                    <div class=\"mec-topsec\">\r\n                                        <div class=\"col-md-3 mec-event-image-wrap mec-col-table-c\">\r\n                            <div class=\"mec-event-image\">\r\n                                                                <img loading=\"lazy\" decoding=\"async\" width=\"768\" height=\"512\" src=\"https:\/\/foodwaste.ch\/wp-content\/uploads\/2025\/12\/fsb_2026_DE_v2-768x512.jpg\" class=\"skip_lazy wp-post-image\" alt=\"\" srcset=\"https:\/\/foodwaste.ch\/wp-content\/uploads\/2025\/12\/fsb_2026_DE_v2-768x512.jpg 768w, https:\/\/foodwaste.ch\/wp-content\/uploads\/2025\/12\/fsb_2026_DE_v2-300x200.jpg 300w, https:\/\/foodwaste.ch\/wp-content\/uploads\/2025\/12\/fsb_2026_DE_v2-1024x683.jpg 1024w, https:\/\/foodwaste.ch\/wp-content\/uploads\/2025\/12\/fsb_2026_DE_v2-391x260.jpg 391w, https:\/\/foodwaste.ch\/wp-content\/uploads\/2025\/12\/fsb_2026_DE_v2-1536x1024.jpg 1536w, https:\/\/foodwaste.ch\/wp-content\/uploads\/2025\/12\/fsb_2026_DE_v2.jpg 1620w\" sizes=\"auto, (max-width: 768px) 100vw, 768px\" \/>                            <\/div>\r\n                        <\/div>\r\n                        \r\n                        <div class=\"col-md-6 mec-col-table-c mec-event-content-wrap\">\r\n                            <div class=\"mec-event-content\">\r\n                                                                                                <h3 class=\"mec-event-title\">\r\n                                                                        Foodsave-Bankett Bern                                                                                                                                            <\/h3>\r\n                                <div class=\"mec-event-description\">Der nachhaltige Umgang mit unseren Ressourcen liegt uns am Herzen. Bei Foodsave-Banketten k\u00f6nnen wir gemeinsam erleben, wie einfach es ist, aus nicht mehr verk\u00e4uflichen Lebensmitteln ein Festmahl zu zaubern. Mit K\u00f6stlichkeiten aus der Foodsave-K\u00fcche werden wir aktiv gegen die Verschwendung von Lebensmitteln und feiern Erntedank. Zubereitet von K\u00f6ch:innen und vielen Freiwilligen, laden wir dich zu [&hellip;]<\/div>\r\n                                                                <div class=\"mec-venue-details\">\r\n                                    <svg xmlns=\"http:\/\/www.w3.org\/2000\/svg\" width=\"12.308\" height=\"16\" viewBox=\"0 0 12.308 16\"><path id=\"location\" d=\"M6.6,15.839a.7.7,0,0,1-.89,0C5.476,15.644,0,11,0,6.029A6.1,6.1,0,0,1,6.154,0a6.1,6.1,0,0,1,6.154,6.029C12.308,11,6.832,15.644,6.6,15.839ZM6.154,1.333a4.747,4.747,0,0,0-4.786,4.7c0,3.6,3.52,7.215,4.786,8.4,1.266-1.184,4.787-4.8,4.787-8.4A4.747,4.747,0,0,0,6.154,1.333Zm0,7.383A2.7,2.7,0,0,1,3.419,6.049,2.7,2.7,0,0,1,6.154,3.383,2.7,2.7,0,0,1,8.889,6.049,2.7,2.7,0,0,1,6.154,8.716Zm0-4A1.334,1.334,0,1,0,7.521,6.049,1.353,1.353,0,0,0,6.154,4.716Z\" fill=\"#40d9f1\" fill-rule=\"evenodd\"\/><\/svg>                                    <span>Bahnhofplatz<\/span>\r\n                                                                    <\/div>\r\n                                                            <\/div>\r\n                        <\/div>\r\n                        <div class=\"col-md-3 mec-col-table-c mec-event-meta-wrap\">\r\n                            <div class=\"mec-event-meta mec-color-before\">\r\n                                <div class=\"mec-date-details\">\r\n                                                                            vendredi<br>                                        <span class=\"mec-event-d\"><i class=\"mec-sl-calendar\"><\/i><span class=\"mec-start-date-label\">18.09.2026<\/span><\/span>\r\n                                                                    <\/div>\r\n                                                                <div class=\"mec-time-details\"><svg xmlns=\"http:\/\/www.w3.org\/2000\/svg\" width=\"16\" height=\"16\" viewBox=\"0 0 16 16\"><path id=\"clock\" d=\"M8,16a8,8,0,1,1,8-8A8.009,8.009,0,0,1,8,16ZM8,1.333A6.667,6.667,0,1,0,14.667,8,6.674,6.674,0,0,0,8,1.333Zm2.667,10a.665.665,0,0,1-.471-.2L7.529,8.471a.666.666,0,0,1-.144-.217A.673.673,0,0,1,7.333,8V3.333a.667.667,0,1,1,1.333,0V7.724L11.138,10.2a.667.667,0,0,1-.471,1.138Z\" fill=\"#60daf2\" \/><\/svg><span class=\"mec-start-time\">Journ\u00e9e enti\u00e8re<\/span><\/div>                                                                                                <div class=\"mec-categories-wrapper\"><ul><li>Foodsave-Bankette<\/li>                                                                <li class=\"fw-event\">foodwaste.ch<\/li><\/ul><\/div>                                                                \r\n                                <!--                                -->                            <\/div>\r\n                        <\/div>\r\n                    <\/div>\r\n                    <\/a>\r\n                            <\/article>\r\n            \t\t\r\n            \r\n                        <article class=\"mec-event-article  mec-clear  mec-divider-toggle mec-toggle-202609-29026 null-resten-kuche\" itemscope>\r\n                                    <a href=\"https:\/\/foodwaste.ch\/fr\/netzwerk\/foodsave-kalender\/fermentieren-und-haltbarmachen\/\">                    <div class=\"mec-topsec\">\r\n                                        <div class=\"col-md-3 mec-event-image-wrap mec-col-table-c\">\r\n                            <div class=\"mec-event-image\">\r\n                                                                <img loading=\"lazy\" decoding=\"async\" width=\"768\" height=\"513\" src=\"https:\/\/foodwaste.ch\/wp-content\/uploads\/2025\/11\/DSCF0166-scaled-768x513.jpg\" class=\"skip_lazy wp-post-image\" alt=\"\" srcset=\"https:\/\/foodwaste.ch\/wp-content\/uploads\/2025\/11\/DSCF0166-scaled-768x513.jpg 768w, https:\/\/foodwaste.ch\/wp-content\/uploads\/2025\/11\/DSCF0166-scaled-300x200.jpg 300w, https:\/\/foodwaste.ch\/wp-content\/uploads\/2025\/11\/DSCF0166-scaled-1024x684.jpg 1024w, https:\/\/foodwaste.ch\/wp-content\/uploads\/2025\/11\/DSCF0166-scaled-391x260.jpg 391w, https:\/\/foodwaste.ch\/wp-content\/uploads\/2025\/11\/DSCF0166-scaled-1536x1026.jpg 1536w, https:\/\/foodwaste.ch\/wp-content\/uploads\/2025\/11\/DSCF0166-scaled-2048x1368.jpg 2048w\" sizes=\"auto, (max-width: 768px) 100vw, 768px\" \/>                            <\/div>\r\n                        <\/div>\r\n                        \r\n                        <div class=\"col-md-6 mec-col-table-c mec-event-content-wrap\">\r\n                            <div class=\"mec-event-content\">\r\n                                                                                                <h3 class=\"mec-event-title\">\r\n                                                                        Einmach-Workshop: \u00abFermentieren und Haltbarmachen\u00bb                                                                                                                                            <\/h3>\r\n                                <div class=\"mec-event-description\">Bei diesem Kurs geht&rsquo;s ans Eingemachte! Entdecke zwei einfache Konservierungstechniken: das Fermentieren und das Heisseinf\u00fcllen. Du bereitest ein fermentiertes Sauerkraut oder Kimchi (ca. 5 dl) sowie ein heisseingef\u00fclltes Zwiebelconfit (ca. 2 dl) zu, das du mit nach Hause nehmen kannst. Bei der anschliessenden Degustation entdeckst du weitere Spezialit\u00e4ten und erf\u00e4hrst Wissenswertes rund um Food Waste [&hellip;]<\/div>\r\n                                                                <div class=\"mec-venue-details\">\r\n                                    <svg xmlns=\"http:\/\/www.w3.org\/2000\/svg\" width=\"12.308\" height=\"16\" viewBox=\"0 0 12.308 16\"><path id=\"location\" d=\"M6.6,15.839a.7.7,0,0,1-.89,0C5.476,15.644,0,11,0,6.029A6.1,6.1,0,0,1,6.154,0a6.1,6.1,0,0,1,6.154,6.029C12.308,11,6.832,15.644,6.6,15.839ZM6.154,1.333a4.747,4.747,0,0,0-4.786,4.7c0,3.6,3.52,7.215,4.786,8.4,1.266-1.184,4.787-4.8,4.787-8.4A4.747,4.747,0,0,0,6.154,1.333Zm0,7.383A2.7,2.7,0,0,1,3.419,6.049,2.7,2.7,0,0,1,6.154,3.383,2.7,2.7,0,0,1,8.889,6.049,2.7,2.7,0,0,1,6.154,8.716Zm0-4A1.334,1.334,0,1,0,7.521,6.049,1.353,1.353,0,0,0,6.154,4.716Z\" fill=\"#40d9f1\" fill-rule=\"evenodd\"\/><\/svg>                                    <span>Volg Erlebnishof Seeland, Sch\u00fcpfen<\/span>\r\n                                                                        <address class=\"mec-event-address\"><span>Sch\u00fcpberg 130<\/span><\/address>\r\n                                                                    <\/div>\r\n                                                            <\/div>\r\n                        <\/div>\r\n                        <div class=\"col-md-3 mec-col-table-c mec-event-meta-wrap\">\r\n                            <div class=\"mec-event-meta mec-color-before\">\r\n                                <div class=\"mec-date-details\">\r\n                                                                            samedi<br>                                        <span class=\"mec-event-d\"><i class=\"mec-sl-calendar\"><\/i><span class=\"mec-start-date-label\">19.09.2026<\/span><\/span>\r\n                                                                    <\/div>\r\n                                                                                                                                                                <div class=\"mec-categories-wrapper\"><ul><li>Null-Resten-K\u00fcche<\/li>                                                                <li class=\"fw-event\">foodwaste.ch<\/li><\/ul><\/div>                                                                \r\n                                <!--                                -->                            <\/div>\r\n                        <\/div>\r\n                    <\/div>\r\n                    <\/a>\r\n                            <\/article>\r\n            \t\t\r\n            \r\n                        <article class=\"mec-event-article  mec-clear  mec-divider-toggle mec-toggle-202609-29026 ausstellungen\" itemscope>\r\n                                    <a href=\"https:\/\/foodwaste.ch\/fr\/netzwerk\/foodsave-kalender\/ausstellung-aus-liebe-zum-essen-am-liebegger-tag-2026\/\">                    <div class=\"mec-topsec\">\r\n                                        <div class=\"col-md-3 mec-event-image-wrap mec-col-table-c\">\r\n                            <div class=\"mec-event-image\">\r\n                                                                <img loading=\"lazy\" decoding=\"async\" width=\"768\" height=\"512\" src=\"https:\/\/foodwaste.ch\/wp-content\/uploads\/2025\/11\/Foodwaste.ch_Ausstellung-Winterthur-03-24_72dpi_02-768x512.jpg\" class=\"skip_lazy wp-post-image\" alt=\"\" srcset=\"https:\/\/foodwaste.ch\/wp-content\/uploads\/2025\/11\/Foodwaste.ch_Ausstellung-Winterthur-03-24_72dpi_02-768x512.jpg 768w, https:\/\/foodwaste.ch\/wp-content\/uploads\/2025\/11\/Foodwaste.ch_Ausstellung-Winterthur-03-24_72dpi_02-300x200.jpg 300w, https:\/\/foodwaste.ch\/wp-content\/uploads\/2025\/11\/Foodwaste.ch_Ausstellung-Winterthur-03-24_72dpi_02-1024x683.jpg 1024w, https:\/\/foodwaste.ch\/wp-content\/uploads\/2025\/11\/Foodwaste.ch_Ausstellung-Winterthur-03-24_72dpi_02-391x260.jpg 391w, https:\/\/foodwaste.ch\/wp-content\/uploads\/2025\/11\/Foodwaste.ch_Ausstellung-Winterthur-03-24_72dpi_02-1536x1024.jpg 1536w, https:\/\/foodwaste.ch\/wp-content\/uploads\/2025\/11\/Foodwaste.ch_Ausstellung-Winterthur-03-24_72dpi_02-2048x1365.jpg 2048w\" sizes=\"auto, (max-width: 768px) 100vw, 768px\" \/>                            <\/div>\r\n                        <\/div>\r\n                        \r\n                        <div class=\"col-md-6 mec-col-table-c mec-event-content-wrap\">\r\n                            <div class=\"mec-event-content\">\r\n                                                                                                <h3 class=\"mec-event-title\">\r\n                                                                        Ausstellung \u00abAus Liebe zum Essen\u00bb am Liebegger Tag 2026                                                                                                                                            <\/h3>\r\n                                <div class=\"mec-event-description\">Die Ausstellung \u00abAus Liebe zum Essen\u00bb ist Teil des diesj\u00e4hrigen Tag der offenen T\u00fcr des Landwirtschaftlichen Zentrums Liebegg. Komm vorbei und lerne auf spielerische und interaktive Weise, wie du Food Waste vermeiden kannst \u2013 beim Einkauf, bei der Men\u00fcplanung, bei der Lagerung zu Hause, im Umgang mit Haltbarkeitsdaten und bei der Verwertung von Resten.<\/div>\r\n                                                                <div class=\"mec-venue-details\">\r\n                                    <svg xmlns=\"http:\/\/www.w3.org\/2000\/svg\" width=\"12.308\" height=\"16\" viewBox=\"0 0 12.308 16\"><path id=\"location\" d=\"M6.6,15.839a.7.7,0,0,1-.89,0C5.476,15.644,0,11,0,6.029A6.1,6.1,0,0,1,6.154,0a6.1,6.1,0,0,1,6.154,6.029C12.308,11,6.832,15.644,6.6,15.839ZM6.154,1.333a4.747,4.747,0,0,0-4.786,4.7c0,3.6,3.52,7.215,4.786,8.4,1.266-1.184,4.787-4.8,4.787-8.4A4.747,4.747,0,0,0,6.154,1.333Zm0,7.383A2.7,2.7,0,0,1,3.419,6.049,2.7,2.7,0,0,1,6.154,3.383,2.7,2.7,0,0,1,8.889,6.049,2.7,2.7,0,0,1,6.154,8.716Zm0-4A1.334,1.334,0,1,0,7.521,6.049,1.353,1.353,0,0,0,6.154,4.716Z\" fill=\"#40d9f1\" fill-rule=\"evenodd\"\/><\/svg>                                    <span>Landwirtschaftliches Zentrum Liebegg, Gr\u00e4nichen<\/span>\r\n                                                                    <\/div>\r\n                                                            <\/div>\r\n                        <\/div>\r\n                        <div class=\"col-md-3 mec-col-table-c mec-event-meta-wrap\">\r\n                            <div class=\"mec-event-meta mec-color-before\">\r\n                                <div class=\"mec-date-details\">\r\n                                                                            dimanche<br>                                        <span class=\"mec-event-d\"><i class=\"mec-sl-calendar\"><\/i><span class=\"mec-start-date-label\">20.09.2026<\/span><\/span>\r\n                                                                    <\/div>\r\n                                                                                                                                                                <div class=\"mec-categories-wrapper\"><ul><li>Ausstellungen<\/li>                                                                <li class=\"fw-event\">foodwaste.ch<\/li><\/ul><\/div>                                                                \r\n                                <!--                                -->                            <\/div>\r\n                        <\/div>\r\n                    <\/div>\r\n                    <\/a>\r\n                            <\/article>\r\n            \t\t\t<\/div>\r\n    \r\n    \r\n<div class=\"button-group filter-button-group alignwide\">\r\n    <button class=\"btn active\" data-filter=\"*\">tous les \u00e9v\u00e9nements<\/button><button class=\"btn\" data-filter=\".ausstellungen\">Ausstellungen<\/button><button class=\"btn\" data-filter=\".autres-organisateurs-trices\">autres organisateurs-trices<\/button><button class=\"btn\" data-filter=\".banquets-foodsave\">Banquets-Foodsave<\/button><button class=\"btn\" data-filter=\".foodsave-bankette\">Foodsave-Bankette<\/button><button class=\"btn\" data-filter=\".foodwaste-ch-macht-schule\">foodwaste.ch macht Schule<\/button><button class=\"btn\" data-filter=\".null-resten-kuche\">Null-Resten-K\u00fcche<\/button><\/div>\r\n\r\n\r\n<\/div>\r\n\r\n    <\/div>\r\n    <div class=\"mec-skin-list-no-events-container mec-util-hidden\" id=\"mec_skin_no_events_29026\">\r\n        <p class=\"not-found-message\">Les prochaines dates sont en cours de planification. Reviens plus tard !<\/p>\r\n    <\/div>\r\n    \r\n    \r\n<\/div>\r\n\n","protected":false},"excerpt":{"rendered":"","protected":false},"author":1,"featured_media":27385,"parent":27261,"menu_order":0,"comment_status":"closed","ping_status":"closed","template":"","meta":{"_acf_changed":false,"inline_featured_image":false,"footnotes":""},"class_list":["post-25203","page","type-page","status-publish","has-post-thumbnail","hentry"],"acf":[],"_links":{"self":[{"href":"https:\/\/foodwaste.ch\/fr\/wp-json\/wp\/v2\/pages\/25203","targetHints":{"allow":["GET"]}}],"collection":[{"href":"https:\/\/foodwaste.ch\/fr\/wp-json\/wp\/v2\/pages"}],"about":[{"href":"https:\/\/foodwaste.ch\/fr\/wp-json\/wp\/v2\/types\/page"}],"author":[{"embeddable":true,"href":"https:\/\/foodwaste.ch\/fr\/wp-json\/wp\/v2\/users\/1"}],"replies":[{"embeddable":true,"href":"https:\/\/foodwaste.ch\/fr\/wp-json\/wp\/v2\/comments?post=25203"}],"version-history":[{"count":5,"href":"https:\/\/foodwaste.ch\/fr\/wp-json\/wp\/v2\/pages\/25203\/revisions"}],"predecessor-version":[{"id":29463,"href":"https:\/\/foodwaste.ch\/fr\/wp-json\/wp\/v2\/pages\/25203\/revisions\/29463"}],"up":[{"embeddable":true,"href":"https:\/\/foodwaste.ch\/fr\/wp-json\/wp\/v2\/pages\/27261"}],"wp:featuredmedia":[{"embeddable":true,"href":"https:\/\/foodwaste.ch\/fr\/wp-json\/wp\/v2\/media\/27385"}],"wp:attachment":[{"href":"https:\/\/foodwaste.ch\/fr\/wp-json\/wp\/v2\/media?parent=25203"}],"curies":[{"name":"wp","href":"https:\/\/api.w.org\/{rel}","templated":true}]}}