{"id":27200,"date":"2025-09-23T14:42:53","date_gmt":"2025-09-23T12:42:53","guid":{"rendered":"https:\/\/foodwaste.ch\/date-de-durabilite-minimale-et-date-limite-de-consommation\/"},"modified":"2026-03-18T09:58:53","modified_gmt":"2026-03-18T08:58:53","slug":"date-de-durabilite-minimale-et-date-limite-de-consommation","status":"publish","type":"page","link":"https:\/\/foodwaste.ch\/fr\/infos\/verifie-la-duree-de-conservation\/date-de-durabilite-minimale-et-date-limite-de-consommation\/","title":{"rendered":"Date de durabilit\u00e9 minimale et date limite de consommation"},"content":{"rendered":"<h1 id=\"title\" class=\"wp-block-heading alignwide\">Que signifient \u00ab \u00e0 consommer de pr\u00e9f\u00e9rence avant le \u00bb et \u00ab \u00e0 consommer jusqu\u2019au \u00bb ?<\/h1><div class=\"lead nobutton\"><p>Une date de durabilit\u00e9 minimale (DDM) ou une date limite de consommation (DLC) figurent sur la grande majorit\u00e9 de nos denr\u00e9es alimentaires. Certaines ne doivent pas \u00eatre dat\u00e9es, conform\u00e9ment \u00e0 la loi.<\/p>\n<\/div>\n<figure class=\"wp-block-image size-large\"><img decoding=\"async\" src=\"https:\/\/foodwaste.ch\/wp-content\/uploads\/2026\/03\/mhd_vd_web_2026_fr-1024x650.png\" alt=\"\" class=\"wp-image-31642\"\/><\/figure>\n\n<h2 class=\"wp-block-heading\">Date de durabilit\u00e9 minimale (DDM)<\/h2>\n\n<p>\u00ab \u00c0 consommer de pr\u00e9f\u00e9rence avant le \u00bb est appos\u00e9e sur les produits peu p\u00e9rissables. <strong>Stock\u00e9s correctement, tu peux les consommer sans risque apr\u00e8s expiration de cette date<\/strong>, si tes sens (vue, odorat, go\u00fbt) te donnent le feu vert.<\/p>\n\n<p>Contrairement \u00e0 la DLC, la DDM ne concerne pas la s\u00e9curit\u00e9, mais <strong>la qualit\u00e9 de l\u2019aliment<\/strong> : jusqu\u2019\u00e0 la date indiqu\u00e9e et \u00e0 condition que le produit soit stock\u00e9 dans de bonnes conditions, sa qualit\u00e9 (couleur, odeur ou consistance) ne varie pas.  L\u2019aliment conserve sa fra\u00eecheur au moins jusqu\u2019\u00e0 la DDM. Tu peux toutefois le consommer sans crainte au-del\u00e0 en te fiant \u00e0 tes sens : observe, sens et go\u00fbte !<\/p>\n\n<p><\/p>\n\n<h3 class=\"wp-block-heading\">Fais appel \u00e0 tes sens<\/h3>\n\n<div class=\"wp-block-columns is-not-stacked-on-mobile is-layout-flex wp-container-core-columns-is-layout-9d6595d7 wp-block-columns-is-layout-flex\">\n<div class=\"wp-block-column is-layout-flow wp-block-column-is-layout-flow\" style=\"flex-basis:25%\">\n<figure class=\"wp-block-image alignright size-large is-resized is-style-default\"><img loading=\"lazy\" decoding=\"async\" width=\"1013\" height=\"1024\" src=\"https:\/\/foodwaste.ch\/wp-content\/uploads\/2025\/09\/ampel-gruen-1013x1024.png\" alt=\"\" class=\"wp-image-26192\" style=\"width:120px\" srcset=\"https:\/\/foodwaste.ch\/wp-content\/uploads\/2025\/09\/ampel-gruen-1013x1024.png 1013w, https:\/\/foodwaste.ch\/wp-content\/uploads\/2025\/09\/ampel-gruen-297x300.png 297w, https:\/\/foodwaste.ch\/wp-content\/uploads\/2025\/09\/ampel-gruen-768x776.png 768w, https:\/\/foodwaste.ch\/wp-content\/uploads\/2025\/09\/ampel-gruen.png 1031w\" sizes=\"auto, (max-width: 1013px) 100vw, 1013px\" \/><\/figure>\n<\/div>\n\n\n\n<div class=\"wp-block-column is-layout-flow wp-block-column-is-layout-flow\" style=\"flex-basis:50%\">\n<p>Le produit a bon aspect, sent bon et a bon go\u00fbt. Tes yeux, ton nez et ta bouche te donnent le feu vert, <strong>tu peux manger ce produit sans risque<\/strong>. <\/p>\n<\/div>\n\n\n\n<div class=\"wp-block-column is-layout-flow wp-block-column-is-layout-flow\" style=\"flex-basis:25%\"><\/div>\n<\/div>\n\n<div class=\"wp-block-columns is-not-stacked-on-mobile is-layout-flex wp-container-core-columns-is-layout-9d6595d7 wp-block-columns-is-layout-flex\">\n<div class=\"wp-block-column is-layout-flow wp-block-column-is-layout-flow\" style=\"flex-basis:25%\">\n<figure class=\"wp-block-image alignright size-large is-resized\"><img loading=\"lazy\" decoding=\"async\" width=\"1013\" height=\"1024\" src=\"https:\/\/foodwaste.ch\/wp-content\/uploads\/2025\/09\/ampel-gelb-1013x1024.png\" alt=\"\" class=\"wp-image-26189\" style=\"width:120px\" srcset=\"https:\/\/foodwaste.ch\/wp-content\/uploads\/2025\/09\/ampel-gelb-1013x1024.png 1013w, https:\/\/foodwaste.ch\/wp-content\/uploads\/2025\/09\/ampel-gelb-297x300.png 297w, https:\/\/foodwaste.ch\/wp-content\/uploads\/2025\/09\/ampel-gelb-768x776.png 768w, https:\/\/foodwaste.ch\/wp-content\/uploads\/2025\/09\/ampel-gelb.png 1031w\" sizes=\"auto, (max-width: 1013px) 100vw, 1013px\" \/><\/figure>\n<\/div>\n\n\n\n<div class=\"wp-block-column is-layout-flow wp-block-column-is-layout-flow\" style=\"flex-basis:50%\">\n<p>Tu d\u00e9tectes une <strong>l\u00e9g\u00e8re alt\u00e9ration<\/strong> au niveau de l\u2019aspect, de l\u2019odeur, de la consistance ou du go\u00fbt. Le produit a l\u2019air un peu diff\u00e9rent.  Tu n\u2019as toutefois pas besoin de t\u2019inqui\u00e9ter pour ta sant\u00e9. <strong>Tu peux consommer le produit en l\u2019\u00e9tat.<\/strong><\/p>\n<\/div>\n\n\n\n<div class=\"wp-block-column is-layout-flow wp-block-column-is-layout-flow\" style=\"flex-basis:25%\"><\/div>\n<\/div>\n\n<div class=\"wp-block-columns is-not-stacked-on-mobile is-layout-flex wp-container-core-columns-is-layout-9d6595d7 wp-block-columns-is-layout-flex\">\n<div class=\"wp-block-column is-layout-flow wp-block-column-is-layout-flow\" style=\"flex-basis:25%\">\n<figure class=\"wp-block-image alignright size-large is-resized\"><img loading=\"lazy\" decoding=\"async\" width=\"1013\" height=\"1024\" src=\"https:\/\/foodwaste.ch\/wp-content\/uploads\/2025\/09\/ampel-rot-1013x1024.png\" alt=\"\" class=\"wp-image-26195\" style=\"width:120px\" srcset=\"https:\/\/foodwaste.ch\/wp-content\/uploads\/2025\/09\/ampel-rot-1013x1024.png 1013w, https:\/\/foodwaste.ch\/wp-content\/uploads\/2025\/09\/ampel-rot-297x300.png 297w, https:\/\/foodwaste.ch\/wp-content\/uploads\/2025\/09\/ampel-rot-768x776.png 768w, https:\/\/foodwaste.ch\/wp-content\/uploads\/2025\/09\/ampel-rot.png 1031w\" sizes=\"auto, (max-width: 1013px) 100vw, 1013px\" \/><\/figure>\n<\/div>\n\n\n\n<div class=\"wp-block-column is-vertically-aligned-top is-layout-flow wp-block-column-is-layout-flow\" style=\"flex-basis:50%\">\n<p>Tes yeux, ton nez et ta bouche t\u2019indiquent que tous les voyants sont au rouge ! Tu constates <strong>d\u2019importantes alt\u00e9rations<\/strong>, peu engageantes, au niveau de la couleur, de l\u2019odeur, de la consistance ou du go\u00fbt ; <strong>ne consomme pas ce produit !<\/strong> <\/p>\n<\/div>\n\n\n\n<div class=\"wp-block-column is-layout-flow wp-block-column-is-layout-flow\" style=\"flex-basis:25%\"><\/div>\n<\/div>\n<div class=\"accordion-blocks\">\n    <div class=\"accordion-block\">\n        <button class=\"accordion-toggle\">\n            DDM : 1 semaine \u00e0 1 an de plus        <\/button>\n        <div class=\"accordion-content\">\n            <p><strong>En cas de stockage correct, certains aliments peuvent \u00eatre consomm\u00e9s sans crainte jusqu\u2019\u00e0 un an apr\u00e8s la date limite de consommation, comme l\u2019a test\u00e9 scientifiquement la ZHAW sur mandat de l\u2019Office f\u00e9d\u00e9ral de la s\u00e9curit\u00e9 alimentaire<\/strong>, par ex :<\/p>\n<p>+360 jours : p\u00e2tes, riz, th\u00e9, caf\u00e9, etc.<br \/>\n+120 jours : graisses, huiles, muesli, etc.<br \/>\n+90 jours : produits surgel\u00e9s<br \/>\n+30 jours : lait UHT, fromage \u00e0 p\u00e2te dure, snacks, etc.<br \/>\n+6 jours : \u0153ufs crus, g\u00e2teaux et p\u00e2tisseries.<\/p>\n<p><strong>Tu peux toujours te fier \u00e0 tes sens pour cela.<\/strong> <\/p>\n                    <\/div>\n    <\/div>\n<\/div>\n\n<h2 class=\"wp-block-heading\">Date limite de consommation (DLC)<\/h2>\n\n<p>\u00ab \u00c0 consommer jusqu\u2019au \u00bb figure sur les <strong>denr\u00e9es facilement p\u00e9rissables<\/strong> (par ex. la viande) du point de vue microbiologique. Pass\u00e9 ce d\u00e9lai il ne faut plus consommer ces aliments pour des raisons de s\u00e9curit\u00e9 sanitaire ; en effet, des microorganismes nocifs ind\u00e9tectables \u00e0 l\u2019\u0153il nu, au go\u00fbt ou \u00e0 l\u2019odeur ont pu s\u2019y d\u00e9velopper. La DLC renseigne sur la s\u00e9curit\u00e9 des aliments, car tes sens ne te permettent pas toujours de percevoir les alt\u00e9rations de ces produits. La pr\u00e9sence de salmonelles ou d\u2019autres agents pathog\u00e8nes ind\u00e9celables en est une bonne illustration. <strong>Il ne faut plus consommer des produits dont la DLC est d\u00e9pass\u00e9e. Tu peux toutefois congeler les aliments adapt\u00e9s \u00e0 la cong\u00e9lation jusqu\u2019\u00e0 la date imprim\u00e9e et ainsi prolonger leur dur\u00e9e de consommation jusqu\u2019\u00e0 90 jours.<\/strong>  <\/p>\n<div class=\"accordion-blocks\">\n    <div class=\"accordion-block\">\n        <button class=\"accordion-toggle\">\n            DLC : peut \u00eatre consomm\u00e9 jusqu\u2032\u00e0 90 jours de plus lorsqu\u2032il est congel\u00e9        <\/button>\n        <div class=\"accordion-content\">\n            <p>La viande, le poisson et le fromage r\u00e2p\u00e9 pr\u00e9emball\u00e9s ainsi que les produits finis portant la mention \u00ab \u00e0 consommer jusqu\u2019au \u00bb peuvent \u00e9galement \u00eatre consomm\u00e9s jusqu\u2019\u00e0 90 jours de plus <strong>s\u2019ils sont congel\u00e9s avant la date limite<\/strong>.<\/p>\n<p>Et ce sont g\u00e9n\u00e9ralement des recommandations m\u00eame conservatrices du point de vue de la s\u00e9curit\u00e9 alimentaire !<\/p>\n                    <\/div>\n    <\/div>\n<\/div>\n\n<div class=\"teasers layout-white custom-bg alignwide \">\n    <div class=\"wp-block-columns is-layout-flex wp-container-core-columns-is-layout-9d6595d7 wp-block-columns-is-layout-flex \">\n                    <div class=\"wp-block-column is-layout-flow wp-block-column-is-layout-flow\">\n            <h3>Cela pourrait aussi t&rsquo;int\u00e9resser<\/h3>\n            <\/div>\n                    <\/div>\n    <div class=\"post-wrapper posts \">\n                        <div class=\"post-item\">\n                    <a href=\"https:\/\/foodwaste.ch\/fr\/infos\/verifie-la-duree-de-conservation\/\">\n                <div class=\"post-content\">\n                    <span class=\"category\">Infos<\/span><h4>V\u00e9rifie la dur\u00e9e de conservation !<\/h4>                    \n                <\/div>\n                                    <figure>\n                        <img decoding=\"async\" class=\"skip_lazy\" src=\"https:\/\/foodwaste.ch\/wp-content\/uploads\/2025\/10\/check-haltbarkeit_thumbnail-1024x683.jpg\" alt=\"V\u00e9rifie la dur\u00e9e de conservation !\">\n                    <\/figure>\n                                <\/a>\n                <\/div>\n                        <div class=\"post-item\">\n                    <a href=\"https:\/\/foodwaste.ch\/fr\/infos\/verifie-la-duree-de-conservation\/legislation-et-bases-scientifiques\/\">\n                <div class=\"post-content\">\n                    <span class=\"category\">V\u00e9rifie la dur\u00e9e de conservation !<\/span><h4>L\u00e9gislation et bases scientifiques<\/h4>                    \n                <\/div>\n                                    <figure>\n                        <img decoding=\"async\" class=\"skip_lazy\" src=\"https:\/\/foodwaste.ch\/wp-content\/uploads\/2025\/10\/Kacheln_Website_2023_V03_Wissenschaft-1024x650.jpg\" alt=\"L\u00e9gislation et bases scientifiques\">\n                    <\/figure>\n                                <\/a>\n                <\/div>\n                        <div class=\"post-item\">\n                    <a href=\"https:\/\/foodwaste.ch\/fr\/offre\/offre-pour-le-commerce-de-detail-et-les-magasins-a-la-ferme\/\">\n                <div class=\"post-content\">\n                    <span class=\"category\">Offre<\/span><h4>Offre pour le commerce de d\u00e9tail et les magasins \u00e0 la ferme<\/h4>                    \n                <\/div>\n                                    <figure>\n                        <img decoding=\"async\" class=\"skip_lazy\" src=\"https:\/\/foodwaste.ch\/wp-content\/uploads\/2025\/11\/mhdplus_detailhandel_thumbnail_FR-1.jpg\" alt=\"Offre pour le commerce de d\u00e9tail et les magasins \u00e0 la ferme\">\n                    <\/figure>\n                                <\/a>\n                <\/div>\n            <\/div>\n    <\/div>","protected":false},"excerpt":{"rendered":"<p>Date de durabilit\u00e9 minimale (DDM) \u00ab \u00c0 consommer de pr\u00e9f\u00e9rence avant le \u00bb est appos\u00e9e sur les produits peu p\u00e9rissables. Stock\u00e9s correctement, tu peux les consommer sans risque apr\u00e8s expiration de cette date, si tes sens (vue, odorat, go\u00fbt) te donnent le feu vert. Contrairement \u00e0 la DLC, la DDM ne concerne pas la s\u00e9curit\u00e9, [&hellip;]<\/p>\n","protected":false},"author":2,"featured_media":27198,"parent":29392,"menu_order":0,"comment_status":"closed","ping_status":"closed","template":"","meta":{"_acf_changed":false,"inline_featured_image":false,"footnotes":""},"class_list":["post-27200","page","type-page","status-publish","has-post-thumbnail","hentry"],"acf":[],"_links":{"self":[{"href":"https:\/\/foodwaste.ch\/fr\/wp-json\/wp\/v2\/pages\/27200","targetHints":{"allow":["GET"]}}],"collection":[{"href":"https:\/\/foodwaste.ch\/fr\/wp-json\/wp\/v2\/pages"}],"about":[{"href":"https:\/\/foodwaste.ch\/fr\/wp-json\/wp\/v2\/types\/page"}],"author":[{"embeddable":true,"href":"https:\/\/foodwaste.ch\/fr\/wp-json\/wp\/v2\/users\/2"}],"replies":[{"embeddable":true,"href":"https:\/\/foodwaste.ch\/fr\/wp-json\/wp\/v2\/comments?post=27200"}],"version-history":[{"count":7,"href":"https:\/\/foodwaste.ch\/fr\/wp-json\/wp\/v2\/pages\/27200\/revisions"}],"predecessor-version":[{"id":31648,"href":"https:\/\/foodwaste.ch\/fr\/wp-json\/wp\/v2\/pages\/27200\/revisions\/31648"}],"up":[{"embeddable":true,"href":"https:\/\/foodwaste.ch\/fr\/wp-json\/wp\/v2\/pages\/29392"}],"wp:featuredmedia":[{"embeddable":true,"href":"https:\/\/foodwaste.ch\/fr\/wp-json\/wp\/v2\/media\/27198"}],"wp:attachment":[{"href":"https:\/\/foodwaste.ch\/fr\/wp-json\/wp\/v2\/media?parent=27200"}],"curies":[{"name":"wp","href":"https:\/\/api.w.org\/{rel}","templated":true}]}}