{"id":27227,"date":"2025-08-20T12:58:07","date_gmt":"2025-08-20T10:58:07","guid":{"rendered":"https:\/\/foodwaste.ch\/?page_id=27227"},"modified":"2025-12-02T14:30:44","modified_gmt":"2025-12-02T13:30:44","slug":"louer-une-exposition","status":"publish","type":"page","link":"https:\/\/foodwaste.ch\/fr\/offre\/louer-une-exposition\/","title":{"rendered":"Louer une exposition"},"content":{"rendered":"<h1 id=\"title\" class=\"wp-block-heading alignwide\">Exposition sur le gaspillage alimentaire<\/h1><figure class=\"header-image wp-block-image alignwide size-large\"><img loading=\"lazy\" decoding=\"async\" width=\"1024\" height=\"683\" src=\"https:\/\/foodwaste.ch\/wp-content\/uploads\/2025\/11\/Foodwaste.ch_Ausstellung-Winterthur-03-24_72dpi_02-1024x683.jpg\" class=\"attachment-large size-large\" alt=\"\" style=\"object-position: 50% 40%;\" srcset=\"https:\/\/foodwaste.ch\/wp-content\/uploads\/2025\/11\/Foodwaste.ch_Ausstellung-Winterthur-03-24_72dpi_02-1024x683.jpg 1024w, https:\/\/foodwaste.ch\/wp-content\/uploads\/2025\/11\/Foodwaste.ch_Ausstellung-Winterthur-03-24_72dpi_02-300x200.jpg 300w, https:\/\/foodwaste.ch\/wp-content\/uploads\/2025\/11\/Foodwaste.ch_Ausstellung-Winterthur-03-24_72dpi_02-768x512.jpg 768w, https:\/\/foodwaste.ch\/wp-content\/uploads\/2025\/11\/Foodwaste.ch_Ausstellung-Winterthur-03-24_72dpi_02-391x260.jpg 391w, https:\/\/foodwaste.ch\/wp-content\/uploads\/2025\/11\/Foodwaste.ch_Ausstellung-Winterthur-03-24_72dpi_02-1536x1024.jpg 1536w, https:\/\/foodwaste.ch\/wp-content\/uploads\/2025\/11\/Foodwaste.ch_Ausstellung-Winterthur-03-24_72dpi_02-2048x1365.jpg 2048w\" sizes=\"auto, (max-width: 1024px) 100vw, 1024px\" \/><figcaption>Photo : Sue B\u00e4r<\/figcaption><\/figure><div class=\"lead nobutton\"><p>Notre exposition itin\u00e9rante interactive fournit des conseils pratiques pour une bonne utilisation des aliments au quotidien. Apprends \u00e0 \u00e9viter le gaspillage alimentaire : quand tu fais les courses, quand tu planifies tes menus, quand tu stockes tes denr\u00e9es \u00e0 la maison, ou encore en respectant les dates de conservation et en r\u00e9utilisant les restes. Nous proposons l&rsquo;exposition en deux formats.<\/p>\n<\/div>\n\n\n<h2 class=\"wp-block-heading\">Exposition itin\u00e9rante<\/h2>\n\n\n\n<p>Proche de la pratique, l\u2019exposition itin\u00e9rante \u00ab Par amour des aliments \u00bb donne des conseils simples et pratiques pour mettre un terme au gaspillage alimentaire chez soi. Tu es d\u00e9j\u00e0 plut\u00f4t efficace dans la lutte contre le gaspillage ? Visite tout de m\u00eame l\u2019exposition, tu d\u00e9couvriras certainement de nouvelles astuces.<\/p>\n\n\n\n<p><strong>Groupe cible<\/strong><br>L\u2019exposition s\u2019adresse aux adultes et aux enfants \u00e0 partir d\u2019environ 11 ans. Elle est g\u00e9n\u00e9ralement pl\u00e9biscit\u00e9e par les communes, les cantons et les entreprises, et est propos\u00e9e en option avec la pr\u00e9sence de personnel d\u2019encadrement sur place.<\/p>\n\n\n<div class=\"accordion-blocks\">\n    <div class=\"accordion-block\">\n        <button class=\"accordion-toggle\">\n            Informations pour la location        <\/button>\n        <div class=\"accordion-content\">\n            <ul>\n<li>Surface d\u2019exposition requise : id\u00e9alement 45 m\u00b2, au minimum 35 m\u00b2<\/li>\n<li>Nous serons ravis de nous occuper pour toi du transport ainsi que du montage et du d\u00e9montage.<\/li>\n<li>Les prix et les conditions de location sont disponibles sur demande. N\u2019h\u00e9site pas \u00e0 nous les demander.<\/li>\n<\/ul>\n<p><strong>En option\u00a0: encadrement et visites guid\u00e9es de classes d\u2019\u00e9cole<br \/>\n<\/strong>Des visites guid\u00e9es pour les classes d\u2019\u00e9cole peuvent \u00e9galement \u00eatre r\u00e9serv\u00e9es. Nos \u00e9quipes comp\u00e9tentes de guides fournissent des informations compl\u00e9mentaires et pr\u00e9parent les classes \u00e0 explorer des modules de leur propre initiative pour un r\u00e9sultat optimal. Il est possible d\u2019organiser six \u00e0 sept visites guid\u00e9es de classes par jour. La visite convient g\u00e9n\u00e9ralement de la 5<sup>e<\/sup> classe jusqu\u2019au lyc\u00e9e et \u00e0 l\u2019\u00e9cole professionnelle. Les visites guid\u00e9es sont adapt\u00e9es en fonction de la cat\u00e9gorie d\u2019\u00e2ge.<\/p>\n<p>Il est \u00e9galement possible de r\u00e9server des guides pour l\u2019encadrement g\u00e9n\u00e9ral et la fourniture de renseignements sur le site de l\u2019exposition, de m\u00eame qu\u2019il est possible d\u2019organiser des visites guid\u00e9es pour des groupes d\u2019adultes, par exemple pour des associations ou pour le personnel municipal. Tu peux \u00e9galement faire appel \u00e0 ton propre personnel pour servir de guides sur l\u2019exposition, auquel cas nous organisons un briefing sur place pour les pr\u00e9parer.<\/p>\n                    <\/div>\n    <\/div>\n<\/div>\n\n\n<div class=\"accordion-blocks\">\n    <div class=\"accordion-block\">\n        <button class=\"accordion-toggle\">\n            Aper\u00e7u        <\/button>\n        <div class=\"accordion-content\">\n                        <video src=\"https:\/\/foodwaste.ch\/wp-content\/uploads\/2025\/10\/Teaser_Aus_Liebe_zum_Essen.mp4\" controls><\/video><p>Visionne un aper\u00e7u de l\u2019exposition en 90 secondes. Une vid\u00e9o d\u2019immersion en version longue est disponible <a href=\"https:\/\/www.youtube.com\/watch?v=7-UOegy5_rc&amp;ab_channel=foodwastech\" target=\"_blank\" rel=\"noopener\">ici<\/a>.<\/p>\n        <\/div>\n    <\/div>\n<\/div>\n\n\n<div class=\"accordion-blocks\">\n    <div class=\"accordion-block\">\n        <button class=\"accordion-toggle\">\n            Modules        <\/button>\n        <div class=\"accordion-content\">\n            <p><strong>Module 1 \u2013 Acheter malin<br \/>\n<\/strong>Pour \u00e9viter que tu n\u2019ach\u00e8tes trop de nourriture, au risque de devoir en jeter par la suite, tu dois observer certaines r\u00e8gles. Notre chariot de commissions te livre de pr\u00e9cieux conseils pour le quotidien. Par exemple, tu apprends pourquoi il vaut mieux faire ses courses l\u2019estomac plein et faire une liste pour acheter uniquement ce dont on a vraiment besoin.<\/p>\n<p><strong>Module 2 \u2013 Le stockage optimal<br \/>\n<\/strong>Le r\u00e9frig\u00e9rateur nous sert \u00e0 montrer comment conserver les aliments plus longtemps en les stockant de mani\u00e8re optimale. Teste tes connaissances en disposant au bon endroit les aimants repr\u00e9sentant des aliments et v\u00e9rifie ta r\u00e9ponse en jetant un coup d\u2019\u0153il dans le r\u00e9frig\u00e9rateur. La cuisine id\u00e9alement rang\u00e9e (r\u00e9frig\u00e9rateur, cong\u00e9lateur, armoire, plan de travail, panier \u00e0 pain, etc.) te donne des conseils et des astuces pour prolonger encore davantage la fra\u00eecheur des aliments que tu viens d\u2019acheter.<\/p>\n<p><strong>Module 3 \u2013 Dur\u00e9e de conservation prolong\u00e9e<br \/>\n<\/strong>Dans quelles circonstances peux-tu consommer des aliments sans risque alors que leur date de conservation est d\u00e9pass\u00e9e ? Telle est la question abord\u00e9e dans ce module. Apprends \u00e0 faire la diff\u00e9rence entre la date limite de consommation et la date de durabilit\u00e9 minimale. Pour cette derni\u00e8re, fais confiance \u00e0 tes sens pour juger si un aliment est encore comestible. Le quiz avec des smileys te fournis des exemples et t\u2019indique les modifications qui ne pr\u00e9sentent aucun risque pour la sant\u00e9. De plus, le module est \u00e9quip\u00e9 de deux tablettes avec lesquelles tu peux exp\u00e9rimenter la fonction de recherche d\u2019aliments de notre site web.<\/p>\n<p><strong>Module 4 \u2013 Des portions parfaites<br \/>\n<\/strong>Des portions trop grandes sont une autre cause du gaspillage \u00e0 la maison. Quand nous cuisinons plus qu\u2019il ne faut, le risque est plus grand d\u2019oublier des restes au fond du frigo, voire de les mettre directement \u00e0 la poubelle. Ce module te permet de tester si tu es capable d\u2019\u00e9valuer correctement la taille des portions. En plus, nous te montrons comment mesurer des portions parfaites avec tes mains.<\/p>\n<p><strong>Module 5 \u2013 Le plaisir de cuisiner<br \/>\n<\/strong>Cette station fait appel \u00e0 la cr\u00e9ativit\u00e9 ! Nous avons tendance \u00e0 jeter ce qui reste dans nos assiettes apr\u00e8s les repas tout simplement parce que nous manquons d\u2019id\u00e9es cr\u00e9atives pour accommoder les restes. Des restes ont \u00e9t\u00e9 dispos\u00e9s sur l\u2019\u00eelot de cuisine. Le but consiste \u00e0 trouver des id\u00e9es de recettes aussi cr\u00e9atives que gourmandes. Pour cela, il suffit de d\u00e9placer le curseur et de r\u00e9fl\u00e9chir \u00e0 ce que l\u2019on pourrait concocter de d\u00e9licieux avec les trois aliments pr\u00e9sent\u00e9s.<\/p>\n<p><strong>Module 6 \u2013 Module d\u2019information<br \/>\n<\/strong>Tu trouveras ici les derni\u00e8res d\u00e9couvertes sur le gaspillage alimentaire dans nos 13 infographies attrayantes. Les \u00e9l\u00e9ments ludiques suivants te permettront \u00e9galement de mieux comprendre les liens de cause \u00e0 effet :<\/p>\n<ul>\n<li><strong>Domino :<\/strong> o\u00f9 se produit le gaspillage alimentaire ?<\/li>\n<li><strong>Bandolino :<\/strong> regroupe les \u00e9l\u00e9ments apparent\u00e9s<\/li>\n<li><strong>Assiettes lest\u00e9es :<\/strong> quel est l\u2019aliment qui pollue le plus notre environnement ?<\/li>\n<li><strong>Jeu des inhibitions :<\/strong> notre jeu t\u2019invite \u00e0 r\u00e9agir \u00e0 diff\u00e9rentes situations qui engendrent du gaspillage alimentaire.<\/li>\n<\/ul>\n<p><strong>Module 7 \u2013 Module de quiz<br \/>\n<\/strong>Teste ici tes connaissances sur le gaspillage alimentaire : lance la balle de ping-pong sur une question et retrouve-la dans le rabat de la bonne r\u00e9ponse.<\/p>\n                    <\/div>\n    <\/div>\n<\/div>\n\n\n<div class=\"gallery-block gallery-slider alignwide layout-slider count-7\">\n<div class=\"swiper\">\n    <div class=\"gallery-wrapper swiper-wrapper\">\n                    <div class=\"gallery-item swiper-slide\">\n                <a class=\"lightbox\" rel=\"block_cb7afe1afb7d9661f07bc06481123f61\" href=\"https:\/\/foodwaste.ch\/wp-content\/uploads\/2025\/10\/AlzE_Zugermesse_2022_c-Thomas_Biasotto-1-1024x683.jpg\">\n                    <figure>\n                         <img decoding=\"async\" class=\"skip_lazy\" src=\"https:\/\/foodwaste.ch\/wp-content\/uploads\/2025\/10\/AlzE_Zugermesse_2022_c-Thomas_Biasotto-1-1024x683.jpg\">\n                        <figcaption><p><strong>Module 1 \u2013 Acheter malin<\/strong> | Photo : Thomas Biasotto<\/p>\n<\/figcaption>\n                    <\/figure>\n                <\/a>\n            <\/div>\n                    <div class=\"gallery-item swiper-slide\">\n                <a class=\"lightbox\" rel=\"block_cb7afe1afb7d9661f07bc06481123f61\" href=\"https:\/\/foodwaste.ch\/wp-content\/uploads\/2025\/10\/aus-liebe-zum-essen_optimal-lagern-1-1024x682.jpg\">\n                    <figure>\n                         <img decoding=\"async\" class=\"skip_lazy\" src=\"https:\/\/foodwaste.ch\/wp-content\/uploads\/2025\/10\/aus-liebe-zum-essen_optimal-lagern-1-1024x682.jpg\">\n                        <figcaption><p><strong>Module 2 \u2013 Le stockage optimal<\/strong><\/p>\n<\/figcaption>\n                    <\/figure>\n                <\/a>\n            <\/div>\n                    <div class=\"gallery-item swiper-slide\">\n                <a class=\"lightbox\" rel=\"block_cb7afe1afb7d9661f07bc06481123f61\" href=\"https:\/\/foodwaste.ch\/wp-content\/uploads\/2025\/10\/aus-liebe-zum-essen_verlaengerte-haltbarkeit-1024x683.jpg\">\n                    <figure>\n                         <img decoding=\"async\" class=\"skip_lazy\" src=\"https:\/\/foodwaste.ch\/wp-content\/uploads\/2025\/10\/aus-liebe-zum-essen_verlaengerte-haltbarkeit-1024x683.jpg\">\n                        <figcaption><p><strong>Module 3 \u2013 Dur\u00e9e de conservation prolong\u00e9e<\/strong><\/p>\n<\/figcaption>\n                    <\/figure>\n                <\/a>\n            <\/div>\n                    <div class=\"gallery-item swiper-slide\">\n                <a class=\"lightbox\" rel=\"block_cb7afe1afb7d9661f07bc06481123f61\" href=\"https:\/\/foodwaste.ch\/wp-content\/uploads\/2025\/10\/aus-liebe-zum-essen_perfekt-portioniert-1024x682.jpg\">\n                    <figure>\n                         <img decoding=\"async\" class=\"skip_lazy\" src=\"https:\/\/foodwaste.ch\/wp-content\/uploads\/2025\/10\/aus-liebe-zum-essen_perfekt-portioniert-1024x682.jpg\">\n                        <figcaption><p><strong>Module 4 \u2013 Des portions parfaites<\/strong><\/p>\n<\/figcaption>\n                    <\/figure>\n                <\/a>\n            <\/div>\n                    <div class=\"gallery-item swiper-slide\">\n                <a class=\"lightbox\" rel=\"block_cb7afe1afb7d9661f07bc06481123f61\" href=\"https:\/\/foodwaste.ch\/wp-content\/uploads\/2025\/10\/Foodwaste.ch_Ausstellung-Winterthur-03-24_72dpi_18-1024x683.jpg\">\n                    <figure>\n                         <img decoding=\"async\" class=\"skip_lazy\" src=\"https:\/\/foodwaste.ch\/wp-content\/uploads\/2025\/10\/Foodwaste.ch_Ausstellung-Winterthur-03-24_72dpi_18-1024x683.jpg\">\n                        <figcaption><p><strong>Module 5 \u2013 Le plaisir de cuisiner<\/strong> | Photo : Sue B\u00e4r<\/p>\n<\/figcaption>\n                    <\/figure>\n                <\/a>\n            <\/div>\n                    <div class=\"gallery-item swiper-slide\">\n                <a class=\"lightbox\" rel=\"block_cb7afe1afb7d9661f07bc06481123f61\" href=\"https:\/\/foodwaste.ch\/wp-content\/uploads\/2025\/10\/aus-liebe-zum-essen_infomodul-1024x682.jpg\">\n                    <figure>\n                         <img decoding=\"async\" class=\"skip_lazy\" src=\"https:\/\/foodwaste.ch\/wp-content\/uploads\/2025\/10\/aus-liebe-zum-essen_infomodul-1024x682.jpg\">\n                        <figcaption><p><strong>Module 6 \u2013 Module d\u2019information<\/strong><\/p>\n<\/figcaption>\n                    <\/figure>\n                <\/a>\n            <\/div>\n                    <div class=\"gallery-item swiper-slide\">\n                <a class=\"lightbox\" rel=\"block_cb7afe1afb7d9661f07bc06481123f61\" href=\"https:\/\/foodwaste.ch\/wp-content\/uploads\/2025\/10\/Zugermesse_c_Thomas-Biasotto_2-1024x682.jpg\">\n                    <figure>\n                         <img decoding=\"async\" class=\"skip_lazy\" src=\"https:\/\/foodwaste.ch\/wp-content\/uploads\/2025\/10\/Zugermesse_c_Thomas-Biasotto_2-1024x682.jpg\">\n                        <figcaption><p><strong>Module 7 \u2013 Module de quiz<\/strong> | Photo : Thomas Biasotto<\/p>\n<\/figcaption>\n                    <\/figure>\n                <\/a>\n            <\/div>\n            <\/div>\n            <div class=\"swiper-controls\">\n            <div class=\"swiper-pagination\"><\/div>\n            <div class=\"swiper-button-prev\"><\/div>\n            <div class=\"swiper-button-next\"><\/div>\n\n        <\/div>\n    <\/div>\n<\/div>\n\n\n<h2 class=\"wp-block-heading\">Exposition compacte<\/h2>\n\n\n\n<p>La \u00ab petite s\u0153ur \u00bb de notre exposition itin\u00e9rante, moins ch\u00e8re et moins encombrante. Cette mini-exposition se compose de 13 affiches avec nos infographies ainsi que de quatre caisses renfermant des \u00e9l\u00e9ments interactifs. L\u00e0 aussi, le but est de montrer ce que nous pouvons faire pour r\u00e9duire le gaspillage alimentaire \u2013 que ce soit \u00e0 la maison ou dans nos choix de consommation.<\/p>\n\n\n\n<p><strong>Groupe cible<\/strong><br>L\u2019exposition s\u2019adresse aux adultes et aux enfants \u00e0 partir d\u2019environ 13 ans. Elle est g\u00e9n\u00e9ralement pl\u00e9biscit\u00e9e par les associations, les \u00e9coles et les entreprises et peut \u00eatre pr\u00e9sent\u00e9e avec ou sans encadrement.<\/p>\n\n\n<div class=\"accordion-blocks\">\n    <div class=\"accordion-block\">\n        <button class=\"accordion-toggle\">\n             Informations pour la location        <\/button>\n        <div class=\"accordion-content\">\n            <ul>\n<li>Surface d\u2019exposition requise : 10-15 m\u00b2<\/li>\n<li>Le mat\u00e9riel d\u2019exposition est envoy\u00e9 par la poste et se monte facilement sur place.<\/li>\n<li>Les prix et les conditions de location sont disponibles sur demande. N\u2019h\u00e9site pas \u00e0 nous les demander.<\/li>\n<\/ul>\n<p><strong>En option\u00a0: Encadrement<\/strong><br \/>\nAfin de r\u00e9pondre encore mieux aux besoins de chaque type de public, il est possible de r\u00e9server un encadrement par foodwaste.ch. Nous ne proposons pas de visites guid\u00e9es pour les classes d\u2019\u00e9cole dans l\u2019exposition compacte.<\/p>\n                    <\/div>\n    <\/div>\n<\/div>\n\n\n<div class=\"accordion-blocks\">\n    <div class=\"accordion-block\">\n        <button class=\"accordion-toggle\">\n            Modules        <\/button>\n        <div class=\"accordion-content\">\n            <p><strong>Module 1 \u2013 Infographies<br \/>\n<\/strong>Nos infographies sont pr\u00e9sent\u00e9es sous la forme de 13 affiches au format A1.<\/p>\n<p><strong>Module 2 \u2013 Assiettes lest\u00e9es<br \/>\n<\/strong>Le gaspillage alimentaire est une source de pollution inutile. Mais quelles sont les denr\u00e9es qui p\u00e8sent le plus lourd dans la balance \u00e9cologique ? Trouve l\u2019assiette la plus lourde. La caisse contient quatre assiettes lest\u00e9es de poids diff\u00e9rents.<\/p>\n<p><strong>Module 3 \u2013 Bandolino<br \/>\n<\/strong>Regroupe les \u00e9l\u00e9ments apparent\u00e9s. Relie une information \u00e0 une image puis retourne le bandolino pour v\u00e9rifier tes r\u00e9ponses. As-tu tout juste ? La caisse contient cinq bandolinos avec diff\u00e9rents niveaux de difficult\u00e9.<\/p>\n<p><strong>Module 4 \u2013 Jeu des inhibitions<br \/>\n<\/strong>Proposerais-tu les trois parts restantes de ta pizza aux inconnus assis \u00e0 c\u00f4t\u00e9 de toi dans le train ? Notre jeu t\u2019invite \u00e0 r\u00e9agir \u00e0 diff\u00e9rentes situations qui engendrent du gaspillage alimentaire. Il n\u2019y a pas de bonnes ou de mauvaises r\u00e9ponses, mais ce petit exercice t\u2019invitera \u00e0 te poser des questions. Le coffret contient trois jeux de questions, avec 33 questions au total.<\/p>\n<p><strong>Module 5 \u2013 Domino<br \/>\n<\/strong>O\u00f9 se produit le gaspillage alimentaire ? En tant que consommatrice ou consommateur, comment peut-on \u00e9viter le gaspillage alimentaire au niveau de l\u2019agriculture, du commerce de d\u00e9tail ou du foyer ? Aligne les cartes dans le bon ordre. Le coffret contient sept cartes de domino.<\/p>\n                    <\/div>\n    <\/div>\n<\/div>\n\n\n<div class=\"gallery-block gallery-slider alignwide layout-slider count-5\">\n<div class=\"swiper\">\n    <div class=\"gallery-wrapper swiper-wrapper\">\n                    <div class=\"gallery-item swiper-slide\">\n                <a class=\"lightbox\" rel=\"block_17286510ea6213e04640161c544daaea\" href=\"https:\/\/foodwaste.ch\/wp-content\/uploads\/2025\/10\/infografiken_kom-1024x682.jpg\">\n                    <figure>\n                         <img decoding=\"async\" class=\"skip_lazy\" src=\"https:\/\/foodwaste.ch\/wp-content\/uploads\/2025\/10\/infografiken_kom-1024x682.jpg\">\n                        <figcaption><p><strong>Module 1 \u2013 Infographies<\/strong><\/p>\n<\/figcaption>\n                    <\/figure>\n                <\/a>\n            <\/div>\n                    <div class=\"gallery-item swiper-slide\">\n                <a class=\"lightbox\" rel=\"block_17286510ea6213e04640161c544daaea\" href=\"https:\/\/foodwaste.ch\/wp-content\/uploads\/2025\/10\/gewichteteller_kom-1024x682.jpg\">\n                    <figure>\n                         <img decoding=\"async\" class=\"skip_lazy\" src=\"https:\/\/foodwaste.ch\/wp-content\/uploads\/2025\/10\/gewichteteller_kom-1024x682.jpg\">\n                        <figcaption><p><strong>Module 2 \u2013 Assiettes lest\u00e9es<\/strong><\/p>\n<\/figcaption>\n                    <\/figure>\n                <\/a>\n            <\/div>\n                    <div class=\"gallery-item swiper-slide\">\n                <a class=\"lightbox\" rel=\"block_17286510ea6213e04640161c544daaea\" href=\"https:\/\/foodwaste.ch\/wp-content\/uploads\/2025\/10\/bandolino_kompakt-ausstellung-1024x682.jpg\">\n                    <figure>\n                         <img decoding=\"async\" class=\"skip_lazy\" src=\"https:\/\/foodwaste.ch\/wp-content\/uploads\/2025\/10\/bandolino_kompakt-ausstellung-1024x682.jpg\">\n                        <figcaption><p><strong>Module 3 \u2013 Bandolino<\/strong><\/p>\n<\/figcaption>\n                    <\/figure>\n                <\/a>\n            <\/div>\n                    <div class=\"gallery-item swiper-slide\">\n                <a class=\"lightbox\" rel=\"block_17286510ea6213e04640161c544daaea\" href=\"https:\/\/foodwaste.ch\/wp-content\/uploads\/2025\/10\/hemmungen_kompakt-ausstellung-1024x682.jpg\">\n                    <figure>\n                         <img decoding=\"async\" class=\"skip_lazy\" src=\"https:\/\/foodwaste.ch\/wp-content\/uploads\/2025\/10\/hemmungen_kompakt-ausstellung-1024x682.jpg\">\n                        <figcaption><p><strong>Module 4 \u2013 Jeu des inhibitions<\/strong><\/p>\n<\/figcaption>\n                    <\/figure>\n                <\/a>\n            <\/div>\n                    <div class=\"gallery-item swiper-slide\">\n                <a class=\"lightbox\" rel=\"block_17286510ea6213e04640161c544daaea\" href=\"https:\/\/foodwaste.ch\/wp-content\/uploads\/2025\/10\/domino_kompakt-ausstellung-1024x682.jpg\">\n                    <figure>\n                         <img decoding=\"async\" class=\"skip_lazy\" src=\"https:\/\/foodwaste.ch\/wp-content\/uploads\/2025\/10\/domino_kompakt-ausstellung-1024x682.jpg\">\n                        <figcaption><p><strong>Module 5 \u2013 Domino<\/strong><\/p>\n<\/figcaption>\n                    <\/figure>\n                <\/a>\n            <\/div>\n            <\/div>\n            <div class=\"swiper-controls\">\n            <div class=\"swiper-pagination\"><\/div>\n            <div class=\"swiper-button-prev\"><\/div>\n            <div class=\"swiper-button-next\"><\/div>\n\n        <\/div>\n    <\/div>\n<\/div>\n\n\n<div id=\"contact\" class=\"team contact-person alignwide\">\n                    <div class=\"title\">\n               <h3>Tu souhaites r\u00e9server l&rsquo;exposition ? N&rsquo;h\u00e9site pas \u00e0 contacter Karim H\u00e4chler !<\/h3>\n            <\/div>\n            <div class=\"team-item\">\n                <img decoding=\"async\" src=\"https:\/\/foodwaste.ch\/wp-content\/uploads\/2025\/08\/2026_team_kha-1024x683.jpg\" alt=\"Karim H\u00e4chler\">\n                <div class=\"team-content\">\n                    <h4>Karim H\u00e4chler<\/h4>\n                    <h5 class=\"job-title\">Responsable des projets et communication Suisse-romande<\/h5>\n                    <a href=\"mailto:kh@foodwaste.ch\" class=\"btn\">\n                        Mail \u00e0 Karim                    <\/a>\n                <\/div>\n            <\/div>\n        <\/div>\n\n\n<h2 class=\"wp-block-heading\">Visite une exposition<\/h2>\n\n\n<div class=\"mec-wrap mec-skin-list-container  \" id=\"mec_skin_29030\">\r\n\r\n    \r\n            <div class=\"mec-skin-list-events-container\" id=\"mec_skin_events_29030\">\r\n        <div class=\"mec-wrap colorskin-custom\">\r\n\t<div class=\"mec-event-list-standard\">\r\n\t\t\r\n            \r\n                        <article class=\"mec-event-article  mec-clear  mec-divider-toggle mec-toggle-202604-29030 ausstellungen\" itemscope>\r\n                                    <a href=\"https:\/\/foodwaste.ch\/fr\/netzwerk\/foodsave-kalender\/ausstellung-mindestens-haltbar-bis-kein-grund-zum-wegwerfen-an-der-bea-2026\/\">                    <div class=\"mec-topsec\">\r\n                                        <div class=\"col-md-3 mec-event-image-wrap mec-col-table-c\">\r\n                            <div class=\"mec-event-image\">\r\n                                                                <img loading=\"lazy\" decoding=\"async\" width=\"768\" height=\"432\" src=\"https:\/\/foodwaste.ch\/wp-content\/uploads\/2025\/11\/20230923_190420-scaled-768x432.jpg\" class=\"skip_lazy wp-post-image\" alt=\"\" srcset=\"https:\/\/foodwaste.ch\/wp-content\/uploads\/2025\/11\/20230923_190420-scaled-768x432.jpg 768w, https:\/\/foodwaste.ch\/wp-content\/uploads\/2025\/11\/20230923_190420-scaled-300x169.jpg 300w, https:\/\/foodwaste.ch\/wp-content\/uploads\/2025\/11\/20230923_190420-scaled-1024x576.jpg 1024w, https:\/\/foodwaste.ch\/wp-content\/uploads\/2025\/11\/20230923_190420-scaled-1536x864.jpg 1536w, https:\/\/foodwaste.ch\/wp-content\/uploads\/2025\/11\/20230923_190420-scaled-2048x1152.jpg 2048w\" sizes=\"auto, (max-width: 768px) 100vw, 768px\" \/>                            <\/div>\r\n                        <\/div>\r\n                        \r\n                        <div class=\"col-md-6 mec-col-table-c mec-event-content-wrap\">\r\n                            <div class=\"mec-event-content\">\r\n                                                                                                <h3 class=\"mec-event-title\">\r\n                                                                        Ausstellung \u00abMindestens haltbar bis \u2013 kein Grund zum Wegwerfen\u00bb an der BEA 2026                                                                                                                                            <\/h3>\r\n                                <div class=\"mec-event-description\">Die Ausstellung \u00abMindestens haltbar bis \u2013 kein Grund zum Wegwerfen\u00bb wird 2026 w\u00e4hrend der gesamten BEA-Dauer im Rahmen des Regionalprodukte-Auftritts des Amts f\u00fcr Landwirtschaft und Natur des Kantons Bern. Komm vorbei und rette Lebensmittel, sammle im Parcours Informationen zu ihrer verl\u00e4ngerten Haltbarkeit und teste in einer Blind-Degustation, ob du mit deinen Sinnen feststellen kannst, welches [&hellip;]<\/div>\r\n                                                                <div class=\"mec-venue-details\">\r\n                                    <svg xmlns=\"http:\/\/www.w3.org\/2000\/svg\" width=\"12.308\" height=\"16\" viewBox=\"0 0 12.308 16\"><path id=\"location\" d=\"M6.6,15.839a.7.7,0,0,1-.89,0C5.476,15.644,0,11,0,6.029A6.1,6.1,0,0,1,6.154,0a6.1,6.1,0,0,1,6.154,6.029C12.308,11,6.832,15.644,6.6,15.839ZM6.154,1.333a4.747,4.747,0,0,0-4.786,4.7c0,3.6,3.52,7.215,4.786,8.4,1.266-1.184,4.787-4.8,4.787-8.4A4.747,4.747,0,0,0,6.154,1.333Zm0,7.383A2.7,2.7,0,0,1,3.419,6.049,2.7,2.7,0,0,1,6.154,3.383,2.7,2.7,0,0,1,8.889,6.049,2.7,2.7,0,0,1,6.154,8.716Zm0-4A1.334,1.334,0,1,0,7.521,6.049,1.353,1.353,0,0,0,6.154,4.716Z\" fill=\"#40d9f1\" fill-rule=\"evenodd\"\/><\/svg>                                    <span>BERNEXPO, Bern<\/span>\r\n                                                                        <address class=\"mec-event-address\"><span>Mingerstrasse 6<\/span><\/address>\r\n                                                                    <\/div>\r\n                                                            <\/div>\r\n                        <\/div>\r\n                        <div class=\"col-md-3 mec-col-table-c mec-event-meta-wrap\">\r\n                            <div class=\"mec-event-meta mec-color-before\">\r\n                                <div class=\"mec-date-details\">\r\n                                                                                                                    <span class=\"mec-event-d\"><i class=\"mec-sl-calendar\"><\/i><span class=\"mec-start-date-label\">24.04.2026<\/span><span class=\"mec-end-date-label\" itemprop=\"endDate\"> - 03.05.2026<\/span><\/span>\r\n                                                                    <\/div>\r\n                                                                                                                                                                <div class=\"mec-categories-wrapper\"><ul><li>Ausstellungen<\/li>                                                                <li class=\"fw-event\">foodwaste.ch<\/li><\/ul><\/div>                                                                \r\n                                <!--                                -->                            <\/div>\r\n                        <\/div>\r\n                    <\/div>\r\n                    <\/a>\r\n                            <\/article>\r\n            \t\t\r\n            \r\n                        <article class=\"mec-event-article  mec-clear  mec-divider-toggle mec-toggle-202609-29030 ausstellungen\" itemscope>\r\n                                    <a href=\"https:\/\/foodwaste.ch\/fr\/netzwerk\/foodsave-kalender\/ausstellung-aus-liebe-zum-essen-am-liebegger-tag-2026\/\">                    <div class=\"mec-topsec\">\r\n                                        <div class=\"col-md-3 mec-event-image-wrap mec-col-table-c\">\r\n                            <div class=\"mec-event-image\">\r\n                                                                <img loading=\"lazy\" decoding=\"async\" width=\"768\" height=\"512\" src=\"https:\/\/foodwaste.ch\/wp-content\/uploads\/2025\/11\/Foodwaste.ch_Ausstellung-Winterthur-03-24_72dpi_02-768x512.jpg\" class=\"skip_lazy wp-post-image\" alt=\"\" srcset=\"https:\/\/foodwaste.ch\/wp-content\/uploads\/2025\/11\/Foodwaste.ch_Ausstellung-Winterthur-03-24_72dpi_02-768x512.jpg 768w, https:\/\/foodwaste.ch\/wp-content\/uploads\/2025\/11\/Foodwaste.ch_Ausstellung-Winterthur-03-24_72dpi_02-300x200.jpg 300w, https:\/\/foodwaste.ch\/wp-content\/uploads\/2025\/11\/Foodwaste.ch_Ausstellung-Winterthur-03-24_72dpi_02-1024x683.jpg 1024w, https:\/\/foodwaste.ch\/wp-content\/uploads\/2025\/11\/Foodwaste.ch_Ausstellung-Winterthur-03-24_72dpi_02-391x260.jpg 391w, https:\/\/foodwaste.ch\/wp-content\/uploads\/2025\/11\/Foodwaste.ch_Ausstellung-Winterthur-03-24_72dpi_02-1536x1024.jpg 1536w, https:\/\/foodwaste.ch\/wp-content\/uploads\/2025\/11\/Foodwaste.ch_Ausstellung-Winterthur-03-24_72dpi_02-2048x1365.jpg 2048w\" sizes=\"auto, (max-width: 768px) 100vw, 768px\" \/>                            <\/div>\r\n                        <\/div>\r\n                        \r\n                        <div class=\"col-md-6 mec-col-table-c mec-event-content-wrap\">\r\n                            <div class=\"mec-event-content\">\r\n                                                                                                <h3 class=\"mec-event-title\">\r\n                                                                        Ausstellung \u00abAus Liebe zum Essen\u00bb am Liebegger Tag 2026                                                                                                                                            <\/h3>\r\n                                <div class=\"mec-event-description\">Die Ausstellung \u00abAus Liebe zum Essen\u00bb ist Teil des diesj\u00e4hrigen Tag der offenen T\u00fcr des Landwirtschaftlichen Zentrums Liebegg. Komm vorbei und lerne auf spielerische und interaktive Weise, wie du Food Waste vermeiden kannst \u2013 beim Einkauf, bei der Men\u00fcplanung, bei der Lagerung zu Hause, im Umgang mit Haltbarkeitsdaten und bei der Verwertung von Resten.<\/div>\r\n                                                                <div class=\"mec-venue-details\">\r\n                                    <svg xmlns=\"http:\/\/www.w3.org\/2000\/svg\" width=\"12.308\" height=\"16\" viewBox=\"0 0 12.308 16\"><path id=\"location\" d=\"M6.6,15.839a.7.7,0,0,1-.89,0C5.476,15.644,0,11,0,6.029A6.1,6.1,0,0,1,6.154,0a6.1,6.1,0,0,1,6.154,6.029C12.308,11,6.832,15.644,6.6,15.839ZM6.154,1.333a4.747,4.747,0,0,0-4.786,4.7c0,3.6,3.52,7.215,4.786,8.4,1.266-1.184,4.787-4.8,4.787-8.4A4.747,4.747,0,0,0,6.154,1.333Zm0,7.383A2.7,2.7,0,0,1,3.419,6.049,2.7,2.7,0,0,1,6.154,3.383,2.7,2.7,0,0,1,8.889,6.049,2.7,2.7,0,0,1,6.154,8.716Zm0-4A1.334,1.334,0,1,0,7.521,6.049,1.353,1.353,0,0,0,6.154,4.716Z\" fill=\"#40d9f1\" fill-rule=\"evenodd\"\/><\/svg>                                    <span>Landwirtschaftliches Zentrum Liebegg, Gr\u00e4nichen<\/span>\r\n                                                                    <\/div>\r\n                                                            <\/div>\r\n                        <\/div>\r\n                        <div class=\"col-md-3 mec-col-table-c mec-event-meta-wrap\">\r\n                            <div class=\"mec-event-meta mec-color-before\">\r\n                                <div class=\"mec-date-details\">\r\n                                                                            dimanche<br>                                        <span class=\"mec-event-d\"><i class=\"mec-sl-calendar\"><\/i><span class=\"mec-start-date-label\">20.09.2026<\/span><\/span>\r\n                                                                    <\/div>\r\n                                                                                                                                                                <div class=\"mec-categories-wrapper\"><ul><li>Ausstellungen<\/li>                                                                <li class=\"fw-event\">foodwaste.ch<\/li><\/ul><\/div>                                                                \r\n                                <!--                                -->                            <\/div>\r\n                        <\/div>\r\n                    <\/div>\r\n                    <\/a>\r\n                            <\/article>\r\n            \t\t\t<\/div>\r\n    \r\n    \r\n<div class=\"button-group filter-button-group alignwide\">\r\n    <button class=\"btn active\" data-filter=\"*\">tous les \u00e9v\u00e9nements<\/button><button class=\"btn\" data-filter=\".ausstellungen\">Ausstellungen<\/button><\/div>\r\n\r\n\r\n<\/div>\r\n\r\n    <\/div>\r\n    <div class=\"mec-skin-list-no-events-container mec-util-hidden\" id=\"mec_skin_no_events_29030\">\r\n        <p class=\"not-found-message\">Les prochaines dates sont en cours de planification. Reviens plus tard !<\/p>\r\n    <\/div>\r\n    \r\n    \r\n<\/div>\r\n\n\n\n<div class=\"partner-block custom-bg custom-bg-xl layout-petrol alignfull layout2\">\n<div class=\"wp-block-columns is-layout-flex wp-container-core-columns-is-layout-9d6595d7 wp-block-columns-is-layout-flex\">\n<div class=\"wp-block-column is-layout-flow wp-block-column-is-layout-flow\">\n<h3>S\u00e9lection de clients pr\u00e9c\u00e9dents<\/h3>\n<\/div>\n<\/div>\n<div class=\"swiper\">\n    <div class=\"partner-wrapper\">\n                    <div class=\"partner-item \">\n                <a href=\"https:\/\/www.bs.ch\/\" target=\"_blank\">\n                    <figure>\n                        <div class=\"img-wrapper\">\n                            <img decoding=\"async\" class=\"skip_lazy\" src=\"https:\/\/foodwaste.ch\/wp-content\/uploads\/2025\/09\/kanton-basel-stadt_logo.svg\" alt=\"Kanton Basel-Stadt\">\n                        <\/div>\n                                        <\/figure>\n                <\/a>\n            <\/div>\n                    <div class=\"partner-item \">\n                <a href=\"https:\/\/www.lu.ch\/bau_umwelt_wirtschaft\" target=\"_blank\">\n                    <figure>\n                        <div class=\"img-wrapper\">\n                            <img decoding=\"async\" class=\"skip_lazy\" src=\"https:\/\/foodwaste.ch\/wp-content\/uploads\/2025\/08\/kanton-luzern_logo.svg\" alt=\"Kanton Luzern\">\n                        <\/div>\n                                        <\/figure>\n                <\/a>\n            <\/div>\n                    <div class=\"partner-item \">\n                <a href=\"https:\/\/www.zh.ch\/de\/baudirektion\/amt-fuer-abfall-wasser-energie-luft.html\" target=\"_blank\">\n                    <figure>\n                        <div class=\"img-wrapper\">\n                            <img decoding=\"async\" class=\"skip_lazy\" src=\"https:\/\/foodwaste.ch\/wp-content\/uploads\/2025\/09\/kanton-zuerich-awel_logo.svg\" alt=\"Kanton Z\u00fcrich\">\n                        <\/div>\n                                        <\/figure>\n                <\/a>\n            <\/div>\n                    <div class=\"partner-item \">\n                <a href=\"https:\/\/www.stadt.sg.ch\/\" target=\"_blank\">\n                    <figure>\n                        <div class=\"img-wrapper\">\n                            <img decoding=\"async\" class=\"skip_lazy\" src=\"https:\/\/foodwaste.ch\/wp-content\/uploads\/2025\/09\/stadt-stgallen-gemeinsam-wirkt_logo-1024x175.jpg\" alt=\"Stadt St.Gallen\">\n                        <\/div>\n                                        <\/figure>\n                <\/a>\n            <\/div>\n            <\/div>\n    <\/div>\n<\/div>\n\n\n<div class=\"teasers layout-white custom-bg alignwide \">\n    <div class=\"wp-block-columns is-layout-flex wp-container-core-columns-is-layout-9d6595d7 wp-block-columns-is-layout-flex \">\n                    <div class=\"wp-block-column is-layout-flow wp-block-column-is-layout-flow\">\n            <h3>Cela pourrait aussi t&rsquo;int\u00e9resser<\/h3>\n            <\/div>\n                    <\/div>\n    <div class=\"post-wrapper posts \">\n                        <div class=\"post-item\">\n                    <a href=\"https:\/\/foodwaste.ch\/fr\/offre\/workshops-et-conferences-interactives\/\">\n                <div class=\"post-content\">\n                    <span class=\"category\">Offre<\/span><h4>Workshops et conf\u00e9rences interactives<\/h4>                    \n                <\/div>\n                                    <figure>\n                        <img decoding=\"async\" class=\"skip_lazy\" src=\"https:\/\/foodwaste.ch\/wp-content\/uploads\/2025\/10\/food-waste_workshop-1024x682.jpeg\" alt=\"Workshops et conf\u00e9rences interactives\">\n                    <\/figure>\n                                <\/a>\n                <\/div>\n                        <div class=\"post-item\">\n                    <a href=\"https:\/\/foodwaste.ch\/fr\/offre\/organiser-un-banquet-foodsave\/\">\n                <div class=\"post-content\">\n                    <span class=\"category\">Offre<\/span><h4>Organiser un Banquet-Foodsave<\/h4>                    \n                <\/div>\n                                    <figure>\n                        <img decoding=\"async\" class=\"skip_lazy\" src=\"https:\/\/foodwaste.ch\/wp-content\/uploads\/2025\/09\/FoodsaveBankettBern_PascaleAmez-1024x683.jpg\" alt=\"Organiser un Banquet-Foodsave\">\n                    <\/figure>\n                                <\/a>\n                <\/div>\n                        <div class=\"post-item\">\n                    <a href=\"https:\/\/foodwaste.ch\/fr\/offre\/offre-pour-le-commerce-de-detail-et-les-magasins-a-la-ferme\/\">\n                <div class=\"post-content\">\n                    <span class=\"category\">Offre<\/span><h4>Offre pour le commerce de d\u00e9tail et les magasins \u00e0 la ferme<\/h4>                    \n                <\/div>\n                                    <figure>\n                        <img decoding=\"async\" class=\"skip_lazy\" src=\"https:\/\/foodwaste.ch\/wp-content\/uploads\/2025\/11\/mhdplus_detailhandel_thumbnail_FR-1.jpg\" alt=\"Offre pour le commerce de d\u00e9tail et les magasins \u00e0 la ferme\">\n                    <\/figure>\n                                <\/a>\n                <\/div>\n            <\/div>\n    <\/div>","protected":false},"excerpt":{"rendered":"<p>Exposition itin\u00e9rante Proche de la pratique, l\u2019exposition itin\u00e9rante \u00ab Par amour des aliments \u00bb donne des conseils simples et pratiques pour mettre un terme au gaspillage alimentaire chez soi. Tu es d\u00e9j\u00e0 plut\u00f4t efficace dans la lutte contre le gaspillage ? Visite tout de m\u00eame l\u2019exposition, tu d\u00e9couvriras certainement de nouvelles astuces. Groupe cibleL\u2019exposition s\u2019adresse [&hellip;]<\/p>\n","protected":false},"author":2,"featured_media":26433,"parent":27259,"menu_order":0,"comment_status":"closed","ping_status":"closed","template":"","meta":{"_acf_changed":false,"inline_featured_image":false,"footnotes":""},"class_list":["post-27227","page","type-page","status-publish","has-post-thumbnail","hentry"],"acf":[],"_links":{"self":[{"href":"https:\/\/foodwaste.ch\/fr\/wp-json\/wp\/v2\/pages\/27227","targetHints":{"allow":["GET"]}}],"collection":[{"href":"https:\/\/foodwaste.ch\/fr\/wp-json\/wp\/v2\/pages"}],"about":[{"href":"https:\/\/foodwaste.ch\/fr\/wp-json\/wp\/v2\/types\/page"}],"author":[{"embeddable":true,"href":"https:\/\/foodwaste.ch\/fr\/wp-json\/wp\/v2\/users\/2"}],"replies":[{"embeddable":true,"href":"https:\/\/foodwaste.ch\/fr\/wp-json\/wp\/v2\/comments?post=27227"}],"version-history":[{"count":20,"href":"https:\/\/foodwaste.ch\/fr\/wp-json\/wp\/v2\/pages\/27227\/revisions"}],"predecessor-version":[{"id":30075,"href":"https:\/\/foodwaste.ch\/fr\/wp-json\/wp\/v2\/pages\/27227\/revisions\/30075"}],"up":[{"embeddable":true,"href":"https:\/\/foodwaste.ch\/fr\/wp-json\/wp\/v2\/pages\/27259"}],"wp:featuredmedia":[{"embeddable":true,"href":"https:\/\/foodwaste.ch\/fr\/wp-json\/wp\/v2\/media\/26433"}],"wp:attachment":[{"href":"https:\/\/foodwaste.ch\/fr\/wp-json\/wp\/v2\/media?parent=27227"}],"curies":[{"name":"wp","href":"https:\/\/api.w.org\/{rel}","templated":true}]}}