{"id":29407,"date":"2025-09-17T14:56:40","date_gmt":"2025-09-17T12:56:40","guid":{"rendered":"https:\/\/foodwaste.ch\/reseau\/organisations-foodsave\/"},"modified":"2025-11-13T14:37:48","modified_gmt":"2025-11-13T13:37:48","slug":"organisations-foodsave","status":"publish","type":"page","link":"https:\/\/foodwaste.ch\/fr\/reseau\/organisations-foodsave\/","title":{"rendered":"Organisations Foodsave"},"content":{"rendered":"<h1 id=\"title\" class=\"wp-block-heading alignwide\">D\u00e9couvre des organisations Foodsave<\/h1><div class=\"lead\"><p>Tu trouveras ici des organisations qui s\u2019engagent contre le gaspillage alimentaire dans toute la Suisse. Tu as une organisation Foodsave qui ne figure pas encore sur la map ? Alors inscris-la ici !  <\/p>\n<\/div><div class=\"header-button wp-block-buttons is-layout-flex wp-block-buttons-is-layout-flex\"><div class=\"wp-block-button\"><a class=\"wp-block-button__link wp-element-button\" href=\"https:\/\/foodwaste.ch\/netzwerk\/foodsave-organisationen\/organisation-eintragen\/\">Inscrire une organisation<\/a><\/div><\/div>\n<\/section>\n<section class=\"alignfull map-wrapper\">\n\n<div id=\"map\" class=\"map-initiative\"><\/div>\n\n<\/section>\n<section class=\"content_wrap alignwide\">\n\n<div id=\"filter-wrapper\" class=\"initiatives-loading\" uk-filter=\"target: .js-filter\">\n\n\t\t<div class=\"wrapper-initiatives-filter custom-bg layout-mint2 alignfull\">\n\t\t\t<div class=\"category-filter\">\n\t\t\t\t\t\t\t\t<div class=\"filter-group filter-part category-dropdown\">\n\t\t\t\t\t<h6>\n\t\t\t\t\t\tCat\u00e9gorie\t\t\n\t\t\t\t\t<\/h6>\n\t\t\t\t\t<ul class=\"filter-group\" data-filter-group=\"kategorien\">\n\t\t\t\t\t\t<li data-filter=\"*\" class=\"any-button is-checked\"><span>\n\t\t\t\t\t\t\tToutes les cat\u00e9gories\t\n\t\t\t\t\t\t<\/span><\/li>\n\t\t\t\t\t\t\t\t\t\t\t\t\t\t\t\t\t\t\t\t<li data-filter=\".2093\" class=\"one-button catitem-2093\"><span>Achat &amp; restauration<\/span><\/li>\n\t\t\t\t\t\t\t\t\t\t\t\t\t\t<\/li>\n\t\t\t\t\t\t\t\t\t\t\t\t\t\t\t\t\t\t\t\t<li data-filter=\".2095\" class=\"one-button catitem-2095\"><span>Actions participatives<\/span><\/li>\n\t\t\t\t\t\t\t\t\t\t\t\t\t\t<\/li>\n\t\t\t\t\t\t\t\t\t\t\t\t\t\t\t\t\t\t\t\t<li data-filter=\".2096\" class=\"one-button catitem-2096\"><span>Alimentation durable<\/span><\/li>\n\t\t\t\t\t\t\t\t\t\t\t\t\t\t<\/li>\n\t\t\t\t\t\t\t\t\t\t\t\t\t\t\t\t\t\t\t\t<li data-filter=\".2094\" class=\"one-button catitem-2094\"><span>Partage ou don de nourriture<\/span><\/li>\n\t\t\t\t\t\t\t\t\t\t\t\t\t\t<\/li>\n\t\t\t\t\t\t\t\t\t\t\t\t\t\t\t\t\t\t\t\t<li data-filter=\".2092\" class=\"one-button catitem-2092\"><span>Plateformes num\u00e9riques<\/span><\/li>\n\t\t\t\t\t\t\t\t\t\t\t\t\t\t<\/li>\n\t\t\t\t\t\t\t\t\t\t\t<\/ul>\n\t\t\t\t<\/div>\n\t\t\t\t<div class=\"filter-group filter-part category-dropdown\">\n\t\t\t\t\t<h6>\n\t\t\t\t\t\tR\u00e9gion\t\t\t\t\t<\/h6>\n\t\t\t\t\t<ul class=\"filter-group\" data-filter-group=\"region\">\n\t\t\t\t\t<li data-filter=\"*\"  class=\"any-button is-checked\"><span>\n\t\t\t\t\t\tToutes les r\u00e9gions\t\t\t\t\t<\/span><\/li>\n\t\t\t\t\t\t\t\t\t\t\t\t\t\t\t\t\t<li data-filter=\".1648, .2102, .1649, .2105, .2097\" class=\"one-button\"><span>Canton de Berne<\/span><\/li>\n\t\t\t\t\t\t\t\t\t\t\t\t\t\t\t\t\t<li data-filter=\".1648, .2102, .1649, .2105, .2098\" class=\"one-button\"><span>Canton de Zurich<\/span><\/li>\n\t\t\t\t\t\t\t\t\t\t\t\t\t\t\t\t\t<li data-filter=\".2105\" class=\"one-button\"><span>Dans le monde entier<\/span><\/li>\n\t\t\t\t\t\t\t\t\t\t\t\t\t\t\t\t\t<li data-filter=\".1648, .2102, .1649, .2105, .2102\" class=\"one-button\"><span>Dans toute la Suisse<\/span><\/li>\n\t\t\t\t\t\t\t\t\t\t\t\t\t\t\t\t\t<li data-filter=\".1648, .2102, .1649, .2105, .2106\" class=\"one-button\"><span>Suisse centrale<\/span><\/li>\n\t\t\t\t\t\t\t\t\t\t\t\t\t\t\t\t\t<li data-filter=\".1648, .2102, .1649, .2105, .2099\" class=\"one-button\"><span>Suisse du Nord-Ouest<\/span><\/li>\n\t\t\t\t\t\t\t\t\t\t\t\t\t\t\t\t\t<li data-filter=\".1648, .2102, .1649, .2105, .2100\" class=\"one-button\"><span>Suisse orientale<\/span><\/li>\n\t\t\t\t\t\t\t\t\t\t\t\t\t\t\t\t\t<li data-filter=\".1648, .2102, .1649, .2105, .2101\" class=\"one-button\"><span>Suisse romande<\/span><\/li>\n\t\t\t\t\t\t\t\t\t\t\t\t\t\t\t\t\t<li data-filter=\".1648, .2102, .1649, .2105, .2103\" class=\"one-button\"><span>Tessin<\/span><\/li>\n\t\t\t\t\t\t\t\t\t\t\t\t\t\t\t\t\t<li data-filter=\".1648, .2102, .1649, .2105, .2104\" class=\"one-button\"><span>Valais<\/span><\/li>\n\t\t\t\t\t\t\t\t\t\t<\/ul>\n\t\t\t\t<\/div>\n\t\t\t<\/div>\n\t\t\t<div class=\"filter-group\">\n\t\t\t\t<h6>\n\t\t\t\t\tRecherche\t\t\t\t<\/h6>\n\t\t\t\t<input type=\"text\" class=\"quicksearch\" placeholder=\"Rechercher un mot-cl\u00e9...\" \/>\n\t\t\t<\/div>\n\t\t\t<div class=\"active-filter\"><\/div>\n\t\t\t<div class=\"filter-reset\">\n\t\t\t\tR\u00e9initialiser le filtre\t\t\t<\/div>\n\n\t\t<\/div>\n\n\n\t\t<div class=\"wrapper-initiatives js-filter posts\">\n\t\t\t\n\t\t\t\t<div id=\"20531\" class=\"post-item masonry-item 1641 1645 \" data-name=\"1-2-3-bocal\">\n\t\t\t\t<div class=\"flex-grid-inner close\">\n\t\t\t\t\t<div class=\"img-initiative\">\n\t\t\t\t\t\t\t\t\t\t\t\t\t<div class=\"project-img-wrapper\">\n                                \t\t\t\t\t\t\t\t<img decoding=\"async\" class=\"\" src=\"https:\/\/foodwaste.ch\/wp-content\/uploads\/2024\/06\/123bocal2.jpg\">\n\t\t\t\t\t\t\t<\/div>\n\t\t\t\t\t\t\t\t\t\t\t\t\t\t\t\t\t\t\t<div class=\"project-logo-wrap\">\n\t\t\t\t\t\t\t\t<img decoding=\"async\" class=\"project-logo\" src=\"https:\/\/foodwaste.ch\/wp-content\/uploads\/2024\/06\/123bocal-300x300.png\">\n\t\t\t\t\t\t\t<\/div>\n\t\t\t\t\t\t\t\t\t\t\t<\/div>\n\t\t\t\t\t<div class=\"content-initiative\">\n\t\t\t\t\t\t<div class=\"header-initiative\">\n\t\t\t\t\t\t\t<h4>1.2.3.Bocal<\/h4>\n\t\t\t\t\t\t<\/div>\n\t\t\t\t\t\t<div class=\"teaser-initiative\">\n\t\t\t\t\t\t\t<p>\u00c9picerie en vrac, bio et local \u2013 une \u00e9picerie sur-mesure, sans gaspi et sans chichi <\/p>\n\t\t\t\t\t\t<\/div>\n\t\t\t\t\t\t<div class=\"allinfo-initiative\">\n\t\t\t\t\t\t\t<p>Une \u00e9picerie durable : des produits bio en grande partie, locaux \u00e9galement, ou issus de petites productions sensibles \u00e0 l\u2019environnement.<br \/>\nUne \u00e9picerie en vrac : en choisissant exactement ce dont on a besoin, on limite le gaspillage alimentaire.<\/p>\n\t\t\t\t\t\t\t\t\t\t\t\t\t\t\t<div class=\"address\">\n\t\t\t\t\t\t\t\t<b>\n\t\t\t\t\t\t\t\t\tSites :\t\n\t\t\t\t\t\t\t\t<\/b>\n\t\t\t\t\t\t\t\t<p>Courtepin<\/p>\n\t\t\t\t\t\t\t\t<\/div>\n\t\t\t\t\t\t\t\n\t\t\t\t\t\t\t\t\t\t\t\t\t\t\t<div class=\"info\">\n\t\t\t\t\t\t\t\t\t\t<b>\n\t\t\t\t\t\t\t\t\t\t\tContact :\t\n\t\t\t\t\t\t\t\t\t\t<\/b>\n\t\t\t\t\t\t\t\t\t\t<p><a href=\"mailto:contact@123bocal.ch\">contact@123bocal.ch<\/a><\/p>\n\t\t\t\t\t\t\t\t<\/div>\n\t\t\t\t\t\t\t\n\t\t\t\t\t\t\t<ul class=\"networks\">\n\t\t\t\t\t\t\t\t\t\t\t\t\t\t\t<li class=\"website\"><a href=\"https:\/\/123bocal.ch\" target=\"_blank\"><img loading=\"lazy\" decoding=\"async\" src=\"\/wp-content\/themes\/fw\/assets\/img\/link.svg\" alt=\"Link Icon\" width=\"24\" height=\"24\"><\/a><\/li>\n\t\t\t\t\t\t\t\t\t\t\t\t\t\t\t\t\t\t\t\t\t\t\t\t\t\t\t\t\t\t\t\t\t\t\n\t\t\t\t\t\t\t\t\t\t\t<li><a target=\"_blank\" href=\"https:\/\/www.facebook.com\/123bocal\"><img loading=\"lazy\" decoding=\"async\" src=\"\/wp-content\/themes\/fw\/assets\/img\/facebook.svg\" alt=\"Facebook Icon\" width=\"24\" height=\"24\"><\/a><\/li>\n\t\t\t\t\t\t\t\t\t\t\t\t\t\t\t\t\t\t\t\t\t\n\t\t\t\t\t\t\t\t\t\t\t<li><a target=\"_blank\" href=\"https:\/\/www.instagram.com\/123bocal\/\"><img loading=\"lazy\" decoding=\"async\" src=\"\/wp-content\/themes\/fw\/assets\/img\/instagram.svg\" alt=\"Instagram Icon\" width=\"24\" height=\"24\"><\/a><\/li>\n\t\t\t\t\t\t\t\t\t\t\t\t\t\t\t\t\t\t\t\t\t<\/ul>\n\t\t\t\t\t\t\t\t\t\t\t\t\t\t\t\t\t<\/ul>\n\t\t\t\t\t\t<\/div>\n\t\t\t\t\t\t<a href=\"#\" class=\"btn plus wp-block-button__link wp-element-button more-initiative\">\n\t\t\t\t\t\t\t\t\t\t\t\t\t\tEn savoir plus\t\n\t\t\t\t\t\t<\/a>\n\t\t\t\t\t<\/div>\n\t\t\t\t<\/div>\n\t\t\t<\/div>\n\t\t\t\n\t\t\t\t<div id=\"20517\" class=\"post-item masonry-item 1641 1645 \" data-name=\"academie-anti-gaspi\">\n\t\t\t\t<div class=\"flex-grid-inner close\">\n\t\t\t\t\t<div class=\"img-initiative\">\n\t\t\t\t\t\t\t\t\t\t\t\t\t<div class=\"project-img-wrapper\">\n                                \t\t\t\t\t\t\t\t<img decoding=\"async\" class=\"\" src=\"https:\/\/foodwaste.ch\/wp-content\/uploads\/2024\/06\/academie-768x1024.jpg\">\n\t\t\t\t\t\t\t<\/div>\n\t\t\t\t\t\t\t\t\t\t\t\t\t\t\t\t\t\t\t<div class=\"project-logo-wrap\">\n\t\t\t\t\t\t\t\t<img decoding=\"async\" class=\"project-logo\" src=\"https:\/\/foodwaste.ch\/wp-content\/uploads\/2024\/06\/academie2.jpeg\">\n\t\t\t\t\t\t\t<\/div>\n\t\t\t\t\t\t\t\t\t\t\t<\/div>\n\t\t\t\t\t<div class=\"content-initiative\">\n\t\t\t\t\t\t<div class=\"header-initiative\">\n\t\t\t\t\t\t\t<h4>Acad\u00e9mie anti-gaspi<\/h4>\n\t\t\t\t\t\t<\/div>\n\t\t\t\t\t\t<div class=\"teaser-initiative\">\n\t\t\t\t\t\t\t<p>Formation pour animateurs-rices en cuisine \u201eanti-gaspi\u201c <\/p>\n\t\t\t\t\t\t<\/div>\n\t\t\t\t\t\t<div class=\"allinfo-initiative\">\n\t\t\t\t\t\t\t<p>L\u2019acad\u00e9mie propose des formations pour les professionnels souhaitant s\u2019investir dans ce domaine. Elle dispense \u00e9galement des cours, gratuits ou payants, sur des th\u00e8mes vari\u00e9s autour de l\u2019anti-gaspillage alimentaire. Les formations sont dispens\u00e9es en pr\u00e9sentiel ou \u00e0 distance, dans toute la Romandie et dans les pays francophones d\u2019Europe.<\/p>\n\t\t\t\t\t\t\t\t\t\t\t\t\t\t\t<div class=\"address\">\n\t\t\t\t\t\t\t\t<b>\n\t\t\t\t\t\t\t\t\tSites :\t\n\t\t\t\t\t\t\t\t<\/b>\n\t\t\t\t\t\t\t\t<p>Fribourg<\/p>\n\t\t\t\t\t\t\t\t<\/div>\n\t\t\t\t\t\t\t\n\t\t\t\t\t\t\t\t\t\t\t\t\t\t\t<div class=\"info\">\n\t\t\t\t\t\t\t\t\t\t<b>\n\t\t\t\t\t\t\t\t\t\t\tContact :\t\n\t\t\t\t\t\t\t\t\t\t<\/b>\n\t\t\t\t\t\t\t\t\t\t<p><a href=\"mailto:antigaspiacademie@protonmail.com\">antigaspiacademie@protonmail.com<\/a><\/p>\n\t\t\t\t\t\t\t\t<\/div>\n\t\t\t\t\t\t\t\n\t\t\t\t\t\t\t<ul class=\"networks\">\n\t\t\t\t\t\t\t\t\t\t\t\t\t\t\t<li class=\"website\"><a href=\"https:\/\/academie-antigaspi.org\/\" target=\"_blank\"><img loading=\"lazy\" decoding=\"async\" src=\"\/wp-content\/themes\/fw\/assets\/img\/link.svg\" alt=\"Link Icon\" width=\"24\" height=\"24\"><\/a><\/li>\n\t\t\t\t\t\t\t\t\t\t\t\t\t\t\t\t\t\t\t\t\t\t\t\t\t\t\t\t\t\t\t\t\t\t\n\t\t\t\t\t\t\t\t\t\t\t<li><a target=\"_blank\" href=\"https:\/\/www.facebook.com\/profile.php?id=61551427655825\"><img loading=\"lazy\" decoding=\"async\" src=\"\/wp-content\/themes\/fw\/assets\/img\/facebook.svg\" alt=\"Facebook Icon\" width=\"24\" height=\"24\"><\/a><\/li>\n\t\t\t\t\t\t\t\t\t\t\t\t\t\t\t\t\t\t\t\t\t<\/ul>\n\t\t\t\t\t\t\t\t\t\t\t\t\t\t\t\t\t<\/ul>\n\t\t\t\t\t\t<\/div>\n\t\t\t\t\t\t<a href=\"#\" class=\"btn plus wp-block-button__link wp-element-button more-initiative\">\n\t\t\t\t\t\t\t\t\t\t\t\t\t\tEn savoir plus\t\n\t\t\t\t\t\t<\/a>\n\t\t\t\t\t<\/div>\n\t\t\t\t<\/div>\n\t\t\t<\/div>\n\t\t\t\n\t\t\t\t<div id=\"20526\" class=\"post-item masonry-item 1641 1647 \" data-name=\"atelier-anti-gaspi-du-vendredi\">\n\t\t\t\t<div class=\"flex-grid-inner close\">\n\t\t\t\t\t<div class=\"img-initiative\">\n\t\t\t\t\t\t\t\t\t\t\t\t\t<div class=\"project-img-wrapper\">\n                                \t\t\t\t\t\t\t\t<img decoding=\"async\" class=\"\" src=\"https:\/\/foodwaste.ch\/wp-content\/uploads\/2024\/06\/Accueil-Antigaspi_bild-1024x819.jpg\">\n\t\t\t\t\t\t\t<\/div>\n\t\t\t\t\t\t\t\t\t\t\t\t\t\t\t\t\t\t\t<div class=\"project-logo-wrap\">\n\t\t\t\t\t\t\t\t<img decoding=\"async\" class=\"project-logo\" src=\"https:\/\/foodwaste.ch\/wp-content\/uploads\/2024\/06\/reper-logo-300x244.png\">\n\t\t\t\t\t\t\t<\/div>\n\t\t\t\t\t\t\t\t\t\t\t<\/div>\n\t\t\t\t\t<div class=\"content-initiative\">\n\t\t\t\t\t\t<div class=\"header-initiative\">\n\t\t\t\t\t\t\t<h4>Accueil Antigaspi REPER<\/h4>\n\t\t\t\t\t\t<\/div>\n\t\t\t\t\t\t<div class=\"teaser-initiative\">\n\t\t\t\t\t\t\t<p>Cet accueil a pour aspiration de cr\u00e9er des liens entre les participant.e.s tout en s&rsquo;occupant de la marchandise re\u00e7ue par la Banque Alimentaire.<\/p>\n\t\t\t\t\t\t<\/div>\n\t\t\t\t\t\t<div class=\"allinfo-initiative\">\n\t\t\t\t\t\t\t<p>Vous \u00eates les bienvenu-e-s \u00e0 l&rsquo;accueil Antigaspi au Centre d&rsquo;animation de la Basse-Ville les vendredis de 10h \u00e0 14h (selon calendrier). Cet accueil a pour aspiration de cr\u00e9er des liens entre les participant-e-s tout en s&rsquo;occupant de la marchandise re\u00e7ue par la Banque Alimentaire. Nous cuisinons ensemble le repas de midi, puis nous partageons les surplus de mani\u00e8re \u00e9quitable. Nous nous r\u00e9jouissons de vous y rencontrer!<\/p>\n\t\t\t\t\t\t\t\t\t\t\t\t\t\t\t<div class=\"address\">\n\t\t\t\t\t\t\t\t<b>\n\t\t\t\t\t\t\t\t\tSites :\t\n\t\t\t\t\t\t\t\t<\/b>\n\t\t\t\t\t\t\t\t<p>Centre d&rsquo;animation socioculturelle de la Basse-Ville, Planche-Inf\u00e9rieure 14, 1700 Fribourg<\/p>\n\t\t\t\t\t\t\t\t<\/div>\n\t\t\t\t\t\t\t\n\t\t\t\t\t\t\t\t\t\t\t\t\t\t\t<div class=\"info\">\n\t\t\t\t\t\t\t\t\t\t<b>\n\t\t\t\t\t\t\t\t\t\t\tContact :\t\n\t\t\t\t\t\t\t\t\t\t<\/b>\n\t\t\t\t\t\t\t\t\t\t<p><a href=\"mailto:cas.basse-ville@reper-fr.ch\">cas.basse-ville@reper-fr.ch<\/a><\/p>\n\t\t\t\t\t\t\t\t<\/div>\n\t\t\t\t\t\t\t\n\t\t\t\t\t\t\t<ul class=\"networks\">\n\t\t\t\t\t\t\t\t\t\t\t\t\t\t\t<li class=\"website\"><a href=\"https:\/\/www.reper-fr.ch\/agendas\/centres-danimation-socioculturelle\/\" target=\"_blank\"><img loading=\"lazy\" decoding=\"async\" src=\"\/wp-content\/themes\/fw\/assets\/img\/link.svg\" alt=\"Link Icon\" width=\"24\" height=\"24\"><\/a><\/li>\n\t\t\t\t\t\t\t\t\t\t\t\t\t\t\t\t\t\t\t\t\t\t<\/ul>\n\t\t\t\t\t\t<\/div>\n\t\t\t\t\t\t<a href=\"#\" class=\"btn plus wp-block-button__link wp-element-button more-initiative\">\n\t\t\t\t\t\t\t\t\t\t\t\t\t\tEn savoir plus\t\n\t\t\t\t\t\t<\/a>\n\t\t\t\t\t<\/div>\n\t\t\t\t<\/div>\n\t\t\t<\/div>\n\t\t\t\n\t\t\t\t<div id=\"13289\" class=\"post-item masonry-item 1641 1645 \" data-name=\"aromavrac\">\n\t\t\t\t<div class=\"flex-grid-inner close\">\n\t\t\t\t\t<div class=\"img-initiative\">\n\t\t\t\t\t\t\t\t\t\t\t\t\t<div class=\"project-img-wrapper\">\n                                \t\t\t\t\t\t\t\t<img decoding=\"async\" class=\"\" src=\"https:\/\/foodwaste.ch\/wp-content\/uploads\/2022\/07\/Silo_1.jpg\">\n\t\t\t\t\t\t\t<\/div>\n\t\t\t\t\t\t\t\t\t\t\t\t\t\t\t\t\t\t\t<div class=\"project-logo-wrap\">\n\t\t\t\t\t\t\t\t<img decoding=\"async\" class=\"project-logo\" src=\"https:\/\/foodwaste.ch\/wp-content\/uploads\/2022\/07\/aromavrac_couleur-300x300.png\">\n\t\t\t\t\t\t\t<\/div>\n\t\t\t\t\t\t\t\t\t\t\t<\/div>\n\t\t\t\t\t<div class=\"content-initiative\">\n\t\t\t\t\t\t<div class=\"header-initiative\">\n\t\t\t\t\t\t\t<h4>AromaVrac<\/h4>\n\t\t\t\t\t\t<\/div>\n\t\t\t\t\t\t<div class=\"teaser-initiative\">\n\t\t\t\t\t\t\t<p>\u00c9picerie vrac de produits bio et le plus local possible<\/p>\n\t\t\t\t\t\t<\/div>\n\t\t\t\t\t\t<div class=\"allinfo-initiative\">\n\t\t\t\t\t\t\t<p>La Suisse est l&rsquo;un des plus gros producteurs de d\u00e9chets au monde ! Et pourtant, de nombreux emballages ne sont pas indispensables ! Il est temps d&rsquo;en finir avec ce g\u00e2chis en imaginant un autre mod\u00e8le de consommation.<\/p>\n\t\t\t\t\t\t\t\t\t\t\t\t\t\t\t<div class=\"address\">\n\t\t\t\t\t\t\t\t<b>\n\t\t\t\t\t\t\t\t\tSites :\t\n\t\t\t\t\t\t\t\t<\/b>\n\t\t\t\t\t\t\t\t<p>Lausanne<\/p>\n\t\t\t\t\t\t\t\t<\/div>\n\t\t\t\t\t\t\t\n\t\t\t\t\t\t\t\t\t\t\t\t\t\t\t<div class=\"info\">\n\t\t\t\t\t\t\t\t\t\t<b>\n\t\t\t\t\t\t\t\t\t\t\tContact :\t\n\t\t\t\t\t\t\t\t\t\t<\/b>\n\t\t\t\t\t\t\t\t\t\t<p><a href=\"mailto:aromavrac@gmail.com\">aromavrac@gmail.com<\/a><\/p>\n<p>021 888 21 88<\/p>\n\t\t\t\t\t\t\t\t<\/div>\n\t\t\t\t\t\t\t\n\t\t\t\t\t\t\t<ul class=\"networks\">\n\t\t\t\t\t\t\t\t\t\t\t\t\t\t\t<li class=\"website\"><a href=\"https:\/\/www.aromavrac.ch\/\" target=\"_blank\"><img loading=\"lazy\" decoding=\"async\" src=\"\/wp-content\/themes\/fw\/assets\/img\/link.svg\" alt=\"Link Icon\" width=\"24\" height=\"24\"><\/a><\/li>\n\t\t\t\t\t\t\t\t\t\t\t\t\t\t\t\t\t\t\t\t\t\t\t\t\t\t\t\t\t\t\t\t\t\t\n\t\t\t\t\t\t\t\t\t\t\t<li><a target=\"_blank\" href=\"https:\/\/www.facebook.com\/AromaVrac\"><img loading=\"lazy\" decoding=\"async\" src=\"\/wp-content\/themes\/fw\/assets\/img\/facebook.svg\" alt=\"Facebook Icon\" width=\"24\" height=\"24\"><\/a><\/li>\n\t\t\t\t\t\t\t\t\t\t\t\t\t\t\t\t\t\t\t\t\t\n\t\t\t\t\t\t\t\t\t\t\t<li><a target=\"_blank\" href=\"https:\/\/www.instagram.com\/aroma.vrac\/\"><img loading=\"lazy\" decoding=\"async\" src=\"\/wp-content\/themes\/fw\/assets\/img\/instagram.svg\" alt=\"Instagram Icon\" width=\"24\" height=\"24\"><\/a><\/li>\n\t\t\t\t\t\t\t\t\t\t\t\t\t\t\t\t\t\t\t\t\t<\/ul>\n\t\t\t\t\t\t\t\t\t\t\t\t\t\t\t\t\t<\/ul>\n\t\t\t\t\t\t<\/div>\n\t\t\t\t\t\t<a href=\"#\" class=\"btn plus wp-block-button__link wp-element-button more-initiative\">\n\t\t\t\t\t\t\t\t\t\t\t\t\t\tEn savoir plus\t\n\t\t\t\t\t\t<\/a>\n\t\t\t\t\t<\/div>\n\t\t\t\t<\/div>\n\t\t\t<\/div>\n\t\t\t\n\t\t\t\t<div id=\"29643\" class=\"post-item masonry-item 2097 2098 2106 2099 2101 2093 \" data-name=\"aess-bar\">\n\t\t\t\t<div class=\"flex-grid-inner close\">\n\t\t\t\t\t<div class=\"img-initiative\">\n\t\t\t\t\t\t\t\t\t\t\t\t\t<div class=\"project-img-wrapper\">\n                                \t\t\t\t\t\t\t\t<img decoding=\"async\" class=\"\" src=\"https:\/\/foodwaste.ch\/wp-content\/uploads\/2015\/01\/10A7851_highres-2.jpg\">\n\t\t\t\t\t\t\t<\/div>\n\t\t\t\t\t\t\t\t\t\t\t\t\t\t\t\t\t\t\t<div class=\"project-logo-wrap\">\n\t\t\t\t\t\t\t\t<img decoding=\"async\" class=\"project-logo\" src=\"https:\/\/foodwaste.ch\/wp-content\/uploads\/2015\/01\/1508657_783821488358420_7159093021578515916_n-300x253.png\">\n\t\t\t\t\t\t\t<\/div>\n\t\t\t\t\t\t\t\t\t\t\t<\/div>\n\t\t\t\t\t<div class=\"content-initiative\">\n\t\t\t\t\t\t<div class=\"header-initiative\">\n\t\t\t\t\t\t\t<h4>\u00c4ss-Bar<\/h4>\n\t\t\t\t\t\t<\/div>\n\t\t\t\t\t\t<div class=\"teaser-initiative\">\n\t\t\t\t\t\t\t<p>L\u2019\u00c4ss-Bar vend des produits de boulangerie &lsquo;frais d&rsquo;hier&rsquo; et r\u00e9duit ainsi le gaspillage alimentaire des boulangeries.<\/p>\n\t\t\t\t\t\t<\/div>\n\t\t\t\t\t\t<div class=\"allinfo-initiative\">\n\t\t\t\t\t\t\t<p>Le concept de l\u2019\u00c4ss-Bar est tr\u00e8s simple : les produits de boulangerie et de p\u00e2tisserie qui n&rsquo;ont pas pu \u00eatre vendus par les boulangeries jusqu\u2019\u00e0 la fermeture du magasin sont propos\u00e9s le lendemain \u00e0 un prix r\u00e9duit \u00e0 l\u2019\u00c4ss-Bar sous la devise \u00ab\u00a0frais d&rsquo;hier\u00a0\u00bb.<\/p>\n\t\t\t\t\t\t\t\t\t\t\t\t\t\t\t<div class=\"address\">\n\t\t\t\t\t\t\t\t<b>\n\t\t\t\t\t\t\t\t\tSites :\t\n\t\t\t\t\t\t\t\t<\/b>\n\t\t\t\t\t\t\t\t<p>Spalenvorstadt 41, 4051 <strong>Basel<\/strong><\/p>\n<p>Marktgasse 19, 3011 <strong>Bern<\/strong><\/p>\n<p>Marktgasse 27, 2502 <strong>Biel<\/strong><\/p>\n<p>Rue du Petit-Ch\u00eane 28, 1003 <strong>Lausanne<\/strong><\/p>\n<p>St. Leodegarstr. 2, 6006 <strong>Luzern<\/strong> <\/p>\n<p>Technikumstrasse 50, 8400 <strong>Winterthur<\/strong><\/p>\n<p>St\u00fcssihofstatt 6, 8001 <strong>Z\u00fcrich<\/strong><\/p>\n<p>Stadelhoferstrasse 8, 8001 <strong>Z\u00fcrich <\/strong>(UG-Shoppingpassage des Bahnhofs Stadelhofen)<strong><br \/>\n<\/strong><\/p>\n<p>Zollstrasse 80, 8005 <strong>Z\u00fcrich <\/strong>(Amboss Rampe Pop-Up)<\/p>\n<p>ETH H\u00f6nggerberg und ETH Zentrum, 8092 <strong>Z\u00fcrich <\/strong>(mobiler Foodtruck)<\/p>\n\t\t\t\t\t\t\t\t<\/div>\n\t\t\t\t\t\t\t\n\t\t\t\t\t\t\t\t\t\t\t\t\t\t\t<div class=\"info\">\n\t\t\t\t\t\t\t\t\t\t<b>\n\t\t\t\t\t\t\t\t\t\t\tContact :\t\n\t\t\t\t\t\t\t\t\t\t<\/b>\n\t\t\t\t\t\t\t\t\t\t<p><a href=\"mailto:info@aess-bar.ch\">info@aess-bar.ch<\/a><br \/>\nville@aess-bar.ch \u2013 p.e. lausanne@aess-bar.ch, bern@aess-bar.ch etc.<\/p>\n\t\t\t\t\t\t\t\t<\/div>\n\t\t\t\t\t\t\t\n\t\t\t\t\t\t\t<ul class=\"networks\">\n\t\t\t\t\t\t\t\t\t\t\t\t\t\t\t<li class=\"website\"><a href=\"https:\/\/www.aess-bar.ch\" target=\"_blank\"><img loading=\"lazy\" decoding=\"async\" src=\"\/wp-content\/themes\/fw\/assets\/img\/link.svg\" alt=\"Link Icon\" width=\"24\" height=\"24\"><\/a><\/li>\n\t\t\t\t\t\t\t\t\t\t\t\t\t\t\t\t\t\t\t\t\t\t\t\t\t\t\t\t\t\t\t\t\t\t\n\t\t\t\t\t\t\t\t\t\t\t<li><a target=\"_blank\" href=\"https:\/\/www.instagram.com\/aessbar\/\"><img loading=\"lazy\" decoding=\"async\" src=\"\/wp-content\/themes\/fw\/assets\/img\/instagram.svg\" alt=\"Instagram Icon\" width=\"24\" height=\"24\"><\/a><\/li>\n\t\t\t\t\t\t\t\t\t\t\t\t\t\t\t\t\t\t\t\t\t\n\t\t\t\t\t\t\t\t\t\t\t<li><a target=\"_blank\" href=\"https:\/\/www.facebook.com\/aessbar\/\"><img loading=\"lazy\" decoding=\"async\" src=\"\/wp-content\/themes\/fw\/assets\/img\/facebook.svg\" alt=\"Facebook Icon\" width=\"24\" height=\"24\"><\/a><\/li>\n\t\t\t\t\t\t\t\t\t\t\t\t\t\t\t\t\t\t\t\t\t<\/ul>\n\t\t\t\t\t\t\t\t\t\t\t\t\t\t\t\t\t<\/ul>\n\t\t\t\t\t\t<\/div>\n\t\t\t\t\t\t<a href=\"#\" class=\"btn plus wp-block-button__link wp-element-button more-initiative\">\n\t\t\t\t\t\t\t\t\t\t\t\t\t\tEn savoir plus\t\n\t\t\t\t\t\t<\/a>\n\t\t\t\t\t<\/div>\n\t\t\t\t<\/div>\n\t\t\t<\/div>\n\t\t\t\n\t\t\t\t<div id=\"30802\" class=\"post-item masonry-item 2101 2094 \" data-name=\"association-banque-alimentaire-fribourgeoise\">\n\t\t\t\t<div class=\"flex-grid-inner close\">\n\t\t\t\t\t<div class=\"img-initiative\">\n\t\t\t\t\t\t\t\t\t\t\t\t\t<div class=\"project-img-wrapper\">\n                                \t\t\t\t\t\t\t\t<img decoding=\"async\" class=\"\" src=\"https:\/\/foodwaste.ch\/wp-content\/uploads\/2026\/01\/BAF_bild-1024x681.jpg\">\n\t\t\t\t\t\t\t<\/div>\n\t\t\t\t\t\t\t\t\t\t\t\t\t\t\t\t\t\t\t<div class=\"project-logo-wrap\">\n\t\t\t\t\t\t\t\t<img decoding=\"async\" class=\"project-logo\" src=\"https:\/\/foodwaste.ch\/wp-content\/uploads\/2026\/01\/BAF_logo-300x141.png\">\n\t\t\t\t\t\t\t<\/div>\n\t\t\t\t\t\t\t\t\t\t\t<\/div>\n\t\t\t\t\t<div class=\"content-initiative\">\n\t\t\t\t\t\t<div class=\"header-initiative\">\n\t\t\t\t\t\t\t<h4>Association Banque Alimentaire Fribourgeoise<\/h4>\n\t\t\t\t\t\t<\/div>\n\t\t\t\t\t\t<div class=\"teaser-initiative\">\n\t\t\t\t\t\t\t<p>Nous luttons quotidiennement contre la faim et le gaspillage alimentaire.<\/p>\n\t\t\t\t\t\t<\/div>\n\t\t\t\t\t\t<div class=\"allinfo-initiative\">\n\t\t\t\t\t\t\t<p>Nous collectons, g\u00e9rons et redistribuons des produits de premi\u00e8re n\u00e9cessit\u00e9 pour aider des personnes dans la pr\u00e9carit\u00e9. Notre action se fonde sur la gratuit\u00e9, le don, le partage, le b\u00e9n\u00e9volat et le m\u00e9c\u00e9nat. <\/p>\n\t\t\t\t\t\t\t\t\t\t\t\t\t\t\t<div class=\"address\">\n\t\t\t\t\t\t\t\t<b>\n\t\t\t\t\t\t\t\t\tSites :\t\n\t\t\t\t\t\t\t\t<\/b>\n\t\t\t\t\t\t\t\t<p>Avenue G\u00e9n\u00e9ral-Guisan 1, 1700 Fribourg<\/p>\n\t\t\t\t\t\t\t\t<\/div>\n\t\t\t\t\t\t\t\n\t\t\t\t\t\t\t\t\t\t\t\t\t\t\t<div class=\"info\">\n\t\t\t\t\t\t\t\t\t\t<b>\n\t\t\t\t\t\t\t\t\t\t\tContact :\t\n\t\t\t\t\t\t\t\t\t\t<\/b>\n\t\t\t\t\t\t\t\t\t\t<p><a href=\"mailto:contact@bafr.ch\">contact@bafr.ch<\/a><\/p>\n\t\t\t\t\t\t\t\t<\/div>\n\t\t\t\t\t\t\t\n\t\t\t\t\t\t\t<ul class=\"networks\">\n\t\t\t\t\t\t\t\t\t\t\t\t\t\t\t<li class=\"website\"><a href=\"https:\/\/banquealimentairefribourgeoise.ch\/de\/\" target=\"_blank\"><img loading=\"lazy\" decoding=\"async\" src=\"\/wp-content\/themes\/fw\/assets\/img\/link.svg\" alt=\"Link Icon\" width=\"24\" height=\"24\"><\/a><\/li>\n\t\t\t\t\t\t\t\t\t\t\t\t\t\t\t\t\t\t\t\t\t\t\t\t\t\t\t\t\t\t\t\t\t\t\n\t\t\t\t\t\t\t\t\t\t\t<li><a target=\"_blank\" href=\"https:\/\/www.instagram.com\/banquealimentairefribourgeoise\/\"><img loading=\"lazy\" decoding=\"async\" src=\"\/wp-content\/themes\/fw\/assets\/img\/instagram.svg\" alt=\"Instagram Icon\" width=\"24\" height=\"24\"><\/a><\/li>\n\t\t\t\t\t\t\t\t\t\t\t\t\t\t\t\t\t\t\t\t\t\n\t\t\t\t\t\t\t\t\t\t\t<li><a target=\"_blank\" href=\"https:\/\/www.linkedin.com\/company\/banque-alimentaire-fribourgeoise\/\"><img loading=\"lazy\" decoding=\"async\" src=\"\/wp-content\/themes\/fw\/assets\/img\/linkedin.svg\" alt=\"LinkedIn Icon\" width=\"24\" height=\"24\"><\/a><\/li>\n\t\t\t\t\t\t\t\t\t\t\t\t\t\t\t\t\t\t\t\t\t\n\t\t\t\t\t\t\t\t\t\t\t<li><a target=\"_blank\" href=\"https:\/\/www.facebook.com\/profile.php?id=100084127660387\"><img loading=\"lazy\" decoding=\"async\" src=\"\/wp-content\/themes\/fw\/assets\/img\/facebook.svg\" alt=\"Facebook Icon\" width=\"24\" height=\"24\"><\/a><\/li>\n\t\t\t\t\t\t\t\t\t\t\t\t\t\t\t\t\t\t\t\t\t<\/ul>\n\t\t\t\t\t\t\t\t\t\t\t\t\t\t\t\t\t<\/ul>\n\t\t\t\t\t\t<\/div>\n\t\t\t\t\t\t<a href=\"#\" class=\"btn plus wp-block-button__link wp-element-button more-initiative\">\n\t\t\t\t\t\t\t\t\t\t\t\t\t\tEn savoir plus\t\n\t\t\t\t\t\t<\/a>\n\t\t\t\t\t<\/div>\n\t\t\t\t<\/div>\n\t\t\t<\/div>\n\t\t\t\n\t\t\t\t<div id=\"13307\" class=\"post-item masonry-item 1641 1634 \" data-name=\"association-free-go\">\n\t\t\t\t<div class=\"flex-grid-inner close\">\n\t\t\t\t\t<div class=\"img-initiative\">\n\t\t\t\t\t\t\t\t\t\t\t\t\t<div class=\"project-img-wrapper\">\n                                \t\t\t\t\t\t\t\t<img decoding=\"async\" class=\"\" src=\"https:\/\/foodwaste.ch\/wp-content\/uploads\/2022\/07\/Frigo_1.png\">\n\t\t\t\t\t\t\t<\/div>\n\t\t\t\t\t\t\t\t\t\t\t\t\t\t\t\t\t\t\t<div class=\"project-logo-wrap\">\n\t\t\t\t\t\t\t\t<img decoding=\"async\" class=\"project-logo\" src=\"https:\/\/foodwaste.ch\/wp-content\/uploads\/2022\/07\/Logo-vectorise-300x300.png\">\n\t\t\t\t\t\t\t<\/div>\n\t\t\t\t\t\t\t\t\t\t\t<\/div>\n\t\t\t\t\t<div class=\"content-initiative\">\n\t\t\t\t\t\t<div class=\"header-initiative\">\n\t\t\t\t\t\t\t<h4>Association Free Go<\/h4>\n\t\t\t\t\t\t<\/div>\n\t\t\t\t\t\t<div class=\"teaser-initiative\">\n\t\t\t\t\t\t\t<p>L&rsquo;association Free Go a pour but de mettre en place des r\u00e9frig\u00e9rateurs libre-service (appel\u00e9s Free Go) chez des partenaires afin d&rsquo;aider les personnes dans le besoin tout en contribuant \u00e0 la diminution du gaspillage alimentaire.<\/p>\n\t\t\t\t\t\t<\/div>\n\t\t\t\t\t\t<div class=\"allinfo-initiative\">\n\t\t\t\t\t\t\t<p>Gr\u00e2ce \u00e0 une \u00e9quipe de b\u00e9n\u00e9voles, nous r\u00e9cup\u00e9rons des invendus alimentaires aupr\u00e8s des commerces locaux et nous les redistribuons aux personnes dans la pr\u00e9carit\u00e9 via des r\u00e9frig\u00e9rateurs solidaires appel\u00e9s Free Go qui se trouvent chez des partenaires emplacements. Nous touchons \u00e9galement les personnes sensibles au gaspillage alimentaire et qui souhaitent combattre ce fl\u00e9au avec nous. C&rsquo;est ainsi que notre concept est ouvert \u00e0 toute la population locale, sans qu&rsquo;elle ait besoin de l\u00e9gitimer son utilisation de notre service. Nous intervenons \u00e9galement dans les \u00e9coles ou les structures parascolaires pour sensibiliser les enfants au gaspillage alimentaire avec notre propre mat\u00e9riel p\u00e9dagogique.<\/p>\n<p>&nbsp;<\/p>\n<p>Pour plus d&rsquo;infos, n&rsquo;h\u00e9sitez pas \u00e0 consulter le site web.<\/p>\n\t\t\t\t\t\t\t\t\t\t\t\t\t\t\t<div class=\"address\">\n\t\t\t\t\t\t\t\t<b>\n\t\t\t\t\t\t\t\t\tSites :\t\n\t\t\t\t\t\t\t\t<\/b>\n\t\t\t\t\t\t\t\t<p>Diff\u00e9rents emplacements en Suisse romande mais le si\u00e8ge est \u00e0 notre local ( 2012 Auvernier \u2013 NE)<\/p>\n\t\t\t\t\t\t\t\t<\/div>\n\t\t\t\t\t\t\t\n\t\t\t\t\t\t\t\t\t\t\t\t\t\t\t<div class=\"info\">\n\t\t\t\t\t\t\t\t\t\t<b>\n\t\t\t\t\t\t\t\t\t\t\tContact :\t\n\t\t\t\t\t\t\t\t\t\t<\/b>\n\t\t\t\t\t\t\t\t\t\t<p><a href=\"mailto:secretariat.freego@gmail.com\">secretariat.freego@gmail.com<\/a><\/p>\n\t\t\t\t\t\t\t\t<\/div>\n\t\t\t\t\t\t\t\n\t\t\t\t\t\t\t<ul class=\"networks\">\n\t\t\t\t\t\t\t\t\t\t\t\t\t\t\t<li class=\"website\"><a href=\"http:\/\/www.association-freego.ch\" target=\"_blank\"><img loading=\"lazy\" decoding=\"async\" src=\"\/wp-content\/themes\/fw\/assets\/img\/link.svg\" alt=\"Link Icon\" width=\"24\" height=\"24\"><\/a><\/li>\n\t\t\t\t\t\t\t\t\t\t\t\t\t\t\t\t\t\t\t\t\t\t\t\t\t\t\t\t\t\t\t\t\t\t\n\t\t\t\t\t\t\t\t\t\t\t<li><a target=\"_blank\" href=\"https:\/\/www.facebook.com\/assocFreeGo\"><img loading=\"lazy\" decoding=\"async\" src=\"\/wp-content\/themes\/fw\/assets\/img\/facebook.svg\" alt=\"Facebook Icon\" width=\"24\" height=\"24\"><\/a><\/li>\n\t\t\t\t\t\t\t\t\t\t\t\t\t\t\t\t\t\t\t\t\t\n\t\t\t\t\t\t\t\t\t\t\t<li><a target=\"_blank\" href=\"https:\/\/www.facebook.com\/freegoVD\"><img loading=\"lazy\" decoding=\"async\" src=\"\/wp-content\/themes\/fw\/assets\/img\/facebook.svg\" alt=\"Facebook Icon\" width=\"24\" height=\"24\"><\/a><\/li>\n\t\t\t\t\t\t\t\t\t\t\t\t\t\t\t\t\t\t\t\t\t\n\t\t\t\t\t\t\t\t\t\t\t<li><a target=\"_blank\" href=\"https:\/\/www.instagram.com\/association_freego\"><img loading=\"lazy\" decoding=\"async\" src=\"\/wp-content\/themes\/fw\/assets\/img\/instagram.svg\" alt=\"Instagram Icon\" width=\"24\" height=\"24\"><\/a><\/li>\n\t\t\t\t\t\t\t\t\t\t\t\t\t\t\t\t\t\t\t\t\t<\/ul>\n\t\t\t\t\t\t\t\t\t\t\t\t\t\t\t\t\t<\/ul>\n\t\t\t\t\t\t<\/div>\n\t\t\t\t\t\t<a href=\"#\" class=\"btn plus wp-block-button__link wp-element-button more-initiative\">\n\t\t\t\t\t\t\t\t\t\t\t\t\t\tEn savoir plus\t\n\t\t\t\t\t\t<\/a>\n\t\t\t\t\t<\/div>\n\t\t\t\t<\/div>\n\t\t\t<\/div>\n\t\t\t\n\t\t\t\t<div id=\"13773\" class=\"post-item masonry-item 1641 1646 \" data-name=\"atout-vrac\">\n\t\t\t\t<div class=\"flex-grid-inner close\">\n\t\t\t\t\t<div class=\"img-initiative\">\n\t\t\t\t\t\t\t\t\t\t\t\t\t<div class=\"project-img-wrapper\">\n                                \t\t\t\t\t\t\t\t<img decoding=\"async\" class=\"\" src=\"https:\/\/foodwaste.ch\/wp-content\/uploads\/2023\/01\/AtoutVrac_Fribourg-1024x683.jpg\">\n\t\t\t\t\t\t\t<\/div>\n\t\t\t\t\t\t\t\t\t\t\t\t\t\t\t\t\t\t\t<div class=\"project-logo-wrap\">\n\t\t\t\t\t\t\t\t<img decoding=\"async\" class=\"project-logo\" src=\"https:\/\/foodwaste.ch\/wp-content\/uploads\/2023\/01\/Atout_Vrac_logo-300x55.png\">\n\t\t\t\t\t\t\t<\/div>\n\t\t\t\t\t\t\t\t\t\t\t<\/div>\n\t\t\t\t\t<div class=\"content-initiative\">\n\t\t\t\t\t\t<div class=\"header-initiative\">\n\t\t\t\t\t\t\t<h4>Atout Vrac<\/h4>\n\t\t\t\t\t\t<\/div>\n\t\t\t\t\t\t<div class=\"teaser-initiative\">\n\t\t\t\t\t\t\t<p>Atout Vrac est une \u00e9picerie coop\u00e9rative sans emballage qui privil\u00e9gie les produits locaux et bio<\/p>\n\t\t\t\t\t\t<\/div>\n\t\t\t\t\t\t<div class=\"allinfo-initiative\">\n\t\t\t\t\t\t\t<p>Fribourgeois, Fribourgeoises, \u00e0 vos bocaux! Depuis le 15 octobre 2016 vous pouvez enfin consommer diff\u00e9remment. Atout Vrac vous propose un large choix d&rsquo;aliments, de produits d&rsquo;entretien et d&rsquo;hygi\u00e8ne en vrac. Proximit\u00e9, qualit\u00e9 et non emball\u00e9, voil\u00e0 notre devise!<\/p>\n\t\t\t\t\t\t\t\t\t\t\t\t\t\t\t<div class=\"address\">\n\t\t\t\t\t\t\t\t<b>\n\t\t\t\t\t\t\t\t\tSites :\t\n\t\t\t\t\t\t\t\t<\/b>\n\t\t\t\t\t\t\t\t<p>Grand-Rue 10, 1700 Fribourg<\/p>\n\t\t\t\t\t\t\t\t<\/div>\n\t\t\t\t\t\t\t\n\t\t\t\t\t\t\t\t\t\t\t\t\t\t\t<div class=\"info\">\n\t\t\t\t\t\t\t\t\t\t<b>\n\t\t\t\t\t\t\t\t\t\t\tContact :\t\n\t\t\t\t\t\t\t\t\t\t<\/b>\n\t\t\t\t\t\t\t\t\t\t<p><a href=\"mailto:info.atout.vrac@gmail.com\">info.atout.vrac@gmail.com<\/a><\/p>\n<p>026 321 42 41<\/p>\n\t\t\t\t\t\t\t\t<\/div>\n\t\t\t\t\t\t\t\n\t\t\t\t\t\t\t<ul class=\"networks\">\n\t\t\t\t\t\t\t\t\t\t\t\t\t\t\t<li class=\"website\"><a href=\"https:\/\/www.atoutvrac.com\" target=\"_blank\"><img loading=\"lazy\" decoding=\"async\" src=\"\/wp-content\/themes\/fw\/assets\/img\/link.svg\" alt=\"Link Icon\" width=\"24\" height=\"24\"><\/a><\/li>\n\t\t\t\t\t\t\t\t\t\t\t\t\t\t\t\t\t\t\t\t\t\t\t\t\t\t\t\t\t\t\t\t\t\t\n\t\t\t\t\t\t\t\t\t\t\t<li><a target=\"_blank\" href=\"https:\/\/www.facebook.com\/AtoutVrac\"><img loading=\"lazy\" decoding=\"async\" src=\"\/wp-content\/themes\/fw\/assets\/img\/facebook.svg\" alt=\"Facebook Icon\" width=\"24\" height=\"24\"><\/a><\/li>\n\t\t\t\t\t\t\t\t\t\t\t\t\t\t\t\t\t\t\t\t\t\n\t\t\t\t\t\t\t\t\t\t\t<li><a target=\"_blank\" href=\"https:\/\/www.instagram.com\/atoutvrac\/\"><img loading=\"lazy\" decoding=\"async\" src=\"\/wp-content\/themes\/fw\/assets\/img\/instagram.svg\" alt=\"Instagram Icon\" width=\"24\" height=\"24\"><\/a><\/li>\n\t\t\t\t\t\t\t\t\t\t\t\t\t\t\t\t\t\t\t\t\t<\/ul>\n\t\t\t\t\t\t\t\t\t\t\t\t\t\t\t\t\t<\/ul>\n\t\t\t\t\t\t<\/div>\n\t\t\t\t\t\t<a href=\"#\" class=\"btn plus wp-block-button__link wp-element-button more-initiative\">\n\t\t\t\t\t\t\t\t\t\t\t\t\t\tEn savoir plus\t\n\t\t\t\t\t\t<\/a>\n\t\t\t\t\t<\/div>\n\t\t\t\t<\/div>\n\t\t\t<\/div>\n\t\t\t\n\t\t\t\t<div id=\"6042\" class=\"post-item masonry-item 1640 1637 1636 1634 \" data-name=\"aufgetischt-statt-weggeworfen\">\n\t\t\t\t<div class=\"flex-grid-inner close\">\n\t\t\t\t\t<div class=\"img-initiative\">\n\t\t\t\t\t\t\t\t\t\t\t\t\t<div class=\"project-img-wrapper\">\n                                \t\t\t\t\t\t\t\t<img decoding=\"async\" class=\"\" src=\"https:\/\/foodwaste.ch\/wp-content\/uploads\/2018\/05\/Aufgetischtstattweggeworfen_Bild-1024x721.jpg\">\n\t\t\t\t\t\t\t<\/div>\n\t\t\t\t\t\t\t\t\t\t\t\t\t\t\t\t\t\t\t<div class=\"project-logo-wrap\">\n\t\t\t\t\t\t\t\t<img decoding=\"async\" class=\"project-logo\" src=\"https:\/\/foodwaste.ch\/wp-content\/uploads\/2019\/01\/ASW_Logo_CMYK5153-300x127.jpg\">\n\t\t\t\t\t\t\t<\/div>\n\t\t\t\t\t\t\t\t\t\t\t<\/div>\n\t\t\t\t\t<div class=\"content-initiative\">\n\t\t\t\t\t\t<div class=\"header-initiative\">\n\t\t\t\t\t\t\t<h4>Aufgetischt statt Weggeworfen<\/h4>\n\t\t\t\t\t\t<\/div>\n\t\t\t\t\t\t<div class=\"teaser-initiative\">\n\t\t\t\t\t\t\t<p>Aufgetischt statt Weggeworfen sammelt bei Produzenten und L\u00e4den \u00fcbersch\u00fcssige Lebensmittel ein und verteilt diese an armutsbetroffene Menschen<\/p>\n\t\t\t\t\t\t<\/div>\n\t\t\t\t\t\t<div class=\"allinfo-initiative\">\n\t\t\t\t\t\t\t<p>Aufgetischt statt Weggeworfen setzt sich lokal gegen Food Waste ein, indem gespendete Lebensmittel nach Ladenschluss an armutsbetroffene Menschen weitergegeben werden, anstatt dass sie weggeworfen werden oder in der Biogasanlage landen.<\/p>\n\t\t\t\t\t\t\t\t\t\t\t\t\t\t\t<div class=\"address\">\n\t\t\t\t\t\t\t\t<b>\n\t\t\t\t\t\t\t\t\tSites :\t\n\t\t\t\t\t\t\t\t<\/b>\n\t\t\t\t\t\t\t\t<p>5502 Hunzenschwil<\/p>\n<p>5503 Schafisheim<\/p>\n<p>5600 Lenzburg<\/p>\n<p>5603 Staufen<\/p>\n<p>5620 Bremgarten<\/p>\n<p>8117 F\u00e4llanden<\/p>\n<p>8134 Adliswil<\/p>\n<p>8135 Langnau am Albis<\/p>\n<p>8494 Bauma\/T\u00f6sstal<\/p>\n<p>8600 D\u00fcbendorf<\/p>\n<p>8620 Wetzikon<\/p>\n<p>8645 Jona<\/p>\n<p>8805 Richterswil<\/p>\n<p>8810 Horgen<\/p>\n<p>8820 W\u00e4denswil<\/p>\n<p>8902 Urdorf<\/p>\n<p>8965 Mutschellen<\/p>\n\t\t\t\t\t\t\t\t<\/div>\n\t\t\t\t\t\t\t\n\t\t\t\t\t\t\t\t\t\t\t\t\t\t\t<div class=\"info\">\n\t\t\t\t\t\t\t\t\t\t<b>\n\t\t\t\t\t\t\t\t\t\t\tContact :\t\n\t\t\t\t\t\t\t\t\t\t<\/b>\n\t\t\t\t\t\t\t\t\t\t<p><a title=\"info@aufgetischt-statt-weggeworfen.ch\" href=\"mailto:info@aufgetischt-statt-weggeworfen.ch\">info@aufgetischt-statt-weggeworfen.ch<\/a><\/p>\n\t\t\t\t\t\t\t\t<\/div>\n\t\t\t\t\t\t\t\n\t\t\t\t\t\t\t<ul class=\"networks\">\n\t\t\t\t\t\t\t\t\t\t\t\t\t\t\t<li class=\"website\"><a href=\"https:\/\/www.aufgetischt-statt-weggeworfen.ch\" target=\"_blank\"><img loading=\"lazy\" decoding=\"async\" src=\"\/wp-content\/themes\/fw\/assets\/img\/link.svg\" alt=\"Link Icon\" width=\"24\" height=\"24\"><\/a><\/li>\n\t\t\t\t\t\t\t\t\t\t\t\t\t\t\t\t\t\t\t\t\t\t\t\t\t\t\t\t\t\t\t\t\t\t\n\t\t\t\t\t\t\t\t\t\t\t<li><a target=\"_blank\" href=\"https:\/\/www.facebook.com\/AufgetischtstattWeggeworfen\"><img loading=\"lazy\" decoding=\"async\" src=\"\/wp-content\/themes\/fw\/assets\/img\/facebook.svg\" alt=\"Facebook Icon\" width=\"24\" height=\"24\"><\/a><\/li>\n\t\t\t\t\t\t\t\t\t\t\t\t\t\t\t\t\t\t\t\t\t<\/ul>\n\t\t\t\t\t\t\t\t\t\t\t\t\t\t\t\t\t<\/ul>\n\t\t\t\t\t\t<\/div>\n\t\t\t\t\t\t<a href=\"#\" class=\"btn plus wp-block-button__link wp-element-button more-initiative\">\n\t\t\t\t\t\t\t\t\t\t\t\t\t\tEn savoir plus\t\n\t\t\t\t\t\t<\/a>\n\t\t\t\t\t<\/div>\n\t\t\t\t<\/div>\n\t\t\t<\/div>\n\t\t\t\n\t\t\t\t<div id=\"6106\" class=\"post-item masonry-item 1637 1645 1634 \" data-name=\"backwaren-outlet\">\n\t\t\t\t<div class=\"flex-grid-inner close\">\n\t\t\t\t\t<div class=\"img-initiative\">\n\t\t\t\t\t\t\t\t\t\t\t\t\t<div class=\"project-img-wrapper\">\n                                \t\t\t\t\t\t\t\t<img decoding=\"async\" class=\"\" src=\"https:\/\/foodwaste.ch\/wp-content\/uploads\/2025\/09\/IMG_2944-1024x765.jpg\">\n\t\t\t\t\t\t\t<\/div>\n\t\t\t\t\t\t\t\t\t\t\t\t\t\t\t\t\t\t\t<div class=\"project-logo-wrap\">\n\t\t\t\t\t\t\t\t<img decoding=\"async\" class=\"project-logo\" src=\"https:\/\/foodwaste.ch\/wp-content\/uploads\/2025\/09\/Screen-Shot-2016-07-01-at-18.05.43-300x234.png\">\n\t\t\t\t\t\t\t<\/div>\n\t\t\t\t\t\t\t\t\t\t\t<\/div>\n\t\t\t\t\t<div class=\"content-initiative\">\n\t\t\t\t\t\t<div class=\"header-initiative\">\n\t\t\t\t\t\t\t<h4>Backwaren Outlet<\/h4>\n\t\t\t\t\t\t<\/div>\n\t\t\t\t\t\t<div class=\"teaser-initiative\">\n\t\t\t\t\t\t\t\t\t\t\t\t\t<\/div>\n\t\t\t\t\t\t<div class=\"allinfo-initiative\">\n\t\t\t\t\t\t\t<p>Das Ziel des Projekts ist der Wegwerfmentalit\u00e4t im Lebensmittelbereich neue Wege aufzeichnen &#8211; und das Ganze im Bereich eines sozialwirtschaftlichen Unternehmens. Somit werden Arbeitspl\u00e4tze f\u00fcr Menschen geschaffen, welche eher Probleme h\u00e4tten, eine Stelle zu finden.<\/p>\n<p>Ursula Moser und Berto Beat D\u00fcnki arbeiten hier mit f\u00fcnf MitarbeiterInnen und vielen ehrenamtlichen Menschen. Zwei Drittel aller B\u00e4ckereien aus dem Grossraum Basel \u00fcberlassen ihre \u00fcberproduzierten Werke dem BackwarenOutlet. Dort werden diese f\u00fcr rund den halben Preis verkauft.<\/p>\n<p>KundInnen, welche sich entschieden haben die erw\u00e4hnten Produkte der menschlichen Nahrungsmittelebene zu bewahren, kommen aus allen soziodemographischen Bev\u00f6lkerungsschichten. Doch im BackwarenOutlet sind auch Menschen ohne eigentliche Kaufkraft willkommen. So erhalten diese direkt vom BackwarenOutlet zu vereinbarten Zeiten in ausgiebiger Menge \u201aEinkaufsm\u00f6glichkeiten\u2019.<\/p>\n<p>Zus\u00e4tzlich die Post-it-Zettelwand: KundInnen gehen an die Verkaufstheke, bestellen einen Post-it-Zettel, schreiben einen Frankenbetrag drauf, zahlen diesen Betrag am Tresen und kleben den \u201aZahlungsschein\u2019 an die Zettelwand. Andere Menschen, mit markant kleinerem Budget, bedienen sich der Scheine und an barzahlungsstatt zahlen sie ihren \u201aEinkauf\u2019 am Tresen.<\/p>\n<p>Ein Coupon ist ein Cou-Bon-Bon, wenn er Sinnvolles bewegt: Ein System, das in Relation zu den Eink\u00e4ufen Projekte mit 33.33% des Einkaufsbetrages unterst\u00fctzt. Fragen Sie uns \u2013 wir sagen Ihnen, wie das ausgekl\u00fcgelte System zu Ihren Gunsten abl\u00e4uft.<\/p>\n\t\t\t\t\t\t\t\t\t\t\t\t\t\t\t<div class=\"address\">\n\t\t\t\t\t\t\t\t<b>\n\t\t\t\t\t\t\t\t\tSites :\t\n\t\t\t\t\t\t\t\t<\/b>\n\t\t\t\t\t\t\t\t<p>G\u00fcterstrasse 120, 4053 Basel<\/p>\n\t\t\t\t\t\t\t\t<\/div>\n\t\t\t\t\t\t\t\n\t\t\t\t\t\t\t\t\t\t\t\t\t\t\t<div class=\"info\">\n\t\t\t\t\t\t\t\t\t\t<b>\n\t\t\t\t\t\t\t\t\t\t\tContact :\t\n\t\t\t\t\t\t\t\t\t\t<\/b>\n\t\t\t\t\t\t\t\t\t\t<p><a href=\"mailto:wir.tun.etwas@backwarenoutlet.ch\">wir.tun.etwas@backwarenoutlet.ch<\/a><\/p>\n\t\t\t\t\t\t\t\t<\/div>\n\t\t\t\t\t\t\t\n\t\t\t\t\t\t\t<ul class=\"networks\">\n\t\t\t\t\t\t\t\t\t\t\t\t\t\t\t<li class=\"website\"><a href=\"https:\/\/backwarenoutlet.ch\" target=\"_blank\"><img loading=\"lazy\" decoding=\"async\" src=\"\/wp-content\/themes\/fw\/assets\/img\/link.svg\" alt=\"Link Icon\" width=\"24\" height=\"24\"><\/a><\/li>\n\t\t\t\t\t\t\t\t\t\t\t\t\t\t\t\t\t\t\t\t\t\t\t\t\t\t\t\t\t\t\t\t\t\t\n\t\t\t\t\t\t\t\t\t\t\t<li><a target=\"_blank\" href=\"https:\/\/www.facebook.com\/BackwarenOutlet\/\"><img loading=\"lazy\" decoding=\"async\" src=\"\/wp-content\/themes\/fw\/assets\/img\/facebook.svg\" alt=\"Facebook Icon\" width=\"24\" height=\"24\"><\/a><\/li>\n\t\t\t\t\t\t\t\t\t\t\t\t\t\t\t\t\t\t\t\t\t<\/ul>\n\t\t\t\t\t\t\t\t\t\t\t\t\t\t\t\t\t<\/ul>\n\t\t\t\t\t\t<\/div>\n\t\t\t\t\t\t<a href=\"#\" class=\"btn plus wp-block-button__link wp-element-button more-initiative\">\n\t\t\t\t\t\t\t\t\t\t\t\t\t\tEn savoir plus\t\n\t\t\t\t\t\t<\/a>\n\t\t\t\t\t<\/div>\n\t\t\t\t<\/div>\n\t\t\t<\/div>\n\t\t\t\n\t\t\t\t<div id=\"30212\" class=\"post-item masonry-item 1641 1645 \" data-name=\"ben-ouais-transition-durable-dans-la-restauration-romande\">\n\t\t\t\t<div class=\"flex-grid-inner close\">\n\t\t\t\t\t<div class=\"img-initiative\">\n\t\t\t\t\t\t\t\t\t\t\t\t\t<div class=\"project-img-wrapper\">\n                                \t\t\t\t\t\t\t\t<img decoding=\"async\" class=\"\" src=\"https:\/\/foodwaste.ch\/wp-content\/uploads\/2025\/12\/ben-ouais_foto-1024x683.jpg\">\n\t\t\t\t\t\t\t<\/div>\n\t\t\t\t\t\t\t\t\t\t\t\t\t\t\t\t\t\t\t<div class=\"project-logo-wrap\">\n\t\t\t\t\t\t\t\t<img decoding=\"async\" class=\"project-logo\" src=\"https:\/\/foodwaste.ch\/wp-content\/uploads\/2025\/12\/ben-ouais_logo-300x300.png\">\n\t\t\t\t\t\t\t<\/div>\n\t\t\t\t\t\t\t\t\t\t\t<\/div>\n\t\t\t\t\t<div class=\"content-initiative\">\n\t\t\t\t\t\t<div class=\"header-initiative\">\n\t\t\t\t\t\t\t<h4>ben ouais \u2013 Transition durable dans la restauration romande<\/h4>\n\t\t\t\t\t\t<\/div>\n\t\t\t\t\t\t<div class=\"teaser-initiative\">\n\t\t\t\t\t\t\t<p>R\u00e9duire le gaspillage alimentaire dans la restauration tout en prouvant que durabilit\u00e9 et performance \u00e9conomique peuvent aller de pair. <\/p>\n\t\t\t\t\t\t<\/div>\n\t\t\t\t\t\t<div class=\"allinfo-initiative\">\n\t\t\t\t\t\t\t<p>Chez ben ouais, nous accompagnons les restaurateurs romands vers une durabilit\u00e9 \u00e9cologique, sociale et \u00e9conomique.<br \/>\nNotre approche combine audit sur site, formation d\u2019\u00e9quipe et optimisation des processus pour r\u00e9duire les pertes \u00e0 la source et valoriser les invendus.<br \/>\nDepuis 2022, nous avons permis de r\u00e9duire le gaspillage alimentaire \u00e0 2%, tout en am\u00e9liorant la rentabilit\u00e9 et la coh\u00e9rence \u00e9cologique.<br \/>\nNous croyons qu\u2019une cuisine durable doit rester savoureuse, rentable et inspirante \u2013 pour les \u00e9quipes comme pour les clients.<\/p>\n\t\t\t\t\t\t\t\t\t\t\t\t\t\t\t<div class=\"address\">\n\t\t\t\t\t\t\t\t<b>\n\t\t\t\t\t\t\t\t\tSites :\t\n\t\t\t\t\t\t\t\t<\/b>\n\t\t\t\t\t\t\t\t<p>Le Village 3, 1082 Corcelles-le-Jorat<\/p>\n\t\t\t\t\t\t\t\t<\/div>\n\t\t\t\t\t\t\t\n\t\t\t\t\t\t\t\t\t\t\t\t\t\t\t<div class=\"info\">\n\t\t\t\t\t\t\t\t\t\t<b>\n\t\t\t\t\t\t\t\t\t\t\tContact :\t\n\t\t\t\t\t\t\t\t\t\t<\/b>\n\t\t\t\t\t\t\t\t\t\t<p><a href=\"mailto:info@benouais.ch\">info@benouais.ch<\/a><\/p>\n\t\t\t\t\t\t\t\t<\/div>\n\t\t\t\t\t\t\t\n\t\t\t\t\t\t\t<ul class=\"networks\">\n\t\t\t\t\t\t\t\t\t\t\t\t\t\t\t<li class=\"website\"><a href=\"https:\/\/www.benouais.ch\" target=\"_blank\"><img loading=\"lazy\" decoding=\"async\" src=\"\/wp-content\/themes\/fw\/assets\/img\/link.svg\" alt=\"Link Icon\" width=\"24\" height=\"24\"><\/a><\/li>\n\t\t\t\t\t\t\t\t\t\t\t\t\t\t\t\t\t\t\t\t\t\t\t\t\t\t\t\t\t\t\t\t\t\t\n\t\t\t\t\t\t\t\t\t\t\t<li><a target=\"_blank\" href=\"https:\/\/www.linkedin.com\/company\/ben-ouais\/\"><img loading=\"lazy\" decoding=\"async\" src=\"\/wp-content\/themes\/fw\/assets\/img\/linkedin.svg\" alt=\"LinkedIn Icon\" width=\"24\" height=\"24\"><\/a><\/li>\n\t\t\t\t\t\t\t\t\t\t\t\t\t\t\t\t\t\t\t\t\t\n\t\t\t\t\t\t\t\t\t\t\t<li><a target=\"_blank\" href=\"https:\/\/www.instagram.com\/benouais.ch\"><img loading=\"lazy\" decoding=\"async\" src=\"\/wp-content\/themes\/fw\/assets\/img\/instagram.svg\" alt=\"Instagram Icon\" width=\"24\" height=\"24\"><\/a><\/li>\n\t\t\t\t\t\t\t\t\t\t\t\t\t\t\t\t\t\t\t\t\t\n\t\t\t\t\t\t\t\t\t\t\t<li><a target=\"_blank\" href=\"https:\/\/www.facebook.com\/benouais.ch\"><img loading=\"lazy\" decoding=\"async\" src=\"\/wp-content\/themes\/fw\/assets\/img\/facebook.svg\" alt=\"Facebook Icon\" width=\"24\" height=\"24\"><\/a><\/li>\n\t\t\t\t\t\t\t\t\t\t\t\t\t\t\t\t\t\t\t\t\t<\/ul>\n\t\t\t\t\t\t\t\t\t\t\t\t\t\t\t\t\t<\/ul>\n\t\t\t\t\t\t<\/div>\n\t\t\t\t\t\t<a href=\"#\" class=\"btn plus wp-block-button__link wp-element-button more-initiative\">\n\t\t\t\t\t\t\t\t\t\t\t\t\t\tEn savoir plus\t\n\t\t\t\t\t\t<\/a>\n\t\t\t\t\t<\/div>\n\t\t\t\t<\/div>\n\t\t\t<\/div>\n\t\t\t\n\t\t\t\t<div id=\"6497\" class=\"post-item masonry-item 1640 1635 1645 1646 \" data-name=\"bio-mio\">\n\t\t\t\t<div class=\"flex-grid-inner close\">\n\t\t\t\t\t<div class=\"img-initiative\">\n\t\t\t\t\t\t\t\t\t\t\t\t\t<div class=\"project-img-wrapper\">\n                                \t\t\t\t\t\t\t\t<img decoding=\"async\" class=\"\" src=\"https:\/\/foodwaste.ch\/wp-content\/uploads\/2019\/08\/Bild-Bio-Miio-1024x683.jpg\">\n\t\t\t\t\t\t\t<\/div>\n\t\t\t\t\t\t\t\t\t\t\t\t\t\t\t\t\t\t\t<div class=\"project-logo-wrap\">\n\t\t\t\t\t\t\t\t<img decoding=\"async\" class=\"project-logo\" src=\"https:\/\/foodwaste.ch\/wp-content\/uploads\/2019\/08\/Logo-bio-mio-300x178.png\">\n\t\t\t\t\t\t\t<\/div>\n\t\t\t\t\t\t\t\t\t\t\t<\/div>\n\t\t\t\t\t<div class=\"content-initiative\">\n\t\t\t\t\t\t<div class=\"header-initiative\">\n\t\t\t\t\t\t\t<h4>Bio Mio<\/h4>\n\t\t\t\t\t\t<\/div>\n\t\t\t\t\t\t<div class=\"teaser-initiative\">\n\t\t\t\t\t\t\t<p>Bio Mio bringt dir saisonales Gem\u00fcse von Partnerh\u00f6fen direkt zu dir nach Hause. Auch die krummen Karotten und zu kleinen Kartoffeln schaffen es in das Abo, denn sie schmecken genauso lecker. <\/p>\n\t\t\t\t\t\t<\/div>\n\t\t\t\t\t\t<div class=\"allinfo-initiative\">\n\t\t\t\t\t\t\t<div>Bio Mio bringt dir regionales Gem\u00fcse, saisonales Obst und weitere Bio-Produkte direkt vom Biohof nach Hause. Besonders eng arbeitet Bio Mio mit der Stiftung zur Weid in Mettmenstetten, welche Menschen mit Suchterkrankungen und psychischen Problemen unterst\u00fctzt.<\/div>\n<div><\/div>\n<div>Dank Bio Mio k\u00f6nnen mehrere Bioh\u00f6fe ihre Produktion direkt verkaufen und haben keine Auflagen bez\u00fcglich Form und Gr\u00f6sse zu erf\u00fcllen. Denn f\u00fcr unser Bio-Gem\u00fcse-Abo verwertet Bio Mio\u00a0die gesamte Ernte &#8211; egal, ob krumm, dick, d\u00fcnn, klein oder gross. Geliefert wird, was Saison hat und deshalb besonders gut schmeckt. Das verschafft\u00a0den Kundinnen und Kunden ein besonderes Geschmackserlebnis und die Partnerh\u00f6fe von Bio Mio haben Planungssicherheit sowie ein geregeltes Einkommen.<\/div>\n<div><\/div>\n\t\t\t\t\t\t\t\t\t\t\t\t\t\t\t<div class=\"address\">\n\t\t\t\t\t\t\t\t<b>\n\t\t\t\t\t\t\t\t\tSites :\t\n\t\t\t\t\t\t\t\t<\/b>\n\t\t\t\t\t\t\t\t<p>Dufourstrasse 30, 8008 Z\u00fcrich<\/p>\n\t\t\t\t\t\t\t\t<\/div>\n\t\t\t\t\t\t\t\n\t\t\t\t\t\t\t\t\t\t\t\t\t\t\t<div class=\"info\">\n\t\t\t\t\t\t\t\t\t\t<b>\n\t\t\t\t\t\t\t\t\t\t\tContact :\t\n\t\t\t\t\t\t\t\t\t\t<\/b>\n\t\t\t\t\t\t\t\t\t\t<p><a href=\"mailto:info@bio-mio.ch\" target=\"_blank\" rel=\"noopener\">info@bio-mio.ch<\/a><\/p>\n\t\t\t\t\t\t\t\t<\/div>\n\t\t\t\t\t\t\t\n\t\t\t\t\t\t\t<ul class=\"networks\">\n\t\t\t\t\t\t\t\t\t\t\t\t\t\t\t<li class=\"website\"><a href=\"https:\/\/bio-mio.ch\/\" target=\"_blank\"><img loading=\"lazy\" decoding=\"async\" src=\"\/wp-content\/themes\/fw\/assets\/img\/link.svg\" alt=\"Link Icon\" width=\"24\" height=\"24\"><\/a><\/li>\n\t\t\t\t\t\t\t\t\t\t\t\t\t\t\t\t\t\t\t\t\t\t\t\t\t\t\t\t\t\t\t\t\t\t\n\t\t\t\t\t\t\t\t\t\t\t<li><a target=\"_blank\" href=\"https:\/\/www.facebook.com\/Bio-Mio-594878437321445\/\"><img loading=\"lazy\" decoding=\"async\" src=\"\/wp-content\/themes\/fw\/assets\/img\/facebook.svg\" alt=\"Facebook Icon\" width=\"24\" height=\"24\"><\/a><\/li>\n\t\t\t\t\t\t\t\t\t\t\t\t\t\t\t\t\t\t\t\t\t\n\t\t\t\t\t\t\t\t\t\t\t<li><a target=\"_blank\" href=\"https:\/\/www.instagram.com\/biomiozh\/\"><img loading=\"lazy\" decoding=\"async\" src=\"\/wp-content\/themes\/fw\/assets\/img\/instagram.svg\" alt=\"Instagram Icon\" width=\"24\" height=\"24\"><\/a><\/li>\n\t\t\t\t\t\t\t\t\t\t\t\t\t\t\t\t\t\t\t\t\t<\/ul>\n\t\t\t\t\t\t\t\t\t\t\t\t\t\t\t\t\t<\/ul>\n\t\t\t\t\t\t<\/div>\n\t\t\t\t\t\t<a href=\"#\" class=\"btn plus wp-block-button__link wp-element-button more-initiative\">\n\t\t\t\t\t\t\t\t\t\t\t\t\t\tEn savoir plus\t\n\t\t\t\t\t\t<\/a>\n\t\t\t\t\t<\/div>\n\t\t\t\t<\/div>\n\t\t\t<\/div>\n\t\t\t\n\t\t\t\t<div id=\"11088\" class=\"post-item masonry-item 1648 1645 \" data-name=\"bonana\">\n\t\t\t\t<div class=\"flex-grid-inner close\">\n\t\t\t\t\t<div class=\"img-initiative\">\n\t\t\t\t\t\t\t\t\t\t\t\t\t<div class=\"project-img-wrapper\">\n                                \t\t\t\t\t\t\t\t<img decoding=\"async\" class=\"\" src=\"https:\/\/foodwaste.ch\/wp-content\/uploads\/2021\/02\/banbild-scaled-1-1024x683.jpg\">\n\t\t\t\t\t\t\t<\/div>\n\t\t\t\t\t\t\t\t\t\t\t\t\t\t\t\t\t\t\t<div class=\"project-logo-wrap\">\n\t\t\t\t\t\t\t\t<img decoding=\"async\" class=\"project-logo\" src=\"https:\/\/foodwaste.ch\/wp-content\/uploads\/2021\/02\/banlogo-300x300.png\">\n\t\t\t\t\t\t\t<\/div>\n\t\t\t\t\t\t\t\t\t\t\t<\/div>\n\t\t\t\t\t<div class=\"content-initiative\">\n\t\t\t\t\t\t<div class=\"header-initiative\">\n\t\t\t\t\t\t\t<h4>BONANA<\/h4>\n\t\t\t\t\t\t<\/div>\n\t\t\t\t\t\t<div class=\"teaser-initiative\">\n\t\t\t\t\t\t\t<p>BONANA produziert Fine Food aus Food Waste: Bananen werden vor dem Abfall gerettet und zu exklusiven Bananenbroten verarbeitet.<\/p>\n\t\t\t\t\t\t<\/div>\n\t\t\t\t\t\t<div class=\"allinfo-initiative\">\n\t\t\t\t\t\t\t<p>Braune, fleckige Bananen werden nicht mehr verkauft und viele Leute nehmen sie als ungeniessbar wahr. So sind Bananen ein sehr h\u00e4ufig verschwendetes Lebensmittel.<\/p>\n<p>Aus diesem Food Waste produziert BONANA Fine Food: Braune Bananen, die in Superm\u00e4rkten im Abfall landen w\u00fcrden, sind die Grundzutat f\u00fcr exklusive Bananenbrote, welche unglaublich lecker sind und die du mit gutem Gef\u00fchl geniessen kannst.<\/p>\n<p>&nbsp;<\/p>\n\t\t\t\t\t\t\t\n\t\t\t\t\t\t\t\t\t\t\t\t\t\t\t<div class=\"info\">\n\t\t\t\t\t\t\t\t\t\t<b>\n\t\t\t\t\t\t\t\t\t\t\tContact :\t\n\t\t\t\t\t\t\t\t\t\t<\/b>\n\t\t\t\t\t\t\t\t\t\t<p><a href=\"mailto:hello@bonana.ch\">hello@bonana.ch<\/a><\/p>\n\t\t\t\t\t\t\t\t<\/div>\n\t\t\t\t\t\t\t\n\t\t\t\t\t\t\t<ul class=\"networks\">\n\t\t\t\t\t\t\t\t\t\t\t\t\t\t\t<li class=\"website\"><a href=\"https:\/\/www.bonana.ch\/\" target=\"_blank\"><img loading=\"lazy\" decoding=\"async\" src=\"\/wp-content\/themes\/fw\/assets\/img\/link.svg\" alt=\"Link Icon\" width=\"24\" height=\"24\"><\/a><\/li>\n\t\t\t\t\t\t\t\t\t\t\t\t\t\t\t\t\t\t\t\t\t\t\t\t\t\t\t\t\t\t\t\t\t\t\n\t\t\t\t\t\t\t\t\t\t\t<li><a target=\"_blank\" href=\"https:\/\/www.instagram.com\/bonana.ch\/\"><img loading=\"lazy\" decoding=\"async\" src=\"\/wp-content\/themes\/fw\/assets\/img\/instagram.svg\" alt=\"Instagram Icon\" width=\"24\" height=\"24\"><\/a><\/li>\n\t\t\t\t\t\t\t\t\t\t\t\t\t\t\t\t\t\t\t\t\t<\/ul>\n\t\t\t\t\t\t\t\t\t\t\t\t\t\t\t\t\t<\/ul>\n\t\t\t\t\t\t<\/div>\n\t\t\t\t\t\t<a href=\"#\" class=\"btn plus wp-block-button__link wp-element-button more-initiative\">\n\t\t\t\t\t\t\t\t\t\t\t\t\t\tEn savoir plus\t\n\t\t\t\t\t\t<\/a>\n\t\t\t\t\t<\/div>\n\t\t\t\t<\/div>\n\t\t\t<\/div>\n\t\t\t\n\t\t\t\t<div id=\"12615\" class=\"post-item masonry-item 1648 1645 \" data-name=\"brewbee\">\n\t\t\t\t<div class=\"flex-grid-inner close\">\n\t\t\t\t\t<div class=\"img-initiative\">\n\t\t\t\t\t\t\t\t\t\t\t\t\t<div class=\"project-img-wrapper\">\n                                \t\t\t\t\t\t\t\t<img decoding=\"async\" class=\"\" src=\"https:\/\/foodwaste.ch\/wp-content\/uploads\/2022\/04\/brewbee-macht-Gutes-aus-Gutem-foodwaste.ch_-1024x683.jpg\">\n\t\t\t\t\t\t\t<\/div>\n\t\t\t\t\t\t\t\t\t\t\t\t\t\t\t\t\t\t\t<div class=\"project-logo-wrap\">\n\t\t\t\t\t\t\t\t<img decoding=\"async\" class=\"project-logo\" src=\"https:\/\/foodwaste.ch\/wp-content\/uploads\/2022\/04\/brewbee_logo_RGB-300x191.jpg\">\n\t\t\t\t\t\t\t<\/div>\n\t\t\t\t\t\t\t\t\t\t\t<\/div>\n\t\t\t\t\t<div class=\"content-initiative\">\n\t\t\t\t\t\t<div class=\"header-initiative\">\n\t\t\t\t\t\t\t<h4>brewbee<\/h4>\n\t\t\t\t\t\t<\/div>\n\t\t\t\t\t\t<div class=\"teaser-initiative\">\n\t\t\t\t\t\t\t<p>brewbee macht Gutes aus Gutem: Es rettet die wertvollen, ungenutzten Nebenprodukte aus der Brauerei und verwandelt sie f\u00fcr dich in genussvolles Food.<\/p>\n\t\t\t\t\t\t<\/div>\n\t\t\t\t\t\t<div class=\"allinfo-initiative\">\n\t\t\t\t\t\t\t<p>brewbee ist die innovative Food-Upcycling-Marke der Brauerei Locher. brewbee verwandelt Brauerei-Nebenprodukte wie Malztreber und Bierhefe in genussvolle, nachhaltige Lebensmittel und setzt sich so f\u00fcr weniger Foodwaste ein. Aktuell werden unter der Marke brewbee verschiedenste Sorten Pizzas, Tschipps, M\u00fcesli-Mix, Korn-Flakes sowie Birrattone produziert, die im Onlineshop der Brauerei Locher erh\u00e4ltlich sind. Weitere Produkte sowie der Verkauf im station\u00e4ren Handel sind in Planung.<\/p>\n\t\t\t\t\t\t\t\n\t\t\t\t\t\t\t\t\t\t\t\t\t\t\t<div class=\"info\">\n\t\t\t\t\t\t\t\t\t\t<b>\n\t\t\t\t\t\t\t\t\t\t\tContact :\t\n\t\t\t\t\t\t\t\t\t\t<\/b>\n\t\t\t\t\t\t\t\t\t\t<p><a href=\"mailto:info@brewbee.ch\">info@brewbee.ch<\/a><\/p>\n\t\t\t\t\t\t\t\t<\/div>\n\t\t\t\t\t\t\t\n\t\t\t\t\t\t\t<ul class=\"networks\">\n\t\t\t\t\t\t\t\t\t\t\t\t\t\t\t<li class=\"website\"><a href=\"https:\/\/brewbee.ch\" target=\"_blank\"><img loading=\"lazy\" decoding=\"async\" src=\"\/wp-content\/themes\/fw\/assets\/img\/link.svg\" alt=\"Link Icon\" width=\"24\" height=\"24\"><\/a><\/li>\n\t\t\t\t\t\t\t\t\t\t\t\t\t\t\t\t\t\t\t\t\t\t\t\t\t\t\t\t\t\t\t\t\t\t\n\t\t\t\t\t\t\t\t\t\t\t<li><a target=\"_blank\" href=\"https:\/\/www.instagram.com\/brewbee.ch\/\"><img loading=\"lazy\" decoding=\"async\" src=\"\/wp-content\/themes\/fw\/assets\/img\/instagram.svg\" alt=\"Instagram Icon\" width=\"24\" height=\"24\"><\/a><\/li>\n\t\t\t\t\t\t\t\t\t\t\t\t\t\t\t\t\t\t\t\t\t<\/ul>\n\t\t\t\t\t\t\t\t\t\t\t\t\t\t\t\t\t<\/ul>\n\t\t\t\t\t\t<\/div>\n\t\t\t\t\t\t<a href=\"#\" class=\"btn plus wp-block-button__link wp-element-button more-initiative\">\n\t\t\t\t\t\t\t\t\t\t\t\t\t\tEn savoir plus\t\n\t\t\t\t\t\t<\/a>\n\t\t\t\t\t<\/div>\n\t\t\t\t<\/div>\n\t\t\t<\/div>\n\t\t\t\n\t\t\t\t<div id=\"20362\" class=\"post-item masonry-item 1648 1644 1645 \" data-name=\"circunis\">\n\t\t\t\t<div class=\"flex-grid-inner close\">\n\t\t\t\t\t<div class=\"img-initiative\">\n\t\t\t\t\t\t\t\t\t\t\t\t\t<div class=\"project-img-wrapper\">\n                                \t\t\t\t\t\t\t\t<img decoding=\"async\" class=\"\" src=\"https:\/\/foodwaste.ch\/wp-content\/uploads\/2024\/05\/circunis_mockup_paprika_DD_E03_lores_1300x1300-1024x1024.jpg\">\n\t\t\t\t\t\t\t<\/div>\n\t\t\t\t\t\t\t\t\t\t\t\t\t\t\t\t\t\t\t<div class=\"project-logo-wrap\">\n\t\t\t\t\t\t\t\t<img decoding=\"async\" class=\"project-logo\" src=\"https:\/\/foodwaste.ch\/wp-content\/uploads\/2024\/05\/Logo_Circunis_Signet-und-Wortmarke_RGB_Blue-scaled-1-300x99.jpg\">\n\t\t\t\t\t\t\t<\/div>\n\t\t\t\t\t\t\t\t\t\t\t<\/div>\n\t\t\t\t\t<div class=\"content-initiative\">\n\t\t\t\t\t\t<div class=\"header-initiative\">\n\t\t\t\t\t\t\t<h4>Circunis<\/h4>\n\t\t\t\t\t\t<\/div>\n\t\t\t\t\t\t<div class=\"teaser-initiative\">\n\t\t\t\t\t\t\t\t\t\t\t\t\t<\/div>\n\t\t\t\t\t\t<div class=\"allinfo-initiative\">\n\t\t\t\t\t\t\t<p><strong>Wir machen es einfach, mit \u00dcberschuss zu arbeiten.<\/strong><\/p>\n<p>Der B2B-Marktplatz von Circunis soll \u00dcbersch\u00fcsse in Produktion und Verarbeitung sichtbar machen und einen Handel erm\u00f6glichen, so dass diese Waren verwertet werden k\u00f6nnen und im Kreislauf bleiben. Der B2B-Marktplatz steht allen Unternehmen und Organisationen in der Schweiz offen, die Lebensmittel produzieren, handeln oder verarbeiten, zum Beispiel Betrieben in der Landwirtschaft, Industrie, System- und Care Gastronomie oder im Grosshandel. Die Betriebe k\u00f6nnen so kosteneffizienter arbeiten: Sie sparen Lager- und Entsorgungskosten oder profitieren von vorteilhaften Konditionen im Einkauf.<\/p>\n\t\t\t\t\t\t\t\n\t\t\t\t\t\t\t\t\t\t\t\t\t\t\t<div class=\"info\">\n\t\t\t\t\t\t\t\t\t\t<b>\n\t\t\t\t\t\t\t\t\t\t\tContact :\t\n\t\t\t\t\t\t\t\t\t\t<\/b>\n\t\t\t\t\t\t\t\t\t\t<p><a href=\"mailto:info@circunis.ch\">info@circunis.ch <\/a><\/p>\n\t\t\t\t\t\t\t\t<\/div>\n\t\t\t\t\t\t\t\n\t\t\t\t\t\t\t<ul class=\"networks\">\n\t\t\t\t\t\t\t\t\t\t\t\t\t\t\t<li class=\"website\"><a href=\"https:\/\/circunis.ch\" target=\"_blank\"><img loading=\"lazy\" decoding=\"async\" src=\"\/wp-content\/themes\/fw\/assets\/img\/link.svg\" alt=\"Link Icon\" width=\"24\" height=\"24\"><\/a><\/li>\n\t\t\t\t\t\t\t\t\t\t\t\t\t\t\t\t\t\t\t\t\t\t\t\t\t\t\t\t\t\t\t\t\t\t\n\t\t\t\t\t\t\t\t\t\t\t<li><a target=\"_blank\" href=\"https:\/\/instagram.com\/circunis.ch\"><img loading=\"lazy\" decoding=\"async\" src=\"\/wp-content\/themes\/fw\/assets\/img\/instagram.svg\" alt=\"Instagram Icon\" width=\"24\" height=\"24\"><\/a><\/li>\n\t\t\t\t\t\t\t\t\t\t\t\t\t\t\t\t\t\t\t\t\t\n\t\t\t\t\t\t\t\t\t\t\t<li><a target=\"_blank\" href=\"https:\/\/www.linkedin.com\/company\/circunis\"><img loading=\"lazy\" decoding=\"async\" src=\"\/wp-content\/themes\/fw\/assets\/img\/linkedin.svg\" alt=\"LinkedIn Icon\" width=\"24\" height=\"24\"><\/a><\/li>\n\t\t\t\t\t\t\t\t\t\t\t\t\t\t\t\t\t\t\t\t\t<\/ul>\n\t\t\t\t\t\t\t\t\t\t\t\t\t\t\t\t\t<\/ul>\n\t\t\t\t\t\t<\/div>\n\t\t\t\t\t\t<a href=\"#\" class=\"btn plus wp-block-button__link wp-element-button more-initiative\">\n\t\t\t\t\t\t\t\t\t\t\t\t\t\tEn savoir plus\t\n\t\t\t\t\t\t<\/a>\n\t\t\t\t\t<\/div>\n\t\t\t\t<\/div>\n\t\t\t<\/div>\n\t\t\t\n\t\t\t\t<div id=\"26066\" class=\"post-item masonry-item 1641 2101 2093 1645 \" data-name=\"cooperative-la-vracrie\">\n\t\t\t\t<div class=\"flex-grid-inner close\">\n\t\t\t\t\t<div class=\"img-initiative\">\n\t\t\t\t\t\t\t\t\t\t\t\t\t<div class=\"project-img-wrapper\">\n                                \t\t\t\t\t\t\t\t<img decoding=\"async\" class=\"\" src=\"https:\/\/foodwaste.ch\/wp-content\/uploads\/2025\/07\/la-vracrie_photo-1024x768.jpg\">\n\t\t\t\t\t\t\t<\/div>\n\t\t\t\t\t\t\t\t\t\t\t\t\t\t\t\t\t\t\t<div class=\"project-logo-wrap\">\n\t\t\t\t\t\t\t\t<img decoding=\"async\" class=\"project-logo\" src=\"https:\/\/foodwaste.ch\/wp-content\/uploads\/2025\/07\/vracrie_logo-300x259.jpg\">\n\t\t\t\t\t\t\t<\/div>\n\t\t\t\t\t\t\t\t\t\t\t<\/div>\n\t\t\t\t\t<div class=\"content-initiative\">\n\t\t\t\t\t\t<div class=\"header-initiative\">\n\t\t\t\t\t\t\t<h4>Coop\u00e9rative La Vracrie<\/h4>\n\t\t\t\t\t\t<\/div>\n\t\t\t\t\t\t<div class=\"teaser-initiative\">\n\t\t\t\t\t\t\t<p>Epicerie coop\u00e9rative ouverte \u00e0 tous \u00e0 Praz dans le Vully. Produits en vrac, locaux, de saison, naturels et \u00e9thiques. <\/p>\n\t\t\t\t\t\t<\/div>\n\t\t\t\t\t\t<div class=\"allinfo-initiative\">\n\t\t\t\t\t\t\t<p>La Vracrie a ouvert ses portes le 15 janvier 2022 \u00e0 Praz, dans le Vully fribourgeois.<\/p>\n<p>La coop\u00e9rative compte \u00e0 ce jour une centaine de membres d\u2019horizons tr\u00e8s vari\u00e9s qui ont choisi de s\u2019engager pour proposer une \u00e9picerie favorisant une consommation locale, respectueuse de l\u2019environnement et durable, ayant \u00e9galement pour but de devenir un lieu de rencontre. La Vracrie est ouverte \u00e0 tous, coop\u00e9rateurs ou simples clients.<\/p>\n<p>L\u2019\u00e9picerie propose une large gamme de produits issu de la r\u00e9gion, tant au niveau alimentaire que non-alimentaire et plus de la moiti\u00e9 d\u2019entre eux sont certifi\u00e9s bio. L\u2019assortiment comprend des produits alimentaires tels que des fruits et l\u00e9gumes, des ol\u00e9agineux, des c\u00e9r\u00e9ales, des produits laitiers, des boissons ainsi que des produits m\u00e9nagers et cosm\u00e9tiques. Plus d\u2019une centaine sont propos\u00e9s en vrac afin de limiter ses d\u00e9chets et \u00e9viter le gaspillage. Nous avons \u00e0 c\u0153ur de privil\u00e9gier les producteurs locaux et le circuit court afin de garantir des produits frais de saison.<\/p>\n<p>Int\u00e9ress\u00e9(e) \u00e0 devenir coop\u00e9rateur.trice? Ram\u00e8ne ton bocal et rejoins La Vracrie.<\/p>\n\t\t\t\t\t\t\t\t\t\t\t\t\t\t\t<div class=\"address\">\n\t\t\t\t\t\t\t\t<b>\n\t\t\t\t\t\t\t\t\tSites :\t\n\t\t\t\t\t\t\t\t<\/b>\n\t\t\t\t\t\t\t\t<p>Route Principale 90<br \/>\n1788 Praz (Mont-Vully)<\/p>\n\t\t\t\t\t\t\t\t<\/div>\n\t\t\t\t\t\t\t\n\t\t\t\t\t\t\t\t\t\t\t\t\t\t\t<div class=\"info\">\n\t\t\t\t\t\t\t\t\t\t<b>\n\t\t\t\t\t\t\t\t\t\t\tContact :\t\n\t\t\t\t\t\t\t\t\t\t<\/b>\n\t\t\t\t\t\t\t\t\t\t<p><a href=\"mailto:info@lavracrie.ch\">info@lavracrie.ch<\/a><\/p>\n\t\t\t\t\t\t\t\t<\/div>\n\t\t\t\t\t\t\t\n\t\t\t\t\t\t\t<ul class=\"networks\">\n\t\t\t\t\t\t\t\t\t\t\t\t\t\t\t<li class=\"website\"><a href=\"https:\/\/www.lavracrie.ch\" target=\"_blank\"><img loading=\"lazy\" decoding=\"async\" src=\"\/wp-content\/themes\/fw\/assets\/img\/link.svg\" alt=\"Link Icon\" width=\"24\" height=\"24\"><\/a><\/li>\n\t\t\t\t\t\t\t\t\t\t\t\t\t\t\t\t\t\t\t\t\t\t\t\t\t\t\t\t\t\t\t\t\t\t\n\t\t\t\t\t\t\t\t\t\t\t<li><a target=\"_blank\" href=\"https:\/\/www.instagram.com\/la_vracrie\/\"><img loading=\"lazy\" decoding=\"async\" src=\"\/wp-content\/themes\/fw\/assets\/img\/instagram.svg\" alt=\"Instagram Icon\" width=\"24\" height=\"24\"><\/a><\/li>\n\t\t\t\t\t\t\t\t\t\t\t\t\t\t\t\t\t\t\t\t\t\n\t\t\t\t\t\t\t\t\t\t\t<li><a target=\"_blank\" href=\"https:\/\/www.facebook.com\/VracrieVully\"><img loading=\"lazy\" decoding=\"async\" src=\"\/wp-content\/themes\/fw\/assets\/img\/facebook.svg\" alt=\"Facebook Icon\" width=\"24\" height=\"24\"><\/a><\/li>\n\t\t\t\t\t\t\t\t\t\t\t\t\t\t\t\t\t\t\t\t\t<\/ul>\n\t\t\t\t\t\t\t\t\t\t\t\t\t\t\t\t\t<\/ul>\n\t\t\t\t\t\t<\/div>\n\t\t\t\t\t\t<a href=\"#\" class=\"btn plus wp-block-button__link wp-element-button more-initiative\">\n\t\t\t\t\t\t\t\t\t\t\t\t\t\tEn savoir plus\t\n\t\t\t\t\t\t<\/a>\n\t\t\t\t\t<\/div>\n\t\t\t\t<\/div>\n\t\t\t<\/div>\n\t\t\t\n\t\t\t\t<div id=\"12561\" class=\"post-item masonry-item 1638 1634 \" data-name=\"culinaria-wir-packen-ein\">\n\t\t\t\t<div class=\"flex-grid-inner close\">\n\t\t\t\t\t<div class=\"img-initiative\">\n\t\t\t\t\t\t\t\t\t\t\t\t\t<div class=\"project-img-wrapper\">\n                                \t\t\t\t\t\t\t\t<img decoding=\"async\" class=\"\" src=\"https:\/\/foodwaste.ch\/wp-content\/uploads\/2022\/03\/LM-Spende-shutterstock_1081004555.jpg\">\n\t\t\t\t\t\t\t<\/div>\n\t\t\t\t\t\t\t\t\t\t\t\t\t\t\t\t\t\t\t<div class=\"project-logo-wrap\">\n\t\t\t\t\t\t\t\t<img decoding=\"async\" class=\"project-logo\" src=\"https:\/\/foodwaste.ch\/wp-content\/uploads\/2022\/03\/logo-wir-packen-ein-216x300.png\">\n\t\t\t\t\t\t\t<\/div>\n\t\t\t\t\t\t\t\t\t\t\t<\/div>\n\t\t\t\t\t<div class=\"content-initiative\">\n\t\t\t\t\t\t<div class=\"header-initiative\">\n\t\t\t\t\t\t\t<h4>Culinaria \u2013 wir packen ein<\/h4>\n\t\t\t\t\t\t<\/div>\n\t\t\t\t\t\t<div class=\"teaser-initiative\">\n\t\t\t\t\t\t\t<p>Die regionale Drehscheibe wo die Verminderung von Food Waste in Zusammenhang mit Armutsbek\u00e4mpfung, Besch\u00e4ftigung und Beratung steht.<\/p>\n\t\t\t\t\t\t<\/div>\n\t\t\t\t\t\t<div class=\"allinfo-initiative\">\n\t\t\t\t\t\t\t<p>Culinaria \u2013 wir packen ein. Notwendig. Nachhaltig. Gemeinsam.<\/p>\n<p>Als Projekt der Fachstelle Arbeit der Gemeinde Wohlen hat sich Culinaria zum Ziel gesetzt, aktiv Food Waste zu retten und ihn an Bed\u00fcrftige weiterzugeben. Im Moment kommen rund 50 Familien der Gemeinde Wohlen w\u00f6chentlich Essen abholen, rund 180 Menschen profitieren von diesem Angebot.<br \/>\nCulinaria besch\u00e4ftigt Menschen, die \u00abwieso auch immer\u00bb beim Sozialdienst sind und sich eine Tagesstruktur w\u00fcnschen. F\u00fcr die meisten gibt es keinen Weg mehr zur\u00fcck in den Arbeitsmarkt. So besteht die Besch\u00e4ftigung aus Kochen, Fahren, Essen abpacken, umverteilen etc. Der n\u00e4chste Schritt der Abgabe ist eine niederschwellige Beratung vor Ort anbieten zu k\u00f6nnen.<br \/>\nZuk\u00fcnftig will Culinaria auch zur Lebensmittel-Drehscheibe werden, die \u00fcbersch\u00fcssige Lebensmittel verarbeiten kann und regionale Produzenten in ihrer Arbeit auf dem Feld oder in der Produktion unterst\u00fctzen wird.<\/p>\n\t\t\t\t\t\t\t\t\t\t\t\t\t\t\t<div class=\"address\">\n\t\t\t\t\t\t\t\t<b>\n\t\t\t\t\t\t\t\t\tSites :\t\n\t\t\t\t\t\t\t\t<\/b>\n\t\t\t\t\t\t\t\t<p>3033 Wohlen bei Bern<\/p>\n\t\t\t\t\t\t\t\t<\/div>\n\t\t\t\t\t\t\t\n\t\t\t\t\t\t\t\t\t\t\t\t\t\t\t<div class=\"info\">\n\t\t\t\t\t\t\t\t\t\t<b>\n\t\t\t\t\t\t\t\t\t\t\tContact :\t\n\t\t\t\t\t\t\t\t\t\t<\/b>\n\t\t\t\t\t\t\t\t\t\t<p><a href=\"mailto:info@culinaria-wirtischenauf.ch\">info@culinaria-wirtischenauf.ch<\/a><\/p>\n\t\t\t\t\t\t\t\t<\/div>\n\t\t\t\t\t\t\t\n\t\t\t\t\t\t\t<ul class=\"networks\">\n\t\t\t\t\t\t\t\t\t\t\t\t\t\t\t<li class=\"website\"><a href=\"https:\/\/www.culinaria-wirtischenauf.ch\/\" target=\"_blank\"><img loading=\"lazy\" decoding=\"async\" src=\"\/wp-content\/themes\/fw\/assets\/img\/link.svg\" alt=\"Link Icon\" width=\"24\" height=\"24\"><\/a><\/li>\n\t\t\t\t\t\t\t\t\t\t\t\t\t\t\t\t\t\t\t\t\t\t<\/ul>\n\t\t\t\t\t\t<\/div>\n\t\t\t\t\t\t<a href=\"#\" class=\"btn plus wp-block-button__link wp-element-button more-initiative\">\n\t\t\t\t\t\t\t\t\t\t\t\t\t\tEn savoir plus\t\n\t\t\t\t\t\t<\/a>\n\t\t\t\t\t<\/div>\n\t\t\t\t<\/div>\n\t\t\t<\/div>\n\t\t\t\n\t\t\t\t<div id=\"10744\" class=\"post-item masonry-item 1641 1647 \" data-name=\"cultive-toi\">\n\t\t\t\t<div class=\"flex-grid-inner close\">\n\t\t\t\t\t<div class=\"img-initiative\">\n\t\t\t\t\t\t\t\t\t\t\t\t\t<div class=\"project-img-wrapper\">\n                                \t\t\t\t\t\t\t\t<img decoding=\"async\" class=\"\" src=\"https:\/\/foodwaste.ch\/wp-content\/uploads\/2020\/10\/cultivetoi-bild.jpg\">\n\t\t\t\t\t\t\t<\/div>\n\t\t\t\t\t\t\t\t\t\t\t\t\t\t\t\t\t\t\t<div class=\"project-logo-wrap\">\n\t\t\t\t\t\t\t\t<img decoding=\"async\" class=\"project-logo\" src=\"https:\/\/foodwaste.ch\/wp-content\/uploads\/2020\/10\/cultivetoi-300x205.jpg\">\n\t\t\t\t\t\t\t<\/div>\n\t\t\t\t\t\t\t\t\t\t\t<\/div>\n\t\t\t\t\t<div class=\"content-initiative\">\n\t\t\t\t\t\t<div class=\"header-initiative\">\n\t\t\t\t\t\t\t<h4>cultive-toi<\/h4>\n\t\t\t\t\t\t<\/div>\n\t\t\t\t\t\t<div class=\"teaser-initiative\">\n\t\t\t\t\t\t\t<p>L&rsquo;association cultive-toi est un projet participatif qui r\u00e9colte et conserve des l\u00e9gumes et fruits non utilis\u00e9s.<\/p>\n\t\t\t\t\t\t<\/div>\n\t\t\t\t\t\t<div class=\"allinfo-initiative\">\n\t\t\t\t\t\t\t<div id=\"comp-jx4hinj3\" class=\"_1Z_nJ\" data-testid=\"richTextElement\">\n<p class=\"font_8\">L\u2019association cultive toi r\u00e9agit contre le gaspillage alimentaire en proposant des solutions pour la conservation de fruits et l\u00e9gumes non r\u00e9colt\u00e9s.\u00a0 Elle aborde la probl\u00e9matique en amont et propose des solutions afin d\u2019\u00e9viter le gaspillage des denr\u00e9es avant leur commercialisation \u00e0 travers trois projets concrets: r\u00e9colte-moi, conserve-moi et mange-moi.<\/p>\n<p class=\"font_8\">L\u2019association fait appel aux citoyens qui auraient envie de soutenir ses projets, chacun \u00e0 leur mani\u00e8re. Connaissez-vous des agriculteurs ou des particuliers qui n\u2019ont pas le temps de r\u00e9colter leurs fruits et l\u00e9gumes ou qui ont en trop? Avez-vous des r\u00e9cipients en verre, des caisses et cagettes, des outils de jardin ou ustensiles de cuisine en trop? Alors contactez l\u2019association cultive toi qui passera r\u00e9colter les fruits et l\u00e9gumes abandonn\u00e9s ainsi que r\u00e9cup\u00e9rer le mat\u00e9riel dont vous ne faites plus usage.<\/p>\n<p>Avez-vous envie de rencontrer des gens en r\u00e9coltant des fruits et l\u00e9gumes abandonn\u00e9s ? Ou souhaitez-vous participer aux ateliers de transformation de ces aliments r\u00e9cup\u00e9rer ? Si oui n&rsquo;h\u00e9sitez pas \u00e0 vous inscrire sur notre <a href=\"https:\/\/chat.whatsapp.com\/GE8ROxClRU8FkEAknLQAhH\" target=\"_blank\" rel=\"noopener\">groupe WhatsApp<\/a> o\u00f9 les actions sont organis\u00e9es.<\/p>\n<\/div>\n\t\t\t\t\t\t\t\t\t\t\t\t\t\t\t<div class=\"address\">\n\t\t\t\t\t\t\t\t<b>\n\t\t\t\t\t\t\t\t\tSites :\t\n\t\t\t\t\t\t\t\t<\/b>\n\t\t\t\t\t\t\t\t\t\t\t\t\t\t\t\t<\/div>\n\t\t\t\t\t\t\t\n\t\t\t\t\t\t\t\t\t\t\t\t\t\t\t<div class=\"info\">\n\t\t\t\t\t\t\t\t\t\t<b>\n\t\t\t\t\t\t\t\t\t\t\tContact :\t\n\t\t\t\t\t\t\t\t\t\t<\/b>\n\t\t\t\t\t\t\t\t\t\t<p><span class=\"color_11\"><a href=\"mailto:info@cultive-toi.ch\">info@cultive-toi.ch<\/a><\/span><\/p>\n\t\t\t\t\t\t\t\t<\/div>\n\t\t\t\t\t\t\t\n\t\t\t\t\t\t\t<ul class=\"networks\">\n\t\t\t\t\t\t\t\t\t\t\t\t\t\t\t<li class=\"website\"><a href=\"https:\/\/www.cultive-toi.ch\/\" target=\"_blank\"><img loading=\"lazy\" decoding=\"async\" src=\"\/wp-content\/themes\/fw\/assets\/img\/link.svg\" alt=\"Link Icon\" width=\"24\" height=\"24\"><\/a><\/li>\n\t\t\t\t\t\t\t\t\t\t\t\t\t\t\t\t\t\t\t\t\t\t\t\t\t\t\t\t\t\t\t\t\t\t\n\t\t\t\t\t\t\t\t\t\t\t<li><a target=\"_blank\" href=\"https:\/\/www.facebook.com\/associationcultivetoi\"><img loading=\"lazy\" decoding=\"async\" src=\"\/wp-content\/themes\/fw\/assets\/img\/facebook.svg\" alt=\"Facebook Icon\" width=\"24\" height=\"24\"><\/a><\/li>\n\t\t\t\t\t\t\t\t\t\t\t\t\t\t\t\t\t\t\t\t\t\n\t\t\t\t\t\t\t\t\t\t\t<li><a target=\"_blank\" href=\"https:\/\/www.instagram.com\/cultivetoi_association\/\"><img loading=\"lazy\" decoding=\"async\" src=\"\/wp-content\/themes\/fw\/assets\/img\/instagram.svg\" alt=\"Instagram Icon\" width=\"24\" height=\"24\"><\/a><\/li>\n\t\t\t\t\t\t\t\t\t\t\t\t\t\t\t\t\t\t\t\t\t\n\t\t\t\t\t\t\t\t\t\t\t<li><a target=\"_blank\" href=\"https:\/\/chat.whatsapp.com\/GE8ROxClRU8FkEAknLQAhH\"><img loading=\"lazy\" decoding=\"async\" src=\"\/wp-content\/themes\/fw\/assets\/img\/link.svg\" alt=\"Link Icon\" width=\"24\" height=\"24\"><\/a><\/li>\n\t\t\t\t\t\t\t\t\t\t\t\t\t\t\t\t\t\t\t\t\t<\/ul>\n\t\t\t\t\t\t\t\t\t\t\t\t\t\t\t\t\t<\/ul>\n\t\t\t\t\t\t<\/div>\n\t\t\t\t\t\t<a href=\"#\" class=\"btn plus wp-block-button__link wp-element-button more-initiative\">\n\t\t\t\t\t\t\t\t\t\t\t\t\t\tEn savoir plus\t\n\t\t\t\t\t\t<\/a>\n\t\t\t\t\t<\/div>\n\t\t\t\t<\/div>\n\t\t\t<\/div>\n\t\t\t\n\t\t\t\t<div id=\"16209\" class=\"post-item masonry-item 1640 1647 1646 \" data-name=\"dialog-im-quartier\">\n\t\t\t\t<div class=\"flex-grid-inner close\">\n\t\t\t\t\t<div class=\"img-initiative\">\n\t\t\t\t\t\t\t\t\t\t\t\t\t<div class=\"project-img-wrapper\">\n                                \t\t\t\t\t\t\t\t<img decoding=\"async\" class=\"\" src=\"https:\/\/foodwaste.ch\/wp-content\/uploads\/2023\/07\/dialog-bild-768x1024.jpg\">\n\t\t\t\t\t\t\t<\/div>\n\t\t\t\t\t\t\t\t\t\t\t\t\t\t\t\t\t\t\t<div class=\"project-logo-wrap\">\n\t\t\t\t\t\t\t\t<img decoding=\"async\" class=\"project-logo\" src=\"https:\/\/foodwaste.ch\/wp-content\/uploads\/2023\/07\/Dialog-im-Quartier-logo-278x300.jpg\">\n\t\t\t\t\t\t\t<\/div>\n\t\t\t\t\t\t\t\t\t\t\t<\/div>\n\t\t\t\t\t<div class=\"content-initiative\">\n\t\t\t\t\t\t<div class=\"header-initiative\">\n\t\t\t\t\t\t\t<h4>Dialog im Quartier<\/h4>\n\t\t\t\t\t\t<\/div>\n\t\t\t\t\t\t<div class=\"teaser-initiative\">\n\t\t\t\t\t\t\t<p>\u00abDialog im Quartier \u2013 Dein Quartier isst nachhaltig\u00bb ist ein Programm, das durch kollektive Ver\u00e4nderungen von Ern\u00e4hrungsgewohnheiten und Strukturen im Quartier einen nachhaltigen Ern\u00e4hrungsalltag m\u00f6glich macht. <\/p>\n\t\t\t\t\t\t<\/div>\n\t\t\t\t\t\t<div class=\"allinfo-initiative\">\n\t\t\t\t\t\t\t<p>Zusammen mit anderen Quartierbewohner:innen und lokalen Akteur:innen werden individuelle Micro Habits f\u00fcr nachhaltige Ern\u00e4hrungsgewohnheiten in Privathaushalten etabliert &#8211; darunter auch solche, die Food Waste vorbeugen. Der Schwerpunkt liegt auf dem Mitmachen: Durch kurze Interaktionen im Workshop soll zum selbst\u00e4ndigen Handeln daheim angeregt werden. Der Fokus liegt auf Mitmachaktionen, Parcours, Workshops. Hintergrundinformationen zu Produktherkunft, Wissen \u00fcber die Wertsch\u00f6pfungskette der Produkte und wissenschaftliche Erkenntnisse zur nachhaltigen Ern\u00e4hrung werden im Kontext integriert und auf leicht verst\u00e4ndliche Weise vermittelt.<\/p>\n\t\t\t\t\t\t\t\t\t\t\t\t\t\t\t<div class=\"address\">\n\t\t\t\t\t\t\t\t<b>\n\t\t\t\t\t\t\t\t\tSites :\t\n\t\t\t\t\t\t\t\t<\/b>\n\t\t\t\t\t\t\t\t<p>Plant Science Center, ETH Z\u00fcrich<\/p>\n\t\t\t\t\t\t\t\t<\/div>\n\t\t\t\t\t\t\t\n\t\t\t\t\t\t\t\t\t\t\t\t\t\t\t<div class=\"info\">\n\t\t\t\t\t\t\t\t\t\t<b>\n\t\t\t\t\t\t\t\t\t\t\tContact :\t\n\t\t\t\t\t\t\t\t\t\t<\/b>\n\t\t\t\t\t\t\t\t\t\t<p><a href=\"mailto:mail@deinquartiernachhaltig.org\">mail@deinquartiernachhaltig.org<\/a><\/p>\n\t\t\t\t\t\t\t\t<\/div>\n\t\t\t\t\t\t\t\n\t\t\t\t\t\t\t<ul class=\"networks\">\n\t\t\t\t\t\t\t\t\t\t\t\t\t\t\t<li class=\"website\"><a href=\"https:\/\/deinquartiernachhaltig.org\" target=\"_blank\"><img loading=\"lazy\" decoding=\"async\" src=\"\/wp-content\/themes\/fw\/assets\/img\/link.svg\" alt=\"Link Icon\" width=\"24\" height=\"24\"><\/a><\/li>\n\t\t\t\t\t\t\t\t\t\t\t\t\t\t\t\t\t\t\t\t\t\t<\/ul>\n\t\t\t\t\t\t<\/div>\n\t\t\t\t\t\t<a href=\"#\" class=\"btn plus wp-block-button__link wp-element-button more-initiative\">\n\t\t\t\t\t\t\t\t\t\t\t\t\t\tEn savoir plus\t\n\t\t\t\t\t\t<\/a>\n\t\t\t\t\t<\/div>\n\t\t\t\t<\/div>\n\t\t\t<\/div>\n\t\t\t\n\t\t\t\t<div id=\"11022\" class=\"post-item masonry-item 1648 1645 \" data-name=\"die-schweizer-henne\">\n\t\t\t\t<div class=\"flex-grid-inner close\">\n\t\t\t\t\t<div class=\"img-initiative\">\n\t\t\t\t\t\t\t\t\t\t\t\t\t<div class=\"project-img-wrapper\">\n                                \t\t\t\t\t\t\t\t<img decoding=\"async\" class=\"\" src=\"https:\/\/foodwaste.ch\/wp-content\/uploads\/2021\/02\/suppenhuhn.jpg\">\n\t\t\t\t\t\t\t<\/div>\n\t\t\t\t\t\t\t\t\t\t\t\t\t\t\t\t\t\t\t<div class=\"project-logo-wrap\">\n\t\t\t\t\t\t\t\t<img decoding=\"async\" class=\"project-logo\" src=\"https:\/\/foodwaste.ch\/wp-content\/uploads\/2021\/02\/logo-die-schweizer-henne_farbig-RGB-D_1667x1455px_480x480-300x262.webp\">\n\t\t\t\t\t\t\t<\/div>\n\t\t\t\t\t\t\t\t\t\t\t<\/div>\n\t\t\t\t\t<div class=\"content-initiative\">\n\t\t\t\t\t\t<div class=\"header-initiative\">\n\t\t\t\t\t\t\t<h4>Die Schweizer Henne<\/h4>\n\t\t\t\t\t\t<\/div>\n\t\t\t\t\t\t<div class=\"teaser-initiative\">\n\t\t\t\t\t\t\t<p>Legehennen werden \u00fcblicherweise nach rund 500 Tagen geschlachtet, weil ihre Legeleistung nachl\u00e4sst. Was passiert jetzt mit den H\u00fchnern? Im Sinne einer optimalen Ressourcenverwendung wird ihr Fleisch als Suppenhuhn genutzt.<\/p>\n\t\t\t\t\t\t<\/div>\n\t\t\t\t\t\t<div class=\"allinfo-initiative\">\n\t\t\t\t\t\t\t<p>Hast du gewusst, dass eine H\u00fchnersuppe entz\u00fcndungshemmend und schleimhautabschwellend wirkt und so das ideale St\u00e4rkungsmittel bei Erk\u00e4ltungen ist? Es gibt Legehennen aber auch in Form von Bratw\u00fcrsten, Hackfleisch oder Pulled Chicken Burger zu kaufen. Suppenh\u00fchner gibt es in der Metzgerei oder direkt beim Eierproduktionsbetrieb (siehe <a href=\"https:\/\/www.gallosuisse.ch\/huehner\/legehennenfleisch\" target=\"_blank\" rel=\"noopener\">Verzeichnis<\/a>) zu kaufen.<\/p>\n\t\t\t\t\t\t\t\n\t\t\t\t\t\t\t\n\t\t\t\t\t\t\t<ul class=\"networks\">\n\t\t\t\t\t\t\t\t\t\t\t\t\t\t\t<li class=\"website\"><a href=\"https:\/\/www.gallosuisse.ch\/huehner\/legehennenfleisch\" target=\"_blank\"><img loading=\"lazy\" decoding=\"async\" src=\"\/wp-content\/themes\/fw\/assets\/img\/link.svg\" alt=\"Link Icon\" width=\"24\" height=\"24\"><\/a><\/li>\n\t\t\t\t\t\t\t\t\t\t\t\t\t\t\t\t\t\t\t\t\t\t<\/ul>\n\t\t\t\t\t\t<\/div>\n\t\t\t\t\t\t<a href=\"#\" class=\"btn plus wp-block-button__link wp-element-button more-initiative\">\n\t\t\t\t\t\t\t\t\t\t\t\t\t\tEn savoir plus\t\n\t\t\t\t\t\t<\/a>\n\t\t\t\t\t<\/div>\n\t\t\t\t<\/div>\n\t\t\t<\/div>\n\t\t\t\n\t\t\t\t<div id=\"10128\" class=\"post-item masonry-item 1638 1645 1647 \" data-name=\"dr-konfimaa\">\n\t\t\t\t<div class=\"flex-grid-inner close\">\n\t\t\t\t\t<div class=\"img-initiative\">\n\t\t\t\t\t\t\t\t\t\t\t\t\t<div class=\"project-img-wrapper\">\n                                \t\t\t\t\t\t\t\t<img decoding=\"async\" class=\"\" src=\"https:\/\/foodwaste.ch\/wp-content\/uploads\/2020\/05\/konfimaa.jpg\">\n\t\t\t\t\t\t\t<\/div>\n\t\t\t\t\t\t\t\t\t\t\t\t\t\t\t\t\t<\/div>\n\t\t\t\t\t<div class=\"content-initiative\">\n\t\t\t\t\t\t<div class=\"header-initiative\">\n\t\t\t\t\t\t\t<h4>dr Konfimaa<\/h4>\n\t\t\t\t\t\t<\/div>\n\t\t\t\t\t\t<div class=\"teaser-initiative\">\n\t\t\t\t\t\t\t<p>Handgemachte bio-Konfi aus \u00fcbersch\u00fcssigen Fr\u00fcchten, im Abo zu dir nach Hause geliefert<\/p>\n\t\t\t\t\t\t<\/div>\n\t\t\t\t\t\t<div class=\"allinfo-initiative\">\n\t\t\t\t\t\t\t<p>\u00ab\u00a0Dr Konfimaa\u00a0\u00bb Janosch Szabo pfl\u00fcckt bei umliegenden Bauern Fr\u00fcchte, die sonst niemand essen w\u00fcrde und verarbeitet diese zusammen mit selber gesammelten Wildfr\u00fcchten zu Konfit\u00fcren: Es gibt welche aus Himbeeren, Brombeeren, Kornelkirschen, Mirabellen, Heidelbeeren, Birnen; immer in bio-Qualit\u00e4t und mit so wenig Zucker wie m\u00f6glich.<\/p>\n<p>Das Praktische dabei: Seine Kunden erhalten die Konfi im Abonnement monatlich oder alle zwei Monate nach Hause geliefert.<\/p>\n<p>Wer beim Ernten der Fr\u00fcchte mitmachen will, melde sich bei Janosch, er kann immer wieder mal helfende H\u00e4nde gebrauchen.<\/p>\n\t\t\t\t\t\t\t\t\t\t\t\t\t\t\t<div class=\"address\">\n\t\t\t\t\t\t\t\t<b>\n\t\t\t\t\t\t\t\t\tSites :\t\n\t\t\t\t\t\t\t\t<\/b>\n\t\t\t\t\t\t\t\t\t\t\t\t\t\t\t\t<\/div>\n\t\t\t\t\t\t\t\n\t\t\t\t\t\t\t\n\t\t\t\t\t\t\t<ul class=\"networks\">\n\t\t\t\t\t\t\t\t\t\t\t\t\t\t\t<li class=\"website\"><a href=\"https:\/\/konfimaa.ch\/\" target=\"_blank\"><img loading=\"lazy\" decoding=\"async\" src=\"\/wp-content\/themes\/fw\/assets\/img\/link.svg\" alt=\"Link Icon\" width=\"24\" height=\"24\"><\/a><\/li>\n\t\t\t\t\t\t\t\t\t\t\t\t\t\t\t\t\t\t\t\t\t\t<\/ul>\n\t\t\t\t\t\t<\/div>\n\t\t\t\t\t\t<a href=\"#\" class=\"btn plus wp-block-button__link wp-element-button more-initiative\">\n\t\t\t\t\t\t\t\t\t\t\t\t\t\tEn savoir plus\t\n\t\t\t\t\t\t<\/a>\n\t\t\t\t\t<\/div>\n\t\t\t\t<\/div>\n\t\t\t<\/div>\n\t\t\t\n\t\t\t\t<div id=\"10724\" class=\"post-item masonry-item 1648 1644 \" data-name=\"eatable\">\n\t\t\t\t<div class=\"flex-grid-inner close\">\n\t\t\t\t\t<div class=\"img-initiative\">\n\t\t\t\t\t\t\t\t\t\t\t\t\t<div class=\"project-img-wrapper\">\n                                \t\t\t\t\t\t\t\t<img decoding=\"async\" class=\"\" src=\"https:\/\/foodwaste.ch\/wp-content\/uploads\/2020\/10\/v1_eatable_sehr-klein.png\">\n\t\t\t\t\t\t\t<\/div>\n\t\t\t\t\t\t\t\t\t\t\t\t\t\t\t\t\t\t\t<div class=\"project-logo-wrap\">\n\t\t\t\t\t\t\t\t<img decoding=\"async\" class=\"project-logo\" src=\"https:\/\/foodwaste.ch\/wp-content\/uploads\/2020\/10\/logo_eatable-300x112.png\">\n\t\t\t\t\t\t\t<\/div>\n\t\t\t\t\t\t\t\t\t\t\t<\/div>\n\t\t\t\t\t<div class=\"content-initiative\">\n\t\t\t\t\t\t<div class=\"header-initiative\">\n\t\t\t\t\t\t\t<h4>eatable<\/h4>\n\t\t\t\t\t\t<\/div>\n\t\t\t\t\t\t<div class=\"teaser-initiative\">\n\t\t\t\t\t\t\t<p>eatable ist eine kreative Food-Waste-App, welche Privatpersonen dabei unterst\u00fctzt, aus ihren zu Hause vorhandenen Zutaten (seien es Reste oder frisch gekaufte Lebensmittel) erstaunliche und nachhaltige Gerichte zu zaubern.<\/p>\n\t\t\t\t\t\t<\/div>\n\t\t\t\t\t\t<div class=\"allinfo-initiative\">\n\t\t\t\t\t\t\t<p>eatable ist eine kreative Food-Waste-App, welche Privatpersonen dabei unterst\u00fctzt, aus ihren zu Hause vorhandenen Zutaten (seien es Reste oder frisch gekaufte Lebensmittel) erstaunliche und nachhaltige Gerichte zu zaubern.<\/p>\n<p>Wie oft schaut man in den K\u00fchlschrank und sieht auf den ersten Blick nur wenige Zutaten, die zudem nicht einmal richtig zusammenzupassen scheinen? Dank eatable tippt man ganz unkompliziert auf die personalisierbaren Icons auf dem Home Screen der App oder gibt seine Zutaten ins Suchfeld ein. Die App generiert diverse Rezeptvorschl\u00e4ge, und zeigt, welche unerwarteten K\u00f6stlichkeiten man aus den vorhandenen Zutaten zaubern kann. Der Fokus liegt dabei stets darauf, mit den vorgeschlagenen Rezeptideen m\u00f6glichst viel der angegebenen Lebensmittel verwenden zu k\u00f6nnen. Sollten trotzdem noch vereinzelte Zutaten fehlen, hilft der integrierte Shop-Finder dabei, diese Zutaten m\u00f6glichst einfach und nachhaltig zu besorgen. Mit der App k\u00f6nnen also gleichzeitig neue spannende Rezepte entdeckt werden wie auch Kochkompetenz erweitert werden. Und das Wichtigste: Man tr\u00e4gt dabei auch im pers\u00f6nlichen Alltag etwas zur Reduktion von Food Waste und somit f\u00fcr einer nachhaltigeren Zukunft bei.<\/p>\n<p>Die App befindet sich zurzeit in der Entwicklungsphase und sucht Testpersonen.<\/p>\n\t\t\t\t\t\t\t\n\t\t\t\t\t\t\t\t\t\t\t\t\t\t\t<div class=\"info\">\n\t\t\t\t\t\t\t\t\t\t<b>\n\t\t\t\t\t\t\t\t\t\t\tContact :\t\n\t\t\t\t\t\t\t\t\t\t<\/b>\n\t\t\t\t\t\t\t\t\t\t<p><a href=\"mailto:hello@eatable.ch\">hello@eatable.ch<\/a><\/p>\n\t\t\t\t\t\t\t\t<\/div>\n\t\t\t\t\t\t\t\n\t\t\t\t\t\t\t<ul class=\"networks\">\n\t\t\t\t\t\t\t\t\t\t\t\t\t\t\t<li class=\"website\"><a href=\"https:\/\/eatable.ch\/\" target=\"_blank\"><img loading=\"lazy\" decoding=\"async\" src=\"\/wp-content\/themes\/fw\/assets\/img\/link.svg\" alt=\"Link Icon\" width=\"24\" height=\"24\"><\/a><\/li>\n\t\t\t\t\t\t\t\t\t\t\t\t\t\t\t\t\t\t\t\t\t\t<\/ul>\n\t\t\t\t\t\t<\/div>\n\t\t\t\t\t\t<a href=\"#\" class=\"btn plus wp-block-button__link wp-element-button more-initiative\">\n\t\t\t\t\t\t\t\t\t\t\t\t\t\tEn savoir plus\t\n\t\t\t\t\t\t<\/a>\n\t\t\t\t\t<\/div>\n\t\t\t\t<\/div>\n\t\t\t<\/div>\n\t\t\t\n\t\t\t\t<div id=\"6210\" class=\"post-item masonry-item 1640 1647 \" data-name=\"einmach-bibliothek\">\n\t\t\t\t<div class=\"flex-grid-inner close\">\n\t\t\t\t\t<div class=\"img-initiative\">\n\t\t\t\t\t\t\t\t\t\t\t\t\t<div class=\"project-img-wrapper\">\n                                \t\t\t\t\t\t\t\t<img decoding=\"async\" class=\"\" src=\"https:\/\/foodwaste.ch\/wp-content\/uploads\/2019\/03\/Einmachen_bild-1024x576.jpg\">\n\t\t\t\t\t\t\t<\/div>\n\t\t\t\t\t\t\t\t\t\t\t\t\t\t\t\t\t\t\t<div class=\"project-logo-wrap\">\n\t\t\t\t\t\t\t\t<img decoding=\"async\" class=\"project-logo\" src=\"https:\/\/foodwaste.ch\/wp-content\/uploads\/2019\/03\/Logo_einmach_biblio-300x294.png\">\n\t\t\t\t\t\t\t<\/div>\n\t\t\t\t\t\t\t\t\t\t\t<\/div>\n\t\t\t\t\t<div class=\"content-initiative\">\n\t\t\t\t\t\t<div class=\"header-initiative\">\n\t\t\t\t\t\t\t<h4>Einmach Bibliothek<\/h4>\n\t\t\t\t\t\t<\/div>\n\t\t\t\t\t\t<div class=\"teaser-initiative\">\n\t\t\t\t\t\t\t<p>In der Einmach Bibliothek kannst du Einmachwerkzeuge ausleihen oder nutzen, aus \u00dcbersch\u00fcssen Eingemachtes machen, Workshops besuchen und die Techniken des Einmachens und Konservierens lernen.<br \/>\nZudem kannst du jeden Mittwoch auf der Guggach Brache Bio-Gem\u00fcse retten!<\/p>\n\t\t\t\t\t\t<\/div>\n\t\t\t\t\t\t<div class=\"allinfo-initiative\">\n\t\t\t\t\t\t\t<p>In der Einmach Bibliothek kannst du Material ausleihen, um dein eigenes Gem\u00fcse oder deine eigenen Fr\u00fcchte zu konservieren.<br \/>\nDu kannst aber auch an Workshops teilnehmen und so das n\u00f6tige Handwerk erlernen.<\/p>\n<p>Durch das Konservieren, Einmachen, Fermentieren und D\u00f6rren setzt du einen wichtigen Gegentrend zur Lebensmittelverschwendung.<br \/>\nAusserdem erlebst du echte Gemeinschaft, wenn sich viele Menschen mit interessanten Geschichten um einen grossen Tisch versammeln und gemeinsam Fr\u00fcchte und Gem\u00fcse sch\u00e4len und zur weiteren Verarbeitung vorbereiten.<br \/>\nDu tr\u00e4gst zum Klimaschutz bei, wenn du Produkte aus regionaler und nachhaltiger Landwirtschaft zu Eingemachtem verarbeitest. Oben drauf erf\u00e4hrst du auch was Suffizienz f\u00fcr dich bedeutet. Wenn du deine eingemachten Gl\u00e4ser siehst, wird dir schnell bewusst, dass du f\u00fcr die bevorstehende Saison gewappnet bist und du reflektierst dein Konsumverhalten kritisch.<\/p>\n<p>Jeden Mittwoch von 17.00 bis 19.00 Uhr kannst du auf der Guggach Brache in Z\u00fcrich leckeres Bio-Gem\u00fcse retten. Geh vorbei, entscheide, was dir das Gem\u00fcse wert ist und zaubere dir aus den geretteten Lebensmitteln eine leckere Mahlzeit.<\/p>\n<p>&nbsp;<\/p>\n\t\t\t\t\t\t\t\t\t\t\t\t\t\t\t<div class=\"address\">\n\t\t\t\t\t\t\t\t<b>\n\t\t\t\t\t\t\t\t\tSites :\t\n\t\t\t\t\t\t\t\t<\/b>\n\t\t\t\t\t\t\t\t<p>Einmach Bibliothek: Brache Guggach, Ecke Wehntaler- \/ Hofwiesenstrasse, Wehntalerstr. 109 (Werkhof-Geb\u00e4ude), 8057 Z\u00fcrich<\/p>\n\t\t\t\t\t\t\t\t<\/div>\n\t\t\t\t\t\t\t\n\t\t\t\t\t\t\t\t\t\t\t\t\t\t\t<div class=\"info\">\n\t\t\t\t\t\t\t\t\t\t<b>\n\t\t\t\t\t\t\t\t\t\t\tContact :\t\n\t\t\t\t\t\t\t\t\t\t<\/b>\n\t\t\t\t\t\t\t\t\t\t<p><a href=\"mailto:mail@einmachbibliothek.ch\">mail@einmachbibliothek.ch<\/a><\/p>\n\t\t\t\t\t\t\t\t<\/div>\n\t\t\t\t\t\t\t\n\t\t\t\t\t\t\t<ul class=\"networks\">\n\t\t\t\t\t\t\t\t\t\t\t\t\t\t\t<li class=\"website\"><a href=\"https:\/\/einmachbibliothek.ch\/\" target=\"_blank\"><img loading=\"lazy\" decoding=\"async\" src=\"\/wp-content\/themes\/fw\/assets\/img\/link.svg\" alt=\"Link Icon\" width=\"24\" height=\"24\"><\/a><\/li>\n\t\t\t\t\t\t\t\t\t\t\t\t\t\t\t\t\t\t\t\t\t\t\t\t\t\t\t\t\t\t\t\t\t\t\n\t\t\t\t\t\t\t\t\t\t\t<li><a target=\"_blank\" href=\"https:\/\/www.facebook.com\/pg\/Einmach\/about\/?ref=page_internal\"><img loading=\"lazy\" decoding=\"async\" src=\"\/wp-content\/themes\/fw\/assets\/img\/facebook.svg\" alt=\"Facebook Icon\" width=\"24\" height=\"24\"><\/a><\/li>\n\t\t\t\t\t\t\t\t\t\t\t\t\t\t\t\t\t\t\t\t\t<\/ul>\n\t\t\t\t\t\t\t\t\t\t\t\t\t\t\t\t\t<\/ul>\n\t\t\t\t\t\t<\/div>\n\t\t\t\t\t\t<a href=\"#\" class=\"btn plus wp-block-button__link wp-element-button more-initiative\">\n\t\t\t\t\t\t\t\t\t\t\t\t\t\tEn savoir plus\t\n\t\t\t\t\t\t<\/a>\n\t\t\t\t\t<\/div>\n\t\t\t\t<\/div>\n\t\t\t<\/div>\n\t\t\t\n\t\t\t\t<div id=\"13409\" class=\"post-item masonry-item 1636 1634 1647 \" data-name=\"essen-am-gleis\">\n\t\t\t\t<div class=\"flex-grid-inner close\">\n\t\t\t\t\t<div class=\"img-initiative\">\n\t\t\t\t\t\t\t\t\t\t\t\t\t<div class=\"project-img-wrapper\">\n                                \t\t\t\t\t\t\t\t<img decoding=\"async\" class=\"\" src=\"https:\/\/foodwaste.ch\/wp-content\/uploads\/2022\/08\/02-food-waste-1600x1200-1-1024x768.jpeg\">\n\t\t\t\t\t\t\t<\/div>\n\t\t\t\t\t\t\t\t\t\t\t\t\t\t\t\t\t\t\t<div class=\"project-logo-wrap\">\n\t\t\t\t\t\t\t\t<img decoding=\"async\" class=\"project-logo\" src=\"https:\/\/foodwaste.ch\/wp-content\/uploads\/2022\/08\/Logo-Gueggel-mit-Schrift-3cm-300x300.jpg\">\n\t\t\t\t\t\t\t<\/div>\n\t\t\t\t\t\t\t\t\t\t\t<\/div>\n\t\t\t\t\t<div class=\"content-initiative\">\n\t\t\t\t\t\t<div class=\"header-initiative\">\n\t\t\t\t\t\t\t<h4>Essen am Gleis<\/h4>\n\t\t\t\t\t\t<\/div>\n\t\t\t\t\t\t<div class=\"teaser-initiative\">\n\t\t\t\t\t\t\t<p>Kostenlose Abgabe von \u00fcbersch\u00fcssigen Lebensmitteln f\u00fcr jedermann \/ jedefrau, jeweils freitags<\/p>\n\t\t\t\t\t\t<\/div>\n\t\t\t\t\t\t<div class=\"allinfo-initiative\">\n\t\t\t\t\t\t\t<p>Freiwillige holen \u00fcbersch\u00fcssiges Essen bei B\u00e4ckereien und Fachgesch\u00e4ften ab; dieses wird kostenlos f\u00fcr jedermann \/ jedefrau abgegeben.<\/p>\n<p>Die \u00d6ffnungszeiten sind zurzeit (2022)\u00a0 jeden Freitag (ohne Schulferien) von 09.00 \u2013 11.00 Uhr und von 16.00 bis 18.00 Uhr. Solange das Plakat \u00fcber der T\u00fcre h\u00e4ngt, kann gratis Essen abgeholt werden. Bei Fragen bitte melden: 071 844 54 10, <a href=\"mailto:sekretariat@ref-rorschach.ch\">sekretariat@ref-rorschach.ch<\/a>.<\/p>\n<p>M\u00f6chtest du als Freiwillige*r, dieses Projekt unterst\u00fctzen? Dann melde dich bei der ev.-ref. Kirchgemeinde Rorschach, es werden laufend neue Helfer*innen gesucht.<\/p>\n\t\t\t\t\t\t\t\t\t\t\t\t\t\t\t<div class=\"address\">\n\t\t\t\t\t\t\t\t<b>\n\t\t\t\t\t\t\t\t\tSites :\t\n\t\t\t\t\t\t\t\t<\/b>\n\t\t\t\t\t\t\t\t<p>Signalstrasse 34, 9400 Rorschach<\/p>\n\t\t\t\t\t\t\t\t<\/div>\n\t\t\t\t\t\t\t\n\t\t\t\t\t\t\t\t\t\t\t\t\t\t\t<div class=\"info\">\n\t\t\t\t\t\t\t\t\t\t<b>\n\t\t\t\t\t\t\t\t\t\t\tContact :\t\n\t\t\t\t\t\t\t\t\t\t<\/b>\n\t\t\t\t\t\t\t\t\t\t<p><a href=\"mailto:sekretariat@ref-rorschach.ch\">sekretariat@ref-rorschach.ch\u00a0<\/a><\/p>\n<p>071 844 54 10<\/p>\n\t\t\t\t\t\t\t\t<\/div>\n\t\t\t\t\t\t\t\n\t\t\t\t\t\t\t<ul class=\"networks\">\n\t\t\t\t\t\t\t\t\t\t\t\t\t\t\t<li class=\"website\"><a href=\"https:\/\/www.ref-rorschach.ch\/essen-am-gleis\" target=\"_blank\"><img loading=\"lazy\" decoding=\"async\" src=\"\/wp-content\/themes\/fw\/assets\/img\/link.svg\" alt=\"Link Icon\" width=\"24\" height=\"24\"><\/a><\/li>\n\t\t\t\t\t\t\t\t\t\t\t\t\t\t\t\t\t\t\t\t\t\t<\/ul>\n\t\t\t\t\t\t<\/div>\n\t\t\t\t\t\t<a href=\"#\" class=\"btn plus wp-block-button__link wp-element-button more-initiative\">\n\t\t\t\t\t\t\t\t\t\t\t\t\t\tEn savoir plus\t\n\t\t\t\t\t\t<\/a>\n\t\t\t\t\t<\/div>\n\t\t\t\t<\/div>\n\t\t\t<\/div>\n\t\t\t\n\t\t\t\t<div id=\"8954\" class=\"post-item masonry-item 1637 1645 1647 \" data-name=\"essen-fuer-alle\">\n\t\t\t\t<div class=\"flex-grid-inner close\">\n\t\t\t\t\t<div class=\"img-initiative\">\n\t\t\t\t\t\t\t\t\t\t\t\t\t<div class=\"project-img-wrapper\">\n                                \t\t\t\t\t\t\t\t<img decoding=\"async\" class=\"\" src=\"https:\/\/foodwaste.ch\/wp-content\/uploads\/2019\/10\/EssenfuerAlle.png\">\n\t\t\t\t\t\t\t<\/div>\n\t\t\t\t\t\t\t\t\t\t\t\t\t\t\t\t\t<\/div>\n\t\t\t\t\t<div class=\"content-initiative\">\n\t\t\t\t\t\t<div class=\"header-initiative\">\n\t\t\t\t\t\t\t<h4>Essen f\u00fcr alle<\/h4>\n\t\t\t\t\t\t<\/div>\n\t\t\t\t\t\t<div class=\"teaser-initiative\">\n\t\t\t\t\t\t\t<p>Food-Save-Buffet einmal im Monat<\/p>\n\t\t\t\t\t\t<\/div>\n\t\t\t\t\t\t<div class=\"allinfo-initiative\">\n\t\t\t\t\t\t\t<p>Aus geretteten Lebensmitteln (das meiste kommt von der RestEssBar aus Olten) wird etwas Leckeres gekocht. So kann ein offenes und kostenloses Essen angeboten werden, f\u00fcr alle, die mit an den Tisch sitzen m\u00f6chten. Jeden letzten Sonntag im Monat, jeweils abends. Wie auch die RestEssBar ist das \u00ab\u00a0Essen f\u00fcr Alle\u00a0\u00bb ein Projekt von \u00ab\u00a0Olten im Wandel\u00a0\u00bb.<\/p>\n\t\t\t\t\t\t\t\t\t\t\t\t\t\t\t<div class=\"address\">\n\t\t\t\t\t\t\t\t<b>\n\t\t\t\t\t\t\t\t\tSites :\t\n\t\t\t\t\t\t\t\t<\/b>\n\t\t\t\t\t\t\t\t<p>CULTIBO, Aarauerstrasse 72, 4600 Olten<\/p>\n\t\t\t\t\t\t\t\t<\/div>\n\t\t\t\t\t\t\t\n\t\t\t\t\t\t\t\t\t\t\t\t\t\t\t<div class=\"info\">\n\t\t\t\t\t\t\t\t\t\t<b>\n\t\t\t\t\t\t\t\t\t\t\tContact :\t\n\t\t\t\t\t\t\t\t\t\t<\/b>\n\t\t\t\t\t\t\t\t\t\t<p><a href=\"mailto:info@oltenimwandel.ch\" target=\"_blank\" rel=\"noopener\">info@oltenimwandel.ch<\/a><\/p>\n\t\t\t\t\t\t\t\t<\/div>\n\t\t\t\t\t\t\t\n\t\t\t\t\t\t\t<ul class=\"networks\">\n\t\t\t\t\t\t\t\t\t\t\t\t\t\t\t<li class=\"website\"><a href=\"https:\/\/www.oltenimwandel.ch\/projekte\/essen-fuer-alle\/\" target=\"_blank\"><img loading=\"lazy\" decoding=\"async\" src=\"\/wp-content\/themes\/fw\/assets\/img\/link.svg\" alt=\"Link Icon\" width=\"24\" height=\"24\"><\/a><\/li>\n\t\t\t\t\t\t\t\t\t\t\t\t\t\t\t\t\t\t\t\t\t\t\t\t\t\t\t\t\t\t\t\t\t\t\n\t\t\t\t\t\t\t\t\t\t\t<li><a target=\"_blank\" href=\"https:\/\/www.facebook.com\/oltenimwandel\/\"><img loading=\"lazy\" decoding=\"async\" src=\"\/wp-content\/themes\/fw\/assets\/img\/facebook.svg\" alt=\"Facebook Icon\" width=\"24\" height=\"24\"><\/a><\/li>\n\t\t\t\t\t\t\t\t\t\t\t\t\t\t\t\t\t\t\t\t\t<\/ul>\n\t\t\t\t\t\t\t\t\t\t\t\t\t\t\t\t\t<\/ul>\n\t\t\t\t\t\t<\/div>\n\t\t\t\t\t\t<a href=\"#\" class=\"btn plus wp-block-button__link wp-element-button more-initiative\">\n\t\t\t\t\t\t\t\t\t\t\t\t\t\tEn savoir plus\t\n\t\t\t\t\t\t<\/a>\n\t\t\t\t\t<\/div>\n\t\t\t\t<\/div>\n\t\t\t<\/div>\n\t\t\t\n\t\t\t\t<div id=\"6213\" class=\"post-item masonry-item 1649 1634 1647 \" data-name=\"falling-fruit\">\n\t\t\t\t<div class=\"flex-grid-inner close\">\n\t\t\t\t\t<div class=\"img-initiative\">\n\t\t\t\t\t\t\t\t\t\t\t\t\t<div class=\"project-img-wrapper\">\n                                \t\t\t\t\t\t\t\t<img decoding=\"async\" class=\"\" src=\"https:\/\/foodwaste.ch\/wp-content\/uploads\/2019\/03\/falling-fruit.jpg\">\n\t\t\t\t\t\t\t<\/div>\n\t\t\t\t\t\t\t\t\t\t\t\t\t\t\t\t\t\t\t<div class=\"project-logo-wrap\">\n\t\t\t\t\t\t\t\t<img decoding=\"async\" class=\"project-logo\" src=\"https:\/\/foodwaste.ch\/wp-content\/uploads\/2019\/03\/falling-fruit_logo.jpg\">\n\t\t\t\t\t\t\t<\/div>\n\t\t\t\t\t\t\t\t\t\t\t<\/div>\n\t\t\t\t\t<div class=\"content-initiative\">\n\t\t\t\t\t\t<div class=\"header-initiative\">\n\t\t\t\t\t\t\t<h4>Falling Fruit<\/h4>\n\t\t\t\t\t\t<\/div>\n\t\t\t\t\t\t<div class=\"teaser-initiative\">\n\t\t\t\t\t\t\t<p>Wie viele \u00c4pfel, Pflaumen und Birnen bleiben unangetastet am Baum h\u00e4ngen? Mit der App von Falling Fruit weisst du jederzeit, wo ein Baum mit reifen Fr\u00fcchten steht, die du pfl\u00fccken kannst. <\/p>\n\t\t\t\t\t\t<\/div>\n\t\t\t\t\t\t<div class=\"allinfo-initiative\">\n\t\t\t\t\t\t\t<p>Unsere Strassen, Quartiere und St\u00e4dte bieten viel mehr, als auf den ersten Blick ersichtlich wird.<br \/>\nViele B\u00e4ume tragen Fr\u00fcchte, die unangetastet am Baum h\u00e4ngen bleiben. Falling Fruit will dies \u00e4ndern.<\/p>\n<p>Du interessierst dich daf\u00fcr, gratis Fr\u00fcchte zu ernten? Du hast einen Baum, den du zur Ernte freigeben m\u00f6chtest?<\/p>\n<p>Lad die App noch heute runter und finde leckeres Obst in deiner N\u00e4he:<\/p>\n<p>Android App \u2013\u00a0<a href=\"https:\/\/play.google.com\/store\/apps\/details?id=uh.fallingfruit.app&amp;fbclid=IwAR0U-aVVsxDmRfkgQZznTY9jC_hLgI0aMPFRgxgCETGXsdiWk4_thAeMMgc\" target=\"_blank\" rel=\"noopener nofollow\" data-ft=\"{&quot;tn&quot;:&quot;-U&quot;}\" data-lynx-mode=\"async\" data-lynx-uri=\"https:\/\/l.facebook.com\/l.php?u=https%3A%2F%2Fplay.google.com%2Fstore%2Fapps%2Fdetails%3Fid%3Duh.fallingfruit.app%26fbclid%3DIwAR0U-aVVsxDmRfkgQZznTY9jC_hLgI0aMPFRgxgCETGXsdiWk4_thAeMMgc&amp;h=AT3ftQy1WW5piKNssOkDvdciUjxmW1PDbdxJQT3meF92QgBkz92oA947x8L0icsSuN1UkVr00pBN2EcwkQPezd6Pqp6VpR8KYNzolwawOrZ-OpjGPbGScLxqMdBOvB8wBN5f1p3csLGpKlo0Ehjq7TETxQ4wN2Op8neyGqpcU3-4OukLfkQUTXUXJExtJkqn0Ox4s8-y7tj8vAGlseaueKtOpQOoMH5AX4wCAvbO5VndRewIqvV4zrRBlFBWeMMFZb6Ais_Oq9W4vEpMvYvEr5hWHrnm3gdAc071hOBuoXEuSxgwDhh6YpSsY6H6RiBd0vZDtb88d9-kE5au6EJ5vqeFcHggSIOGUmqhSMsNxlPTDqeyfi6PmsGV_-2UO-w279zjtXZk428OAvsWaiQtXrSEJ7S3NVlkh54VP6ql_Nsl2zPPsFPj2kB-xTLZwLlgOMY6I0ijMZ98cn6TouUuTTzwPUb-biRA7wxDcomBAGwbEzh3s5AcvrMkM614_OgNvgBuqY6ExmVP28Cv82hHwrBuL6TNX_lz4IJoCBx9fY4JOdRkopcAVuNBajVqPUq2XXkrUOlJYzosxJAAPUsdiCk6pEw_peH-8DQQZeCIvBNyfaxAwgCSkuEolMtyog\">https:\/\/play.google.com\/store\/apps\/details\u2026<\/a><br \/>\niOS App \u2013\u00a0<a href=\"https:\/\/itunes.apple.com\/us\/app\/falling-fruit\/id380859409?fbclid=IwAR3vBUfmpAHuW9N9EIzOgIkiJ8OqfNiRIU6BT49ePd7U36m3ObXzmNWn4hs\" target=\"_blank\" rel=\"noopener nofollow\" data-ft=\"{&quot;tn&quot;:&quot;-U&quot;}\" data-lynx-mode=\"async\" data-lynx-uri=\"https:\/\/l.facebook.com\/l.php?u=https%3A%2F%2Fitunes.apple.com%2Fus%2Fapp%2Ffalling-fruit%2Fid380859409%3Ffbclid%3DIwAR3vBUfmpAHuW9N9EIzOgIkiJ8OqfNiRIU6BT49ePd7U36m3ObXzmNWn4hs&amp;h=AT3rIfVL9Aa74fTqWGIZBXP4pezzk4JStfCWVMiSnEIrqloeoHYs9kTu52gPRlbGMQvJ2llXS4dY5T4_FjoC3G7Z237vRzU7ymcYarxWCoNwhw-rovQu-6ITxSBrPQjthK0pua5Fm-0NGVOIxXr6nTnVwGBA1-6OMQdD_AFXgyHlUz_3cACNyxlIyLxq8v8VZK1jyY_oTVC5w0Q2X8uuwyGw4VH3-3AcMJsYlmFLuo663nPk_Vs13Y8OEkySgrndhR9flqCojkx_nFxrjm8zjSJsh40gKpjBFVmnX8ovx8rAxKKqtTkB9XSikswtxHrIot-UVDuKcB2PTbYZ-Pp2TUi-Vbf4yHll4YinrlCmXj4fa9Dg85Zs_JJ5v_zsBZxLOyJT0hlrc4WiRuGeCZeFHqeqIXStQChPWeSXAKFX1NfIC_UnlaJtLEGRa9yhgEL49XM_KfcdYEQfcO_s7XUp6p1rDo0sPEDsMRIwd6FSI8JUuzQnXPItXoNvYWDhGPrM5vGQk508mHkCrZ61Q5AP9qOU0UsZfFDxZVGuvTPtR8DkgvreGEXA3cc7Tem4FagZbuBuLF1BSkVbxzGG370v2EHGWKK0XSYtVcoR9DChn6MiNQ76XYRLKDqxpvZd3Q\">https:\/\/itunes.apple.com\/us\/app\/falling-fruit\/id380859409<\/a><\/p>\n\t\t\t\t\t\t\t\n\t\t\t\t\t\t\t\t\t\t\t\t\t\t\t<div class=\"info\">\n\t\t\t\t\t\t\t\t\t\t<b>\n\t\t\t\t\t\t\t\t\t\t\tContact :\t\n\t\t\t\t\t\t\t\t\t\t<\/b>\n\t\t\t\t\t\t\t\t\t\t<p>info@fallingfruit.org<\/p>\n\t\t\t\t\t\t\t\t<\/div>\n\t\t\t\t\t\t\t\n\t\t\t\t\t\t\t<ul class=\"networks\">\n\t\t\t\t\t\t\t\t\t\t\t\t\t\t\t<li class=\"website\"><a href=\"https:\/\/fallingfruit.org\/\" target=\"_blank\"><img loading=\"lazy\" decoding=\"async\" src=\"\/wp-content\/themes\/fw\/assets\/img\/link.svg\" alt=\"Link Icon\" width=\"24\" height=\"24\"><\/a><\/li>\n\t\t\t\t\t\t\t\t\t\t\t\t\t\t\t\t\t\t\t\t\t\t\t\t\t\t\t\t\t\t\t\t\t\t\n\t\t\t\t\t\t\t\t\t\t\t<li><a target=\"_blank\" href=\"https:\/\/www.facebook.com\/FallingFruit\"><img loading=\"lazy\" decoding=\"async\" src=\"\/wp-content\/themes\/fw\/assets\/img\/facebook.svg\" alt=\"Facebook Icon\" width=\"24\" height=\"24\"><\/a><\/li>\n\t\t\t\t\t\t\t\t\t\t\t\t\t\t\t\t\t\t\t\t\t\n\t\t\t\t\t\t\t\t\t\t\t<li><a target=\"_blank\" href=\"https:\/\/www.instagram.com\/fallingfruit\/\"><img loading=\"lazy\" decoding=\"async\" src=\"\/wp-content\/themes\/fw\/assets\/img\/instagram.svg\" alt=\"Instagram Icon\" width=\"24\" height=\"24\"><\/a><\/li>\n\t\t\t\t\t\t\t\t\t\t\t\t\t\t\t\t\t\t\t\t\t\n\t\t\t\t\t\t\t\t\t\t\t<li><a target=\"_blank\" href=\"https:\/\/twitter.com\/Falling_Fruit\"><img loading=\"lazy\" decoding=\"async\" src=\"\/wp-content\/themes\/fw\/assets\/img\/x.svg\" alt=\"X Icon\" width=\"24\" height=\"24\"><\/a><\/li>\n\t\t\t\t\t\t\t\t\t\t\t\t\t\t\t\t\t\t\t\t\t<\/ul>\n\t\t\t\t\t\t\t\t\t\t\t\t\t\t\t\t\t<\/ul>\n\t\t\t\t\t\t<\/div>\n\t\t\t\t\t\t<a href=\"#\" class=\"btn plus wp-block-button__link wp-element-button more-initiative\">\n\t\t\t\t\t\t\t\t\t\t\t\t\t\tEn savoir plus\t\n\t\t\t\t\t\t<\/a>\n\t\t\t\t\t<\/div>\n\t\t\t\t<\/div>\n\t\t\t<\/div>\n\t\t\t\n\t\t\t\t<div id=\"20088\" class=\"post-item masonry-item 1648 1645 \" data-name=\"feines-aus-luzern-apero-perlen\">\n\t\t\t\t<div class=\"flex-grid-inner close\">\n\t\t\t\t\t<div class=\"img-initiative\">\n\t\t\t\t\t\t\t\t\t\t\t\t\t<div class=\"project-img-wrapper\">\n                                \t\t\t\t\t\t\t\t<img decoding=\"async\" class=\"\" src=\"https:\/\/foodwaste.ch\/wp-content\/uploads\/2024\/04\/Apero-Perlen.jpg\">\n\t\t\t\t\t\t\t<\/div>\n\t\t\t\t\t\t\t\t\t\t\t\t\t\t\t\t\t\t\t<div class=\"project-logo-wrap\">\n\t\t\t\t\t\t\t\t<img decoding=\"async\" class=\"project-logo\" src=\"https:\/\/foodwaste.ch\/wp-content\/uploads\/2024\/04\/FeinesausLU_sw-300x99.jpg\">\n\t\t\t\t\t\t\t<\/div>\n\t\t\t\t\t\t\t\t\t\t\t<\/div>\n\t\t\t\t\t<div class=\"content-initiative\">\n\t\t\t\t\t\t<div class=\"header-initiative\">\n\t\t\t\t\t\t\t<h4>Feines aus Luzern \u00abAp\u00e9ro-Perlen\u00bb<\/h4>\n\t\t\t\t\t\t<\/div>\n\t\t\t\t\t\t<div class=\"teaser-initiative\">\n\t\t\t\t\t\t\t<p>Die Ap\u00e9ro-Perlen entstehen aus gutem Brot, das nicht der Norm entspricht.<\/p>\n\t\t\t\t\t\t<\/div>\n\t\t\t\t\t\t<div class=\"allinfo-initiative\">\n\t\t\t\t\t\t\t<p>Ein salziger Snack gegen Food Waste zu kreieren, das war das Ziel von Feines aus Luzern. In der Schweiz landet leider sehr viel Brot im Abfall. Auch Brot, welches geniessbar w\u00e4re, aber nicht der Norm entspricht. Da heisst zum Beispiel das Brot ist zu leicht oder optisch nicht ganz perfekt. Nach einiger Zeit t\u00fcfteln ist der knusprige Snack mit ein paar wenigen weiteren Komponenten entstanden.<br \/>\nJede Perle in der Natur ist einzigartig und hat seine eigene Form. So wurde auch der Name \u00ab\u00a0Ap\u00e9ro-Perlen\u00a0\u00bb gew\u00e4hlt, denn es wird keine Ap\u00e9ro-Perle im Abfall landen, nur weil sie nicht der Norm entspricht. \u00ab\u00a0Feines aus Luzern\u00a0\u00bb mit gutem Genuss gegen Food Waste.<\/p>\n\t\t\t\t\t\t\t\t\t\t\t\t\t\t\t<div class=\"address\">\n\t\t\t\t\t\t\t\t<b>\n\t\t\t\t\t\t\t\t\tSites :\t\n\t\t\t\t\t\t\t\t<\/b>\n\t\t\t\t\t\t\t\t<p>Fabrik-L\u00e4deli<br \/>\nChrummweid 8, 6026 Rain<\/p>\n\t\t\t\t\t\t\t\t<\/div>\n\t\t\t\t\t\t\t\n\t\t\t\t\t\t\t\t\t\t\t\t\t\t\t<div class=\"info\">\n\t\t\t\t\t\t\t\t\t\t<b>\n\t\t\t\t\t\t\t\t\t\t\tContact :\t\n\t\t\t\t\t\t\t\t\t\t<\/b>\n\t\t\t\t\t\t\t\t\t\t<p><a href=\"mailto:info@feinesausluzern.ch\">info@feinesausluzern.ch<\/a><\/p>\n\t\t\t\t\t\t\t\t<\/div>\n\t\t\t\t\t\t\t\n\t\t\t\t\t\t\t<ul class=\"networks\">\n\t\t\t\t\t\t\t\t\t\t\t\t\t\t\t<li class=\"website\"><a href=\"https:\/\/www.feinesausluzern.ch\/aperoperlen\/\" target=\"_blank\"><img loading=\"lazy\" decoding=\"async\" src=\"\/wp-content\/themes\/fw\/assets\/img\/link.svg\" alt=\"Link Icon\" width=\"24\" height=\"24\"><\/a><\/li>\n\t\t\t\t\t\t\t\t\t\t\t\t\t\t\t\t\t\t\t\t\t\t\t\t\t\t\t\t\t\t\t\t\t\t\n\t\t\t\t\t\t\t\t\t\t\t<li><a target=\"_blank\" href=\"https:\/\/www.instagram.com\/puraculina\/\"><img loading=\"lazy\" decoding=\"async\" src=\"\/wp-content\/themes\/fw\/assets\/img\/instagram.svg\" alt=\"Instagram Icon\" width=\"24\" height=\"24\"><\/a><\/li>\n\t\t\t\t\t\t\t\t\t\t\t\t\t\t\t\t\t\t\t\t\t<\/ul>\n\t\t\t\t\t\t\t\t\t\t\t\t\t\t\t\t\t<\/ul>\n\t\t\t\t\t\t<\/div>\n\t\t\t\t\t\t<a href=\"#\" class=\"btn plus wp-block-button__link wp-element-button more-initiative\">\n\t\t\t\t\t\t\t\t\t\t\t\t\t\tEn savoir plus\t\n\t\t\t\t\t\t<\/a>\n\t\t\t\t\t<\/div>\n\t\t\t\t<\/div>\n\t\t\t<\/div>\n\t\t\t\n\t\t\t\t<div id=\"6280\" class=\"post-item masonry-item 1648 1644 1634 1647 \" data-name=\"food-bridge\">\n\t\t\t\t<div class=\"flex-grid-inner close\">\n\t\t\t\t\t<div class=\"img-initiative\">\n\t\t\t\t\t\t\t\t\t\t\t\t\t<div class=\"project-img-wrapper\">\n                                \t\t\t\t\t\t\t\t<img decoding=\"async\" class=\"\" src=\"https:\/\/foodwaste.ch\/wp-content\/uploads\/2019\/05\/market-3351156_1920-1024x766.jpg\">\n\t\t\t\t\t\t\t<\/div>\n\t\t\t\t\t\t\t\t\t\t\t\t\t\t\t\t\t\t\t<div class=\"project-logo-wrap\">\n\t\t\t\t\t\t\t\t<img decoding=\"async\" class=\"project-logo\" src=\"https:\/\/foodwaste.ch\/wp-content\/uploads\/2019\/05\/login_logo.jpg\">\n\t\t\t\t\t\t\t<\/div>\n\t\t\t\t\t\t\t\t\t\t\t<\/div>\n\t\t\t\t\t<div class=\"content-initiative\">\n\t\t\t\t\t\t<div class=\"header-initiative\">\n\t\t\t\t\t\t\t<h4>Food Bridge<\/h4>\n\t\t\t\t\t\t<\/div>\n\t\t\t\t\t\t<div class=\"teaser-initiative\">\n\t\t\t\t\t\t\t<p>Food Bridge ist ein Angebot, welches sich an Betriebe wendet, welche im Bereich Food aktiv sind. Via die Plattform k\u00f6nnen f\u00fcr ungenutzte Lebensmittel Abnehmer gefunden werden. <\/p>\n\t\t\t\t\t\t<\/div>\n\t\t\t\t\t\t<div class=\"allinfo-initiative\">\n\t\t\t\t\t\t\t<p>Food Bridge bildet die Br\u00fccke zwischen Produzierenden, welche ein \u00dcberangebot an Lebensmitteln haben und Abnehmenden, welche\u00a0nach Lebensmitteln suchen.<br \/>\nVia die Plattform kann f\u00fcr eine grosse Menge an Lebensmitteln eine L\u00f6sung gefunden werden.<\/p>\n<p><strong>Achtung: Food Bridge ist ein Angebot, welches sich nicht an Privatpersonen richtet.<\/strong><\/p>\n\t\t\t\t\t\t\t\n\t\t\t\t\t\t\t\n\t\t\t\t\t\t\t<ul class=\"networks\">\n\t\t\t\t\t\t\t\t\t\t\t\t\t\t\t<li class=\"website\"><a href=\"https:\/\/www.food-bridge.ch\/\" target=\"_blank\"><img loading=\"lazy\" decoding=\"async\" src=\"\/wp-content\/themes\/fw\/assets\/img\/link.svg\" alt=\"Link Icon\" width=\"24\" height=\"24\"><\/a><\/li>\n\t\t\t\t\t\t\t\t\t\t\t\t\t\t\t\t\t\t\t\t\t\t<\/ul>\n\t\t\t\t\t\t<\/div>\n\t\t\t\t\t\t<a href=\"#\" class=\"btn plus wp-block-button__link wp-element-button more-initiative\">\n\t\t\t\t\t\t\t\t\t\t\t\t\t\tEn savoir plus\t\n\t\t\t\t\t\t<\/a>\n\t\t\t\t\t<\/div>\n\t\t\t\t<\/div>\n\t\t\t<\/div>\n\t\t\t\n\t\t\t\t<div id=\"13015\" class=\"post-item masonry-item 1640 1636 1635 1645 \" data-name=\"food-chat\">\n\t\t\t\t<div class=\"flex-grid-inner close\">\n\t\t\t\t\t<div class=\"img-initiative\">\n\t\t\t\t\t\t\t\t\t\t\t\t\t<div class=\"project-img-wrapper\">\n                                \t\t\t\t\t\t\t\t<img decoding=\"async\" class=\"\" src=\"https:\/\/foodwaste.ch\/wp-content\/uploads\/2022\/05\/foodchat_logo_animiert.gif\">\n\t\t\t\t\t\t\t<\/div>\n\t\t\t\t\t\t\t\t\t\t\t\t\t\t\t\t\t\t\t<div class=\"project-logo-wrap\">\n\t\t\t\t\t\t\t\t<img decoding=\"async\" class=\"project-logo\" src=\"https:\/\/foodwaste.ch\/wp-content\/uploads\/2022\/05\/foodchat_logo_animiert-300x295.gif\">\n\t\t\t\t\t\t\t<\/div>\n\t\t\t\t\t\t\t\t\t\t\t<\/div>\n\t\t\t\t\t<div class=\"content-initiative\">\n\t\t\t\t\t\t<div class=\"header-initiative\">\n\t\t\t\t\t\t\t<h4>Food Chat<\/h4>\n\t\t\t\t\t\t<\/div>\n\t\t\t\t\t\t<div class=\"teaser-initiative\">\n\t\t\t\t\t\t\t<p>Der Chat gegen Food Waste: Gib Fr\u00fcchten und Gem\u00fcse eine zweite Chance<\/p>\n\t\t\t\t\t\t<\/div>\n\t\t\t\t\t\t<div class=\"allinfo-initiative\">\n\t\t\t\t\t\t\t<p>Food Chat gibt Fr\u00fcchten und Gem\u00fcse eine zweite Chance &#8211; so funktionierts: W\u00e4hle den Standort, an dem du einkaufen m\u00f6chtest und trete der zugeh\u00f6rigen WhatsApp-Chatgruppe bei. Die verfu\u0308gbaren Produkte werden jeweils am Vortag des Verkaufs in deiner Chatgruppe aufgeschaltet. W\u00e4hrend der Verkaufszeit an deinem Standort kannst du die Produkte beziehen und in bar oder per TWINT bezahlen.<br \/>\nM\u00f6chtest du Food Chat auch in deine Region holen? Dann melde dich bei ihnen!<br \/>\nDarum landen die Lebensmittel bei Food Chat: Food Chat kauft von Grossh\u00e4ndlern Fru\u0308chte und Gemu\u0308se, die vom Detailhandel retourniert oder nicht angenommen werden. Meistens haben diese Lebensmittel kleinere M\u00e4ngel (zu reif, entspricht nicht den Normen, Schalenfehler etc.) und wu\u0308rden im Abfall landen. Die Produkte sind aber in jedem Fall noch essbar und in tadellosem Zustand. Sozusagen Produkte 2. Klasse in guter Qualit\u00e4t. F\u00fcr diese Lebensmittel bezahlt der Detailhandel dem Grossh\u00e4ndler nichts und dieser auch nicht seinen Lieferanten, also den Landwirten. Es verlieren &#8211; ausser dem Detailhandel &#8211; alle involvierten Parteien. Food Chat erm\u00f6glicht es, dass der Grossh\u00e4ndler mindestens einen Teil seiner finanziellen Aufw\u00e4nde decken und zudem einen Betrag seinen Lieferanten bezahlen kann. Als Kunde erh\u00e4ltst du wiederum die M\u00f6glichkeit gute Lebensmittel zu einem gu\u0308nstigen Preis zu kaufen &#8211; in der Regel 30% &#8211; 50% unter dem Ladenpreis. Food Chat arbeitet auf einer Non Profit Basis und deckt u\u0308ber den Erl\u00f6s lediglich seine Aufw\u00e4nde fu\u0308r Lebensmittel, Arbeitsleistung, Logistik und Infrastruktur.<\/p>\n\t\t\t\t\t\t\t\t\t\t\t\t\t\t\t<div class=\"address\">\n\t\t\t\t\t\t\t\t<b>\n\t\t\t\t\t\t\t\t\tSites :\t\n\t\t\t\t\t\t\t\t<\/b>\n\t\t\t\t\t\t\t\t<p>Bottighofen<\/p>\n<p>Elsau<\/p>\n<p>Ermatingen<\/p>\n<p>Etzwilen<\/p>\n<p>Frauenfeld<\/p>\n<p>Gais<\/p>\n<p>Gossau<\/p>\n<p>Herisau<\/p>\n<p>Horgen<\/p>\n<p>Kesswil<\/p>\n<p>Matzingen<\/p>\n<p>Romanshorn<\/p>\n<p>St.Gallen<\/p>\n<p>Teufen<\/p>\n<p>Trogen<\/p>\n<p>Tuggen<\/p>\n\t\t\t\t\t\t\t\t<\/div>\n\t\t\t\t\t\t\t\n\t\t\t\t\t\t\t\t\t\t\t\t\t\t\t<div class=\"info\">\n\t\t\t\t\t\t\t\t\t\t<b>\n\t\t\t\t\t\t\t\t\t\t\tContact :\t\n\t\t\t\t\t\t\t\t\t\t<\/b>\n\t\t\t\t\t\t\t\t\t\t<p>info@foodchat.ch<\/p>\n\t\t\t\t\t\t\t\t<\/div>\n\t\t\t\t\t\t\t\n\t\t\t\t\t\t\t<ul class=\"networks\">\n\t\t\t\t\t\t\t\t\t\t\t\t\t\t\t<li class=\"website\"><a href=\"https:\/\/foodchat.ch\/\" target=\"_blank\"><img loading=\"lazy\" decoding=\"async\" src=\"\/wp-content\/themes\/fw\/assets\/img\/link.svg\" alt=\"Link Icon\" width=\"24\" height=\"24\"><\/a><\/li>\n\t\t\t\t\t\t\t\t\t\t\t\t\t\t\t\t\t\t\t\t\t\t\t\t\t\t\t\t\t\t\t\t\t\t\n\t\t\t\t\t\t\t\t\t\t\t<li><a target=\"_blank\" href=\"https:\/\/www.facebook.com\/foodchatschweiz\/\"><img loading=\"lazy\" decoding=\"async\" src=\"\/wp-content\/themes\/fw\/assets\/img\/facebook.svg\" alt=\"Facebook Icon\" width=\"24\" height=\"24\"><\/a><\/li>\n\t\t\t\t\t\t\t\t\t\t\t\t\t\t\t\t\t\t\t\t\t<\/ul>\n\t\t\t\t\t\t\t\t\t\t\t\t\t\t\t\t\t<\/ul>\n\t\t\t\t\t\t<\/div>\n\t\t\t\t\t\t<a href=\"#\" class=\"btn plus wp-block-button__link wp-element-button more-initiative\">\n\t\t\t\t\t\t\t\t\t\t\t\t\t\tEn savoir plus\t\n\t\t\t\t\t\t<\/a>\n\t\t\t\t\t<\/div>\n\t\t\t\t<\/div>\n\t\t\t<\/div>\n\t\t\t\n\t\t\t\t<div id=\"22699\" class=\"post-item masonry-item 1648 1644 1645 \" data-name=\"food-waste-hero\">\n\t\t\t\t<div class=\"flex-grid-inner close\">\n\t\t\t\t\t<div class=\"img-initiative\">\n\t\t\t\t\t\t\t\t\t\t\t\t\t<div class=\"project-img-wrapper\">\n                                \t\t\t\t\t\t\t\t<img decoding=\"async\" class=\"\" src=\"https:\/\/foodwaste.ch\/wp-content\/uploads\/2025\/01\/superhero-friends-symbol-1024x444.jpg\">\n\t\t\t\t\t\t\t<\/div>\n\t\t\t\t\t\t\t\t\t\t\t\t\t\t\t\t\t\t\t<div class=\"project-logo-wrap\">\n\t\t\t\t\t\t\t\t<img decoding=\"async\" class=\"project-logo\" src=\"https:\/\/foodwaste.ch\/wp-content\/uploads\/2025\/01\/logo_foodwastehero_600-300x300.png\">\n\t\t\t\t\t\t\t<\/div>\n\t\t\t\t\t\t\t\t\t\t\t<\/div>\n\t\t\t\t\t<div class=\"content-initiative\">\n\t\t\t\t\t\t<div class=\"header-initiative\">\n\t\t\t\t\t\t\t<h4>Food Waste Hero<\/h4>\n\t\t\t\t\t\t<\/div>\n\t\t\t\t\t\t<div class=\"teaser-initiative\">\n\t\t\t\t\t\t\t<p>Food Waste Hero ist ein Online-Shop, welcher gerettete Lebensmittel verkauft und Inklusionsarbeitspl\u00e4tze f\u00f6rdert.<\/p>\n\t\t\t\t\t\t<\/div>\n\t\t\t\t\t\t<div class=\"allinfo-initiative\">\n\t\t\t\t\t\t\t<p>Bei Food Waste Hero steht der Kampf gegen Lebensmittelverschwendung und die F\u00f6rderung von Inklusionsarbeitspl\u00e4tzen im Mittelpunkt. Food Waste Hero verkauft Produkte, die aus verschiedenen Gr\u00fcnden nicht in den Handel gelangen, zu stark reduzierten Preisen. So schonen wir wertvolle Ressourcen und bieten die Chance, nachhaltig einzukaufen und zu sparen. Dieses Projekt unterst\u00fctzt die Mitarbeitenden mit Beeintr\u00e4chtigung dabei, ihre beruflichen F\u00e4higkeiten zu entwickeln, Selbstvertrauen aufzubauen und am Arbeitsmarkt teilzuhaben. Gemeinsam machen wir den Unterschied gegen Food Waste.<\/p>\n\t\t\t\t\t\t\t\n\t\t\t\t\t\t\t\t\t\t\t\t\t\t\t<div class=\"info\">\n\t\t\t\t\t\t\t\t\t\t<b>\n\t\t\t\t\t\t\t\t\t\t\tContact :\t\n\t\t\t\t\t\t\t\t\t\t<\/b>\n\t\t\t\t\t\t\t\t\t\t<p><a href=\"mailto:info@foodwastehero.ch\">info@foodwastehero.ch<\/a><\/p>\n\t\t\t\t\t\t\t\t<\/div>\n\t\t\t\t\t\t\t\n\t\t\t\t\t\t\t<ul class=\"networks\">\n\t\t\t\t\t\t\t\t\t\t\t\t\t\t\t<li class=\"website\"><a href=\"https:\/\/foodwastehero.ch\" target=\"_blank\"><img loading=\"lazy\" decoding=\"async\" src=\"\/wp-content\/themes\/fw\/assets\/img\/link.svg\" alt=\"Link Icon\" width=\"24\" height=\"24\"><\/a><\/li>\n\t\t\t\t\t\t\t\t\t\t\t\t\t\t\t\t\t\t\t\t\t\t\t\t\t\t\t\t\t\t\t\t\t\t\n\t\t\t\t\t\t\t\t\t\t\t<li><a target=\"_blank\" href=\"https:\/\/www.facebook.com\/foodwastehero\"><img loading=\"lazy\" decoding=\"async\" src=\"\/wp-content\/themes\/fw\/assets\/img\/facebook.svg\" alt=\"Facebook Icon\" width=\"24\" height=\"24\"><\/a><\/li>\n\t\t\t\t\t\t\t\t\t\t\t\t\t\t\t\t\t\t\t\t\t\n\t\t\t\t\t\t\t\t\t\t\t<li><a target=\"_blank\" href=\"https:\/\/www.instagram.com\/foodwastehero.ch\/\"><img loading=\"lazy\" decoding=\"async\" src=\"\/wp-content\/themes\/fw\/assets\/img\/instagram.svg\" alt=\"Instagram Icon\" width=\"24\" height=\"24\"><\/a><\/li>\n\t\t\t\t\t\t\t\t\t\t\t\t\t\t\t\t\t\t\t\t\t<\/ul>\n\t\t\t\t\t\t\t\t\t\t\t\t\t\t\t\t\t<\/ul>\n\t\t\t\t\t\t<\/div>\n\t\t\t\t\t\t<a href=\"#\" class=\"btn plus wp-block-button__link wp-element-button more-initiative\">\n\t\t\t\t\t\t\t\t\t\t\t\t\t\tEn savoir plus\t\n\t\t\t\t\t\t<\/a>\n\t\t\t\t\t<\/div>\n\t\t\t\t<\/div>\n\t\t\t<\/div>\n\t\t\t\n\t\t\t\t<div id=\"11148\" class=\"post-item masonry-item 1637 1634 \" data-name=\"foodangels\">\n\t\t\t\t<div class=\"flex-grid-inner close\">\n\t\t\t\t\t<div class=\"img-initiative\">\n\t\t\t\t\t\t\t\t\t\t\t\t\t<div class=\"project-img-wrapper\">\n                                \t\t\t\t\t\t\t\t<img decoding=\"async\" class=\"\" src=\"https:\/\/foodwaste.ch\/wp-content\/uploads\/2021\/03\/201119_FoodAngels_Drucken-11_klein-1024x673.jpg\">\n\t\t\t\t\t\t\t<\/div>\n\t\t\t\t\t\t\t\t\t\t\t\t\t\t\t\t\t\t\t<div class=\"project-logo-wrap\">\n\t\t\t\t\t\t\t\t<img decoding=\"async\" class=\"project-logo\" src=\"https:\/\/foodwaste.ch\/wp-content\/uploads\/2021\/03\/foodangels_Profilbild-300x300.png\">\n\t\t\t\t\t\t\t<\/div>\n\t\t\t\t\t\t\t\t\t\t\t<\/div>\n\t\t\t\t\t<div class=\"content-initiative\">\n\t\t\t\t\t\t<div class=\"header-initiative\">\n\t\t\t\t\t\t\t<h4>Foodangels<\/h4>\n\t\t\t\t\t\t<\/div>\n\t\t\t\t\t\t<div class=\"teaser-initiative\">\n\t\t\t\t\t\t\t<p>Der Verein foodangels engagiert sich f\u00fcr die Weiterverwendung von \u00fcbersch\u00fcssigen oder fehlerhaften Lebensmitteln aus Grosshandel, Detailhandel und Produktion.<\/p>\n\t\t\t\t\t\t<\/div>\n\t\t\t\t\t\t<div class=\"allinfo-initiative\">\n\t\t\t\t\t\t\t<p>Der Verein foodangels engagiert sich f\u00fcr die Weiterverwendung von \u00fcbersch\u00fcssigen oder fehlerhaften Lebensmitteln aus Grosshandel, Detailhandel und Produktion.<\/p>\n<p>Mit einem schlauen Logistiksystem werden Chargen von ausgemusterten Lebensmitteln kostenlos bei angeschlossenen Projektpartnern abgeholt, konfektioniert und an karitative Institutionen sowie regionale Gnadenh\u00f6fe verteilt. \u00dcbersch\u00fcssige Fr\u00fcchte und Gem\u00fcse werden auch mal zu D\u00f6rrprodukten und Konfit\u00fcren verarbeitet.<\/p>\n\t\t\t\t\t\t\t\t\t\t\t\t\t\t\t<div class=\"address\">\n\t\t\t\t\t\t\t\t<b>\n\t\t\t\t\t\t\t\t\tSites :\t\n\t\t\t\t\t\t\t\t<\/b>\n\t\t\t\t\t\t\t\t<p>Basel<\/p>\n\t\t\t\t\t\t\t\t<\/div>\n\t\t\t\t\t\t\t\n\t\t\t\t\t\t\t\t\t\t\t\t\t\t\t<div class=\"info\">\n\t\t\t\t\t\t\t\t\t\t<b>\n\t\t\t\t\t\t\t\t\t\t\tContact :\t\n\t\t\t\t\t\t\t\t\t\t<\/b>\n\t\t\t\t\t\t\t\t\t\t<p>mahlzeit@foodangels.ch<\/p>\n\t\t\t\t\t\t\t\t<\/div>\n\t\t\t\t\t\t\t\n\t\t\t\t\t\t\t<ul class=\"networks\">\n\t\t\t\t\t\t\t\t\t\t\t\t\t\t\t<li class=\"website\"><a href=\"https:\/\/www.foodangels.ch\" target=\"_blank\"><img loading=\"lazy\" decoding=\"async\" src=\"\/wp-content\/themes\/fw\/assets\/img\/link.svg\" alt=\"Link Icon\" width=\"24\" height=\"24\"><\/a><\/li>\n\t\t\t\t\t\t\t\t\t\t\t\t\t\t\t\t\t\t\t\t\t\t\t\t\t\t\t\t\t\t\t\t\t\t\n\t\t\t\t\t\t\t\t\t\t\t<li><a target=\"_blank\" href=\"https:\/\/www.facebook.com\/foodangels.ch\"><img loading=\"lazy\" decoding=\"async\" src=\"\/wp-content\/themes\/fw\/assets\/img\/facebook.svg\" alt=\"Facebook Icon\" width=\"24\" height=\"24\"><\/a><\/li>\n\t\t\t\t\t\t\t\t\t\t\t\t\t\t\t\t\t\t\t\t\t<\/ul>\n\t\t\t\t\t\t\t\t\t\t\t\t\t\t\t\t\t<\/ul>\n\t\t\t\t\t\t<\/div>\n\t\t\t\t\t\t<a href=\"#\" class=\"btn plus wp-block-button__link wp-element-button more-initiative\">\n\t\t\t\t\t\t\t\t\t\t\t\t\t\tEn savoir plus\t\n\t\t\t\t\t\t<\/a>\n\t\t\t\t\t<\/div>\n\t\t\t\t<\/div>\n\t\t\t<\/div>\n\t\t\t\n\t\t\t\t<div id=\"31908\" class=\"post-item masonry-item 1649 1644 \" data-name=\"foodino\">\n\t\t\t\t<div class=\"flex-grid-inner close\">\n\t\t\t\t\t<div class=\"img-initiative\">\n\t\t\t\t\t\t\t\t\t\t\t\t\t<div class=\"project-img-wrapper\">\n                                \t\t\t\t\t\t\t\t<img decoding=\"async\" class=\"\" src=\"https:\/\/foodwaste.ch\/wp-content\/uploads\/2026\/04\/foodino_bild-1024x558.png\">\n\t\t\t\t\t\t\t<\/div>\n\t\t\t\t\t\t\t\t\t\t\t\t\t\t\t\t\t\t\t<div class=\"project-logo-wrap\">\n\t\t\t\t\t\t\t\t<img decoding=\"async\" class=\"project-logo\" src=\"https:\/\/foodwaste.ch\/wp-content\/uploads\/2026\/04\/foodino_logo-300x300.png\">\n\t\t\t\t\t\t\t<\/div>\n\t\t\t\t\t\t\t\t\t\t\t<\/div>\n\t\t\t\t\t<div class=\"content-initiative\">\n\t\t\t\t\t\t<div class=\"header-initiative\">\n\t\t\t\t\t\t\t<h4>Foodino<\/h4>\n\t\t\t\t\t\t<\/div>\n\t\t\t\t\t\t<div class=\"teaser-initiative\">\n\t\t\t\t\t\t\t<p>Die App gegen Lebensmittelverschwendung: Verwalte dein Inventar m\u00fchelos, erstelle personalisierte Rezepte und kaufe nur, was du wirklich brauchst.<\/p>\n\t\t\t\t\t\t<\/div>\n\t\t\t\t\t\t<div class=\"allinfo-initiative\">\n\t\t\t\t\t\t\t<p>Foodino ist eine App, die deinen Einkauf von A bis Z f\u00fcr dich managt \u2013 vom Supermarkt bis in die K\u00fcche: Die App beh\u00e4lt den gesamten Vorrat deines Haushalts im Blick, benachrichtigt dich, wenn ein Produkt bald abl\u00e4uft, schl\u00e4gt Rezepte mit dem vor, was du bereits hast, und erstellt eine smarte Einkaufsliste, die du mit deinen Familienmitgliedern teilen kannst.<\/p>\n\t\t\t\t\t\t\t\n\t\t\t\t\t\t\t\t\t\t\t\t\t\t\t<div class=\"info\">\n\t\t\t\t\t\t\t\t\t\t<b>\n\t\t\t\t\t\t\t\t\t\t\tContact :\t\n\t\t\t\t\t\t\t\t\t\t<\/b>\n\t\t\t\t\t\t\t\t\t\t<p>founders@foodinoapp.com<\/p>\n\t\t\t\t\t\t\t\t<\/div>\n\t\t\t\t\t\t\t\n\t\t\t\t\t\t\t<ul class=\"networks\">\n\t\t\t\t\t\t\t\t\t\t\t\t\t\t\t<li class=\"website\"><a href=\"https:\/\/foodinoapp.com\/app\" target=\"_blank\"><img loading=\"lazy\" decoding=\"async\" src=\"\/wp-content\/themes\/fw\/assets\/img\/link.svg\" alt=\"Link Icon\" width=\"24\" height=\"24\"><\/a><\/li>\n\t\t\t\t\t\t\t\t\t\t\t\t\t\t\t\t\t\t\t\t\t\t\t\t\t\t\t\t\t\t\t\t\t\t\n\t\t\t\t\t\t\t\t\t\t\t<li><a target=\"_blank\" href=\"https:\/\/www.instagram.com\/foodinoapp\/\"><img loading=\"lazy\" decoding=\"async\" src=\"\/wp-content\/themes\/fw\/assets\/img\/instagram.svg\" alt=\"Instagram Icon\" width=\"24\" height=\"24\"><\/a><\/li>\n\t\t\t\t\t\t\t\t\t\t\t\t\t\t\t\t\t\t\t\t\t\n\t\t\t\t\t\t\t\t\t\t\t<li><a target=\"_blank\" href=\"https:\/\/www.linkedin.com\/company\/foodinoapp\"><img loading=\"lazy\" decoding=\"async\" src=\"\/wp-content\/themes\/fw\/assets\/img\/linkedin.svg\" alt=\"LinkedIn Icon\" width=\"24\" height=\"24\"><\/a><\/li>\n\t\t\t\t\t\t\t\t\t\t\t\t\t\t\t\t\t\t\t\t\t\n\t\t\t\t\t\t\t\t\t\t\t<li><a target=\"_blank\" href=\"https:\/\/www.facebook.com\/foodinoapp\"><img loading=\"lazy\" decoding=\"async\" src=\"\/wp-content\/themes\/fw\/assets\/img\/facebook.svg\" alt=\"Facebook Icon\" width=\"24\" height=\"24\"><\/a><\/li>\n\t\t\t\t\t\t\t\t\t\t\t\t\t\t\t\t\t\t\t\t\t<\/ul>\n\t\t\t\t\t\t\t\t\t\t\t\t\t\t\t\t\t<\/ul>\n\t\t\t\t\t\t<\/div>\n\t\t\t\t\t\t<a href=\"#\" class=\"btn plus wp-block-button__link wp-element-button more-initiative\">\n\t\t\t\t\t\t\t\t\t\t\t\t\t\tEn savoir plus\t\n\t\t\t\t\t\t<\/a>\n\t\t\t\t\t<\/div>\n\t\t\t\t<\/div>\n\t\t\t<\/div>\n\t\t\t\n\t\t\t\t<div id=\"13358\" class=\"post-item masonry-item 1648 1645 1647 \" data-name=\"foodoo\">\n\t\t\t\t<div class=\"flex-grid-inner close\">\n\t\t\t\t\t<div class=\"img-initiative\">\n\t\t\t\t\t\t\t\t\t\t\t\t\t<div class=\"project-img-wrapper\">\n                                \t\t\t\t\t\t\t\t<img decoding=\"async\" class=\"\" src=\"https:\/\/foodwaste.ch\/wp-content\/uploads\/2022\/07\/foodoo_iStock_000086789129_Large-Kopie-1024x564.jpg\">\n\t\t\t\t\t\t\t<\/div>\n\t\t\t\t\t\t\t\t\t\t\t\t\t\t\t\t\t\t\t<div class=\"project-logo-wrap\">\n\t\t\t\t\t\t\t\t<img decoding=\"async\" class=\"project-logo\" src=\"https:\/\/foodwaste.ch\/wp-content\/uploads\/2022\/07\/Foodoo_Savetheveggies_1_sw-300x149.png\">\n\t\t\t\t\t\t\t<\/div>\n\t\t\t\t\t\t\t\t\t\t\t<\/div>\n\t\t\t\t\t<div class=\"content-initiative\">\n\t\t\t\t\t\t<div class=\"header-initiative\">\n\t\t\t\t\t\t\t<h4>FOODOO<\/h4>\n\t\t\t\t\t\t<\/div>\n\t\t\t\t\t\t<div class=\"teaser-initiative\">\n\t\t\t\t\t\t\t<p>\u00c4usserlichkeiten sind Foodoo egal, es sind die inneren Werte, auf die es ankommt! <\/p>\n\t\t\t\t\t\t<\/div>\n\t\t\t\t\t\t<div class=\"allinfo-initiative\">\n\t\t\t\t\t\t\t<div id=\"comp-jal81iom\" class=\"_1Q9if _3bcaz\" data-testid=\"richTextElement\">\n<p class=\"font_8\">FOODOO verarbeitet aussortiertes Gem\u00fcse, welches sich im Grosshandel nicht rentabel vermarkten l\u00e4sst, zu leckeren und nat\u00fcrlichen Produkten. Bereits am Anfang der Lebensmittelkette werden \u00abnicht normgerechte\u00bb beziehungsweise \u00aboptisch nicht perfekte\u00bb Lebensmittel aussortiert. <span class=\"color_15\">Da sie somit nicht \u00abmarktf\u00e4hig\u00bb sind <\/span>und oft nach keiner weiteren Verwendungsm\u00f6glichkeit f\u00fcr die Lebensmittel gesucht wird, landen sie oftmals direkt im Abfall. An dieser Stelle kommt FOODOO ins Spiel &#8211; die GmbH kauft den Bauern das aussortierte frische Gem\u00fcse zu einem fairen Preis ab und verarbeitet es zu leckeren Produkten.<\/p>\n<\/div>\n\t\t\t\t\t\t\t\t\t\t\t\t\t\t\t<div class=\"address\">\n\t\t\t\t\t\t\t\t<b>\n\t\t\t\t\t\t\t\t\tSites :\t\n\t\t\t\t\t\t\t\t<\/b>\n\t\t\t\t\t\t\t\t<p>Lauterbachstr. 137, 3068 Utzigen<\/p>\n\t\t\t\t\t\t\t\t<\/div>\n\t\t\t\t\t\t\t\n\t\t\t\t\t\t\t\t\t\t\t\t\t\t\t<div class=\"info\">\n\t\t\t\t\t\t\t\t\t\t<b>\n\t\t\t\t\t\t\t\t\t\t\tContact :\t\n\t\t\t\t\t\t\t\t\t\t<\/b>\n\t\t\t\t\t\t\t\t\t\t<div id=\"comp-j9f9zfxd\" class=\"_2Hij5 _3bcaz\" data-testid=\"richTextElement\">\n<p class=\"font_8\"><span class=\"color_11\"><a href=\"mailto:mail@foodoo.world\" data-auto-recognition=\"true\">mail@foodoo.world<\/a><\/span><\/p>\n<div id=\"comp-j88qi2mw\" class=\"_2UgQw\" aria-disabled=\"false\"><\/div>\n<div id=\"comp-j9f9zfxd\" class=\"_2Hij5 _3bcaz\" data-testid=\"richTextElement\"><\/div>\n<\/div>\n\t\t\t\t\t\t\t\t<\/div>\n\t\t\t\t\t\t\t\n\t\t\t\t\t\t\t<ul class=\"networks\">\n\t\t\t\t\t\t\t\t\t\t\t\t\t\t\t<li class=\"website\"><a href=\"https:\/\/www.foodoo.world\/\" target=\"_blank\"><img loading=\"lazy\" decoding=\"async\" src=\"\/wp-content\/themes\/fw\/assets\/img\/link.svg\" alt=\"Link Icon\" width=\"24\" height=\"24\"><\/a><\/li>\n\t\t\t\t\t\t\t\t\t\t\t\t\t\t\t\t\t\t\t\t\t\t\t\t\t\t\t\t\t\t\t\t\t\t\n\t\t\t\t\t\t\t\t\t\t\t<li><a target=\"_blank\" href=\"https:\/\/www.facebook.com\/foodoofoods\/\"><img loading=\"lazy\" decoding=\"async\" src=\"\/wp-content\/themes\/fw\/assets\/img\/facebook.svg\" alt=\"Facebook Icon\" width=\"24\" height=\"24\"><\/a><\/li>\n\t\t\t\t\t\t\t\t\t\t\t\t\t\t\t\t\t\t\t\t\t\n\t\t\t\t\t\t\t\t\t\t\t<li><a target=\"_blank\" href=\"https:\/\/www.instagram.com\/foodoo_foods\/\"><img loading=\"lazy\" decoding=\"async\" src=\"\/wp-content\/themes\/fw\/assets\/img\/instagram.svg\" alt=\"Instagram Icon\" width=\"24\" height=\"24\"><\/a><\/li>\n\t\t\t\t\t\t\t\t\t\t\t\t\t\t\t\t\t\t\t\t\t<\/ul>\n\t\t\t\t\t\t\t\t\t\t\t\t\t\t\t\t\t<\/ul>\n\t\t\t\t\t\t<\/div>\n\t\t\t\t\t\t<a href=\"#\" class=\"btn plus wp-block-button__link wp-element-button more-initiative\">\n\t\t\t\t\t\t\t\t\t\t\t\t\t\tEn savoir plus\t\n\t\t\t\t\t\t<\/a>\n\t\t\t\t\t<\/div>\n\t\t\t\t<\/div>\n\t\t\t<\/div>\n\t\t\t\n\t\t\t\t<div id=\"15460\" class=\"post-item masonry-item 1640 1645 \" data-name=\"foodsavemarkt\">\n\t\t\t\t<div class=\"flex-grid-inner close\">\n\t\t\t\t\t<div class=\"img-initiative\">\n\t\t\t\t\t\t\t\t\t\t\t\t\t<div class=\"project-img-wrapper\">\n                                \t\t\t\t\t\t\t\t<img decoding=\"async\" class=\"\" src=\"https:\/\/foodwaste.ch\/wp-content\/uploads\/2023\/05\/Gross-IMG_8653-768x1024.jpeg\">\n\t\t\t\t\t\t\t<\/div>\n\t\t\t\t\t\t\t\t\t\t\t\t\t\t\t\t\t\t\t<div class=\"project-logo-wrap\">\n\t\t\t\t\t\t\t\t<img decoding=\"async\" class=\"project-logo\" src=\"https:\/\/foodwaste.ch\/wp-content\/uploads\/2023\/05\/foodsavemarkt_logo-300x180.jpg\">\n\t\t\t\t\t\t\t<\/div>\n\t\t\t\t\t\t\t\t\t\t\t<\/div>\n\t\t\t\t\t<div class=\"content-initiative\">\n\t\t\t\t\t\t<div class=\"header-initiative\">\n\t\t\t\t\t\t\t<h4>foodsavemarkt<\/h4>\n\t\t\t\t\t\t<\/div>\n\t\t\t\t\t\t<div class=\"teaser-initiative\">\n\t\t\t\t\t\t\t<p>Jeden Mittwoch von 16 bis 18 Uhr verkauft dieCuisine Fr\u00fcchte- und Gem\u00fcse\u00fcbersch\u00fcsse aus dem Grosshandel zu g\u00fcnstigen Preisen. <\/p>\n\t\t\t\t\t\t<\/div>\n\t\t\t\t\t\t<div class=\"allinfo-initiative\">\n\t\t\t\t\t\t\t<p>Am foodsavemarkt verkauft die Cuisine Fru\u0308chte- und Gemu\u0308seu\u0308berschu\u0308sse aus dem Grosshandel zu g\u00fcnstigen Preisen. Jeden Mittwoch von 16 bis 18 Uhr k\u00f6nnen Besucher:innen fu\u0308r CHF 10.- resp. CHF 5.- ein grosses resp. kleines S\u00e4ckli nach Belieben mit Fru\u0308chten und Gemu\u0308se f\u00fcllen und diese so vor der Biogasanlage retten. Die \u00dcberschu\u0308sse vom Markt werden fu\u0308r die Lebensmittelabgabe und den Cuisine Nachbarschaftstreff verkocht und konserviert. Alle sind herzlich eingeladen zum Mitkochen und Mitessen.<\/p>\n<p>Der foodsavemarkt findet auf dem FOGO-Areal, gleich hinter dem Bahnhof Altstetten, statt. Markt von 16-18 Uhr, kochen ab 17 Uhr, essen ab 18 Uhr.<\/p>\n\t\t\t\t\t\t\t\t\t\t\t\t\t\t\t<div class=\"address\">\n\t\t\t\t\t\t\t\t<b>\n\t\t\t\t\t\t\t\t\tSites :\t\n\t\t\t\t\t\t\t\t<\/b>\n\t\t\t\t\t\t\t\t<p>FOGO-Areal, Geerenweg 23a, 8048 Z\u00fcrich<\/p>\n\t\t\t\t\t\t\t\t<\/div>\n\t\t\t\t\t\t\t\n\t\t\t\t\t\t\t\t\t\t\t\t\t\t\t<div class=\"info\">\n\t\t\t\t\t\t\t\t\t\t<b>\n\t\t\t\t\t\t\t\t\t\t\tContact :\t\n\t\t\t\t\t\t\t\t\t\t<\/b>\n\t\t\t\t\t\t\t\t\t\t<p><a href=\"mailto:info@diecuisine.ch\">info@diecuisine.ch<\/a><\/p>\n\t\t\t\t\t\t\t\t<\/div>\n\t\t\t\t\t\t\t\n\t\t\t\t\t\t\t<ul class=\"networks\">\n\t\t\t\t\t\t\t\t\t\t\t\t\t\t\t<li class=\"website\"><a href=\"https:\/\/www.foodsavemarkt.ch\/\" target=\"_blank\"><img loading=\"lazy\" decoding=\"async\" src=\"\/wp-content\/themes\/fw\/assets\/img\/link.svg\" alt=\"Link Icon\" width=\"24\" height=\"24\"><\/a><\/li>\n\t\t\t\t\t\t\t\t\t\t\t\t\t\t\t\t\t\t\t\t\t\t\t\t\t\t\t\t\t\t\t\t\t\t\n\t\t\t\t\t\t\t\t\t\t\t<li><a target=\"_blank\" href=\"https:\/\/www.instagram.com\/foodsavemarkt\/\"><img loading=\"lazy\" decoding=\"async\" src=\"\/wp-content\/themes\/fw\/assets\/img\/instagram.svg\" alt=\"Instagram Icon\" width=\"24\" height=\"24\"><\/a><\/li>\n\t\t\t\t\t\t\t\t\t\t\t\t\t\t\t\t\t\t\t\t\t<\/ul>\n\t\t\t\t\t\t\t\t\t\t\t\t\t\t\t\t\t<\/ul>\n\t\t\t\t\t\t<\/div>\n\t\t\t\t\t\t<a href=\"#\" class=\"btn plus wp-block-button__link wp-element-button more-initiative\">\n\t\t\t\t\t\t\t\t\t\t\t\t\t\tEn savoir plus\t\n\t\t\t\t\t\t<\/a>\n\t\t\t\t\t<\/div>\n\t\t\t\t<\/div>\n\t\t\t<\/div>\n\t\t\t\n\t\t\t\t<div id=\"6159\" class=\"post-item masonry-item 1648 1644 1634 \" data-name=\"foodsharing\">\n\t\t\t\t<div class=\"flex-grid-inner close\">\n\t\t\t\t\t<div class=\"img-initiative\">\n\t\t\t\t\t\t\t\t\t\t\t\t\t<div class=\"project-img-wrapper\">\n                                \t\t\t\t\t\t\t\t<img decoding=\"async\" class=\"\" src=\"https:\/\/foodwaste.ch\/wp-content\/uploads\/2019\/02\/13458618_1233051160046067_6132175270249105018_o-1024x683.jpg\">\n\t\t\t\t\t\t\t<\/div>\n\t\t\t\t\t\t\t\t\t\t\t\t\t\t\t\t\t\t\t<div class=\"project-logo-wrap\">\n\t\t\t\t\t\t\t\t<img decoding=\"async\" class=\"project-logo\" src=\"https:\/\/foodwaste.ch\/wp-content\/uploads\/2019\/02\/Logo-foodsharing.jpg\">\n\t\t\t\t\t\t\t<\/div>\n\t\t\t\t\t\t\t\t\t\t\t<\/div>\n\t\t\t\t\t<div class=\"content-initiative\">\n\t\t\t\t\t\t<div class=\"header-initiative\">\n\t\t\t\t\t\t\t<h4>foodsharing<\/h4>\n\t\t\t\t\t\t<\/div>\n\t\t\t\t\t\t<div class=\"teaser-initiative\">\n\t\t\t\t\t\t\t<p>Die Community von ehrenamtlich t\u00e4tigen Foodsavern \u00ab\u00a0rettet\u00a0\u00bb \u00fcbersch\u00fcssige Lebensmittel in privaten Haushalten sowie von Betrieben. Foodsharing unterh\u00e4lt Orte, wo Lebensmittel geteilt werden k\u00f6nnen und \u00fcber die Plattform k\u00f6nnen Essensk\u00f6rbe angeboten und bezogen werden. <\/p>\n\t\t\t\t\t\t<\/div>\n\t\t\t\t\t\t<div class=\"allinfo-initiative\">\n\t\t\t\t\t\t\t<p>Foodsharing ist eine internationale Initiative mit Ablegern in der Schweiz. Die Community von ehrenamtlich t\u00e4tigen Foodsavern \u00ab\u00a0rettet\u00a0\u00bb \u00fcbersch\u00fcssige Lebensmittel in privaten Haushalten sowie von Betrieben.<\/p>\n<ul>\n<li class=\"_2cuy _3dgx _2vxa\">foodsharing betreibt mehrere Fair-Teiler. Das sind \u00f6ffentlich zug\u00e4ngliche (K\u00fchl-)Schr\u00e4nke, wohin jede und jeder \u00fcbersch\u00fcssige Lebensmittel bringen und\/oder dort hinterlegtes Essen abholen kann.<\/li>\n<li class=\"_2cuy _3dgx _2vxa\">Ein Netzwerk von Freiwilligen holt bei Betrieben nicht mehr verk\u00e4ufliche Waren ab und verteilt sie weiter: in ihrem pers\u00f6nlichen Netzwerk, an Bed\u00fcrftige im Rahmen von sogenannten Foodsharing-Tandems oder in die \u00f6ffentlich zug\u00e4nglichen Fair-Teiler.<\/li>\n<li class=\"_2cuy _3dgx _2vxa\">Die Beratung von Betrieben, Vortr\u00e4ge und \u00d6ffentlichkeitsarbeit zum Thema Food Waste sind ebenfalls Teil der Arbeit von foodsharing.<\/li>\n<\/ul>\n<div class=\"_2cuy _3dgx _2vxa\">Die Adressen aller Fair-Teiler findest du auf der Website von foodsharing.<\/div>\n\t\t\t\t\t\t\t\n\t\t\t\t\t\t\t\t\t\t\t\t\t\t\t<div class=\"info\">\n\t\t\t\t\t\t\t\t\t\t<b>\n\t\t\t\t\t\t\t\t\t\t\tContact :\t\n\t\t\t\t\t\t\t\t\t\t<\/b>\n\t\t\t\t\t\t\t\t\t\t<p><a href=\"mailto:schweiz@foodsharing.network\" data-v-e8408a66=\"\">schweiz\u200b@foodsharing\u200b.network<\/a><\/p>\n\t\t\t\t\t\t\t\t<\/div>\n\t\t\t\t\t\t\t\n\t\t\t\t\t\t\t<ul class=\"networks\">\n\t\t\t\t\t\t\t\t\t\t\t\t\t\t\t<li class=\"website\"><a href=\"https:\/\/foodsharing.network\/region\/schweiz\" target=\"_blank\"><img loading=\"lazy\" decoding=\"async\" src=\"\/wp-content\/themes\/fw\/assets\/img\/link.svg\" alt=\"Link Icon\" width=\"24\" height=\"24\"><\/a><\/li>\n\t\t\t\t\t\t\t\t\t\t\t\t\t\t\t\t\t\t\t\t\t\t<\/ul>\n\t\t\t\t\t\t<\/div>\n\t\t\t\t\t\t<a href=\"#\" class=\"btn plus wp-block-button__link wp-element-button more-initiative\">\n\t\t\t\t\t\t\t\t\t\t\t\t\t\tEn savoir plus\t\n\t\t\t\t\t\t<\/a>\n\t\t\t\t\t<\/div>\n\t\t\t\t<\/div>\n\t\t\t<\/div>\n\t\t\t\n\t\t\t\t<div id=\"12202\" class=\"post-item masonry-item 1649 1644 \" data-name=\"foodshiner\">\n\t\t\t\t<div class=\"flex-grid-inner close\">\n\t\t\t\t\t<div class=\"img-initiative\">\n\t\t\t\t\t\t\t\t\t\t\t\t\t<div class=\"project-img-wrapper\">\n                                \t\t\t\t\t\t\t\t<img decoding=\"async\" class=\"\" src=\"https:\/\/foodwaste.ch\/wp-content\/uploads\/2022\/01\/bild-fs-473x1024.png\">\n\t\t\t\t\t\t\t<\/div>\n\t\t\t\t\t\t\t\t\t\t\t\t\t\t\t\t\t\t\t<div class=\"project-logo-wrap\">\n\t\t\t\t\t\t\t\t<img decoding=\"async\" class=\"project-logo\" src=\"https:\/\/foodwaste.ch\/wp-content\/uploads\/2022\/01\/logo-fs.png\">\n\t\t\t\t\t\t\t<\/div>\n\t\t\t\t\t\t\t\t\t\t\t<\/div>\n\t\t\t\t\t<div class=\"content-initiative\">\n\t\t\t\t\t\t<div class=\"header-initiative\">\n\t\t\t\t\t\t\t<h4>FoodShiner<\/h4>\n\t\t\t\t\t\t<\/div>\n\t\t\t\t\t\t<div class=\"teaser-initiative\">\n\t\t\t\t\t\t\t<p>Verwende Deine Lebensmittel bevor sie verderben und kaufe nur das, was Du wirklich brauchst \u2013 dabei hilft Dir die FoodShiner App.<\/p>\n\t\t\t\t\t\t<\/div>\n\t\t\t\t\t\t<div class=\"allinfo-initiative\">\n\t\t\t\t\t\t\t<p>Verwende Deine Lebensmittel bevor sie verderben und kaufe nur das, was Du wirklich brauchst \u2013 dabei hilft Dir die FoodShiner App.<\/p>\n<p>Die App hilft dabei den \u00dcberblick \u00fcber die Lebensmittelvorr\u00e4te zuhause zu behalten,\u00a0 nur das Notwendige einzukaufen und erinnert daran, was bald verbraucht werden muss. Dabei wird viel Wert auf Datenschutz gelegt.<\/p>\n<p>FoodShiner ist im iOS \/ iPadOS und macOS AppStore erh\u00e4ltlich. Es gibt die App auf Deutsch \/ Englisch \/ Franz\u00f6sisch \/ Spanisch und Portugiesisch \u2013 und hoffentlich in bald noch mehr Sprachen.<\/p>\n\t\t\t\t\t\t\t\n\t\t\t\t\t\t\t\t\t\t\t\t\t\t\t<div class=\"info\">\n\t\t\t\t\t\t\t\t\t\t<b>\n\t\t\t\t\t\t\t\t\t\t\tContact :\t\n\t\t\t\t\t\t\t\t\t\t<\/b>\n\t\t\t\t\t\t\t\t\t\t<p><a href=\"mailto:support@foodshiner.app\">support@foodshiner.app<\/a><\/p>\n\t\t\t\t\t\t\t\t<\/div>\n\t\t\t\t\t\t\t\n\t\t\t\t\t\t\t<ul class=\"networks\">\n\t\t\t\t\t\t\t\t\t\t\t\t\t\t\t<li class=\"website\"><a href=\"https:\/\/www.foodshiner.app\" target=\"_blank\"><img loading=\"lazy\" decoding=\"async\" src=\"\/wp-content\/themes\/fw\/assets\/img\/link.svg\" alt=\"Link Icon\" width=\"24\" height=\"24\"><\/a><\/li>\n\t\t\t\t\t\t\t\t\t\t\t\t\t\t\t\t\t\t\t\t\t\t\t\t\t\t\t\t\t\t\t\t\t\t\n\t\t\t\t\t\t\t\t\t\t\t<li><a target=\"_blank\" href=\"https:\/\/www.facebook.com\/foodshiner\/\"><img loading=\"lazy\" decoding=\"async\" src=\"\/wp-content\/themes\/fw\/assets\/img\/facebook.svg\" alt=\"Facebook Icon\" width=\"24\" height=\"24\"><\/a><\/li>\n\t\t\t\t\t\t\t\t\t\t\t\t\t\t\t\t\t\t\t\t\t<\/ul>\n\t\t\t\t\t\t\t\t\t\t\t\t\t\t\t\t\t<\/ul>\n\t\t\t\t\t\t<\/div>\n\t\t\t\t\t\t<a href=\"#\" class=\"btn plus wp-block-button__link wp-element-button more-initiative\">\n\t\t\t\t\t\t\t\t\t\t\t\t\t\tEn savoir plus\t\n\t\t\t\t\t\t<\/a>\n\t\t\t\t\t<\/div>\n\t\t\t\t<\/div>\n\t\t\t<\/div>\n\t\t\t\n\t\t\t\t<div id=\"16361\" class=\"post-item masonry-item 1641 1634 \" data-name=\"free-go\">\n\t\t\t\t<div class=\"flex-grid-inner close\">\n\t\t\t\t\t<div class=\"img-initiative\">\n\t\t\t\t\t\t\t\t\t\t\t\t\t<div class=\"project-img-wrapper\">\n                                \t\t\t\t\t\t\t\t<img decoding=\"async\" class=\"\" src=\"https:\/\/foodwaste.ch\/wp-content\/uploads\/2023\/08\/freego-bild-1024x476.jpg\">\n\t\t\t\t\t\t\t<\/div>\n\t\t\t\t\t\t\t\t\t\t\t\t\t\t\t\t\t\t\t<div class=\"project-logo-wrap\">\n\t\t\t\t\t\t\t\t<img decoding=\"async\" class=\"project-logo\" src=\"https:\/\/foodwaste.ch\/wp-content\/uploads\/2023\/08\/freego-Logo.jpg\">\n\t\t\t\t\t\t\t<\/div>\n\t\t\t\t\t\t\t\t\t\t\t<\/div>\n\t\t\t\t\t<div class=\"content-initiative\">\n\t\t\t\t\t\t<div class=\"header-initiative\">\n\t\t\t\t\t\t\t<h4>Free-Go<\/h4>\n\t\t\t\t\t\t<\/div>\n\t\t\t\t\t\t<div class=\"teaser-initiative\">\n\t\t\t\t\t\t\t<p>Un r\u00e9seau de r\u00e9frig\u00e9rateurs en libre-service pour r\u00e9duire le gaspillage alimentaire \u00e0 Gen\u00e8ve <\/p>\n\t\t\t\t\t\t<\/div>\n\t\t\t\t\t\t<div class=\"allinfo-initiative\">\n\t\t\t\t\t\t\t<p>Free-Go, un r\u00e9seau de r\u00e9frig\u00e9rateurs en libre-service est un projet initi\u00e9 par l\u2019association Eco-Citoyen, dont le but principal est de participer \u00e0 r\u00e9duire le gaspillage alimentaire, tout en sensibilisant les m\u00e9nages genevois \u00e0 son impact n\u00e9gatif sur notre environnement. Le projet propose \u00e9galement d\u2019adopter de nouveaux gestes au quotidien pour r\u00e9duire son empreinte environnementale, tout en renfor\u00e7ant la solidarit\u00e9 sociale.<\/p>\n\t\t\t\t\t\t\t\t\t\t\t\t\t\t\t<div class=\"address\">\n\t\t\t\t\t\t\t\t<b>\n\t\t\t\t\t\t\t\t\tSites :\t\n\t\t\t\t\t\t\t\t<\/b>\n\t\t\t\t\t\t\t\t<p>Gen\u00e8ve<\/p>\n\t\t\t\t\t\t\t\t<\/div>\n\t\t\t\t\t\t\t\n\t\t\t\t\t\t\t\t\t\t\t\t\t\t\t<div class=\"info\">\n\t\t\t\t\t\t\t\t\t\t<b>\n\t\t\t\t\t\t\t\t\t\t\tContact :\t\n\t\t\t\t\t\t\t\t\t\t<\/b>\n\t\t\t\t\t\t\t\t\t\t<p><a href=\"mailto:hello.free-go@eco-citoyen.ch\">hello.free-go@eco-citoyen.ch<\/a><\/p>\n\t\t\t\t\t\t\t\t<\/div>\n\t\t\t\t\t\t\t\n\t\t\t\t\t\t\t<ul class=\"networks\">\n\t\t\t\t\t\t\t\t\t\t\t\t\t\t\t<li class=\"website\"><a href=\"https:\/\/free-go.ch\/\" target=\"_blank\"><img loading=\"lazy\" decoding=\"async\" src=\"\/wp-content\/themes\/fw\/assets\/img\/link.svg\" alt=\"Link Icon\" width=\"24\" height=\"24\"><\/a><\/li>\n\t\t\t\t\t\t\t\t\t\t\t\t\t\t\t\t\t\t\t\t\t\t\t\t\t\t\t\t\t\t\t\t\t\t\n\t\t\t\t\t\t\t\t\t\t\t<li><a target=\"_blank\" href=\"https:\/\/www.instagram.com\/freego.ch\/\"><img loading=\"lazy\" decoding=\"async\" src=\"\/wp-content\/themes\/fw\/assets\/img\/instagram.svg\" alt=\"Instagram Icon\" width=\"24\" height=\"24\"><\/a><\/li>\n\t\t\t\t\t\t\t\t\t\t\t\t\t\t\t\t\t\t\t\t\t\n\t\t\t\t\t\t\t\t\t\t\t<li><a target=\"_blank\" href=\"https:\/\/www.facebook.com\/FreegoCH\"><img loading=\"lazy\" decoding=\"async\" src=\"\/wp-content\/themes\/fw\/assets\/img\/facebook.svg\" alt=\"Facebook Icon\" width=\"24\" height=\"24\"><\/a><\/li>\n\t\t\t\t\t\t\t\t\t\t\t\t\t\t\t\t\t\t\t\t\t\n\t\t\t\t\t\t\t\t\t\t\t<li><a target=\"_blank\" href=\"https:\/\/www.linkedin.com\/company\/freego.ch\/\"><img loading=\"lazy\" decoding=\"async\" src=\"\/wp-content\/themes\/fw\/assets\/img\/linkedin.svg\" alt=\"LinkedIn Icon\" width=\"24\" height=\"24\"><\/a><\/li>\n\t\t\t\t\t\t\t\t\t\t\t\t\t\t\t\t\t\t\t\t\t<\/ul>\n\t\t\t\t\t\t\t\t\t\t\t\t\t\t\t\t\t<\/ul>\n\t\t\t\t\t\t<\/div>\n\t\t\t\t\t\t<a href=\"#\" class=\"btn plus wp-block-button__link wp-element-button more-initiative\">\n\t\t\t\t\t\t\t\t\t\t\t\t\t\tEn savoir plus\t\n\t\t\t\t\t\t<\/a>\n\t\t\t\t\t<\/div>\n\t\t\t\t<\/div>\n\t\t\t<\/div>\n\t\t\t\n\t\t\t\t<div id=\"6226\" class=\"post-item masonry-item 1638 1645 \" data-name=\"frischer-fritz-iss-auf\">\n\t\t\t\t<div class=\"flex-grid-inner close\">\n\t\t\t\t\t<div class=\"img-initiative\">\n\t\t\t\t\t\t\t\t\t\t\t\t\t<div class=\"project-img-wrapper\">\n                                \t\t\t\t\t\t\t\t<img decoding=\"async\" class=\"\" src=\"https:\/\/foodwaste.ch\/wp-content\/uploads\/2019\/04\/Frischer-Fritz-bild-1-1024x1024.jpg\">\n\t\t\t\t\t\t\t<\/div>\n\t\t\t\t\t\t\t\t\t\t\t\t\t\t\t\t\t\t\t<div class=\"project-logo-wrap\">\n\t\t\t\t\t\t\t\t<img decoding=\"async\" class=\"project-logo\" src=\"https:\/\/foodwaste.ch\/wp-content\/uploads\/2019\/04\/frischer-fritz-300x147.png\">\n\t\t\t\t\t\t\t<\/div>\n\t\t\t\t\t\t\t\t\t\t\t<\/div>\n\t\t\t\t\t<div class=\"content-initiative\">\n\t\t\t\t\t\t<div class=\"header-initiative\">\n\t\t\t\t\t\t\t<h4>Frischer Fritz iss auf<\/h4>\n\t\t\t\t\t\t<\/div>\n\t\t\t\t\t\t<div class=\"teaser-initiative\">\n\t\t\t\t\t\t\t<p>Frischer Fritz rettet einwandfreie Lebensmittel und bringt sie zu Konsumentinnen und Konsumenten. Dazu arbeitet Fritz mit verschiedenen regionalen und nationalen Partnerinnen und Partnern zusammen und leistet einen wesentlichen Beitrag gegen die Lebensmittelverschwendung.  <\/p>\n\t\t\t\t\t\t<\/div>\n\t\t\t\t\t\t<div class=\"allinfo-initiative\">\n\t\t\t\t\t\t\t<p>K\u00f6chin und Gr\u00fcnderin Sandra Kissling-Grossniklaus k\u00e4mpft aus \u00dcberzeugung und mit viel Leidenschaft gegen die sinnlose Lebensmittel-Verschwendung.<\/p>\n<p>Mit Frischer Fritz bezieht sie aussortierte Lebensmittel von Bauern, B\u00e4ckereien und aus dem Detailhandel und verkauft sie im Laden in der Thuner Altstadt oder und im Onlineshop. Das Sortiment umfasst B\u00e4ckereiprodukte, Fr\u00fcchte und Gem\u00fcse, Milchprodukte sowie in Eigenproduktion haltbar gemachte Produkte. So tr\u00e4gst auch du mit deinem Einkauf zur optimalen Ressourcennutzung und zur Vermeidung von Food Waste bei.<\/p>\n<p>&nbsp;<\/p>\n<p>&nbsp;<\/p>\n\t\t\t\t\t\t\t\t\t\t\t\t\t\t\t<div class=\"address\">\n\t\t\t\t\t\t\t\t<b>\n\t\t\t\t\t\t\t\t\tSites :\t\n\t\t\t\t\t\t\t\t<\/b>\n\t\t\t\t\t\t\t\t<p>Untere Hauptgasse 9, B\u00e4renplatz, 3600 Thun<\/p>\n\t\t\t\t\t\t\t\t<\/div>\n\t\t\t\t\t\t\t\n\t\t\t\t\t\t\t\t\t\t\t\t\t\t\t<div class=\"info\">\n\t\t\t\t\t\t\t\t\t\t<b>\n\t\t\t\t\t\t\t\t\t\t\tContact :\t\n\t\t\t\t\t\t\t\t\t\t<\/b>\n\t\t\t\t\t\t\t\t\t\t<div class=\"tel\"><span class=\"type\">Tel:<\/span> <span class=\"value\"><a href=\"tel:+41788513066\">078 851 30 66<\/a><\/span><\/div>\n\t\t\t\t\t\t\t\t<\/div>\n\t\t\t\t\t\t\t\n\t\t\t\t\t\t\t<ul class=\"networks\">\n\t\t\t\t\t\t\t\t\t\t\t\t\t\t\t<li class=\"website\"><a href=\"https:\/\/www.frischerfritz.ch\/\" target=\"_blank\"><img loading=\"lazy\" decoding=\"async\" src=\"\/wp-content\/themes\/fw\/assets\/img\/link.svg\" alt=\"Link Icon\" width=\"24\" height=\"24\"><\/a><\/li>\n\t\t\t\t\t\t\t\t\t\t\t\t\t\t\t\t\t\t\t\t\t\t\t\t\t\t\t\t\t\t\t\t\t\t\n\t\t\t\t\t\t\t\t\t\t\t<li><a target=\"_blank\" href=\"https:\/\/www.facebook.com\/FrischerFritz-iss-auf-273394256632810\/\"><img loading=\"lazy\" decoding=\"async\" src=\"\/wp-content\/themes\/fw\/assets\/img\/facebook.svg\" alt=\"Facebook Icon\" width=\"24\" height=\"24\"><\/a><\/li>\n\t\t\t\t\t\t\t\t\t\t\t\t\t\t\t\t\t\t\t\t\t<\/ul>\n\t\t\t\t\t\t\t\t\t\t\t\t\t\t\t\t\t<\/ul>\n\t\t\t\t\t\t<\/div>\n\t\t\t\t\t\t<a href=\"#\" class=\"btn plus wp-block-button__link wp-element-button more-initiative\">\n\t\t\t\t\t\t\t\t\t\t\t\t\t\tEn savoir plus\t\n\t\t\t\t\t\t<\/a>\n\t\t\t\t\t<\/div>\n\t\t\t\t<\/div>\n\t\t\t<\/div>\n\t\t\t\n\t\t\t\t<div id=\"6062\" class=\"post-item masonry-item 1641 2101 2093 1645 \" data-name=\"fruetile\">\n\t\t\t\t<div class=\"flex-grid-inner close\">\n\t\t\t\t\t<div class=\"img-initiative\">\n\t\t\t\t\t\t\t\t\t\t\t\t\t<div class=\"project-img-wrapper\">\n                                \t\t\t\t\t\t\t\t<img decoding=\"async\" class=\"\" src=\"https:\/\/foodwaste.ch\/wp-content\/uploads\/2025\/09\/Foto-foodwaste.ch-2.jpg\">\n\t\t\t\t\t\t\t<\/div>\n\t\t\t\t\t\t\t\t\t\t\t\t\t\t\t\t\t\t\t<div class=\"project-logo-wrap\">\n\t\t\t\t\t\t\t\t<img decoding=\"async\" class=\"project-logo\" src=\"https:\/\/foodwaste.ch\/wp-content\/uploads\/2025\/09\/Logo1kl-2.jpg\">\n\t\t\t\t\t\t\t<\/div>\n\t\t\t\t\t\t\t\t\t\t\t<\/div>\n\t\t\t\t\t<div class=\"content-initiative\">\n\t\t\t\t\t\t<div class=\"header-initiative\">\n\t\t\t\t\t\t\t<h4>Fr\u00fctile<\/h4>\n\t\t\t\t\t\t<\/div>\n\t\t\t\t\t\t<div class=\"teaser-initiative\">\n\t\t\t\t\t\t\t<p>Production de confitures et d&rsquo;autres produits \u00e0 partir de fruits invendus<\/p>\n\t\t\t\t\t\t<\/div>\n\t\t\t\t\t\t<div class=\"allinfo-initiative\">\n\t\t\t\t\t\t\t<p>FR\u00fcTILE = \u00ab\u00a0Fruits\u00a0\u00bb + \u00ab\u00a0utile\u00a0\u00bb : association \u00e0 but non lucratif, inscrite au registre du commerce de Fribourg depuis 2015, dont l&rsquo;objectif est de sensibiliser les consommateurs\/trices \u00e0 la probl\u00e9matique du gaspillage alimentaire. En s&rsquo;appuyant sur la production de confitures \u00e0 partir de fruits invendus provenant de la vente et du commerce, le projet donne un exemple concret de recyclage alimentaire et offre en m\u00eame temps aux magasins et aux commer\u00e7ants la possibilit\u00e9 de \u00ab\u00a0se d\u00e9barrasser\u00a0\u00bb de leurs invendus de mani\u00e8re judicieuse et durable.\u00a0 Lors du processus de production et de la vente de la confiture sur le march\u00e9 hebdomadaire de Fribourg, FR\u00fcTILE offre en outre aux personnes d\u00e9favoris\u00e9es l&rsquo;occasion de s&rsquo;int\u00e9grer socialement et culturellement. L&rsquo;\u00e9quipe de FR\u00fcTILE travaille b\u00e9n\u00e9volement ; le produit de la vente est jusqu&rsquo;\u00e0 pr\u00e9sent enti\u00e8rement r\u00e9investi dans le projet.<\/p>\n<p>&nbsp;<\/p>\n\t\t\t\t\t\t\t\t\t\t\t\t\t\t\t<div class=\"address\">\n\t\t\t\t\t\t\t\t<b>\n\t\t\t\t\t\t\t\t\tSites :\t\n\t\t\t\t\t\t\t\t<\/b>\n\t\t\t\t\t\t\t\t<p>Rue la Grand-Fontaine 32\u00a01700 Freiburg<\/p>\n\t\t\t\t\t\t\t\t<\/div>\n\t\t\t\t\t\t\t\n\t\t\t\t\t\t\t\t\t\t\t\t\t\t\t<div class=\"info\">\n\t\t\t\t\t\t\t\t\t\t<b>\n\t\t\t\t\t\t\t\t\t\t\tContact :\t\n\t\t\t\t\t\t\t\t\t\t<\/b>\n\t\t\t\t\t\t\t\t\t\t<p>Frutile2015@gmail.com<\/p>\n\t\t\t\t\t\t\t\t<\/div>\n\t\t\t\t\t\t\t\n\t\t\t\t\t\t\t<ul class=\"networks\">\n\t\t\t\t\t\t\t\t\t\t\t\t\t\t\t<li class=\"website\"><a href=\"http:\/\/frutile.weebly.com\" target=\"_blank\"><img loading=\"lazy\" decoding=\"async\" src=\"\/wp-content\/themes\/fw\/assets\/img\/link.svg\" alt=\"Link Icon\" width=\"24\" height=\"24\"><\/a><\/li>\n\t\t\t\t\t\t\t\t\t\t\t\t\t\t\t\t\t\t\t\t\t\t\t\t\t\t\t\t\t\t\t\t\t\t\n\t\t\t\t\t\t\t\t\t\t\t<li><a target=\"_blank\" href=\"https:\/\/www.facebook.com\/fruetile\/\"><img loading=\"lazy\" decoding=\"async\" src=\"\/wp-content\/themes\/fw\/assets\/img\/facebook.svg\" alt=\"Facebook Icon\" width=\"24\" height=\"24\"><\/a><\/li>\n\t\t\t\t\t\t\t\t\t\t\t\t\t\t\t\t\t\t\t\t\t<\/ul>\n\t\t\t\t\t\t\t\t\t\t\t\t\t\t\t\t\t<\/ul>\n\t\t\t\t\t\t<\/div>\n\t\t\t\t\t\t<a href=\"#\" class=\"btn plus wp-block-button__link wp-element-button more-initiative\">\n\t\t\t\t\t\t\t\t\t\t\t\t\t\tEn savoir plus\t\n\t\t\t\t\t\t<\/a>\n\t\t\t\t\t<\/div>\n\t\t\t\t<\/div>\n\t\t\t<\/div>\n\t\t\t\n\t\t\t\t<div id=\"10115\" class=\"post-item masonry-item 1638 1645 \" data-name=\"food-save-emmental\">\n\t\t\t\t<div class=\"flex-grid-inner close\">\n\t\t\t\t\t<div class=\"img-initiative\">\n\t\t\t\t\t\t\t\t\t\t\t\t\t<div class=\"project-img-wrapper\">\n                                \t\t\t\t\t\t\t\t<img decoding=\"async\" class=\"\" src=\"https:\/\/foodwaste.ch\/wp-content\/uploads\/2020\/05\/Gemuesekeller-Bild-scaled-1-1024x768.jpg\">\n\t\t\t\t\t\t\t<\/div>\n\t\t\t\t\t\t\t\t\t\t\t\t\t\t\t\t\t\t\t<div class=\"project-logo-wrap\">\n\t\t\t\t\t\t\t\t<img decoding=\"async\" class=\"project-logo\" src=\"https:\/\/foodwaste.ch\/wp-content\/uploads\/2020\/05\/Logo-Gemuesekeller-300x300.jpg\">\n\t\t\t\t\t\t\t<\/div>\n\t\t\t\t\t\t\t\t\t\t\t<\/div>\n\t\t\t\t\t<div class=\"content-initiative\">\n\t\t\t\t\t\t<div class=\"header-initiative\">\n\t\t\t\t\t\t\t<h4>Gem\u00fcsekeller<\/h4>\n\t\t\t\t\t\t<\/div>\n\t\t\t\t\t\t<div class=\"teaser-initiative\">\n\t\t\t\t\t\t\t<p>Verkauf von \u00ab\u00a0gerettetem\u00a0\u00bb Bio Gem\u00fcse und Fr\u00fcchten und von Produkten lokaler Produzenten<\/p>\n\t\t\t\t\t\t<\/div>\n\t\t\t\t\t\t<div class=\"allinfo-initiative\">\n\t\t\t\t\t\t\t<p>Bei Gem\u00fcsekeller findest du bio Gem\u00fcse und Fr\u00fcchte, die in ihrer Gr\u00f6sse, Form oder Aussehen nicht der Handelsnorm entsprechen und die sonst zu Food Waste geworden w\u00e4ren. Das Angebot wird erg\u00e4nzt durch \u00ab\u00a0erstklassiges\u00a0\u00bb Gem\u00fcse und Obst von regionalen Kleinproduzenten. Du kannst den Newsletter abonnieren, um immer \u00fcber das gegenw\u00e4rtige Sortiment informiert zu sein. Vor dem ersten Einkauf im Gem\u00fcsekeller ist eine Anmeldung erforderlich, um eine pers\u00f6nliche Einf\u00fchrung zu erhalten. Gem\u00fcsekeller wird vom Verein Food Save Emmental betrieben und hat mehrere Verkaufsstellen in Langnau und Umgebung.<\/p>\n\t\t\t\t\t\t\t\t\t\t\t\t\t\t\t<div class=\"address\">\n\t\t\t\t\t\t\t\t<b>\n\t\t\t\t\t\t\t\t\tSites :\t\n\t\t\t\t\t\t\t\t<\/b>\n\t\t\t\t\t\t\t\t<p>Burgdorf<\/p>\n<p>Langnau i.E.<\/p>\n\t\t\t\t\t\t\t\t<\/div>\n\t\t\t\t\t\t\t\n\t\t\t\t\t\t\t\t\t\t\t\t\t\t\t<div class=\"info\">\n\t\t\t\t\t\t\t\t\t\t<b>\n\t\t\t\t\t\t\t\t\t\t\tContact :\t\n\t\t\t\t\t\t\t\t\t\t<\/b>\n\t\t\t\t\t\t\t\t\t\t<p>infos@gemuesekeller.ch<\/p>\n\t\t\t\t\t\t\t\t<\/div>\n\t\t\t\t\t\t\t\n\t\t\t\t\t\t\t<ul class=\"networks\">\n\t\t\t\t\t\t\t\t\t\t\t\t\t\t\t<li class=\"website\"><a href=\"https:\/\/gem\u00fcsekeller.ch\/\" target=\"_blank\"><img loading=\"lazy\" decoding=\"async\" src=\"\/wp-content\/themes\/fw\/assets\/img\/link.svg\" alt=\"Link Icon\" width=\"24\" height=\"24\"><\/a><\/li>\n\t\t\t\t\t\t\t\t\t\t\t\t\t\t\t\t\t\t\t\t\t\t\t\t\t\t\t\t\t\t\t\t\t\t\n\t\t\t\t\t\t\t\t\t\t\t<li><a target=\"_blank\" href=\"https:\/\/www.facebook.com\/Gemuesekeller\"><img loading=\"lazy\" decoding=\"async\" src=\"\/wp-content\/themes\/fw\/assets\/img\/facebook.svg\" alt=\"Facebook Icon\" width=\"24\" height=\"24\"><\/a><\/li>\n\t\t\t\t\t\t\t\t\t\t\t\t\t\t\t\t\t\t\t\t\t\n\t\t\t\t\t\t\t\t\t\t\t<li><a target=\"_blank\" href=\"https:\/\/www.instagram.com\/gemuesekeller\/\"><img loading=\"lazy\" decoding=\"async\" src=\"\/wp-content\/themes\/fw\/assets\/img\/instagram.svg\" alt=\"Instagram Icon\" width=\"24\" height=\"24\"><\/a><\/li>\n\t\t\t\t\t\t\t\t\t\t\t\t\t\t\t\t\t\t\t\t\t<\/ul>\n\t\t\t\t\t\t\t\t\t\t\t\t\t\t\t\t\t<\/ul>\n\t\t\t\t\t\t<\/div>\n\t\t\t\t\t\t<a href=\"#\" class=\"btn plus wp-block-button__link wp-element-button more-initiative\">\n\t\t\t\t\t\t\t\t\t\t\t\t\t\tEn savoir plus\t\n\t\t\t\t\t\t<\/a>\n\t\t\t\t\t<\/div>\n\t\t\t\t<\/div>\n\t\t\t<\/div>\n\t\t\t\n\t\t\t\t<div id=\"6297\" class=\"post-item masonry-item 1648 1644 \" data-name=\"gggessen\">\n\t\t\t\t<div class=\"flex-grid-inner close\">\n\t\t\t\t\t<div class=\"img-initiative\">\n\t\t\t\t\t\t\t\t\t\t\t\t\t<div class=\"project-img-wrapper\">\n                                \t\t\t\t\t\t\t\t<img decoding=\"async\" class=\"\" src=\"https:\/\/foodwaste.ch\/wp-content\/uploads\/2025\/09\/7048_515442988590798_7435541412542131906_n.jpg\">\n\t\t\t\t\t\t\t<\/div>\n\t\t\t\t\t\t\t\t\t\t\t\t\t\t\t\t\t\t\t<div class=\"project-logo-wrap\">\n\t\t\t\t\t\t\t\t<img decoding=\"async\" class=\"project-logo\" src=\"https:\/\/foodwaste.ch\/wp-content\/uploads\/2019\/06\/gggessen-ch_logo-300x253.png\">\n\t\t\t\t\t\t\t<\/div>\n\t\t\t\t\t\t\t\t\t\t\t<\/div>\n\t\t\t\t\t<div class=\"content-initiative\">\n\t\t\t\t\t\t<div class=\"header-initiative\">\n\t\t\t\t\t\t\t<h4>gggessen<\/h4>\n\t\t\t\t\t\t<\/div>\n\t\t\t\t\t\t<div class=\"teaser-initiative\">\n\t\t\t\t\t\t\t<p>Gut, gesund und g\u00fcnstig essen <\/p>\n\t\t\t\t\t\t<\/div>\n\t\t\t\t\t\t<div class=\"allinfo-initiative\">\n\t\t\t\t\t\t\t<p>gut gesund und g\u00fcnstig essen ist eine Plattform, die Wissen rund um eine gesunde und g\u00fcnstige Ern\u00e4hrung an einem zentralen Ort sammelt.<\/p>\n<p>Hier wirst bestimmt auch du f\u00fcndig.<br \/>\nWie plant man den Wocheneinkauf richtig? Wie bleiben Lebensmittel l\u00e4nger haltbar? Wie gehe ich mit Geld um?<\/p>\n\t\t\t\t\t\t\t\n\t\t\t\t\t\t\t\t\t\t\t\t\t\t\t<div class=\"info\">\n\t\t\t\t\t\t\t\t\t\t<b>\n\t\t\t\t\t\t\t\t\t\t\tContact :\t\n\t\t\t\t\t\t\t\t\t\t<\/b>\n\t\t\t\t\t\t\t\t\t\t<p>info@gggessen.ch<\/p>\n\t\t\t\t\t\t\t\t<\/div>\n\t\t\t\t\t\t\t\n\t\t\t\t\t\t\t<ul class=\"networks\">\n\t\t\t\t\t\t\t\t\t\t\t\t\t\t\t<li class=\"website\"><a href=\"https:\/\/www.gggessen.ch\/\" target=\"_blank\"><img loading=\"lazy\" decoding=\"async\" src=\"\/wp-content\/themes\/fw\/assets\/img\/link.svg\" alt=\"Link Icon\" width=\"24\" height=\"24\"><\/a><\/li>\n\t\t\t\t\t\t\t\t\t\t\t\t\t\t\t\t\t\t\t\t\t\t<\/ul>\n\t\t\t\t\t\t<\/div>\n\t\t\t\t\t\t<a href=\"#\" class=\"btn plus wp-block-button__link wp-element-button more-initiative\">\n\t\t\t\t\t\t\t\t\t\t\t\t\t\tEn savoir plus\t\n\t\t\t\t\t\t<\/a>\n\t\t\t\t\t<\/div>\n\t\t\t\t<\/div>\n\t\t\t<\/div>\n\t\t\t\n\t\t\t\t<div id=\"13470\" class=\"post-item masonry-item 1637 1645 \" data-name=\"glace-loeoeoev\">\n\t\t\t\t<div class=\"flex-grid-inner close\">\n\t\t\t\t\t<div class=\"img-initiative\">\n\t\t\t\t\t\t\t\t\t\t\t\t\t<div class=\"project-img-wrapper\">\n                                \t\t\t\t\t\t\t\t<img decoding=\"async\" class=\"\" src=\"https:\/\/foodwaste.ch\/wp-content\/uploads\/2022\/08\/Becher_ohneLinie-002-1024x1024.jpg\">\n\t\t\t\t\t\t\t<\/div>\n\t\t\t\t\t\t\t\t\t\t\t\t\t\t\t\t\t\t\t<div class=\"project-logo-wrap\">\n\t\t\t\t\t\t\t\t<img decoding=\"async\" class=\"project-logo\" src=\"https:\/\/foodwaste.ch\/wp-content\/uploads\/2022\/08\/Logo_Loeoeoev-Kopie-002-300x119.jpg\">\n\t\t\t\t\t\t\t<\/div>\n\t\t\t\t\t\t\t\t\t\t\t<\/div>\n\t\t\t\t\t<div class=\"content-initiative\">\n\t\t\t\t\t\t<div class=\"header-initiative\">\n\t\t\t\t\t\t\t<h4>Glace L\u00f6\u00f6\u00f6v<\/h4>\n\t\t\t\t\t\t<\/div>\n\t\t\t\t\t\t<div class=\"teaser-initiative\">\n\t\t\t\t\t\t\t<p>Spread the L\u00f6\u00f6\u00f6v \u2013 L\u00f6\u00f6\u00f6v produziert Glac\u00e9 aus geretteten und lokalen Zutaten.<\/p>\n\t\t\t\t\t\t<\/div>\n\t\t\t\t\t\t<div class=\"allinfo-initiative\">\n\t\t\t\t\t\t\t<p>Wusstest du, dass mehr als ein Drittel aller Lebensmittel entlang der Wertsch\u00f6pfungskette ungenutzt entsorgt wird?! Um diese L\u00fccken zu schliessen, hat L\u00f6\u00f6\u00f6v beschlossen, eine eigene Glac\u00e9 zu kreieren. Es muss nicht nur super schmecken, sondern auch Rohstoffe enthalten, die mit bestem Gewissen verwendet werden k\u00f6nnen. Deswegen orientiert sich das Sortiment an dem, was verf\u00fcgbar ist. Das sind regionale Lebensmittel oder Produkte, die es zu niemandem nach Hause geschafft haben. Von Hand produziert L\u00f6\u00f6\u00f6v aus dem, was es gerade gibt, ganz nach dem Motto: \u00abS het solangs het\u00bb. Da nie im Voraus bekannt ist, was es wann zu retten gibt, entstehen auch mal ausgefallenere Kreationen. So bekommen Ausschuss-Lebensmittel eine zweite Chance. <a href=\"http:\/\/www.looov.ch\/standorte\">Hier<\/a> kannst du die exklusiven Glaces kaufen.<\/p>\n\t\t\t\t\t\t\t\t\t\t\t\t\t\t\t<div class=\"address\">\n\t\t\t\t\t\t\t\t<b>\n\t\t\t\t\t\t\t\t\tSites :\t\n\t\t\t\t\t\t\t\t<\/b>\n\t\t\t\t\t\t\t\t<p>4058 Basel<\/p>\n\t\t\t\t\t\t\t\t<\/div>\n\t\t\t\t\t\t\t\n\t\t\t\t\t\t\t\t\t\t\t\t\t\t\t<div class=\"info\">\n\t\t\t\t\t\t\t\t\t\t<b>\n\t\t\t\t\t\t\t\t\t\t\tContact :\t\n\t\t\t\t\t\t\t\t\t\t<\/b>\n\t\t\t\t\t\t\t\t\t\t<p><a href=\"mailto:info@looov.ch\">info@looov.ch<\/a><\/p>\n\t\t\t\t\t\t\t\t<\/div>\n\t\t\t\t\t\t\t\n\t\t\t\t\t\t\t<ul class=\"networks\">\n\t\t\t\t\t\t\t\t\t\t\t\t\t\t\t<li class=\"website\"><a href=\"http:\/\/www.looov.ch\" target=\"_blank\"><img loading=\"lazy\" decoding=\"async\" src=\"\/wp-content\/themes\/fw\/assets\/img\/link.svg\" alt=\"Link Icon\" width=\"24\" height=\"24\"><\/a><\/li>\n\t\t\t\t\t\t\t\t\t\t\t\t\t\t\t\t\t\t\t\t\t\t\t\t\t\t\t\t\t\t\t\t\t\t\n\t\t\t\t\t\t\t\t\t\t\t<li><a target=\"_blank\" href=\"https:\/\/www.instagram.com\/glacelooov\/\"><img loading=\"lazy\" decoding=\"async\" src=\"\/wp-content\/themes\/fw\/assets\/img\/instagram.svg\" alt=\"Instagram Icon\" width=\"24\" height=\"24\"><\/a><\/li>\n\t\t\t\t\t\t\t\t\t\t\t\t\t\t\t\t\t\t\t\t\t<\/ul>\n\t\t\t\t\t\t\t\t\t\t\t\t\t\t\t\t\t<\/ul>\n\t\t\t\t\t\t<\/div>\n\t\t\t\t\t\t<a href=\"#\" class=\"btn plus wp-block-button__link wp-element-button more-initiative\">\n\t\t\t\t\t\t\t\t\t\t\t\t\t\tEn savoir plus\t\n\t\t\t\t\t\t<\/a>\n\t\t\t\t\t<\/div>\n\t\t\t\t<\/div>\n\t\t\t<\/div>\n\t\t\t\n\t\t\t\t<div id=\"10952\" class=\"post-item masonry-item 1636 1646 \" data-name=\"global-treff-romanshorn\">\n\t\t\t\t<div class=\"flex-grid-inner close\">\n\t\t\t\t\t<div class=\"img-initiative\">\n\t\t\t\t\t\t\t\t\t\t\t\t\t<div class=\"project-img-wrapper\">\n                                \t\t\t\t\t\t\t\t<img decoding=\"async\" class=\"\" src=\"https:\/\/foodwaste.ch\/wp-content\/uploads\/2021\/01\/globalbild-1024x682.jpeg\">\n\t\t\t\t\t\t\t<\/div>\n\t\t\t\t\t\t\t\t\t\t\t\t\t\t\t\t\t\t\t<div class=\"project-logo-wrap\">\n\t\t\t\t\t\t\t\t<img decoding=\"async\" class=\"project-logo\" src=\"https:\/\/foodwaste.ch\/wp-content\/uploads\/2021\/01\/global-300x101.jpeg\">\n\t\t\t\t\t\t\t<\/div>\n\t\t\t\t\t\t\t\t\t\t\t<\/div>\n\t\t\t\t\t<div class=\"content-initiative\">\n\t\t\t\t\t\t<div class=\"header-initiative\">\n\t\t\t\t\t\t\t<h4>GLoBAL-Treff Romanshorn<\/h4>\n\t\t\t\t\t\t<\/div>\n\t\t\t\t\t\t<div class=\"teaser-initiative\">\n\t\t\t\t\t\t\t<p>Gemeinsam, lokal, biologisch leben und arbeiten in Romanshorn<\/p>\n\t\t\t\t\t\t<\/div>\n\t\t\t\t\t\t<div class=\"allinfo-initiative\">\n\t\t\t\t\t\t\t<p>Der GLoBAL-Treff ist ein junger Verein mit dem Ziel, einen Laden f\u00fcr nachhaltige, biologische, regionale und unverpackte Lebensmittel aufzubauen. Er m\u00f6chte neue Verbindungen zwischen ProduzentInnen und KonsumentInnen f\u00f6rdern \u2013 weg von der Massenproduktion hin zu mehr Qualit\u00e4t, Wertsch\u00e4tzung und Biodiversit\u00e4t. Per Velo-Hauslieferdienst werden nachhaltig produzierte Lebensmittel geliefert.<\/p>\n\t\t\t\t\t\t\t\t\t\t\t\t\t\t\t<div class=\"address\">\n\t\t\t\t\t\t\t\t<b>\n\t\t\t\t\t\t\t\t\tSites :\t\n\t\t\t\t\t\t\t\t<\/b>\n\t\t\t\t\t\t\t\t\t\t\t\t\t\t\t\t<\/div>\n\t\t\t\t\t\t\t\n\t\t\t\t\t\t\t\t\t\t\t\t\t\t\t<div class=\"info\">\n\t\t\t\t\t\t\t\t\t\t<b>\n\t\t\t\t\t\t\t\t\t\t\tContact :\t\n\t\t\t\t\t\t\t\t\t\t<\/b>\n\t\t\t\t\t\t\t\t\t\t<p>info@global-treff.ch<\/p>\n\t\t\t\t\t\t\t\t<\/div>\n\t\t\t\t\t\t\t\n\t\t\t\t\t\t\t<ul class=\"networks\">\n\t\t\t\t\t\t\t\t\t\t\t\t\t\t\t<li class=\"website\"><a href=\"http:\/\/www.global-treff.ch\" target=\"_blank\"><img loading=\"lazy\" decoding=\"async\" src=\"\/wp-content\/themes\/fw\/assets\/img\/link.svg\" alt=\"Link Icon\" width=\"24\" height=\"24\"><\/a><\/li>\n\t\t\t\t\t\t\t\t\t\t\t\t\t\t\t\t\t\t\t\t\t\t<\/ul>\n\t\t\t\t\t\t<\/div>\n\t\t\t\t\t\t<a href=\"#\" class=\"btn plus wp-block-button__link wp-element-button more-initiative\">\n\t\t\t\t\t\t\t\t\t\t\t\t\t\tEn savoir plus\t\n\t\t\t\t\t\t<\/a>\n\t\t\t\t\t<\/div>\n\t\t\t\t<\/div>\n\t\t\t<\/div>\n\t\t\t\n\t\t\t\t<div id=\"6184\" class=\"post-item masonry-item 1638 1645 \" data-name=\"gmueesgarte\">\n\t\t\t\t<div class=\"flex-grid-inner close\">\n\t\t\t\t\t<div class=\"img-initiative\">\n\t\t\t\t\t\t\t\t\t\t\t\t\t<div class=\"project-img-wrapper\">\n                                \t\t\t\t\t\t\t\t<img decoding=\"async\" class=\"\" src=\"https:\/\/foodwaste.ch\/wp-content\/uploads\/2019\/03\/gmueesgarte_Bild-1024x472.jpeg\">\n\t\t\t\t\t\t\t<\/div>\n\t\t\t\t\t\t\t\t\t\t\t\t\t\t\t\t\t\t\t<div class=\"project-logo-wrap\">\n\t\t\t\t\t\t\t\t<img decoding=\"async\" class=\"project-logo\" src=\"https:\/\/foodwaste.ch\/wp-content\/uploads\/2019\/03\/logo-gg-positiv_1.png\">\n\t\t\t\t\t\t\t<\/div>\n\t\t\t\t\t\t\t\t\t\t\t<\/div>\n\t\t\t\t\t<div class=\"content-initiative\">\n\t\t\t\t\t\t<div class=\"header-initiative\">\n\t\t\t\t\t\t\t<h4>gm\u00fcesgarte<\/h4>\n\t\t\t\t\t\t<\/div>\n\t\t\t\t\t\t<div class=\"teaser-initiative\">\n\t\t\t\t\t\t\t<p>Der gm\u00fcesgarte Bern verkauft an der Marktgasse 19 \u00ab\u00a0chrummes und frisches\u00a0\u00bb Gem\u00fcse, welches von landwirtschaftlichen Betrieben aussortiert wird, da es nicht den Anspr\u00fcchen der Konsumentinnen und Konsumenten entspricht. <\/p>\n\t\t\t\t\t\t<\/div>\n\t\t\t\t\t\t<div class=\"allinfo-initiative\">\n\t\t\t\t\t\t\t<p>Rund ein F\u00fcnftel der landwirtschaftlichen Produkte gen\u00fcgt den Anspr\u00fcchen der Konsumentinnen und Konsumenten nicht. Die aussortierten Karotten, \u00c4pfel und Tomaten lassen sich nur schlecht verkaufen und dies obwohl es sich um qualitativ hochstehende Lebensmittel handelt.<\/p>\n<p>Der\u00a0<em>gm\u00fcesgarte\u00a0<\/em>will diese Tatsache \u00e4ndern. Im Kellerlokal an der Marktgasse bietet das Team des <em>gm\u00fcesgarte<\/em>\u00a0\u00fcbriggebliebenes Gem\u00fcse und Obst an, welches sie bei Partner-Landwirtschaftsbetrieben einkaufen. Aus den Lebensmitteln produziert der <em>gm\u00fcesgarte<\/em> auch leckere Salate, Suppen und Smoothies, die man mitnehmen oder vor Ort geniessen kann.. Mit dem Projekt leisten alle Beteiligten \u00a0\u2013 Landwirt\/innen sowie Kundinnen und Kunden \u2013 einen wertvollen Beitrag gegen die Verschwendung von Lebensmitteln.<\/p>\n<p>&nbsp;<\/p>\n\t\t\t\t\t\t\t\t\t\t\t\t\t\t\t<div class=\"address\">\n\t\t\t\t\t\t\t\t<b>\n\t\t\t\t\t\t\t\t\tSites :\t\n\t\t\t\t\t\t\t\t<\/b>\n\t\t\t\t\t\t\t\t<p>Marktgasse 19, 3011 Bern<\/p>\n\t\t\t\t\t\t\t\t<\/div>\n\t\t\t\t\t\t\t\n\t\t\t\t\t\t\t\t\t\t\t\t\t\t\t<div class=\"info\">\n\t\t\t\t\t\t\t\t\t\t<b>\n\t\t\t\t\t\t\t\t\t\t\tContact :\t\n\t\t\t\t\t\t\t\t\t\t<\/b>\n\t\t\t\t\t\t\t\t\t\t<p>hallo@gmueesgarte.ch<\/p>\n<p>031 503 47 74<\/p>\n<p>&nbsp;<\/p>\n<p>&nbsp;<\/p>\n\t\t\t\t\t\t\t\t<\/div>\n\t\t\t\t\t\t\t\n\t\t\t\t\t\t\t<ul class=\"networks\">\n\t\t\t\t\t\t\t\t\t\t\t\t\t\t\t<li class=\"website\"><a href=\"https:\/\/xn--gmesgarte-r9a.ch\/index.html\" target=\"_blank\"><img loading=\"lazy\" decoding=\"async\" src=\"\/wp-content\/themes\/fw\/assets\/img\/link.svg\" alt=\"Link Icon\" width=\"24\" height=\"24\"><\/a><\/li>\n\t\t\t\t\t\t\t\t\t\t\t\t\t\t\t\t\t\t\t\t\t\t\t\t\t\t\t\t\t\t\t\t\t\t\n\t\t\t\t\t\t\t\t\t\t\t<li><a target=\"_blank\" href=\"https:\/\/www.facebook.com\/gmueesgarte\/\"><img loading=\"lazy\" decoding=\"async\" src=\"\/wp-content\/themes\/fw\/assets\/img\/facebook.svg\" alt=\"Facebook Icon\" width=\"24\" height=\"24\"><\/a><\/li>\n\t\t\t\t\t\t\t\t\t\t\t\t\t\t\t\t\t\t\t\t\t\n\t\t\t\t\t\t\t\t\t\t\t<li><a target=\"_blank\" href=\"https:\/\/www.instagram.com\/gmueesgarte\/\"><img loading=\"lazy\" decoding=\"async\" src=\"\/wp-content\/themes\/fw\/assets\/img\/instagram.svg\" alt=\"Instagram Icon\" width=\"24\" height=\"24\"><\/a><\/li>\n\t\t\t\t\t\t\t\t\t\t\t\t\t\t\t\t\t\t\t\t\t\n\t\t\t\t\t\t\t\t\t\t\t<li><a target=\"_blank\" href=\"https:\/\/twitter.com\/gmueesgarte\"><img loading=\"lazy\" decoding=\"async\" src=\"\/wp-content\/themes\/fw\/assets\/img\/x.svg\" alt=\"X Icon\" width=\"24\" height=\"24\"><\/a><\/li>\n\t\t\t\t\t\t\t\t\t\t\t\t\t\t\t\t\t\t\t\t\t<\/ul>\n\t\t\t\t\t\t\t\t\t\t\t\t\t\t\t\t\t<\/ul>\n\t\t\t\t\t\t<\/div>\n\t\t\t\t\t\t<a href=\"#\" class=\"btn plus wp-block-button__link wp-element-button more-initiative\">\n\t\t\t\t\t\t\t\t\t\t\t\t\t\tEn savoir plus\t\n\t\t\t\t\t\t<\/a>\n\t\t\t\t\t<\/div>\n\t\t\t\t<\/div>\n\t\t\t<\/div>\n\t\t\t\n\t\t\t\t<div id=\"26069\" class=\"post-item masonry-item 1648 1644 1645 \" data-name=\"gonina\">\n\t\t\t\t<div class=\"flex-grid-inner close\">\n\t\t\t\t\t<div class=\"img-initiative\">\n\t\t\t\t\t\t\t\t\t\t\t\t\t<div class=\"project-img-wrapper\">\n                                \t\t\t\t\t\t\t\t<img decoding=\"async\" class=\"\" src=\"https:\/\/foodwaste.ch\/wp-content\/uploads\/2025\/07\/GoNina_Bild.png\">\n\t\t\t\t\t\t\t<\/div>\n\t\t\t\t\t\t\t\t\t\t\t\t\t\t\t\t\t\t\t<div class=\"project-logo-wrap\">\n\t\t\t\t\t\t\t\t<img decoding=\"async\" class=\"project-logo\" src=\"https:\/\/foodwaste.ch\/wp-content\/uploads\/2025\/07\/GoNina_Logo-300x103.png\">\n\t\t\t\t\t\t\t<\/div>\n\t\t\t\t\t\t\t\t\t\t\t<\/div>\n\t\t\t\t\t<div class=\"content-initiative\">\n\t\t\t\t\t\t<div class=\"header-initiative\">\n\t\t\t\t\t\t\t<h4>GoNina<\/h4>\n\t\t\t\t\t\t<\/div>\n\t\t\t\t\t\t<div class=\"teaser-initiative\">\n\t\t\t\t\t\t\t<p>GoNina hilft Restaurants, B\u00e4ckereien und Lebensmittelh\u00e4ndlern, mit KI ihre Produktion pr\u00e4ziser zu planen, Food Waste zu vermeiden und \u00dcbersch\u00fcsse zu fairen Preisen an Konsument*innen zu verkaufen.<\/p>\n\t\t\t\t\t\t<\/div>\n\t\t\t\t\t\t<div class=\"allinfo-initiative\">\n\t\t\t\t\t\t\t<p>GoNina ist eine Schweizer L\u00f6sung gegen Lebensmittelverschwendung in der B\u00e4ckerei-Branche, Gastronomie und im Detailhandel. Unsere KI-Prognosen prognostizieren die Nachfrage standortspezifisch mit \u00fcber 90% Genauigkeit, damit Betriebe ihre Produktion optimal planen und \u00dcberproduktion vermeiden k\u00f6nnen. Dadurch wird das Problem Food Waste an der Wurzel angegangen. Falls dennoch etwas \u00fcbrig bleibt, kann das Essen \u00fcber unsere GoNina App einfach an Konsument*innen zu einem Rabatt verkauft werden. So sparen unsere Kunden Kosten, reduzieren Food Waste und gewinnen neue Kundinnen. Bereits \u00fcber 100 Betriebe in der Schweiz setzen auf GoNina und es kommen fast t\u00e4glich neue dazu.<\/p>\n\t\t\t\t\t\t\t\n\t\t\t\t\t\t\t\t\t\t\t\t\t\t\t<div class=\"info\">\n\t\t\t\t\t\t\t\t\t\t<b>\n\t\t\t\t\t\t\t\t\t\t\tContact :\t\n\t\t\t\t\t\t\t\t\t\t<\/b>\n\t\t\t\t\t\t\t\t\t\t<p><a href=\"mailto:info@gonina.com\">info@gonina.com<\/a><\/p>\n\t\t\t\t\t\t\t\t<\/div>\n\t\t\t\t\t\t\t\n\t\t\t\t\t\t\t<ul class=\"networks\">\n\t\t\t\t\t\t\t\t\t\t\t\t\t\t\t<li class=\"website\"><a href=\"https:\/\/www.gonina.com\" target=\"_blank\"><img loading=\"lazy\" decoding=\"async\" src=\"\/wp-content\/themes\/fw\/assets\/img\/link.svg\" alt=\"Link Icon\" width=\"24\" height=\"24\"><\/a><\/li>\n\t\t\t\t\t\t\t\t\t\t\t\t\t\t\t\t\t\t\t\t\t\t\t\t\t\t\t\t\t\t\t\t\t\t\n\t\t\t\t\t\t\t\t\t\t\t<li><a target=\"_blank\" href=\"https:\/\/www.linkedin.com\/company\/gonina\/\"><img loading=\"lazy\" decoding=\"async\" src=\"\/wp-content\/themes\/fw\/assets\/img\/linkedin.svg\" alt=\"LinkedIn Icon\" width=\"24\" height=\"24\"><\/a><\/li>\n\t\t\t\t\t\t\t\t\t\t\t\t\t\t\t\t\t\t\t\t\t\n\t\t\t\t\t\t\t\t\t\t\t<li><a target=\"_blank\" href=\"https:\/\/www.instagram.com\/gonina.ch\/\"><img loading=\"lazy\" decoding=\"async\" src=\"\/wp-content\/themes\/fw\/assets\/img\/instagram.svg\" alt=\"Instagram Icon\" width=\"24\" height=\"24\"><\/a><\/li>\n\t\t\t\t\t\t\t\t\t\t\t\t\t\t\t\t\t\t\t\t\t<\/ul>\n\t\t\t\t\t\t\t\t\t\t\t\t\t\t\t\t\t<\/ul>\n\t\t\t\t\t\t<\/div>\n\t\t\t\t\t\t<a href=\"#\" class=\"btn plus wp-block-button__link wp-element-button more-initiative\">\n\t\t\t\t\t\t\t\t\t\t\t\t\t\tEn savoir plus\t\n\t\t\t\t\t\t<\/a>\n\t\t\t\t\t<\/div>\n\t\t\t\t<\/div>\n\t\t\t<\/div>\n\t\t\t\n\t\t\t\t<div id=\"15775\" class=\"post-item masonry-item 1640 1645 \" data-name=\"good-market\">\n\t\t\t\t<div class=\"flex-grid-inner close\">\n\t\t\t\t\t<div class=\"img-initiative\">\n\t\t\t\t\t\t\t\t\t\t\t\t\t<div class=\"project-img-wrapper\">\n                                \t\t\t\t\t\t\t\t<img decoding=\"async\" class=\"\" src=\"https:\/\/foodwaste.ch\/wp-content\/uploads\/2023\/06\/goodmarket2.jpg\">\n\t\t\t\t\t\t\t<\/div>\n\t\t\t\t\t\t\t\t\t\t\t\t\t\t\t\t\t\t\t<div class=\"project-logo-wrap\">\n\t\t\t\t\t\t\t\t<img decoding=\"async\" class=\"project-logo\" src=\"https:\/\/foodwaste.ch\/wp-content\/uploads\/2023\/06\/Logo_mit-Farbverlauf.jpeg\">\n\t\t\t\t\t\t\t<\/div>\n\t\t\t\t\t\t\t\t\t\t\t<\/div>\n\t\t\t\t\t<div class=\"content-initiative\">\n\t\t\t\t\t\t<div class=\"header-initiative\">\n\t\t\t\t\t\t\t<h4>Good Market<\/h4>\n\t\t\t\t\t\t<\/div>\n\t\t\t\t\t\t<div class=\"teaser-initiative\">\n\t\t\t\t\t\t\t<p>Good Market ist ein Z\u00fcrcher Start-up, das lokale Bauern unterst\u00fctzt, indem es \u00fcbersch\u00fcssiges und optisch unperfektes Bio-Gem\u00fcse fair bezahlt und sowohl als Gem\u00fcseretterkisten in der gesamten Stadt Z\u00fcrich als auch an die Gastronomie vermittelt. <\/p>\n\t\t\t\t\t\t<\/div>\n\t\t\t\t\t\t<div class=\"allinfo-initiative\">\n\t\t\t\t\t\t\t<p>Weltweit wird ein Drittel der Lebensmittel weggeworfen. In der Schweiz entstehen allein in der Landwirtschaft j\u00e4hrlich 550\u2019000 Tonnen vermeidbare Lebensmittelabf\u00e4lle. Das ist nicht nachhaltig.<br \/>\nDeshalb k\u00e4mpfen wir gemeinsam mit regionalen Bauern gegen Foodwaste. Wir retten \u00fcbersch\u00fcssiges, krummes und lustiges Gem\u00fcse, das den strikten Normen der Grossverteiler nicht entspricht. Unser Ziel ist es, eine sinnvolle Win-Win-Win-L\u00f6sung f\u00fcr die Natur, die Bauern und uns Konsumenten zu bieten. Denn jeder Kaufentscheid z\u00e4hlt und hat Einfluss darauf, wie wir mit nat\u00fcrlichen Ressourcen umgehen. Deshalb haben wir den \u2018Good Market\u2019 ins Leben gerufen \u2013 einen Laden f\u00fcr abnormales Bio-Gem\u00fcse aus Z\u00fcrich.<\/p>\n\t\t\t\t\t\t\t\t\t\t\t\t\t\t\t<div class=\"address\">\n\t\t\t\t\t\t\t\t<b>\n\t\t\t\t\t\t\t\t\tSites :\t\n\t\t\t\t\t\t\t\t<\/b>\n\t\t\t\t\t\t\t\t<p>Z\u00fcrich<\/p>\n\t\t\t\t\t\t\t\t<\/div>\n\t\t\t\t\t\t\t\n\t\t\t\t\t\t\t\t\t\t\t\t\t\t\t<div class=\"info\">\n\t\t\t\t\t\t\t\t\t\t<b>\n\t\t\t\t\t\t\t\t\t\t\tContact :\t\n\t\t\t\t\t\t\t\t\t\t<\/b>\n\t\t\t\t\t\t\t\t\t\t<p><a href=\"mailto:info@goodmarket.ch\">info@goodmarket.ch<\/a><\/p>\n\t\t\t\t\t\t\t\t<\/div>\n\t\t\t\t\t\t\t\n\t\t\t\t\t\t\t<ul class=\"networks\">\n\t\t\t\t\t\t\t\t\t\t\t\t\t\t\t<li class=\"website\"><a href=\"https:\/\/goodmarket.ch\/\" target=\"_blank\"><img loading=\"lazy\" decoding=\"async\" src=\"\/wp-content\/themes\/fw\/assets\/img\/link.svg\" alt=\"Link Icon\" width=\"24\" height=\"24\"><\/a><\/li>\n\t\t\t\t\t\t\t\t\t\t\t\t\t\t\t\t\t\t\t\t\t\t\t\t\t\t\t\t\t\t\t\t\t\t\n\t\t\t\t\t\t\t\t\t\t\t<li><a target=\"_blank\" href=\"https:\/\/www.instagram.com\/goodmarket_ch\/\"><img loading=\"lazy\" decoding=\"async\" src=\"\/wp-content\/themes\/fw\/assets\/img\/instagram.svg\" alt=\"Instagram Icon\" width=\"24\" height=\"24\"><\/a><\/li>\n\t\t\t\t\t\t\t\t\t\t\t\t\t\t\t\t\t\t\t\t\t\n\t\t\t\t\t\t\t\t\t\t\t<li><a target=\"_blank\" href=\"https:\/\/www.facebook.com\/goodmarketswitzerland\"><img loading=\"lazy\" decoding=\"async\" src=\"\/wp-content\/themes\/fw\/assets\/img\/facebook.svg\" alt=\"Facebook Icon\" width=\"24\" height=\"24\"><\/a><\/li>\n\t\t\t\t\t\t\t\t\t\t\t\t\t\t\t\t\t\t\t\t\t<\/ul>\n\t\t\t\t\t\t\t\t\t\t\t\t\t\t\t\t\t<\/ul>\n\t\t\t\t\t\t<\/div>\n\t\t\t\t\t\t<a href=\"#\" class=\"btn plus wp-block-button__link wp-element-button more-initiative\">\n\t\t\t\t\t\t\t\t\t\t\t\t\t\tEn savoir plus\t\n\t\t\t\t\t\t<\/a>\n\t\t\t\t\t<\/div>\n\t\t\t\t<\/div>\n\t\t\t<\/div>\n\t\t\t\n\t\t\t\t<div id=\"13538\" class=\"post-item masonry-item 1641 1647 1646 \" data-name=\"grands-parents-pour-le-climat-lalimentation-une-cle-pour-la-transition\">\n\t\t\t\t<div class=\"flex-grid-inner close\">\n\t\t\t\t\t<div class=\"img-initiative\">\n\t\t\t\t\t\t\t\t\t\t\t\t\t<div class=\"project-img-wrapper\">\n                                \t\t\t\t\t\t\t\t<img decoding=\"async\" class=\"\" src=\"https:\/\/foodwaste.ch\/wp-content\/uploads\/2022\/09\/IMG_1392-1.jpg\">\n\t\t\t\t\t\t\t<\/div>\n\t\t\t\t\t\t\t\t\t\t\t\t\t\t\t\t\t\t\t<div class=\"project-logo-wrap\">\n\t\t\t\t\t\t\t\t<img decoding=\"async\" class=\"project-logo\" src=\"https:\/\/foodwaste.ch\/wp-content\/uploads\/2022\/09\/GPClimat_VertTransp-2-300x300.png\">\n\t\t\t\t\t\t\t<\/div>\n\t\t\t\t\t\t\t\t\t\t\t<\/div>\n\t\t\t\t\t<div class=\"content-initiative\">\n\t\t\t\t\t\t<div class=\"header-initiative\">\n\t\t\t\t\t\t\t<h4>Grands-Parents pour le climat &#8211; L\u2019Alimentation, une cl\u00e9 pour la transition<\/h4>\n\t\t\t\t\t\t<\/div>\n\t\t\t\t\t\t<div class=\"teaser-initiative\">\n\t\t\t\t\t\t\t<p>Afin de r\u00e9pondre \u00e0 l&rsquo;envie de ses membres d\u2019agir concr\u00e8tement pour le climat, \u00ab\u00a0les grands-parents\u00a0\u00bb pour le climat ont mis sur pied un projet sur l&rsquo;alimentation durable qui permet de passer \u00e0 l\u2019action individuellement mais aussi collectivement dans votre commune ou quartier.<\/p>\n\t\t\t\t\t\t<\/div>\n\t\t\t\t\t\t<div class=\"allinfo-initiative\">\n\t\t\t\t\t\t\t<p>Le projet se veut un catalyseur d&rsquo;actions collectives locales, de type \u00ab\u00a0grassroots\u00a0\u00bb, qui renforcent les syst\u00e8mes alimentaires durables. Il veut d\u2019abord informer avec une s\u00e9rie de formations abordant l&rsquo;impact de l&rsquo;alimentation sur le climat et l\u2019identification des principales sources d&rsquo;\u00e9missions de gaz \u00e0 effet de serre en d\u00e9coulant. Le projet veut ensuite activer les personnes en d\u00e9clenchant et accompagnant le lancement d&rsquo;initiatives collectives au niveau local.<br \/>\nLe tout en se faisant plaisir, \u00ab what else ? \u00bb quand on parle d\u2019alimentation. En agissant ensemble sur des \u00e9l\u00e9ments \u00e0 leur port\u00e9e, les participantes et participants renforcent leur d\u00e9termination et se sentent utiles dans leur effort pour contribuer \u00e0 la transition \u00e9cologique, r\u00e9duisant ainsi l\u2019\u00e9co-anxi\u00e9t\u00e9.<\/p>\n\t\t\t\t\t\t\t\t\t\t\t\t\t\t\t<div class=\"address\">\n\t\t\t\t\t\t\t\t<b>\n\t\t\t\t\t\t\t\t\tSites :\t\n\t\t\t\t\t\t\t\t<\/b>\n\t\t\t\t\t\t\t\t<p>1005 Lausanne<\/p>\n\t\t\t\t\t\t\t\t<\/div>\n\t\t\t\t\t\t\t\n\t\t\t\t\t\t\t\t\t\t\t\t\t\t\t<div class=\"info\">\n\t\t\t\t\t\t\t\t\t\t<b>\n\t\t\t\t\t\t\t\t\t\t\tContact :\t\n\t\t\t\t\t\t\t\t\t\t<\/b>\n\t\t\t\t\t\t\t\t\t\t<p><a href=\"mailto:david.martin@gpclimat.ch\">david.martin@gpclimat.ch<\/a><\/p>\n\t\t\t\t\t\t\t\t<\/div>\n\t\t\t\t\t\t\t\n\t\t\t\t\t\t\t<ul class=\"networks\">\n\t\t\t\t\t\t\t\t\t\t\t\t\t\t\t<li class=\"website\"><a href=\"https:\/\/alimentation.gpclimat.ch\/\" target=\"_blank\"><img loading=\"lazy\" decoding=\"async\" src=\"\/wp-content\/themes\/fw\/assets\/img\/link.svg\" alt=\"Link Icon\" width=\"24\" height=\"24\"><\/a><\/li>\n\t\t\t\t\t\t\t\t\t\t\t\t\t\t\t\t\t\t\t\t\t\t\t\t\t\t\t\t\t\t\t\t\t\t\n\t\t\t\t\t\t\t\t\t\t\t<li><a target=\"_blank\" href=\"https:\/\/www.facebook.com\/gpclimat\"><img loading=\"lazy\" decoding=\"async\" src=\"\/wp-content\/themes\/fw\/assets\/img\/facebook.svg\" alt=\"Facebook Icon\" width=\"24\" height=\"24\"><\/a><\/li>\n\t\t\t\t\t\t\t\t\t\t\t\t\t\t\t\t\t\t\t\t\t\n\t\t\t\t\t\t\t\t\t\t\t<li><a target=\"_blank\" href=\"https:\/\/www.instagram.com\/gpclimat_ch\/\"><img loading=\"lazy\" decoding=\"async\" src=\"\/wp-content\/themes\/fw\/assets\/img\/instagram.svg\" alt=\"Instagram Icon\" width=\"24\" height=\"24\"><\/a><\/li>\n\t\t\t\t\t\t\t\t\t\t\t\t\t\t\t\t\t\t\t\t\t<\/ul>\n\t\t\t\t\t\t\t\t\t\t\t\t\t\t\t\t\t<\/ul>\n\t\t\t\t\t\t<\/div>\n\t\t\t\t\t\t<a href=\"#\" class=\"btn plus wp-block-button__link wp-element-button more-initiative\">\n\t\t\t\t\t\t\t\t\t\t\t\t\t\tEn savoir plus\t\n\t\t\t\t\t\t<\/a>\n\t\t\t\t\t<\/div>\n\t\t\t\t<\/div>\n\t\t\t<\/div>\n\t\t\t\n\t\t\t\t<div id=\"6237\" class=\"post-item masonry-item 1640 1645 1634 \" data-name=\"6237\">\n\t\t\t\t<div class=\"flex-grid-inner close\">\n\t\t\t\t\t<div class=\"img-initiative\">\n\t\t\t\t\t\t\t\t\t\t\t\t\t<div class=\"project-img-wrapper\">\n                                \t\t\t\t\t\t\t\t<img decoding=\"async\" class=\"\" src=\"https:\/\/foodwaste.ch\/wp-content\/uploads\/2019\/04\/Grassrooted-Bild-1024x410.jpg\">\n\t\t\t\t\t\t\t<\/div>\n\t\t\t\t\t\t\t\t\t\t\t\t\t\t\t\t\t\t\t<div class=\"project-logo-wrap\">\n\t\t\t\t\t\t\t\t<img decoding=\"async\" class=\"project-logo\" src=\"https:\/\/foodwaste.ch\/wp-content\/uploads\/2019\/04\/Grassrooted_Logo-300x257.jpg\">\n\t\t\t\t\t\t\t<\/div>\n\t\t\t\t\t\t\t\t\t\t\t<\/div>\n\t\t\t\t\t<div class=\"content-initiative\">\n\t\t\t\t\t\t<div class=\"header-initiative\">\n\t\t\t\t\t\t\t<h4>Grassrooted<\/h4>\n\t\t\t\t\t\t<\/div>\n\t\t\t\t\t\t<div class=\"teaser-initiative\">\n\t\t\t\t\t\t\t<p>Gemeinn\u00fctziger Verein sowie sozaiels Unternehmen aus Z\u00fcrich zur Bek\u00e4mpfung von Food Waste und zur F\u00f6rderung von \u00f6kologischer und regenerativer Landwirtschaft.<\/p>\n\t\t\t\t\t\t<\/div>\n\t\t\t\t\t\t<div class=\"allinfo-initiative\">\n\t\t\t\t\t\t\t<p style=\"font-weight: 400;\">Grassrooted ist ein gemeinn\u00fctziger Verein, sowie soziales Unternehmen\u00a0zur Bek\u00e4mpfung von Food Waste und zur F\u00f6rderung von \u00f6kologischer und regenerativer Landwirtschaft.\u00a0Es soll eine Initiative von B\u00fcrger*Innen, von den Wurzeln der Gesellschaft, von uns allen sein. Diese soll von den Z\u00fcrcher*innen f\u00fcr die Z\u00fcrcher Bev\u00f6lkerung einen Nutzen f\u00fcr die gesamte Gesellschaft bringen.<\/p>\n<p style=\"font-weight: 400;\">Immer wieder organisiert grassrooted<em>\u00a0<\/em>grosse Rettungsaktionen<em>\u00a0<\/em>f\u00fcr Gem\u00fcse und Fr\u00fcchte, welche den hohen Qualit\u00e4tsanspr\u00fcchen des Detailhandels nicht gen\u00fcgen oder \u00fcbersch\u00fcssig sind. Dadurch wird das Problem nicht gel\u00f6st, sondern nur verschoben. Es soll der Sensibilisierung dienen und Emp\u00f6rung verursachen. Mit dem Ziel, einen Prozess f\u00fcr eine Ver\u00e4nderung in Gang zu setzen, bei dem wir das Gespr\u00e4ch mit Konsument*innen und Produzent*innen suchen und gemeinsam L\u00f6sungen gegen Foodwaste suchen.<\/p>\n<p style=\"font-weight: 400;\">Zusammen mit Gebana hat grassrooted ein Gem\u00fcseabo f\u00fcr Retter*innen lanciert. Als Gem\u00fcseretter*in erh\u00e4ltst du alle 14 Tage eine Box mit gerettetem Gem\u00fcse nach Hause geliefert. Das Gem\u00fcse entspricht optisch nicht der Norm \u2013 zu klein, zu krumm, zu unf\u00f6rmig oder \u00fcbersch\u00fcssig \u2013 ist aber qualitativ hochwertig. Zusammen setzen wir uns gegen diesen absurden Foodwaste ein. Unterst\u00fctze grassrooted dabei und bestell dir <a href=\"https:\/\/www.gebana.com\/projects\/ch\/project\/information\/39\" data-saferedirecturl=\"https:\/\/www.google.com\/url?q=https:\/\/www.gebana.com\/projects\/ch\/project\/information\/39&amp;source=gmail&amp;ust=1572337058710000&amp;usg=AFQjCNH85R5CtZRHuTKctG9UOH2LQ2HXBQ\">hier<\/a>\u00a0ein Gem\u00fcseretter*innen Abo.<\/p>\n\t\t\t\t\t\t\t\t\t\t\t\t\t\t\t<div class=\"address\">\n\t\t\t\t\t\t\t\t<b>\n\t\t\t\t\t\t\t\t\tSites :\t\n\t\t\t\t\t\t\t\t<\/b>\n\t\t\t\t\t\t\t\t<p>rampe 5, Gartenhofstrasse 27, 8004 Z\u00fcrich<\/p>\n\t\t\t\t\t\t\t\t<\/div>\n\t\t\t\t\t\t\t\n\t\t\t\t\t\t\t\t\t\t\t\t\t\t\t<div class=\"info\">\n\t\t\t\t\t\t\t\t\t\t<b>\n\t\t\t\t\t\t\t\t\t\t\tContact :\t\n\t\t\t\t\t\t\t\t\t\t<\/b>\n\t\t\t\t\t\t\t\t\t\t<p><a href=\"mailto:hallo@grassrooted.ch\" target=\"_blank\" rel=\"noopener\">hallo@grassrooted.ch<\/a><\/p>\n\t\t\t\t\t\t\t\t<\/div>\n\t\t\t\t\t\t\t\n\t\t\t\t\t\t\t<ul class=\"networks\">\n\t\t\t\t\t\t\t\t\t\t\t\t\t\t\t<li class=\"website\"><a href=\"https:\/\/grassrooted.ch\" target=\"_blank\"><img loading=\"lazy\" decoding=\"async\" src=\"\/wp-content\/themes\/fw\/assets\/img\/link.svg\" alt=\"Link Icon\" width=\"24\" height=\"24\"><\/a><\/li>\n\t\t\t\t\t\t\t\t\t\t\t\t\t\t\t\t\t\t\t\t\t\t\t\t\t\t\t\t\t\t\t\t\t\t\n\t\t\t\t\t\t\t\t\t\t\t<li><a target=\"_blank\" href=\"https:\/\/www.instagram.com\/grassrootedzuerich\/\"><img loading=\"lazy\" decoding=\"async\" src=\"\/wp-content\/themes\/fw\/assets\/img\/instagram.svg\" alt=\"Instagram Icon\" width=\"24\" height=\"24\"><\/a><\/li>\n\t\t\t\t\t\t\t\t\t\t\t\t\t\t\t\t\t\t\t\t\t\n\t\t\t\t\t\t\t\t\t\t\t<li><a target=\"_blank\" href=\"https:\/\/www.facebook.com\/grassrootedzuerich\/\"><img loading=\"lazy\" decoding=\"async\" src=\"\/wp-content\/themes\/fw\/assets\/img\/facebook.svg\" alt=\"Facebook Icon\" width=\"24\" height=\"24\"><\/a><\/li>\n\t\t\t\t\t\t\t\t\t\t\t\t\t\t\t\t\t\t\t\t\t<\/ul>\n\t\t\t\t\t\t\t\t\t\t\t\t\t\t\t\t\t<\/ul>\n\t\t\t\t\t\t<\/div>\n\t\t\t\t\t\t<a href=\"#\" class=\"btn plus wp-block-button__link wp-element-button more-initiative\">\n\t\t\t\t\t\t\t\t\t\t\t\t\t\tEn savoir plus\t\n\t\t\t\t\t\t<\/a>\n\t\t\t\t\t<\/div>\n\t\t\t\t<\/div>\n\t\t\t<\/div>\n\t\t\t\n\t\t\t\t<div id=\"10991\" class=\"post-item masonry-item 1648 1644 \" data-name=\"greenpick-nachhaltigkeitskompass\">\n\t\t\t\t<div class=\"flex-grid-inner close\">\n\t\t\t\t\t<div class=\"img-initiative\">\n\t\t\t\t\t\t\t\t\t\t\t\t\t<div class=\"project-img-wrapper\">\n                                \t\t\t\t\t\t\t\t<img decoding=\"async\" class=\"\" src=\"https:\/\/foodwaste.ch\/wp-content\/uploads\/2021\/01\/Foodwaste-GreenPick-Hintegrundbild-1024x685.jpg\">\n\t\t\t\t\t\t\t<\/div>\n\t\t\t\t\t\t\t\t\t\t\t\t\t\t\t\t\t\t\t<div class=\"project-logo-wrap\">\n\t\t\t\t\t\t\t\t<img decoding=\"async\" class=\"project-logo\" src=\"https:\/\/foodwaste.ch\/wp-content\/uploads\/2021\/01\/GreenPick-HereSign-512x512-1-300x300.png\">\n\t\t\t\t\t\t\t<\/div>\n\t\t\t\t\t\t\t\t\t\t\t<\/div>\n\t\t\t\t\t<div class=\"content-initiative\">\n\t\t\t\t\t\t<div class=\"header-initiative\">\n\t\t\t\t\t\t\t<h4>GreenPick Nachhaltigkeitskompass<\/h4>\n\t\t\t\t\t\t<\/div>\n\t\t\t\t\t\t<div class=\"teaser-initiative\">\n\t\t\t\t\t\t\t<p>Gesund und klimafreundlich leben darf Spass machen und soll einfach m\u00f6glich sein \u2013 der Nachhaltigkeitskompass von GreenPick hilft dir dabei.<\/p>\n\t\t\t\t\t\t<\/div>\n\t\t\t\t\t\t<div class=\"allinfo-initiative\">\n\t\t\t\t\t\t\t<p>Bio, vegan und abfallfrei? Fair, sozial engagiert oder barrierefrei?<\/p>\n<p>Was auch immer deine pers\u00f6nlichen Bed\u00fcrfnisse sind: Lass dich von GreenPick inspirieren und entdecke nachhaltige Alternativen rund ums Essen und Trinken und aus vielen weiteren Lebensbereichen. Die Angebote kommen von den \u00abkleinen Guten\u00bb in deiner Region \u2013 Produzenten, Gastronomen oder Kooperativen \u2013 welche ganzheitlich und in mindestens drei Bereichen nachhaltig engagiert sind.<\/p>\n<p>Gemeinsam mit lokalen Wandelpionieren und engagierten Organisationen kannst du zu einem nachhaltigen und gesunden Ern\u00e4hrungssystem beitragen und eine Zukunft gestalten, die nicht nur an Wohlstand reich ist.<\/p>\n\t\t\t\t\t\t\t\n\t\t\t\t\t\t\t\t\t\t\t\t\t\t\t<div class=\"info\">\n\t\t\t\t\t\t\t\t\t\t<b>\n\t\t\t\t\t\t\t\t\t\t\tContact :\t\n\t\t\t\t\t\t\t\t\t\t<\/b>\n\t\t\t\t\t\t\t\t\t\t<p><a href=\"mailto:hello@greenpick.ch\">hello@greenpick.ch<\/a><\/p>\n\t\t\t\t\t\t\t\t<\/div>\n\t\t\t\t\t\t\t\n\t\t\t\t\t\t\t<ul class=\"networks\">\n\t\t\t\t\t\t\t\t\t\t\t\t\t\t\t<li class=\"website\"><a href=\"https:\/\/greenpick.app\/\" target=\"_blank\"><img loading=\"lazy\" decoding=\"async\" src=\"\/wp-content\/themes\/fw\/assets\/img\/link.svg\" alt=\"Link Icon\" width=\"24\" height=\"24\"><\/a><\/li>\n\t\t\t\t\t\t\t\t\t\t\t\t\t\t\t\t\t\t\t\t\t\t\t\t\t\t\t\t\t\t\t\t\t\t\n\t\t\t\t\t\t\t\t\t\t\t<li><a target=\"_blank\" href=\"https:\/\/www.facebook.com\/greenpickschweiz\"><img loading=\"lazy\" decoding=\"async\" src=\"\/wp-content\/themes\/fw\/assets\/img\/facebook.svg\" alt=\"Facebook Icon\" width=\"24\" height=\"24\"><\/a><\/li>\n\t\t\t\t\t\t\t\t\t\t\t\t\t\t\t\t\t\t\t\t\t\n\t\t\t\t\t\t\t\t\t\t\t<li><a target=\"_blank\" href=\"https:\/\/www.instagram.com\/greenpick.ch\/\"><img loading=\"lazy\" decoding=\"async\" src=\"\/wp-content\/themes\/fw\/assets\/img\/instagram.svg\" alt=\"Instagram Icon\" width=\"24\" height=\"24\"><\/a><\/li>\n\t\t\t\t\t\t\t\t\t\t\t\t\t\t\t\t\t\t\t\t\t\n\t\t\t\t\t\t\t\t\t\t\t<li><a target=\"_blank\" href=\"https:\/\/www.youtube.com\/channel\/UCgFHOwoe-dXkbZwj4JpaiWw\"><img loading=\"lazy\" decoding=\"async\" src=\"\/wp-content\/themes\/fw\/assets\/img\/youtube.svg\" alt=\"YouTube Icon\" width=\"24\" height=\"24\"><\/a><\/li>\n\t\t\t\t\t\t\t\t\t\t\t\t\t\t\t\t\t\t\t\t\t\n\t\t\t\t\t\t\t\t\t\t\t<li><a target=\"_blank\" href=\"https:\/\/www.linkedin.com\/company\/green-now-ag\/\"><img loading=\"lazy\" decoding=\"async\" src=\"\/wp-content\/themes\/fw\/assets\/img\/linkedin.svg\" alt=\"LinkedIn Icon\" width=\"24\" height=\"24\"><\/a><\/li>\n\t\t\t\t\t\t\t\t\t\t\t\t\t\t\t\t\t\t\t\t\t<\/ul>\n\t\t\t\t\t\t\t\t\t\t\t\t\t\t\t\t\t<\/ul>\n\t\t\t\t\t\t<\/div>\n\t\t\t\t\t\t<a href=\"#\" class=\"btn plus wp-block-button__link wp-element-button more-initiative\">\n\t\t\t\t\t\t\t\t\t\t\t\t\t\tEn savoir plus\t\n\t\t\t\t\t\t<\/a>\n\t\t\t\t\t<\/div>\n\t\t\t\t<\/div>\n\t\t\t<\/div>\n\t\t\t\n\t\t\t\t<div id=\"10120\" class=\"post-item masonry-item 1648 1644 \" data-name=\"grossvaters-art\">\n\t\t\t\t<div class=\"flex-grid-inner close\">\n\t\t\t\t\t<div class=\"img-initiative\">\n\t\t\t\t\t\t\t\t\t\t\t\t\t<div class=\"project-img-wrapper\">\n                                \t\t\t\t\t\t\t\t<img decoding=\"async\" class=\"\" src=\"https:\/\/foodwaste.ch\/wp-content\/uploads\/2020\/05\/gva_3-1024x377.jpg\">\n\t\t\t\t\t\t\t<\/div>\n\t\t\t\t\t\t\t\t\t\t\t\t\t\t\t\t\t\t\t<div class=\"project-logo-wrap\">\n\t\t\t\t\t\t\t\t<img decoding=\"async\" class=\"project-logo\" src=\"https:\/\/foodwaste.ch\/wp-content\/uploads\/2020\/05\/logo-gva-1.jpg\">\n\t\t\t\t\t\t\t<\/div>\n\t\t\t\t\t\t\t\t\t\t\t<\/div>\n\t\t\t\t\t<div class=\"content-initiative\">\n\t\t\t\t\t\t<div class=\"header-initiative\">\n\t\t\t\t\t\t\t<h4>Grossvaters Art<\/h4>\n\t\t\t\t\t\t<\/div>\n\t\t\t\t\t\t<div class=\"teaser-initiative\">\n\t\t\t\t\t\t\t<p>Grossvaters Art produziert aus \u00fcberz\u00e4hligen Fr\u00fcchten Schnaps, Sirup, Konfi und vieles mehr.<\/p>\n\t\t\t\t\t\t<\/div>\n\t\t\t\t\t\t<div class=\"allinfo-initiative\">\n\t\t\t\t\t\t\t<p>Grossvaters Art verhilft ungenutzten Fr\u00fcchten, \u00fcbriggebliebenen Beeren und krummem Gem\u00fcse zu einer zweiten Chance. So entstehen leckere Konfis, Sirup und andere eingemachte Produkte. Dazu ist ihre Auswahl an gebrannten W\u00e4ssern beachtlich: Von Quitten- \u00fcber S\u00fcsskartoffel- bis zu R\u00fceblischnaps gibt es alles zu kaufen, was das Herz begehrt. Alles handverlesen und mit viel Liebe hergestellt.<\/p>\n\t\t\t\t\t\t\t\n\t\t\t\t\t\t\t\t\t\t\t\t\t\t\t<div class=\"info\">\n\t\t\t\t\t\t\t\t\t\t<b>\n\t\t\t\t\t\t\t\t\t\t\tContact :\t\n\t\t\t\t\t\t\t\t\t\t<\/b>\n\t\t\t\t\t\t\t\t\t\t<p>info@grossvatersart.ch<\/p>\n\t\t\t\t\t\t\t\t<\/div>\n\t\t\t\t\t\t\t\n\t\t\t\t\t\t\t<ul class=\"networks\">\n\t\t\t\t\t\t\t\t\t\t\t\t\t\t\t<li class=\"website\"><a href=\"https:\/\/grossvatersart.ch\/\" target=\"_blank\"><img loading=\"lazy\" decoding=\"async\" src=\"\/wp-content\/themes\/fw\/assets\/img\/link.svg\" alt=\"Link Icon\" width=\"24\" height=\"24\"><\/a><\/li>\n\t\t\t\t\t\t\t\t\t\t\t\t\t\t\t\t\t\t\t\t\t\t\t\t\t\t\t\t\t\t\t\t\t\t\n\t\t\t\t\t\t\t\t\t\t\t<li><a target=\"_blank\" href=\"https:\/\/www.instagram.com\/grossvaters_art\/\"><img loading=\"lazy\" decoding=\"async\" src=\"\/wp-content\/themes\/fw\/assets\/img\/instagram.svg\" alt=\"Instagram Icon\" width=\"24\" height=\"24\"><\/a><\/li>\n\t\t\t\t\t\t\t\t\t\t\t\t\t\t\t\t\t\t\t\t\t\n\t\t\t\t\t\t\t\t\t\t\t<li><a target=\"_blank\" href=\"https:\/\/www.facebook.com\/GrossvatersArt\/\"><img loading=\"lazy\" decoding=\"async\" src=\"\/wp-content\/themes\/fw\/assets\/img\/facebook.svg\" alt=\"Facebook Icon\" width=\"24\" height=\"24\"><\/a><\/li>\n\t\t\t\t\t\t\t\t\t\t\t\t\t\t\t\t\t\t\t\t\t<\/ul>\n\t\t\t\t\t\t\t\t\t\t\t\t\t\t\t\t\t<\/ul>\n\t\t\t\t\t\t<\/div>\n\t\t\t\t\t\t<a href=\"#\" class=\"btn plus wp-block-button__link wp-element-button more-initiative\">\n\t\t\t\t\t\t\t\t\t\t\t\t\t\tEn savoir plus\t\n\t\t\t\t\t\t<\/a>\n\t\t\t\t\t<\/div>\n\t\t\t\t<\/div>\n\t\t\t<\/div>\n\t\t\t\n\t\t\t\t<div id=\"11178\" class=\"post-item masonry-item 1648 1644 1634 1647 \" data-name=\"hipmeal\">\n\t\t\t\t<div class=\"flex-grid-inner close\">\n\t\t\t\t\t<div class=\"img-initiative\">\n\t\t\t\t\t\t\t\t\t\t\t\t\t<div class=\"project-img-wrapper\">\n                                \t\t\t\t\t\t\t\t<img decoding=\"async\" class=\"\" src=\"https:\/\/foodwaste.ch\/wp-content\/uploads\/2021\/03\/hp-bild-473x1024.jpg\">\n\t\t\t\t\t\t\t<\/div>\n\t\t\t\t\t\t\t\t\t\t\t\t\t\t\t\t\t\t\t<div class=\"project-logo-wrap\">\n\t\t\t\t\t\t\t\t<img decoding=\"async\" class=\"project-logo\" src=\"https:\/\/foodwaste.ch\/wp-content\/uploads\/2021\/03\/hipmeal_logo-300x108.png\">\n\t\t\t\t\t\t\t<\/div>\n\t\t\t\t\t\t\t\t\t\t\t<\/div>\n\t\t\t\t\t<div class=\"content-initiative\">\n\t\t\t\t\t\t<div class=\"header-initiative\">\n\t\t\t\t\t\t\t<h4>HipMeal<\/h4>\n\t\t\t\t\t\t<\/div>\n\t\t\t\t\t\t<div class=\"teaser-initiative\">\n\t\t\t\t\t\t\t<p>Verschenke \u00fcber die App HipMeal Essens-\u00dcbersch\u00fcsse und lerne nebenbei nette Leute kennen!<\/p>\n\t\t\t\t\t\t<\/div>\n\t\t\t\t\t\t<div class=\"allinfo-initiative\">\n\t\t\t\t\t\t\t<p>Hipmeal ist eine App, mit der die Nutzer Mahlzeiten verschenken k\u00f6nnen. Wenn zum Beispiel zu viel gekocht wurde oder wenn zuviele Lebensmittel im K\u00fchlschrank sind und eine Reise bevorsteht. Auf einer Karte werden den Usern verf\u00fcgbare Lebensmittel \/ Mahlzeiten in der N\u00e4he angezeigt, die sie entweder mit dem Koch vor Ort geniessen oder abholen k\u00f6nnen. Dabei steht es den G\u00e4sten frei, ein kleines Geschenk als Dankesch\u00f6n mitzubringen, da f\u00fcr das Essen kein Geld verlangt wird. Auch Essens-\u00dcberschuss nach einem Anlass kann auf HipMeal angeboten werden &#8211; sei es vom Familienfest oder von einem gr\u00f6sseren Event.<\/p>\n<p>HipMeal ist f\u00fcr alle Nutzer kostenlos und in den Sprachen Deutsch, Franz\u00f6sisch und Englisch verf\u00fcgbar.<\/p>\n\t\t\t\t\t\t\t\n\t\t\t\t\t\t\t\t\t\t\t\t\t\t\t<div class=\"info\">\n\t\t\t\t\t\t\t\t\t\t<b>\n\t\t\t\t\t\t\t\t\t\t\tContact :\t\n\t\t\t\t\t\t\t\t\t\t<\/b>\n\t\t\t\t\t\t\t\t\t\t<p><a href=\"mailto:info@hipmeal.com\">info@hipmeal.com<\/a><\/p>\n\t\t\t\t\t\t\t\t<\/div>\n\t\t\t\t\t\t\t\n\t\t\t\t\t\t\t<ul class=\"networks\">\n\t\t\t\t\t\t\t\t\t\t\t\t\t\t\t<li class=\"website\"><a href=\"https:\/\/hipmeal.com\/\" target=\"_blank\"><img loading=\"lazy\" decoding=\"async\" src=\"\/wp-content\/themes\/fw\/assets\/img\/link.svg\" alt=\"Link Icon\" width=\"24\" height=\"24\"><\/a><\/li>\n\t\t\t\t\t\t\t\t\t\t\t\t\t\t\t\t\t\t\t\t\t\t\t\t\t\t\t\t\t\t\t\t\t\t\n\t\t\t\t\t\t\t\t\t\t\t<li><a target=\"_blank\" href=\"https:\/\/web.facebook.com\/hipmeal\"><img loading=\"lazy\" decoding=\"async\" src=\"\/wp-content\/themes\/fw\/assets\/img\/facebook.svg\" alt=\"Facebook Icon\" width=\"24\" height=\"24\"><\/a><\/li>\n\t\t\t\t\t\t\t\t\t\t\t\t\t\t\t\t\t\t\t\t\t\n\t\t\t\t\t\t\t\t\t\t\t<li><a target=\"_blank\" href=\"https:\/\/twitter.com\/Hipmeal\"><img loading=\"lazy\" decoding=\"async\" src=\"\/wp-content\/themes\/fw\/assets\/img\/x.svg\" alt=\"X Icon\" width=\"24\" height=\"24\"><\/a><\/li>\n\t\t\t\t\t\t\t\t\t\t\t\t\t\t\t\t\t\t\t\t\t\n\t\t\t\t\t\t\t\t\t\t\t<li><a target=\"_blank\" href=\"https:\/\/www.instagram.com\/hipmeal\/\"><img loading=\"lazy\" decoding=\"async\" src=\"\/wp-content\/themes\/fw\/assets\/img\/instagram.svg\" alt=\"Instagram Icon\" width=\"24\" height=\"24\"><\/a><\/li>\n\t\t\t\t\t\t\t\t\t\t\t\t\t\t\t\t\t\t\t\t\t\n\t\t\t\t\t\t\t\t\t\t\t<li><a target=\"_blank\" href=\"https:\/\/www.linkedin.com\/company\/hipmeal\/\"><img loading=\"lazy\" decoding=\"async\" src=\"\/wp-content\/themes\/fw\/assets\/img\/linkedin.svg\" alt=\"LinkedIn Icon\" width=\"24\" height=\"24\"><\/a><\/li>\n\t\t\t\t\t\t\t\t\t\t\t\t\t\t\t\t\t\t\t\t\t<\/ul>\n\t\t\t\t\t\t\t\t\t\t\t\t\t\t\t\t\t<\/ul>\n\t\t\t\t\t\t<\/div>\n\t\t\t\t\t\t<a href=\"#\" class=\"btn plus wp-block-button__link wp-element-button more-initiative\">\n\t\t\t\t\t\t\t\t\t\t\t\t\t\tEn savoir plus\t\n\t\t\t\t\t\t<\/a>\n\t\t\t\t\t<\/div>\n\t\t\t\t<\/div>\n\t\t\t<\/div>\n\t\t\t\n\t\t\t\t<div id=\"6298\" class=\"post-item masonry-item 1640 1636 1644 1645 1646 \" data-name=\"juckerfarm\">\n\t\t\t\t<div class=\"flex-grid-inner close\">\n\t\t\t\t\t<div class=\"img-initiative\">\n\t\t\t\t\t\t\t\t\t\t\t\t\t<div class=\"project-img-wrapper\">\n                                \t\t\t\t\t\t\t\t<img decoding=\"async\" class=\"\" src=\"https:\/\/foodwaste.ch\/wp-content\/uploads\/2019\/06\/Restaurant_Kuerbissaison-1920x703-c-f-1024x374.jpg\">\n\t\t\t\t\t\t\t<\/div>\n\t\t\t\t\t\t\t\t\t\t\t\t\t\t\t\t\t\t\t<div class=\"project-logo-wrap\">\n\t\t\t\t\t\t\t\t<img decoding=\"async\" class=\"project-logo\" src=\"https:\/\/foodwaste.ch\/wp-content\/uploads\/2019\/06\/juckerfarm_logo.svg\">\n\t\t\t\t\t\t\t<\/div>\n\t\t\t\t\t\t\t\t\t\t\t<\/div>\n\t\t\t\t\t<div class=\"content-initiative\">\n\t\t\t\t\t\t<div class=\"header-initiative\">\n\t\t\t\t\t\t\t<h4>Juckerfarm<\/h4>\n\t\t\t\t\t\t<\/div>\n\t\t\t\t\t\t<div class=\"teaser-initiative\">\n\t\t\t\t\t\t\t<p>Vier Erlebnish\u00f6fe, zwei Restaurants, ein Produktionshof sowie drei Hofl\u00e4den machen die Juckerfarm AG aus. Hier wird Landwirtschaft zum Erlebnis! In der HofAkademie soll Wissen und Erfahrung weitergegeben werden. <\/p>\n\t\t\t\t\t\t<\/div>\n\t\t\t\t\t\t<div class=\"allinfo-initiative\">\n\t\t\t\t\t\t\t<p>Das Ziel des Juckerhof AG ist die Produktion und der Verkauf von landwirtschaftlichen Spezialit\u00e4ten in einem erlebnisorientierten Umfeld.<br \/>\nDabei ist der Juckerhof AG eine nachhaltige Produktion, welche den Menschen ins Zentrum r\u00fcckt,\u00a0eine Herzensangelegenheit.<\/p>\n<p>Zur Juckerfarm AG geh\u00f6ren vier Erlebnish\u00f6fe;<\/p>\n<ul>\n<li>Der Spargelhof in Rafz<\/li>\n<li>Der Juckerhof in Seegr\u00e4ben<\/li>\n<li>Der B\u00e4chlihof in Jona<\/li>\n<li>Der R\u00f6merhof in Kloten<\/li>\n<\/ul>\n<p>An allen vier Standorten kann saisonal und regional eingekauft werden, Die H\u00f6fe k\u00f6nnen zum Teil sowohl f\u00fcr private wie auch gesch\u00e4ftliche Anl\u00e4sse gemietet werden.<\/p>\n\t\t\t\t\t\t\t\t\t\t\t\t\t\t\t<div class=\"address\">\n\t\t\t\t\t\t\t\t<b>\n\t\t\t\t\t\t\t\t\tSites :\t\n\t\t\t\t\t\t\t\t<\/b>\n\t\t\t\t\t\t\t\t<p>Dorfstrasse 23, 8607 Seegr\u00e4ben<\/p>\n<p>Blaubrunnenstrasse 70, 8645 Jona SG, Schweiz<\/p>\n<p>R\u00fcdlingerstrasse 51, 8197 Rafz, Schweiz<\/p>\n<p>B\u00fclacherstrasse 100, 8302 Kloten, Schweiz<\/p>\n\t\t\t\t\t\t\t\t<\/div>\n\t\t\t\t\t\t\t\n\t\t\t\t\t\t\t\t\t\t\t\t\t\t\t<div class=\"info\">\n\t\t\t\t\t\t\t\t\t\t<b>\n\t\t\t\t\t\t\t\t\t\t\tContact :\t\n\t\t\t\t\t\t\t\t\t\t<\/b>\n\t\t\t\t\t\t\t\t\t\t<p>info@juckerfarm.ch<\/p>\n<p>+41 44 934 34 84<\/p>\n\t\t\t\t\t\t\t\t<\/div>\n\t\t\t\t\t\t\t\n\t\t\t\t\t\t\t<ul class=\"networks\">\n\t\t\t\t\t\t\t\t\t\t\t\t\t\t\t<li class=\"website\"><a href=\"https:\/\/www.juckerfarm.ch\/\" target=\"_blank\"><img loading=\"lazy\" decoding=\"async\" src=\"\/wp-content\/themes\/fw\/assets\/img\/link.svg\" alt=\"Link Icon\" width=\"24\" height=\"24\"><\/a><\/li>\n\t\t\t\t\t\t\t\t\t\t\t\t\t\t\t\t\t\t\t\t\t\t\t\t\t\t\t\t\t\t\t\t\t\t\n\t\t\t\t\t\t\t\t\t\t\t<li><a target=\"_blank\" href=\"https:\/\/www.facebook.com\/juckerfarm\/\"><img loading=\"lazy\" decoding=\"async\" src=\"\/wp-content\/themes\/fw\/assets\/img\/facebook.svg\" alt=\"Facebook Icon\" width=\"24\" height=\"24\"><\/a><\/li>\n\t\t\t\t\t\t\t\t\t\t\t\t\t\t\t\t\t\t\t\t\t<\/ul>\n\t\t\t\t\t\t\t\t\t\t\t\t\t\t\t\t\t<\/ul>\n\t\t\t\t\t\t<\/div>\n\t\t\t\t\t\t<a href=\"#\" class=\"btn plus wp-block-button__link wp-element-button more-initiative\">\n\t\t\t\t\t\t\t\t\t\t\t\t\t\tEn savoir plus\t\n\t\t\t\t\t\t<\/a>\n\t\t\t\t\t<\/div>\n\t\t\t\t<\/div>\n\t\t\t<\/div>\n\t\t\t\n\t\t\t\t<div id=\"13267\" class=\"post-item masonry-item 1641 1645 1646 \" data-name=\"just-no-waste\">\n\t\t\t\t<div class=\"flex-grid-inner close\">\n\t\t\t\t\t<div class=\"img-initiative\">\n\t\t\t\t\t\t\t\t\t\t\t\t\t<div class=\"project-img-wrapper\">\n                                \t\t\t\t\t\t\t\t<img decoding=\"async\" class=\"\" src=\"https:\/\/foodwaste.ch\/wp-content\/uploads\/2022\/07\/0P1A8555small-1024x683.jpg\">\n\t\t\t\t\t\t\t<\/div>\n\t\t\t\t\t\t\t\t\t\t\t\t\t\t\t\t\t\t\t<div class=\"project-logo-wrap\">\n\t\t\t\t\t\t\t\t<img decoding=\"async\" class=\"project-logo\" src=\"https:\/\/foodwaste.ch\/wp-content\/uploads\/2022\/07\/JustNoWaste-logo-circle-300x300.png\">\n\t\t\t\t\t\t\t<\/div>\n\t\t\t\t\t\t\t\t\t\t\t<\/div>\n\t\t\t\t\t<div class=\"content-initiative\">\n\t\t\t\t\t\t<div class=\"header-initiative\">\n\t\t\t\t\t\t\t<h4>Just No Waste<\/h4>\n\t\t\t\t\t\t<\/div>\n\t\t\t\t\t\t<div class=\"teaser-initiative\">\n\t\t\t\t\t\t\t<p>Make your event sustainable !<\/p>\n\t\t\t\t\t\t<\/div>\n\t\t\t\t\t\t<div class=\"allinfo-initiative\">\n\t\t\t\t\t\t\t<p>Just No Waste aide les organisateurs d&rsquo;\u00e9v\u00e8nements \u00e0 r\u00e9duire l&rsquo;impact environnemental et les d\u00e9chets de leurs manifestations, en Suisse Romande et au del\u00e0 ! (Conseil, mise en place d&rsquo;actions au sein de votre \u00e9v\u00e8nement, formations).<\/p>\n\t\t\t\t\t\t\t\t\t\t\t\t\t\t\t<div class=\"address\">\n\t\t\t\t\t\t\t\t<b>\n\t\t\t\t\t\t\t\t\tSites :\t\n\t\t\t\t\t\t\t\t<\/b>\n\t\t\t\t\t\t\t\t<p>1000 Lausanne<\/p>\n\t\t\t\t\t\t\t\t<\/div>\n\t\t\t\t\t\t\t\n\t\t\t\t\t\t\t\t\t\t\t\t\t\t\t<div class=\"info\">\n\t\t\t\t\t\t\t\t\t\t<b>\n\t\t\t\t\t\t\t\t\t\t\tContact :\t\n\t\t\t\t\t\t\t\t\t\t<\/b>\n\t\t\t\t\t\t\t\t\t\t<p><a href=\"mailto:info@justnowaste.ch\">info@justnowaste.ch<\/a><\/p>\n\t\t\t\t\t\t\t\t<\/div>\n\t\t\t\t\t\t\t\n\t\t\t\t\t\t\t<ul class=\"networks\">\n\t\t\t\t\t\t\t\t\t\t\t\t\t\t\t<li class=\"website\"><a href=\"http:\/\/www.justnowaste.ch\" target=\"_blank\"><img loading=\"lazy\" decoding=\"async\" src=\"\/wp-content\/themes\/fw\/assets\/img\/link.svg\" alt=\"Link Icon\" width=\"24\" height=\"24\"><\/a><\/li>\n\t\t\t\t\t\t\t\t\t\t\t\t\t\t\t\t\t\t\t\t\t\t\t\t\t\t\t\t\t\t\t\t\t\t\n\t\t\t\t\t\t\t\t\t\t\t<li><a target=\"_blank\" href=\"https:\/\/www.instagram.com\/justnowaste\/\"><img loading=\"lazy\" decoding=\"async\" src=\"\/wp-content\/themes\/fw\/assets\/img\/instagram.svg\" alt=\"Instagram Icon\" width=\"24\" height=\"24\"><\/a><\/li>\n\t\t\t\t\t\t\t\t\t\t\t\t\t\t\t\t\t\t\t\t\t<\/ul>\n\t\t\t\t\t\t\t\t\t\t\t\t\t\t\t\t\t<\/ul>\n\t\t\t\t\t\t<\/div>\n\t\t\t\t\t\t<a href=\"#\" class=\"btn plus wp-block-button__link wp-element-button more-initiative\">\n\t\t\t\t\t\t\t\t\t\t\t\t\t\tEn savoir plus\t\n\t\t\t\t\t\t<\/a>\n\t\t\t\t\t<\/div>\n\t\t\t\t<\/div>\n\t\t\t<\/div>\n\t\t\t\n\t\t\t\t<div id=\"10732\" class=\"post-item masonry-item 1637 1634 1647 \" data-name=\"kalle\">\n\t\t\t\t<div class=\"flex-grid-inner close\">\n\t\t\t\t\t<div class=\"img-initiative\">\n\t\t\t\t\t\t\t\t\t\t\t\t\t<div class=\"project-img-wrapper\">\n                                \t\t\t\t\t\t\t\t<img decoding=\"async\" class=\"\" src=\"https:\/\/foodwaste.ch\/wp-content\/uploads\/2020\/10\/kalle2-scaled-1-1024x768.jpg\">\n\t\t\t\t\t\t\t<\/div>\n\t\t\t\t\t\t\t\t\t\t\t\t\t\t\t\t\t\t\t<div class=\"project-logo-wrap\">\n\t\t\t\t\t\t\t\t<img decoding=\"async\" class=\"project-logo\" src=\"https:\/\/foodwaste.ch\/wp-content\/uploads\/2020\/10\/Kalle-300x300.jpg\">\n\t\t\t\t\t\t\t<\/div>\n\t\t\t\t\t\t\t\t\t\t\t<\/div>\n\t\t\t\t\t<div class=\"content-initiative\">\n\t\t\t\t\t\t<div class=\"header-initiative\">\n\t\t\t\t\t\t\t<h4>Kalle<\/h4>\n\t\t\t\t\t\t<\/div>\n\t\t\t\t\t\t<div class=\"teaser-initiative\">\n\t\t\t\t\t\t\t<p>Kalle, der K\u00fchlschrank f\u00fcr Alle ist ein \u00f6ffentlich zug\u00e4nglicher K\u00fchlschrank, wo nicht ben\u00f6tigte Lebensmittel f\u00fcr andere deponiert werden k\u00f6nnen.<\/p>\n\t\t\t\t\t\t<\/div>\n\t\t\t\t\t\t<div class=\"allinfo-initiative\">\n\t\t\t\t\t\t\t<p>Kalle, der K\u00fchlschrank f\u00fcr Alle ist ein \u00f6ffentlich zug\u00e4nglicher K\u00fchlschrank, wo nicht ben\u00f6tigte Lebensmittel f\u00fcr andere deponiert werden k\u00f6nnen. Er wird von Anwohnerinnen und Anwohnern sowie auch von Lebensmittelgesch\u00e4ften bef\u00fcllt. Was im K\u00fchlschrank ist, darf mitgenommen werden! Kalle wurde von der Jugendarbeit Siggenthal ins Leben gerufen.<\/p>\n<p>\u00dcbrigens: Der Kalle sucht noch motivierte Helferinnen und Helfer &#8211; machst du mit?<\/p>\n\t\t\t\t\t\t\t\t\t\t\t\t\t\t\t<div class=\"address\">\n\t\t\t\t\t\t\t\t<b>\n\t\t\t\t\t\t\t\t\tSites :\t\n\t\t\t\t\t\t\t\t<\/b>\n\t\t\t\t\t\t\t\t<p>Kath. Kirche Obersiggenthal, Fliederstrasse 4, 5415 Nussbaumen<\/p>\n\t\t\t\t\t\t\t\t<\/div>\n\t\t\t\t\t\t\t\n\t\t\t\t\t\t\t\t\t\t\t\t\t\t\t<div class=\"info\">\n\t\t\t\t\t\t\t\t\t\t<b>\n\t\t\t\t\t\t\t\t\t\t\tContact :\t\n\t\t\t\t\t\t\t\t\t\t<\/b>\n\t\t\t\t\t\t\t\t\t\t<p><a href=\"mailto:jugendnetz@obersiggenthal.ch\">jugendnetz@obersiggenthal.ch<\/a><\/p>\n\t\t\t\t\t\t\t\t<\/div>\n\t\t\t\t\t\t\t\n\t\t\t\t\t\t\t<ul class=\"networks\">\n\t\t\t\t\t\t\t\t\t\t\t\t\t\t\t<li class=\"website\"><a href=\"https:\/\/jugendnetz-siggenthal.ch\/kalle-der-kuehlschrank-fuer-alle\/\" target=\"_blank\"><img loading=\"lazy\" decoding=\"async\" src=\"\/wp-content\/themes\/fw\/assets\/img\/link.svg\" alt=\"Link Icon\" width=\"24\" height=\"24\"><\/a><\/li>\n\t\t\t\t\t\t\t\t\t\t\t\t\t\t\t\t\t\t\t\t\t\t\t\t\t\t\t\t\t\t\t\t\t\t\n\t\t\t\t\t\t\t\t\t\t\t<li><a target=\"_blank\" href=\"https:\/\/www.facebook.com\/KalleJUGS\/about\/\"><img loading=\"lazy\" decoding=\"async\" src=\"\/wp-content\/themes\/fw\/assets\/img\/facebook.svg\" alt=\"Facebook Icon\" width=\"24\" height=\"24\"><\/a><\/li>\n\t\t\t\t\t\t\t\t\t\t\t\t\t\t\t\t\t\t\t\t\t<\/ul>\n\t\t\t\t\t\t\t\t\t\t\t\t\t\t\t\t\t<\/ul>\n\t\t\t\t\t\t<\/div>\n\t\t\t\t\t\t<a href=\"#\" class=\"btn plus wp-block-button__link wp-element-button more-initiative\">\n\t\t\t\t\t\t\t\t\t\t\t\t\t\tEn savoir plus\t\n\t\t\t\t\t\t<\/a>\n\t\t\t\t\t<\/div>\n\t\t\t\t<\/div>\n\t\t\t<\/div>\n\t\t\t\n\t\t\t\t<div id=\"29920\" class=\"post-item masonry-item 2102 2093 \" data-name=\"kitro\">\n\t\t\t\t<div class=\"flex-grid-inner close\">\n\t\t\t\t\t<div class=\"img-initiative\">\n\t\t\t\t\t\t\t\t\t\t\t\t\t<div class=\"project-img-wrapper\">\n                                \t\t\t\t\t\t\t\t<img decoding=\"async\" class=\"\" src=\"https:\/\/foodwaste.ch\/wp-content\/uploads\/2019\/06\/Kitro-bild.jpg\">\n\t\t\t\t\t\t\t<\/div>\n\t\t\t\t\t\t\t\t\t\t\t\t\t\t\t\t\t\t\t<div class=\"project-logo-wrap\">\n\t\t\t\t\t\t\t\t<img decoding=\"async\" class=\"project-logo\" src=\"https:\/\/foodwaste.ch\/wp-content\/uploads\/2019\/06\/kitro.png\">\n\t\t\t\t\t\t\t<\/div>\n\t\t\t\t\t\t\t\t\t\t\t<\/div>\n\t\t\t\t\t<div class=\"content-initiative\">\n\t\t\t\t\t\t<div class=\"header-initiative\">\n\t\t\t\t\t\t\t<h4>KITRO<\/h4>\n\t\t\t\t\t\t<\/div>\n\t\t\t\t\t\t<div class=\"teaser-initiative\">\n\t\t\t\t\t\t\t<p>Le KITRO veut mettre en avant la valeur des aliments afin qu&rsquo;ils soient \u00e0 nouveau appr\u00e9ci\u00e9s et moins gaspill\u00e9s.<\/p>\n\t\t\t\t\t\t<\/div>\n\t\t\t\t\t\t<div class=\"allinfo-initiative\">\n\t\t\t\t\t\t\t<p>Par ses activit\u00e9s, KITRO s&rsquo;engage pour que les aliments re\u00e7oivent la valeur qu&rsquo;ils m\u00e9ritent et pour que le gaspillage alimentaire soit stopp\u00e9 dans la restauration.<\/p>\n<p>KITRO s\u2019adresse aux restauratrices et aux restaurateurs.<br \/>KITRO K5 est la premi\u00e8re solution enti\u00e8rement automatique qui mesure et analyse ton gaspillage alimentaire en cuisine et dans le service, afin que tu puisses prendre des mesures en cons\u00e9quence. Tu peux ainsi \u00e9conomiser chaque ann\u00e9e beaucoup d&rsquo;argent et de nourriture et apporter une contribution importante \u00e0 la protection du climat.<\/p>\n\t\t\t\t\t\t\t\n\t\t\t\t\t\t\t\n\t\t\t\t\t\t\t<ul class=\"networks\">\n\t\t\t\t\t\t\t\t\t\t\t\t\t\t\t<li class=\"website\"><a href=\"https:\/\/www.kitro.ch\/\" target=\"_blank\"><img loading=\"lazy\" decoding=\"async\" src=\"\/wp-content\/themes\/fw\/assets\/img\/link.svg\" alt=\"Link Icon\" width=\"24\" height=\"24\"><\/a><\/li>\n\t\t\t\t\t\t\t\t\t\t\t\t\t\t\t\t\t\t\t\t\t\t\t\t\t\t\t\t\t\t\t\t\t\t\n\t\t\t\t\t\t\t\t\t\t\t<li><a target=\"_blank\" href=\"https:\/\/www.facebook.com\/KITROFoodWaste\/\"><img loading=\"lazy\" decoding=\"async\" src=\"\/wp-content\/themes\/fw\/assets\/img\/facebook.svg\" alt=\"Facebook Icon\" width=\"24\" height=\"24\"><\/a><\/li>\n\t\t\t\t\t\t\t\t\t\t\t\t\t\t\t\t\t\t\t\t\t<\/ul>\n\t\t\t\t\t\t\t\t\t\t\t\t\t\t\t\t\t<\/ul>\n\t\t\t\t\t\t<\/div>\n\t\t\t\t\t\t<a href=\"#\" class=\"btn plus wp-block-button__link wp-element-button more-initiative\">\n\t\t\t\t\t\t\t\t\t\t\t\t\t\tEn savoir plus\t\n\t\t\t\t\t\t<\/a>\n\t\t\t\t\t<\/div>\n\t\t\t\t<\/div>\n\t\t\t<\/div>\n\t\t\t\n\t\t\t\t<div id=\"10760\" class=\"post-item masonry-item 1637 1647 \" data-name=\"klimafreunde\">\n\t\t\t\t<div class=\"flex-grid-inner close\">\n\t\t\t\t\t<div class=\"img-initiative\">\n\t\t\t\t\t\t\t\t\t\t\t\t\t<div class=\"project-img-wrapper\">\n                                \t\t\t\t\t\t\t\t<img decoding=\"async\" class=\"\" src=\"https:\/\/foodwaste.ch\/wp-content\/uploads\/2020\/11\/bild-kf.jpg\">\n\t\t\t\t\t\t\t<\/div>\n\t\t\t\t\t\t\t\t\t\t\t\t\t\t\t\t\t\t\t<div class=\"project-logo-wrap\">\n\t\t\t\t\t\t\t\t<img decoding=\"async\" class=\"project-logo\" src=\"https:\/\/foodwaste.ch\/wp-content\/uploads\/2020\/11\/klimafreunde.jpg\">\n\t\t\t\t\t\t\t<\/div>\n\t\t\t\t\t\t\t\t\t\t\t<\/div>\n\t\t\t\t\t<div class=\"content-initiative\">\n\t\t\t\t\t\t<div class=\"header-initiative\">\n\t\t\t\t\t\t\t<h4>Klimafreunde<\/h4>\n\t\t\t\t\t\t<\/div>\n\t\t\t\t\t\t<div class=\"teaser-initiative\">\n\t\t\t\t\t\t\t<p>Die Klimafreunde bieten Beratungen, Vortr\u00e4ge, Workshops und andere Veranstaltungen rund um klimafreundliches Leben und Handeln an.<\/p>\n\t\t\t\t\t\t<\/div>\n\t\t\t\t\t\t<div class=\"allinfo-initiative\">\n\t\t\t\t\t\t\t<p>Die Klimafreunde bieten Beratungen, Vortr\u00e4ge, Workshops und andere Veranstaltungen rund um klimafreundliches Leben und Handeln an.<\/p>\n<p>Wir alle m\u00fcssen uns der Klimakrise stellen, ob wir wollen oder nicht. Durch eine pro-aktive Herangehensweise k\u00f6nnen wir gemeinsam das Ruder in die Hand nehmen und so die Zukunft mitgestalten. Die Klimafreunde zeigen euch auf, wie ihr zielgerichtet auf diese komplexe Thematik zugehen k\u00f6nnt. Gerade das Thema Ern\u00e4hrung und damit auch Food Waste sind Bereiche, wo sehr oft verstecktes Potential zu finden ist. Unsere Ern\u00e4hrung in der Schweiz ist f\u00fcr 16% der pers\u00f6nlichen CO2-Emissionen verantwortlich. Der Foodwaste-Anteil umfasst 1\/3 dieses Ausstosses. Sprich wir als Schweizer B\u00fcrger*innen verschenken ca. 5% unseres CO2-Budgets durch Food Waste (vom Produzenten bis zum Konsumenten gerechnet). Food Waste vermeiden bietet somit nicht nur finanzielle Vorteile, sondern bringt uns ebenfalls ein grosses St\u00fcck n\u00e4her zur Klimaneutralit\u00e4t.<\/p>\n\t\t\t\t\t\t\t\t\t\t\t\t\t\t\t<div class=\"address\">\n\t\t\t\t\t\t\t\t<b>\n\t\t\t\t\t\t\t\t\tSites :\t\n\t\t\t\t\t\t\t\t<\/b>\n\t\t\t\t\t\t\t\t<p>4312 Magden<\/p>\n\t\t\t\t\t\t\t\t<\/div>\n\t\t\t\t\t\t\t\n\t\t\t\t\t\t\t\t\t\t\t\t\t\t\t<div class=\"info\">\n\t\t\t\t\t\t\t\t\t\t<b>\n\t\t\t\t\t\t\t\t\t\t\tContact :\t\n\t\t\t\t\t\t\t\t\t\t<\/b>\n\t\t\t\t\t\t\t\t\t\t<p><a href=\"mailto:info@klimafreunde.ch\">info@klimafreunde.ch<\/a><\/p>\n\t\t\t\t\t\t\t\t<\/div>\n\t\t\t\t\t\t\t\n\t\t\t\t\t\t\t<ul class=\"networks\">\n\t\t\t\t\t\t\t\t\t\t\t\t\t\t\t<li class=\"website\"><a href=\"https:\/\/klimafreunde.ch\" target=\"_blank\"><img loading=\"lazy\" decoding=\"async\" src=\"\/wp-content\/themes\/fw\/assets\/img\/link.svg\" alt=\"Link Icon\" width=\"24\" height=\"24\"><\/a><\/li>\n\t\t\t\t\t\t\t\t\t\t\t\t\t\t\t\t\t\t\t\t\t\t<\/ul>\n\t\t\t\t\t\t<\/div>\n\t\t\t\t\t\t<a href=\"#\" class=\"btn plus wp-block-button__link wp-element-button more-initiative\">\n\t\t\t\t\t\t\t\t\t\t\t\t\t\tEn savoir plus\t\n\t\t\t\t\t\t<\/a>\n\t\t\t\t\t<\/div>\n\t\t\t\t<\/div>\n\t\t\t<\/div>\n\t\t\t\n\t\t\t\t<div id=\"20548\" class=\"post-item masonry-item 1641 1645 \" data-name=\"lepicerie-chana\">\n\t\t\t\t<div class=\"flex-grid-inner close\">\n\t\t\t\t\t<div class=\"img-initiative\">\n\t\t\t\t\t\t\t\t\t\t\t\t\t<div class=\"project-img-wrapper\">\n                                \t\t\t\t\t\t\t\t<img decoding=\"async\" class=\"\" src=\"https:\/\/foodwaste.ch\/wp-content\/uploads\/2024\/06\/Chana_Epicerie_125-1024x683.jpg\">\n\t\t\t\t\t\t\t<\/div>\n\t\t\t\t\t\t\t\t\t\t\t\t\t\t\t\t\t\t\t<div class=\"project-logo-wrap\">\n\t\t\t\t\t\t\t\t<img decoding=\"async\" class=\"project-logo\" src=\"https:\/\/foodwaste.ch\/wp-content\/uploads\/2024\/06\/logo_chana_fond-blanc-255x300.png\">\n\t\t\t\t\t\t\t<\/div>\n\t\t\t\t\t\t\t\t\t\t\t<\/div>\n\t\t\t\t\t<div class=\"content-initiative\">\n\t\t\t\t\t\t<div class=\"header-initiative\">\n\t\t\t\t\t\t\t<h4>L&rsquo;Epicerie Chana<\/h4>\n\t\t\t\t\t\t<\/div>\n\t\t\t\t\t\t<div class=\"teaser-initiative\">\n\t\t\t\t\t\t\t<p>Epicerie en vrac <\/p>\n\t\t\t\t\t\t<\/div>\n\t\t\t\t\t\t<div class=\"allinfo-initiative\">\n\t\t\t\t\t\t\t<p>L\u2019\u00c9picerie Chana est une entreprise familiale qui se veut \u00eatre un lieu convivial o\u00f9 l\u2019\u00e9thique et le local priment comme valeurs principales. Un magasin de quartier o\u00f9 il est bon de prendre son temps, d\u00e9couvrir diff\u00e9rents artisans locaux et, bien-s\u00fbr, o\u00f9 r\u00e8gne la bonne humeur. Tout le monde est le bienvenu, petits et grands. Chacun y trouvera son bonheur ! Au plaisir de vous accueillir, vous et vos bocaux.<\/p>\n\t\t\t\t\t\t\t\t\t\t\t\t\t\t\t<div class=\"address\">\n\t\t\t\t\t\t\t\t<b>\n\t\t\t\t\t\t\t\t\tSites :\t\n\t\t\t\t\t\t\t\t<\/b>\n\t\t\t\t\t\t\t\t<p>Granges-Paccot<\/p>\n\t\t\t\t\t\t\t\t<\/div>\n\t\t\t\t\t\t\t\n\t\t\t\t\t\t\t\n\t\t\t\t\t\t\t<ul class=\"networks\">\n\t\t\t\t\t\t\t\t\t\t\t\t\t\t\t<li class=\"website\"><a href=\"https:\/\/epicerie.chana.ch\/\" target=\"_blank\"><img loading=\"lazy\" decoding=\"async\" src=\"\/wp-content\/themes\/fw\/assets\/img\/link.svg\" alt=\"Link Icon\" width=\"24\" height=\"24\"><\/a><\/li>\n\t\t\t\t\t\t\t\t\t\t\t\t\t\t\t\t\t\t\t\t\t\t\t\t\t\t\t\t\t\t\t\t\t\t\n\t\t\t\t\t\t\t\t\t\t\t<li><a target=\"_blank\" href=\"https:\/\/www.instagram.com\/epicerie_chana\/\"><img loading=\"lazy\" decoding=\"async\" src=\"\/wp-content\/themes\/fw\/assets\/img\/instagram.svg\" alt=\"Instagram Icon\" width=\"24\" height=\"24\"><\/a><\/li>\n\t\t\t\t\t\t\t\t\t\t\t\t\t\t\t\t\t\t\t\t\t<\/ul>\n\t\t\t\t\t\t\t\t\t\t\t\t\t\t\t\t\t<\/ul>\n\t\t\t\t\t\t<\/div>\n\t\t\t\t\t\t<a href=\"#\" class=\"btn plus wp-block-button__link wp-element-button more-initiative\">\n\t\t\t\t\t\t\t\t\t\t\t\t\t\tEn savoir plus\t\n\t\t\t\t\t\t<\/a>\n\t\t\t\t\t<\/div>\n\t\t\t\t<\/div>\n\t\t\t<\/div>\n\t\t\t\n\t\t\t\t<div id=\"13463\" class=\"post-item masonry-item 1641 1645 \" data-name=\"la-ruche-eco\">\n\t\t\t\t<div class=\"flex-grid-inner close\">\n\t\t\t\t\t<div class=\"img-initiative\">\n\t\t\t\t\t\t\t\t\t\t\t\t\t<div class=\"project-img-wrapper\">\n                                \t\t\t\t\t\t\t\t<img decoding=\"async\" class=\"\" src=\"https:\/\/foodwaste.ch\/wp-content\/uploads\/2022\/08\/pexels-anna-tarazevich-7772135-scaled-1-1024x682.jpg\">\n\t\t\t\t\t\t\t<\/div>\n\t\t\t\t\t\t\t\t\t\t\t\t\t\t\t\t\t\t\t<div class=\"project-logo-wrap\">\n\t\t\t\t\t\t\t\t<img decoding=\"async\" class=\"project-logo\" src=\"https:\/\/foodwaste.ch\/wp-content\/uploads\/2022\/08\/Logo_La-ruche-eco-291x300.png\">\n\t\t\t\t\t\t\t<\/div>\n\t\t\t\t\t\t\t\t\t\t\t<\/div>\n\t\t\t\t\t<div class=\"content-initiative\">\n\t\t\t\t\t\t<div class=\"header-initiative\">\n\t\t\t\t\t\t\t<h4>La ruche \u00e9co<\/h4>\n\t\t\t\t\t\t<\/div>\n\t\t\t\t\t\t<div class=\"teaser-initiative\">\n\t\t\t\t\t\t\t<p>Epicerie participative proposant des produits bio locaux et sans emballage.<\/p>\n\t\t\t\t\t\t<\/div>\n\t\t\t\t\t\t<div class=\"allinfo-initiative\">\n\t\t\t\t\t\t\t<p>La ruche \u00e9co est une \u00e9picerie durable et participative situ\u00e9e au c\u0153ur d\u2019Echallens. Son but premier est de proposer un mode de consommation durable et respectueux de l\u2019environnement. Vous y trouverez des produits 100% locaux, tous cultiv\u00e9s en agriculture biologique et sans emballage.<br \/>\nElle participe au d\u00e9veloppement durable de la r\u00e9gion vaudoise car elle r\u00e9mun\u00e8re directement les petits producteurs et artisans, sans passer par des interm\u00e9diaires.<br \/>\nSes valeurs l&rsquo;ont amen\u00e9e \u00e0 se constituer comme \u00e9picerie coop\u00e9rative, les clients et les producteurs peuvent devenir acteur de celle-ci.<\/p>\n\t\t\t\t\t\t\t\t\t\t\t\t\t\t\t<div class=\"address\">\n\t\t\t\t\t\t\t\t<b>\n\t\t\t\t\t\t\t\t\tSites :\t\n\t\t\t\t\t\t\t\t<\/b>\n\t\t\t\t\t\t\t\t<p>Route de Praz-Palud 12, 1040 Echallens<\/p>\n\t\t\t\t\t\t\t\t<\/div>\n\t\t\t\t\t\t\t\n\t\t\t\t\t\t\t\t\t\t\t\t\t\t\t<div class=\"info\">\n\t\t\t\t\t\t\t\t\t\t<b>\n\t\t\t\t\t\t\t\t\t\t\tContact :\t\n\t\t\t\t\t\t\t\t\t\t<\/b>\n\t\t\t\t\t\t\t\t\t\t<p><a href=\"mailto:info@larucheeco.ch\">info@larucheeco.ch<\/a><\/p>\n\t\t\t\t\t\t\t\t<\/div>\n\t\t\t\t\t\t\t\n\t\t\t\t\t\t\t<ul class=\"networks\">\n\t\t\t\t\t\t\t\t\t\t\t\t\t\t\t<li class=\"website\"><a href=\"http:\/\/www.larucheeco.ch\" target=\"_blank\"><img loading=\"lazy\" decoding=\"async\" src=\"\/wp-content\/themes\/fw\/assets\/img\/link.svg\" alt=\"Link Icon\" width=\"24\" height=\"24\"><\/a><\/li>\n\t\t\t\t\t\t\t\t\t\t\t\t\t\t\t\t\t\t\t\t\t\t\t\t\t\t\t\t\t\t\t\t\t\t\n\t\t\t\t\t\t\t\t\t\t\t<li><a target=\"_blank\" href=\"https:\/\/www.facebook.com\/larucheeco\"><img loading=\"lazy\" decoding=\"async\" src=\"\/wp-content\/themes\/fw\/assets\/img\/facebook.svg\" alt=\"Facebook Icon\" width=\"24\" height=\"24\"><\/a><\/li>\n\t\t\t\t\t\t\t\t\t\t\t\t\t\t\t\t\t\t\t\t\t\n\t\t\t\t\t\t\t\t\t\t\t<li><a target=\"_blank\" href=\"https:\/\/www.instagram.com\/larucheeco\/\"><img loading=\"lazy\" decoding=\"async\" src=\"\/wp-content\/themes\/fw\/assets\/img\/instagram.svg\" alt=\"Instagram Icon\" width=\"24\" height=\"24\"><\/a><\/li>\n\t\t\t\t\t\t\t\t\t\t\t\t\t\t\t\t\t\t\t\t\t<\/ul>\n\t\t\t\t\t\t\t\t\t\t\t\t\t\t\t\t\t<\/ul>\n\t\t\t\t\t\t<\/div>\n\t\t\t\t\t\t<a href=\"#\" class=\"btn plus wp-block-button__link wp-element-button more-initiative\">\n\t\t\t\t\t\t\t\t\t\t\t\t\t\tEn savoir plus\t\n\t\t\t\t\t\t<\/a>\n\t\t\t\t\t<\/div>\n\t\t\t\t<\/div>\n\t\t\t<\/div>\n\t\t\t\n\t\t\t\t<div id=\"12223\" class=\"post-item masonry-item 1641 1645 \" data-name=\"la-sauvette\">\n\t\t\t\t<div class=\"flex-grid-inner close\">\n\t\t\t\t\t<div class=\"img-initiative\">\n\t\t\t\t\t\t\t\t\t\t\t\t\t<div class=\"project-img-wrapper\">\n                                \t\t\t\t\t\t\t\t<img decoding=\"async\" class=\"\" src=\"https:\/\/foodwaste.ch\/wp-content\/uploads\/2022\/01\/legumes-1024x1024.png\">\n\t\t\t\t\t\t\t<\/div>\n\t\t\t\t\t\t\t\t\t\t\t\t\t\t\t\t\t\t\t<div class=\"project-logo-wrap\">\n\t\t\t\t\t\t\t\t<img decoding=\"async\" class=\"project-logo\" src=\"https:\/\/foodwaste.ch\/wp-content\/uploads\/2022\/01\/La-sauvette-logo-fond-plein-300x300.png\">\n\t\t\t\t\t\t\t<\/div>\n\t\t\t\t\t\t\t\t\t\t\t<\/div>\n\t\t\t\t\t<div class=\"content-initiative\">\n\t\t\t\t\t\t<div class=\"header-initiative\">\n\t\t\t\t\t\t\t<h4>la sauvette<\/h4>\n\t\t\t\t\t\t<\/div>\n\t\t\t\t\t\t<div class=\"teaser-initiative\">\n\t\t\t\t\t\t\t<p>Transformation et conservation de fruits et l\u00e9gumes r\u00e9cup\u00e9r\u00e9s directement chez des producteurs de la r\u00e9gion lausannoise<\/p>\n\t\t\t\t\t\t<\/div>\n\t\t\t\t\t\t<div class=\"allinfo-initiative\">\n\t\t\t\t\t\t\t<p>Nous r\u00e9cup\u00e9rons des exc\u00e9dents de production : des fruits et l\u00e9gumes soit trop moches, soit trop nombreux, dont personne ne veut. Nous leur offrons une deuxi\u00e8me vie en les transformant en produits d\u00e9licieux et conservables. Tel un stand de march\u00e9, nos produits changent au fur et \u00e0 mesure des saisons. Bonne d\u00e9gustation !<\/p>\n\t\t\t\t\t\t\t\t\t\t\t\t\t\t\t<div class=\"address\">\n\t\t\t\t\t\t\t\t<b>\n\t\t\t\t\t\t\t\t\tSites :\t\n\t\t\t\t\t\t\t\t<\/b>\n\t\t\t\t\t\t\t\t<p>1020 Renens<\/p>\n\t\t\t\t\t\t\t\t<\/div>\n\t\t\t\t\t\t\t\n\t\t\t\t\t\t\t\t\t\t\t\t\t\t\t<div class=\"info\">\n\t\t\t\t\t\t\t\t\t\t<b>\n\t\t\t\t\t\t\t\t\t\t\tContact :\t\n\t\t\t\t\t\t\t\t\t\t<\/b>\n\t\t\t\t\t\t\t\t\t\t<p><a href=\"mailto:info@lasauvette.ch\">info@lasauvette.ch<\/a><\/p>\n\t\t\t\t\t\t\t\t<\/div>\n\t\t\t\t\t\t\t\n\t\t\t\t\t\t\t<ul class=\"networks\">\n\t\t\t\t\t\t\t\t\t\t\t\t\t\t\t<li class=\"website\"><a href=\"http:\/\/www.lasauvette.ch\" target=\"_blank\"><img loading=\"lazy\" decoding=\"async\" src=\"\/wp-content\/themes\/fw\/assets\/img\/link.svg\" alt=\"Link Icon\" width=\"24\" height=\"24\"><\/a><\/li>\n\t\t\t\t\t\t\t\t\t\t\t\t\t\t\t\t\t\t\t\t\t\t\t\t\t\t\t\t\t\t\t\t\t\t\n\t\t\t\t\t\t\t\t\t\t\t<li><a target=\"_blank\" href=\"https:\/\/www.instagram.com\/lasauvette.ch\/\"><img loading=\"lazy\" decoding=\"async\" src=\"\/wp-content\/themes\/fw\/assets\/img\/instagram.svg\" alt=\"Instagram Icon\" width=\"24\" height=\"24\"><\/a><\/li>\n\t\t\t\t\t\t\t\t\t\t\t\t\t\t\t\t\t\t\t\t\t<\/ul>\n\t\t\t\t\t\t\t\t\t\t\t\t\t\t\t\t\t<\/ul>\n\t\t\t\t\t\t<\/div>\n\t\t\t\t\t\t<a href=\"#\" class=\"btn plus wp-block-button__link wp-element-button more-initiative\">\n\t\t\t\t\t\t\t\t\t\t\t\t\t\tEn savoir plus\t\n\t\t\t\t\t\t<\/a>\n\t\t\t\t\t<\/div>\n\t\t\t\t<\/div>\n\t\t\t<\/div>\n\t\t\t\n\t\t\t\t<div id=\"13787\" class=\"post-item masonry-item 1643 1645 \" data-name=\"les-rescapes-du-potager\">\n\t\t\t\t<div class=\"flex-grid-inner close\">\n\t\t\t\t\t<div class=\"img-initiative\">\n\t\t\t\t\t\t\t\t\t\t\t\t\t<div class=\"project-img-wrapper\">\n                                \t\t\t\t\t\t\t\t<img decoding=\"async\" class=\"\" src=\"https:\/\/foodwaste.ch\/wp-content\/uploads\/2023\/01\/Ratatouille-680x1024.jpg\">\n\t\t\t\t\t\t\t<\/div>\n\t\t\t\t\t\t\t\t\t\t\t\t\t\t\t\t\t\t\t<div class=\"project-logo-wrap\">\n\t\t\t\t\t\t\t\t<img decoding=\"async\" class=\"project-logo\" src=\"https:\/\/foodwaste.ch\/wp-content\/uploads\/2023\/01\/logo-CVDP-300x113.png\">\n\t\t\t\t\t\t\t<\/div>\n\t\t\t\t\t\t\t\t\t\t\t<\/div>\n\t\t\t\t\t<div class=\"content-initiative\">\n\t\t\t\t\t\t<div class=\"header-initiative\">\n\t\t\t\t\t\t\t<h4>Les Rescap\u00e9s du potager<\/h4>\n\t\t\t\t\t\t<\/div>\n\t\t\t\t\t\t<div class=\"teaser-initiative\">\n\t\t\t\t\t\t\t<p>Projet de revalorisation des invendus (fruits et l\u00e9gumes) en collaboration avec l&rsquo;atelier alimentaire de la FOVAHM<\/p>\n\t\t\t\t\t\t<\/div>\n\t\t\t\t\t\t<div class=\"allinfo-initiative\">\n\t\t\t\t\t\t\t<p>Le projet a pour objectifs de donner une deuxi\u00e8me vie \u00e0 nos fruits et l\u00e9gumes d\u00e9fra\u00eechis tout en renfor\u00e7ant nos liens \u00e9conomiques locaux. Lors de la tourn\u00e9e habituelle de notre fournisseur des fruits et l\u00e9gumes, les chauffeurs r\u00e9cup\u00e8rent les caisses des produits ne satisfaisant plus nos exigences visuelles, puis les transf\u00e8rent au centre de production de la FOVAHM (Fondation valaisanne en faveur des personnes en situation de handicap) \u00e0 Sion. Les travailleurs de l\u2019atelier culinaire trient, nettoient et conditionnent la mati\u00e8re premi\u00e8re. La confection et le conditionnement des produits sont dirig\u00e9s par un ma\u00eetre socioprofessionnel. Les produits sont ensuite vendus dans les magasins Edelweiss Market et 13*PAM Valais.<\/p>\n\t\t\t\t\t\t\t\t\t\t\t\t\t\t\t<div class=\"address\">\n\t\t\t\t\t\t\t\t<b>\n\t\t\t\t\t\t\t\t\tSites :\t\n\t\t\t\t\t\t\t\t<\/b>\n\t\t\t\t\t\t\t\t<p>Valais, Sion<\/p>\n\t\t\t\t\t\t\t\t<\/div>\n\t\t\t\t\t\t\t\n\t\t\t\t\t\t\t\t\t\t\t\t\t\t\t<div class=\"info\">\n\t\t\t\t\t\t\t\t\t\t<b>\n\t\t\t\t\t\t\t\t\t\t\tContact :\t\n\t\t\t\t\t\t\t\t\t\t<\/b>\n\t\t\t\t\t\t\t\t\t\t<p><a href=\"mailto:info@cvdp.ch\">info@cvdp.ch<\/a><\/p>\n\t\t\t\t\t\t\t\t<\/div>\n\t\t\t\t\t\t\t\n\t\t\t\t\t\t\t<ul class=\"networks\">\n\t\t\t\t\t\t\t\t\t\t\t\t\t\t\t<li class=\"website\"><a href=\"https:\/\/cvdp.ch\/\" target=\"_blank\"><img loading=\"lazy\" decoding=\"async\" src=\"\/wp-content\/themes\/fw\/assets\/img\/link.svg\" alt=\"Link Icon\" width=\"24\" height=\"24\"><\/a><\/li>\n\t\t\t\t\t\t\t\t\t\t\t\t\t\t\t\t\t\t\t\t\t\t\t\t\t\t\t\t\t\t\t\t\t\t\n\t\t\t\t\t\t\t\t\t\t\t<li><a target=\"_blank\" href=\"https:\/\/www.facebook.com\/13etoilespamvalais\"><img loading=\"lazy\" decoding=\"async\" src=\"\/wp-content\/themes\/fw\/assets\/img\/facebook.svg\" alt=\"Facebook Icon\" width=\"24\" height=\"24\"><\/a><\/li>\n\t\t\t\t\t\t\t\t\t\t\t\t\t\t\t\t\t\t\t\t\t<\/ul>\n\t\t\t\t\t\t\t\t\t\t\t\t\t\t\t\t\t<\/ul>\n\t\t\t\t\t\t<\/div>\n\t\t\t\t\t\t<a href=\"#\" class=\"btn plus wp-block-button__link wp-element-button more-initiative\">\n\t\t\t\t\t\t\t\t\t\t\t\t\t\tEn savoir plus\t\n\t\t\t\t\t\t<\/a>\n\t\t\t\t\t<\/div>\n\t\t\t\t<\/div>\n\t\t\t<\/div>\n\t\t\t\n\t\t\t\t<div id=\"6400\" class=\"post-item masonry-item 1648 1645 1647 1646 \" data-name=\"lunchidee\">\n\t\t\t\t<div class=\"flex-grid-inner close\">\n\t\t\t\t\t<div class=\"img-initiative\">\n\t\t\t\t\t\t\t\t\t\t\t\t\t<div class=\"project-img-wrapper\">\n                                \t\t\t\t\t\t\t\t<img decoding=\"async\" class=\"\" src=\"https:\/\/foodwaste.ch\/wp-content\/uploads\/2019\/07\/Lunchidee-gross-1024x499.png\">\n\t\t\t\t\t\t\t<\/div>\n\t\t\t\t\t\t\t\t\t\t\t\t\t\t\t\t\t\t\t<div class=\"project-logo-wrap\">\n\t\t\t\t\t\t\t\t<img decoding=\"async\" class=\"project-logo\" src=\"https:\/\/foodwaste.ch\/wp-content\/uploads\/2019\/07\/lunchidee-logo-300x122.png\">\n\t\t\t\t\t\t\t<\/div>\n\t\t\t\t\t\t\t\t\t\t\t<\/div>\n\t\t\t\t\t<div class=\"content-initiative\">\n\t\t\t\t\t\t<div class=\"header-initiative\">\n\t\t\t\t\t\t\t<h4>lunchidee<\/h4>\n\t\t\t\t\t\t<\/div>\n\t\t\t\t\t\t<div class=\"teaser-initiative\">\n\t\t\t\t\t\t\t<p>Das Pionierprojekt lunchidee verbindet Genuss, Gesundheit, Umweltbewusstsein und Verantwortung. <\/p>\n\t\t\t\t\t\t<\/div>\n\t\t\t\t\t\t<div class=\"allinfo-initiative\">\n\t\t\t\t\t\t\t<p>Was wir essen und trinken, wirkt sich wesentlich auf unsere Gesundheit sowie Umwelt, Gesellschaft und Wirtschaft aus. 28% der gesamten Umweltbelastung werden durch unsere Ern\u00e4hrung verursacht und dies w\u00e4hrend wir rund einen Drittel aller produzierter Lebensmittel verschwenden. lunchidee will das \u00e4ndern und strebt darum eine zukunftsf\u00e4hige Esskultur an, die allen zugute kommt.<\/p>\n<p>Deshalb servieren Restaurants genussvolle Mittagsmen\u00fcs zu monatlich wechselnden Themen rund um einen nachhaltigen und gesunden Konsum.<br \/>\nDie Mittagsg\u00e4ste geniessen im Gegenzug ein feines lunchidee-Men\u00fc und setzen sich mit inspirierenden Ideen und Informationen auseinander, welche zum Nachdenken und Nachmachen anregen. So leisten alle gemeinsam einen wichtigen Beitrag zu einer zukunftsf\u00e4higen\u00a0Esskultur.<\/p>\n<p>lunchidee startet diesen Herbst in die zweite Pilotphase und ist noch auf der Suche nach interessierten gastronomischen Betrieben, welche \u00fcber den Mittag ein lunchidee-Men\u00fc anbieten m\u00f6chten. Deine Chance, bei der lunchidee dabei zu sein!<\/p>\n<p>&nbsp;<\/p>\n\t\t\t\t\t\t\t\n\t\t\t\t\t\t\t\t\t\t\t\t\t\t\t<div class=\"info\">\n\t\t\t\t\t\t\t\t\t\t<b>\n\t\t\t\t\t\t\t\t\t\t\tContact :\t\n\t\t\t\t\t\t\t\t\t\t<\/b>\n\t\t\t\t\t\t\t\t\t\t<div><a href=\"mailto:sophie@frei-stil.ch\" target=\"_blank\" rel=\"noopener\">sophie@frei-stil.ch<\/a><\/div>\n<div>+41 79 227 27 05<\/div>\n\t\t\t\t\t\t\t\t<\/div>\n\t\t\t\t\t\t\t\n\t\t\t\t\t\t\t<ul class=\"networks\">\n\t\t\t\t\t\t\t\t\t\t\t\t\t\t\t<li class=\"website\"><a href=\"https:\/\/lunchidee.ch\/\" target=\"_blank\"><img loading=\"lazy\" decoding=\"async\" src=\"\/wp-content\/themes\/fw\/assets\/img\/link.svg\" alt=\"Link Icon\" width=\"24\" height=\"24\"><\/a><\/li>\n\t\t\t\t\t\t\t\t\t\t\t\t\t\t\t\t\t\t\t\t\t\t\t\t\t\t\t\t\t\t\t\t\t\t\n\t\t\t\t\t\t\t\t\t\t\t<li><a target=\"_blank\" href=\"https:\/\/www.facebook.com\/lunchidee.ch\"><img loading=\"lazy\" decoding=\"async\" src=\"\/wp-content\/themes\/fw\/assets\/img\/facebook.svg\" alt=\"Facebook Icon\" width=\"24\" height=\"24\"><\/a><\/li>\n\t\t\t\t\t\t\t\t\t\t\t\t\t\t\t\t\t\t\t\t\t\n\t\t\t\t\t\t\t\t\t\t\t<li><a target=\"_blank\" href=\"https:\/\/www.instagram.com\/explore\/tags\/probierlunchidee\/\"><img loading=\"lazy\" decoding=\"async\" src=\"\/wp-content\/themes\/fw\/assets\/img\/instagram.svg\" alt=\"Instagram Icon\" width=\"24\" height=\"24\"><\/a><\/li>\n\t\t\t\t\t\t\t\t\t\t\t\t\t\t\t\t\t\t\t\t\t<\/ul>\n\t\t\t\t\t\t\t\t\t\t\t\t\t\t\t\t\t<\/ul>\n\t\t\t\t\t\t<\/div>\n\t\t\t\t\t\t<a href=\"#\" class=\"btn plus wp-block-button__link wp-element-button more-initiative\">\n\t\t\t\t\t\t\t\t\t\t\t\t\t\tEn savoir plus\t\n\t\t\t\t\t\t<\/a>\n\t\t\t\t\t<\/div>\n\t\t\t\t<\/div>\n\t\t\t<\/div>\n\t\t\t\n\t\t\t\t<div id=\"26068\" class=\"post-item masonry-item 1648 1645 \" data-name=\"luya-foods\">\n\t\t\t\t<div class=\"flex-grid-inner close\">\n\t\t\t\t\t<div class=\"img-initiative\">\n\t\t\t\t\t\t\t\t\t\t\t\t\t<div class=\"project-img-wrapper\">\n                                \t\t\t\t\t\t\t\t<img decoding=\"async\" class=\"\" src=\"https:\/\/foodwaste.ch\/wp-content\/uploads\/2025\/07\/Luya_Foto-scaled-1-1024x724.jpg\">\n\t\t\t\t\t\t\t<\/div>\n\t\t\t\t\t\t\t\t\t\t\t\t\t\t\t\t\t\t\t<div class=\"project-logo-wrap\">\n\t\t\t\t\t\t\t\t<img decoding=\"async\" class=\"project-logo\" src=\"https:\/\/foodwaste.ch\/wp-content\/uploads\/2025\/07\/Luya_Logo-300x229.jpg\">\n\t\t\t\t\t\t\t<\/div>\n\t\t\t\t\t\t\t\t\t\t\t<\/div>\n\t\t\t\t\t<div class=\"content-initiative\">\n\t\t\t\t\t\t<div class=\"header-initiative\">\n\t\t\t\t\t\t\t<h4>Luya Foods<\/h4>\n\t\t\t\t\t\t<\/div>\n\t\t\t\t\t\t<div class=\"teaser-initiative\">\n\t\t\t\t\t\t\t<p>Luya produziert pflanzliche Proteinalternativen, indem sie n\u00e4hrstoffreiche Nebenprodukte wie Okara upcyclen. Durch nat\u00fcrliche Fermentation entstehen proteinreiche Produkte ohne Zusatzstoffe. So reduziert Luya Foodwaste und CO2-Emissionen und f\u00f6rdert die Kreislaufwirtschaft.<\/p>\n\t\t\t\t\t\t<\/div>\n\t\t\t\t\t\t<div class=\"allinfo-initiative\">\n\t\t\t\t\t\t\t<p>Luya ist ein innovatives Foodtech-Startup, das nat\u00fcrlich fermentierte und superleckere Proteinalternativen auf Basis von Kichererbsen und Okara in einer ehemaligen Schokoladenfabrik in Bern B\u00fcmpliz produziert. Bei den bio-zertifizierten Produkten steht der Genuss im Mittelpunkt, ohne bei den N\u00e4hrstoffen Abstriche zu machen. Die Hauptzutat Okara \u2013 ein n\u00e4hrstoffreiches Nebenprodukt der Tofu- und Sojamilchherstellung \u2013 bekommt bei Luya ein zweites Leben, statt ungenutzt zu bleiben. Luya vereint Genuss, Nat\u00fcrlichkeit und Nachhaltigkeit. Das Luya-Team arbeitet mit viel Leidenschaft an Lebensmittel f\u00fcr eine ges\u00fcndere und nachhaltigere Ern\u00e4hrung.<\/p>\n\t\t\t\t\t\t\t\n\t\t\t\t\t\t\t\t\t\t\t\t\t\t\t<div class=\"info\">\n\t\t\t\t\t\t\t\t\t\t<b>\n\t\t\t\t\t\t\t\t\t\t\tContact :\t\n\t\t\t\t\t\t\t\t\t\t<\/b>\n\t\t\t\t\t\t\t\t\t\t<p><a href=\"mailto:info@luya.bio\">info@luya.bio<\/a><\/p>\n\t\t\t\t\t\t\t\t<\/div>\n\t\t\t\t\t\t\t\n\t\t\t\t\t\t\t<ul class=\"networks\">\n\t\t\t\t\t\t\t\t\t\t\t\t\t\t\t<li class=\"website\"><a href=\"https:\/\/luya.bio\" target=\"_blank\"><img loading=\"lazy\" decoding=\"async\" src=\"\/wp-content\/themes\/fw\/assets\/img\/link.svg\" alt=\"Link Icon\" width=\"24\" height=\"24\"><\/a><\/li>\n\t\t\t\t\t\t\t\t\t\t\t\t\t\t\t\t\t\t\t\t\t\t\t\t\t\t\t\t\t\t\t\t\t\t\n\t\t\t\t\t\t\t\t\t\t\t<li><a target=\"_blank\" href=\"https:\/\/www.instagram.com\/luya.bio\"><img loading=\"lazy\" decoding=\"async\" src=\"\/wp-content\/themes\/fw\/assets\/img\/instagram.svg\" alt=\"Instagram Icon\" width=\"24\" height=\"24\"><\/a><\/li>\n\t\t\t\t\t\t\t\t\t\t\t\t\t\t\t\t\t\t\t\t\t<\/ul>\n\t\t\t\t\t\t\t\t\t\t\t\t\t\t\t\t\t<\/ul>\n\t\t\t\t\t\t<\/div>\n\t\t\t\t\t\t<a href=\"#\" class=\"btn plus wp-block-button__link wp-element-button more-initiative\">\n\t\t\t\t\t\t\t\t\t\t\t\t\t\tEn savoir plus\t\n\t\t\t\t\t\t<\/a>\n\t\t\t\t\t<\/div>\n\t\t\t\t<\/div>\n\t\t\t<\/div>\n\t\t\t\n\t\t\t\t<div id=\"13338\" class=\"post-item masonry-item 1641 1646 \" data-name=\"ma-terre\">\n\t\t\t\t<div class=\"flex-grid-inner close\">\n\t\t\t\t\t<div class=\"img-initiative\">\n\t\t\t\t\t\t\t\t\t\t\t\t\t<div class=\"project-img-wrapper\">\n                                \t\t\t\t\t\t\t\t<img decoding=\"async\" class=\"\" src=\"https:\/\/foodwaste.ch\/wp-content\/uploads\/2022\/07\/wheat-3248056_1920-1024x568.jpg\">\n\t\t\t\t\t\t\t<\/div>\n\t\t\t\t\t\t\t\t\t\t\t\t\t\t\t\t\t\t\t<div class=\"project-logo-wrap\">\n\t\t\t\t\t\t\t\t<img decoding=\"async\" class=\"project-logo\" src=\"https:\/\/foodwaste.ch\/wp-content\/uploads\/2022\/07\/ma_terre_logo_coul-300x74.jpg\">\n\t\t\t\t\t\t\t<\/div>\n\t\t\t\t\t\t\t\t\t\t\t<\/div>\n\t\t\t\t\t<div class=\"content-initiative\">\n\t\t\t\t\t\t<div class=\"header-initiative\">\n\t\t\t\t\t\t\t<h4>Ma-terre<\/h4>\n\t\t\t\t\t\t<\/div>\n\t\t\t\t\t\t<div class=\"teaser-initiative\">\n\t\t\t\t\t\t\t<p>La Maison de l&rsquo;Alimentation du Territoire Genevois: Sensibiliser \u2013 Former \u2013 Valoriser \u2013 Renforcer<\/p>\n\t\t\t\t\t\t<\/div>\n\t\t\t\t\t\t<div class=\"allinfo-initiative\">\n\t\t\t\t\t\t\t<p>L\u2019association ma-terre a pour mission de d\u00e9velopper la compr\u00e9hension des enjeux li\u00e9s \u00e0 l\u2019alimentation durable dans le cadre du territoire cantonal en traitant la question alimentaire dans sa dimension transversale. Stimuler la consommation de produits locaux et sains, favoriser une production indig\u00e8ne r\u00e9mun\u00e9ratrice, participer \u00e0 la durabilit\u00e9 \u00e9conomique, \u00e9cologique et sociale du territoire genevois, tels sont les buts de ma-terre.<\/p>\n\t\t\t\t\t\t\t\t\t\t\t\t\t\t\t<div class=\"address\">\n\t\t\t\t\t\t\t\t<b>\n\t\t\t\t\t\t\t\t\tSites :\t\n\t\t\t\t\t\t\t\t<\/b>\n\t\t\t\t\t\t\t\t<p>Chemin Mo\u00efse-Duboule 2, 1209 Gen\u00e8ve<\/p>\n\t\t\t\t\t\t\t\t<\/div>\n\t\t\t\t\t\t\t\n\t\t\t\t\t\t\t\t\t\t\t\t\t\t\t<div class=\"info\">\n\t\t\t\t\t\t\t\t\t\t<b>\n\t\t\t\t\t\t\t\t\t\t\tContact :\t\n\t\t\t\t\t\t\t\t\t\t<\/b>\n\t\t\t\t\t\t\t\t\t\t<p><a href=\"mailto:contact@ma-terre.ch\">contact@ma-terre.ch<\/a><\/p>\n\t\t\t\t\t\t\t\t<\/div>\n\t\t\t\t\t\t\t\n\t\t\t\t\t\t\t<ul class=\"networks\">\n\t\t\t\t\t\t\t\t\t\t\t\t\t\t\t<li class=\"website\"><a href=\"https:\/\/ma-terre.ch\/\" target=\"_blank\"><img loading=\"lazy\" decoding=\"async\" src=\"\/wp-content\/themes\/fw\/assets\/img\/link.svg\" alt=\"Link Icon\" width=\"24\" height=\"24\"><\/a><\/li>\n\t\t\t\t\t\t\t\t\t\t\t\t\t\t\t\t\t\t\t\t\t\t\t\t\t\t\t\t\t\t\t\t\t\t\n\t\t\t\t\t\t\t\t\t\t\t<li><a target=\"_blank\" href=\"https:\/\/www.facebook.com\/materregeneve\/\"><img loading=\"lazy\" decoding=\"async\" src=\"\/wp-content\/themes\/fw\/assets\/img\/facebook.svg\" alt=\"Facebook Icon\" width=\"24\" height=\"24\"><\/a><\/li>\n\t\t\t\t\t\t\t\t\t\t\t\t\t\t\t\t\t\t\t\t\t\n\t\t\t\t\t\t\t\t\t\t\t<li><a target=\"_blank\" href=\"https:\/\/www.instagram.com\/materregeneve\/\"><img loading=\"lazy\" decoding=\"async\" src=\"\/wp-content\/themes\/fw\/assets\/img\/instagram.svg\" alt=\"Instagram Icon\" width=\"24\" height=\"24\"><\/a><\/li>\n\t\t\t\t\t\t\t\t\t\t\t\t\t\t\t\t\t\t\t\t\t<\/ul>\n\t\t\t\t\t\t\t\t\t\t\t\t\t\t\t\t\t<\/ul>\n\t\t\t\t\t\t<\/div>\n\t\t\t\t\t\t<a href=\"#\" class=\"btn plus wp-block-button__link wp-element-button more-initiative\">\n\t\t\t\t\t\t\t\t\t\t\t\t\t\tEn savoir plus\t\n\t\t\t\t\t\t<\/a>\n\t\t\t\t\t<\/div>\n\t\t\t\t<\/div>\n\t\t\t<\/div>\n\t\t\t\n\t\t\t\t<div id=\"29937\" class=\"post-item masonry-item 2097 2098 2106 2099 2100 2101 2103 2104 2095 2094 \" data-name=\"madame-frigo\">\n\t\t\t\t<div class=\"flex-grid-inner close\">\n\t\t\t\t\t<div class=\"img-initiative\">\n\t\t\t\t\t\t\t\t\t\t\t\t\t<div class=\"project-img-wrapper\">\n                                \t\t\t\t\t\t\t\t<img decoding=\"async\" class=\"\" src=\"https:\/\/foodwaste.ch\/wp-content\/uploads\/2019\/04\/madame-frigo-bild.png\">\n\t\t\t\t\t\t\t<\/div>\n\t\t\t\t\t\t\t\t\t\t\t\t\t\t\t\t\t\t\t<div class=\"project-logo-wrap\">\n\t\t\t\t\t\t\t\t<img decoding=\"async\" class=\"project-logo\" src=\"https:\/\/foodwaste.ch\/wp-content\/uploads\/2025\/11\/madame-frigo_logo.svg\">\n\t\t\t\t\t\t\t<\/div>\n\t\t\t\t\t\t\t\t\t\t\t<\/div>\n\t\t\t\t\t<div class=\"content-initiative\">\n\t\t\t\t\t\t<div class=\"header-initiative\">\n\t\t\t\t\t\t\t<h4>Madame Frigo<\/h4>\n\t\t\t\t\t\t<\/div>\n\t\t\t\t\t\t<div class=\"teaser-initiative\">\n\t\t\t\t\t\t\t<p>Les aliments qui pourrissent dans le r\u00e9frig\u00e9rateur, c&rsquo;est du pass\u00e9. Gr\u00e2ce \u00e0 Madame Frigo, tu peux placer les aliments dont tu n&rsquo;as plus besoin dans un r\u00e9frig\u00e9rateur public et ainsi faire plaisir \u00e0 quelqu&rsquo;un.  <\/p>\n\t\t\t\t\t\t<\/div>\n\t\t\t\t\t\t<div class=\"allinfo-initiative\">\n\t\t\t\t\t\t\t<p>Madame Frigo ne veut plus rester les bras crois\u00e9s alors que des tonnes de denr\u00e9es alimentaires parfaitement comestibles finissent \u00e0 la poubelle en Suisse. Gr\u00e2ce \u00e0 ses r\u00e9frig\u00e9rateurs publics, l&rsquo;association offre aux gens un moyen pratique de r\u00e9duire leur gaspillage alimentaire. Avec d\u00e9j\u00e0 plus de 135 r\u00e9frig\u00e9rateurs publics, 200 tonnes de denr\u00e9es alimentaires peuvent ainsi \u00eatre sauv\u00e9es chaque ann\u00e9e d&rsquo;une \u00e9limination pr\u00e9matur\u00e9e.  <\/p>\n<p>Comment \u00e7a marche : apportez ce dont vous n&rsquo;avez plus besoin ou passez nous voir s&rsquo;il vous manque quelque chose. Les r\u00e9frig\u00e9rateurs sont accessibles 24 heures sur 24 et peuvent \u00eatre utilis\u00e9s gratuitement par tout le monde. De nouveaux r\u00e9frig\u00e9rateurs sont toujours cr\u00e9\u00e9s \u00e0 l&rsquo;initiative de personnes int\u00e9ress\u00e9es.  <\/p>\n<p>De nouveaux emplacements de r\u00e9frig\u00e9rateurs sont ajout\u00e9s en permanence. Tu trouveras ici un aper\u00e7u complet : <a href=\"https:\/\/www.madamefrigo.ch\/fr\/emplacements\/\">www.madamefrigo.ch\/fr\/emplacements\/<\/a> <\/p>\n\t\t\t\t\t\t\t\t\t\t\t\t\t\t\t<div class=\"address\">\n\t\t\t\t\t\t\t\t<b>\n\t\t\t\t\t\t\t\t\tSites :\t\n\t\t\t\t\t\t\t\t<\/b>\n\t\t\t\t\t\t\t\t<p>Argovie \u2013 p.e. Markthalle Aarau<\/p>\n<p>B\u00e2le-Campagne \u2013 p.e. Alti Schrinerei Therwil<\/p>\n<p>B\u00e2le-Ville \u2013 p.e. Breite Kiosk Basel<\/p>\n<p>Berne \u2013 p.e. Berner Generationenhaus<\/p>\n<p>Fribourg \u2013 p.e. Le Port Fribourg<\/p>\n<p>Grisons \u2013 p.e. Genossenschaft bainviver Chur<\/p>\n<p>Jura \u2013 p.e. Passage des Ponts Del\u00e9mont<\/p>\n<p>Lucerne \u2013 p.e. Helvetiaplatz Luzern<\/p>\n<p>Obwald \u2013 p.e. Dorfplatz Sarnen<\/p>\n<p>Schaffhouse \u2013 p.e. Gemeindekanzlei Lohn<\/p>\n<p>Schwytz \u2013 p.e. Reformierte Kirche Einsiedeln<\/p>\n<p>Soleure \u2013 p.e. Gerichtsst\u00f6ckli Neuendorf<\/p>\n<p>Saint-Gall \u2013 p.e. Markthalle Gossau<\/p>\n<p>Tessin \u2013 p.e. Hangar Locarno<\/p>\n<p>Thurgovie \u2013 p.e. Alterszentrum Park Frauenfeld<\/p>\n<p>Uri \u2013 p.e. Schmiedgasse Altdorf<\/p>\n<p>Vaud \u2013 p.e. Place de la Croix-Blanche Epalinges<\/p>\n<p>Valais \u2013 p.e. Lifteingang Parkhaus Weri, Brig<\/p>\n<p>Zoug \u2013 p.e. Bahnhof Baar<\/p>\n<p>Zurich \u2013 p.e. Werdm\u00fchleplatz Z\u00fcrich<\/p>\n<p>Bureau : Waldst\u00e4tterstrasse 29, 6003 Luzern<\/p>\n\t\t\t\t\t\t\t\t<\/div>\n\t\t\t\t\t\t\t\n\t\t\t\t\t\t\t\t\t\t\t\t\t\t\t<div class=\"info\">\n\t\t\t\t\t\t\t\t\t\t<b>\n\t\t\t\t\t\t\t\t\t\t\tContact :\t\n\t\t\t\t\t\t\t\t\t\t<\/b>\n\t\t\t\t\t\t\t\t\t\t<p><a href=\"mailto:info@madamefrigo.ch\">info@madamefrigo.ch<\/a><\/p>\n\t\t\t\t\t\t\t\t<\/div>\n\t\t\t\t\t\t\t\n\t\t\t\t\t\t\t<ul class=\"networks\">\n\t\t\t\t\t\t\t\t\t\t\t\t\t\t\t<li class=\"website\"><a href=\"https:\/\/www.madamefrigo.ch\" target=\"_blank\"><img loading=\"lazy\" decoding=\"async\" src=\"\/wp-content\/themes\/fw\/assets\/img\/link.svg\" alt=\"Link Icon\" width=\"24\" height=\"24\"><\/a><\/li>\n\t\t\t\t\t\t\t\t\t\t\t\t\t\t\t\t\t\t\t\t\t\t\t\t\t\t\t\t\t\t\t\t\t\t\n\t\t\t\t\t\t\t\t\t\t\t<li><a target=\"_blank\" href=\"https:\/\/www.facebook.com\/madamefrigo\/\"><img loading=\"lazy\" decoding=\"async\" src=\"\/wp-content\/themes\/fw\/assets\/img\/facebook.svg\" alt=\"Facebook Icon\" width=\"24\" height=\"24\"><\/a><\/li>\n\t\t\t\t\t\t\t\t\t\t\t\t\t\t\t\t\t\t\t\t\t\n\t\t\t\t\t\t\t\t\t\t\t<li><a target=\"_blank\" href=\"https:\/\/www.instagram.com\/madamefrigo\/\"><img loading=\"lazy\" decoding=\"async\" src=\"\/wp-content\/themes\/fw\/assets\/img\/instagram.svg\" alt=\"Instagram Icon\" width=\"24\" height=\"24\"><\/a><\/li>\n\t\t\t\t\t\t\t\t\t\t\t\t\t\t\t\t\t\t\t\t\t\n\t\t\t\t\t\t\t\t\t\t\t<li><a target=\"_blank\" href=\"https:\/\/www.linkedin.com\/company\/madame-frigo\/\"><img loading=\"lazy\" decoding=\"async\" src=\"\/wp-content\/themes\/fw\/assets\/img\/linkedin.svg\" alt=\"LinkedIn Icon\" width=\"24\" height=\"24\"><\/a><\/li>\n\t\t\t\t\t\t\t\t\t\t\t\t\t\t\t\t\t\t\t\t\t<\/ul>\n\t\t\t\t\t\t\t\t\t\t\t\t\t\t\t\t\t<\/ul>\n\t\t\t\t\t\t<\/div>\n\t\t\t\t\t\t<a href=\"#\" class=\"btn plus wp-block-button__link wp-element-button more-initiative\">\n\t\t\t\t\t\t\t\t\t\t\t\t\t\tEn savoir plus\t\n\t\t\t\t\t\t<\/a>\n\t\t\t\t\t<\/div>\n\t\t\t\t<\/div>\n\t\t\t<\/div>\n\t\t\t\n\t\t\t\t<div id=\"6325\" class=\"post-item masonry-item 1648 1644 1647 \" data-name=\"mein-obstgarten\">\n\t\t\t\t<div class=\"flex-grid-inner close\">\n\t\t\t\t\t<div class=\"img-initiative\">\n\t\t\t\t\t\t\t\t\t\t\t\t\t<div class=\"project-img-wrapper\">\n                                \t\t\t\t\t\t\t\t<img decoding=\"async\" class=\"\" src=\"https:\/\/foodwaste.ch\/wp-content\/uploads\/2019\/06\/obstgarten-bild.jpg\">\n\t\t\t\t\t\t\t<\/div>\n\t\t\t\t\t\t\t\t\t\t\t\t\t\t\t\t\t\t\t<div class=\"project-logo-wrap\">\n\t\t\t\t\t\t\t\t<img decoding=\"async\" class=\"project-logo\" src=\"https:\/\/foodwaste.ch\/wp-content\/uploads\/2019\/06\/Logo-obstgarten-300x66.png\">\n\t\t\t\t\t\t\t<\/div>\n\t\t\t\t\t\t\t\t\t\t\t<\/div>\n\t\t\t\t\t<div class=\"content-initiative\">\n\t\t\t\t\t\t<div class=\"header-initiative\">\n\t\t\t\t\t\t\t<h4>Mein Obstgarten<\/h4>\n\t\t\t\t\t\t<\/div>\n\t\t\t\t\t\t<div class=\"teaser-initiative\">\n\t\t\t\t\t\t\t<p>Auf meinobstgarten.ch findest du B\u00e4ume mit Fr\u00fcchten, die reif zum Pfl\u00fccken sind. So kannst du ganz einfach in deiner Umgebung Fr\u00fcchte ernten. <\/p>\n\t\t\t\t\t\t<\/div>\n\t\t\t\t\t\t<div class=\"allinfo-initiative\">\n\t\t\t\t\t\t\t<p>Auf meinobsgarten.ch findest du als Obstliebhaber*In B\u00e4ume mit pfl\u00fcckreifen Fr\u00fcchten in deiner Umgebung.<br \/>\nDabei koordiniert die Plattform die Transaktion zwischen dir und dem Baumbesitzer, der Baumbesitzerin.<br \/>\nAls Baumbesitzerin hast du Gelegenheit, deinen Baum auf meinobstgarten.ch zu \u00ab\u00a0inserieren\u00a0\u00bb oder die Produkte, welche du aus dem Obst hergestellt hast, zu verkaufen.<\/p>\n<p>So bleibt weniger Obst ungeerntet an den B\u00e4umen h\u00e4ngen und der Lebensmittelverschwendung wird vorgebeugt.<\/p>\n<p>&nbsp;<\/p>\n\t\t\t\t\t\t\t\n\t\t\t\t\t\t\t\t\t\t\t\t\t\t\t<div class=\"info\">\n\t\t\t\t\t\t\t\t\t\t<b>\n\t\t\t\t\t\t\t\t\t\t\tContact :\t\n\t\t\t\t\t\t\t\t\t\t<\/b>\n\t\t\t\t\t\t\t\t\t\t<p><a href=\"mailto:info@meinobstgarten.ch\">info@meinobstgarten.ch<\/a><\/p>\n\t\t\t\t\t\t\t\t<\/div>\n\t\t\t\t\t\t\t\n\t\t\t\t\t\t\t<ul class=\"networks\">\n\t\t\t\t\t\t\t\t\t\t\t\t\t\t\t<li class=\"website\"><a href=\"https:\/\/www.meinobstgarten.ch\/\" target=\"_blank\"><img loading=\"lazy\" decoding=\"async\" src=\"\/wp-content\/themes\/fw\/assets\/img\/link.svg\" alt=\"Link Icon\" width=\"24\" height=\"24\"><\/a><\/li>\n\t\t\t\t\t\t\t\t\t\t\t\t\t\t\t\t\t\t\t\t\t\t\t\t\t\t\t\t\t\t\t\t\t\t\n\t\t\t\t\t\t\t\t\t\t\t<li><a target=\"_blank\" href=\"https:\/\/www.facebook.com\/raphael.haener\/\"><img loading=\"lazy\" decoding=\"async\" src=\"\/wp-content\/themes\/fw\/assets\/img\/facebook.svg\" alt=\"Facebook Icon\" width=\"24\" height=\"24\"><\/a><\/li>\n\t\t\t\t\t\t\t\t\t\t\t\t\t\t\t\t\t\t\t\t\t<\/ul>\n\t\t\t\t\t\t\t\t\t\t\t\t\t\t\t\t\t<\/ul>\n\t\t\t\t\t\t<\/div>\n\t\t\t\t\t\t<a href=\"#\" class=\"btn plus wp-block-button__link wp-element-button more-initiative\">\n\t\t\t\t\t\t\t\t\t\t\t\t\t\tEn savoir plus\t\n\t\t\t\t\t\t<\/a>\n\t\t\t\t\t<\/div>\n\t\t\t\t<\/div>\n\t\t\t<\/div>\n\t\t\t\n\t\t\t\t<div id=\"6328\" class=\"post-item masonry-item 1649 1644 \" data-name=\"mundraub\">\n\t\t\t\t<div class=\"flex-grid-inner close\">\n\t\t\t\t\t<div class=\"img-initiative\">\n\t\t\t\t\t\t\t\t\t\t\t\t\t<div class=\"project-img-wrapper\">\n                                \t\t\t\t\t\t\t\t<img decoding=\"async\" class=\"\" src=\"https:\/\/foodwaste.ch\/wp-content\/uploads\/2019\/06\/mundraub-bild.jpg\">\n\t\t\t\t\t\t\t<\/div>\n\t\t\t\t\t\t\t\t\t\t\t\t\t\t\t\t\t\t\t<div class=\"project-logo-wrap\">\n\t\t\t\t\t\t\t\t<img decoding=\"async\" class=\"project-logo\" src=\"https:\/\/foodwaste.ch\/wp-content\/uploads\/2019\/06\/mundraub-logo-300x294.png\">\n\t\t\t\t\t\t\t<\/div>\n\t\t\t\t\t\t\t\t\t\t\t<\/div>\n\t\t\t\t\t<div class=\"content-initiative\">\n\t\t\t\t\t\t<div class=\"header-initiative\">\n\t\t\t\t\t\t\t<h4>mundraub<\/h4>\n\t\t\t\t\t\t<\/div>\n\t\t\t\t\t\t<div class=\"teaser-initiative\">\n\t\t\t\t\t\t\t<p>mundraub verbindet Menschen mit Obstb\u00e4umen und schafft ein Bewusstsein f\u00fcr die essbare Landschaft. <\/p>\n\t\t\t\t\t\t<\/div>\n\t\t\t\t\t\t<div class=\"allinfo-initiative\">\n\t\t\t\t\t\t\t<p>Langfristig will mundraub heimische Obstb\u00e4ume, Streuobstwiesen und Obstbaumalleen erhalten.<\/p>\n<p>Kurzfristig verbindet mundraub Menschen mit Obstb\u00e4umen, Kr\u00e4uterwiesen oder Pilzw\u00e4ldern und macht die essbare Landschaft erleb- und sichtbar.<br \/>\nAuf der interaktiven Karte kannst du dir einen \u00dcberblick verschaffen, wo die leckeren Produkte auf dich warten und B\u00e4rlauchwiesen, Kr\u00e4utergruppen oder Obstb\u00e4ume finden.<br \/>\nWenn du selbst so einen \u00ab\u00a0geheimen\u00a0\u00bb Ort kennst, welcher die Sch\u00e4tze der Natur offenbart und f\u00fcr alle zug\u00e4nglich ist, kannst du ihn auf der Karte eintragen.<\/p>\n\t\t\t\t\t\t\t\n\t\t\t\t\t\t\t\t\t\t\t\t\t\t\t<div class=\"info\">\n\t\t\t\t\t\t\t\t\t\t<b>\n\t\t\t\t\t\t\t\t\t\t\tContact :\t\n\t\t\t\t\t\t\t\t\t\t<\/b>\n\t\t\t\t\t\t\t\t\t\t<p><a href=\"mailto:info@mundraub.org\">info@mundraub.org<\/a><\/p>\n\t\t\t\t\t\t\t\t<\/div>\n\t\t\t\t\t\t\t\n\t\t\t\t\t\t\t<ul class=\"networks\">\n\t\t\t\t\t\t\t\t\t\t\t\t\t\t\t<li class=\"website\"><a href=\"https:\/\/mundraub.org\/\" target=\"_blank\"><img loading=\"lazy\" decoding=\"async\" src=\"\/wp-content\/themes\/fw\/assets\/img\/link.svg\" alt=\"Link Icon\" width=\"24\" height=\"24\"><\/a><\/li>\n\t\t\t\t\t\t\t\t\t\t\t\t\t\t\t\t\t\t\t\t\t\t\t\t\t\t\t\t\t\t\t\t\t\t\n\t\t\t\t\t\t\t\t\t\t\t<li><a target=\"_blank\" href=\"https:\/\/www.facebook.com\/mundraub.org\/\"><img loading=\"lazy\" decoding=\"async\" src=\"\/wp-content\/themes\/fw\/assets\/img\/facebook.svg\" alt=\"Facebook Icon\" width=\"24\" height=\"24\"><\/a><\/li>\n\t\t\t\t\t\t\t\t\t\t\t\t\t\t\t\t\t\t\t\t\t<\/ul>\n\t\t\t\t\t\t\t\t\t\t\t\t\t\t\t\t\t<\/ul>\n\t\t\t\t\t\t<\/div>\n\t\t\t\t\t\t<a href=\"#\" class=\"btn plus wp-block-button__link wp-element-button more-initiative\">\n\t\t\t\t\t\t\t\t\t\t\t\t\t\tEn savoir plus\t\n\t\t\t\t\t\t<\/a>\n\t\t\t\t\t<\/div>\n\t\t\t\t<\/div>\n\t\t\t<\/div>\n\t\t\t\n\t\t\t\t<div id=\"13318\" class=\"post-item masonry-item 1641 1646 \" data-name=\"myblueplanet\">\n\t\t\t\t<div class=\"flex-grid-inner close\">\n\t\t\t\t\t<div class=\"img-initiative\">\n\t\t\t\t\t\t\t\t\t\t\t\t\t<div class=\"project-img-wrapper\">\n                                \t\t\t\t\t\t\t\t<img decoding=\"async\" class=\"\" src=\"https:\/\/foodwaste.ch\/wp-content\/uploads\/2022\/07\/ClimateHero.png\">\n\t\t\t\t\t\t\t<\/div>\n\t\t\t\t\t\t\t\t\t\t\t\t\t\t\t\t\t\t\t<div class=\"project-logo-wrap\">\n\t\t\t\t\t\t\t\t<img decoding=\"async\" class=\"project-logo\" src=\"https:\/\/foodwaste.ch\/wp-content\/uploads\/2022\/07\/cropped-MyBluePlanet_LOGO_weiss_auf_blau-300x300.png\">\n\t\t\t\t\t\t\t<\/div>\n\t\t\t\t\t\t\t\t\t\t\t<\/div>\n\t\t\t\t\t<div class=\"content-initiative\">\n\t\t\t\t\t\t<div class=\"header-initiative\">\n\t\t\t\t\t\t\t<h4>MyBluePlanet<\/h4>\n\t\t\t\t\t\t<\/div>\n\t\t\t\t\t\t<div class=\"teaser-initiative\">\n\t\t\t\t\t\t\t<p>Ensemble vers un avenir respectueux du climat.<\/p>\n\t\t\t\t\t\t<\/div>\n\t\t\t\t\t\t<div class=\"allinfo-initiative\">\n\t\t\t\t\t\t\t<p>Gr\u00e2ce \u00e0 des solutions innovantes, MyBluePlanet motive les habitant.e.s de la Suisse \u00e0 vivre en respectant le climat.<\/p>\n\t\t\t\t\t\t\t\t\t\t\t\t\t\t\t<div class=\"address\">\n\t\t\t\t\t\t\t\t<b>\n\t\t\t\t\t\t\t\t\tSites :\t\n\t\t\t\t\t\t\t\t<\/b>\n\t\t\t\t\t\t\t\t<p>1000 Lausanne<\/p>\n\t\t\t\t\t\t\t\t<\/div>\n\t\t\t\t\t\t\t\n\t\t\t\t\t\t\t\t\t\t\t\t\t\t\t<div class=\"info\">\n\t\t\t\t\t\t\t\t\t\t<b>\n\t\t\t\t\t\t\t\t\t\t\tContact :\t\n\t\t\t\t\t\t\t\t\t\t<\/b>\n\t\t\t\t\t\t\t\t\t\t<p><a href=\"mailto:info@myblueplanet.ch\">info@myblueplanet.ch<\/a><\/p>\n<p>&nbsp;<\/p>\n\t\t\t\t\t\t\t\t<\/div>\n\t\t\t\t\t\t\t\n\t\t\t\t\t\t\t<ul class=\"networks\">\n\t\t\t\t\t\t\t\t\t\t\t\t\t\t\t<li class=\"website\"><a href=\"https:\/\/www.myblueplanet.ch\/fr\/\" target=\"_blank\"><img loading=\"lazy\" decoding=\"async\" src=\"\/wp-content\/themes\/fw\/assets\/img\/link.svg\" alt=\"Link Icon\" width=\"24\" height=\"24\"><\/a><\/li>\n\t\t\t\t\t\t\t\t\t\t\t\t\t\t\t\t\t\t\t\t\t\t\t\t\t\t\t\t\t\t\t\t\t\t\n\t\t\t\t\t\t\t\t\t\t\t<li><a target=\"_blank\" href=\"https:\/\/www.linkedin.com\/company\/myblueplanet\/\"><img loading=\"lazy\" decoding=\"async\" src=\"\/wp-content\/themes\/fw\/assets\/img\/linkedin.svg\" alt=\"LinkedIn Icon\" width=\"24\" height=\"24\"><\/a><\/li>\n\t\t\t\t\t\t\t\t\t\t\t\t\t\t\t\t\t\t\t\t\t\n\t\t\t\t\t\t\t\t\t\t\t<li><a target=\"_blank\" href=\"https:\/\/www.instagram.com\/myblueplanet_suisse\/\"><img loading=\"lazy\" decoding=\"async\" src=\"\/wp-content\/themes\/fw\/assets\/img\/instagram.svg\" alt=\"Instagram Icon\" width=\"24\" height=\"24\"><\/a><\/li>\n\t\t\t\t\t\t\t\t\t\t\t\t\t\t\t\t\t\t\t\t\t\n\t\t\t\t\t\t\t\t\t\t\t<li><a target=\"_blank\" href=\"https:\/\/www.facebook.com\/myblueplanetsuisse\"><img loading=\"lazy\" decoding=\"async\" src=\"\/wp-content\/themes\/fw\/assets\/img\/facebook.svg\" alt=\"Facebook Icon\" width=\"24\" height=\"24\"><\/a><\/li>\n\t\t\t\t\t\t\t\t\t\t\t\t\t\t\t\t\t\t\t\t\t\n\t\t\t\t\t\t\t\t\t\t\t<li><a target=\"_blank\" href=\"https:\/\/twitter.com\/myblueplanet_ch\/\"><img loading=\"lazy\" decoding=\"async\" src=\"\/wp-content\/themes\/fw\/assets\/img\/x.svg\" alt=\"X Icon\" width=\"24\" height=\"24\"><\/a><\/li>\n\t\t\t\t\t\t\t\t\t\t\t\t\t\t\t\t\t\t\t\t\t<\/ul>\n\t\t\t\t\t\t\t\t\t\t\t\t\t\t\t\t\t<\/ul>\n\t\t\t\t\t\t<\/div>\n\t\t\t\t\t\t<a href=\"#\" class=\"btn plus wp-block-button__link wp-element-button more-initiative\">\n\t\t\t\t\t\t\t\t\t\t\t\t\t\tEn savoir plus\t\n\t\t\t\t\t\t<\/a>\n\t\t\t\t\t<\/div>\n\t\t\t\t<\/div>\n\t\t\t<\/div>\n\t\t\t\n\t\t\t\t<div id=\"11752\" class=\"post-item masonry-item 1649 1644 \" data-name=\"no-waste-app\">\n\t\t\t\t<div class=\"flex-grid-inner close\">\n\t\t\t\t\t<div class=\"img-initiative\">\n\t\t\t\t\t\t\t\t\t\t\t\t\t<div class=\"project-img-wrapper\">\n                                \t\t\t\t\t\t\t\t<img decoding=\"async\" class=\"\" src=\"https:\/\/foodwaste.ch\/wp-content\/uploads\/2021\/08\/app.png\">\n\t\t\t\t\t\t\t<\/div>\n\t\t\t\t\t\t\t\t\t\t\t\t\t\t\t\t\t\t\t<div class=\"project-logo-wrap\">\n\t\t\t\t\t\t\t\t<img decoding=\"async\" class=\"project-logo\" src=\"https:\/\/foodwaste.ch\/wp-content\/uploads\/2021\/08\/no-waste.png\">\n\t\t\t\t\t\t\t<\/div>\n\t\t\t\t\t\t\t\t\t\t\t<\/div>\n\t\t\t\t\t<div class=\"content-initiative\">\n\t\t\t\t\t\t<div class=\"header-initiative\">\n\t\t\t\t\t\t\t<h4>No Waste App<\/h4>\n\t\t\t\t\t\t<\/div>\n\t\t\t\t\t\t<div class=\"teaser-initiative\">\n\t\t\t\t\t\t\t<p>Die No Waste App unterst\u00fctzt dich bei der \u00dcbersicht \u00fcber deine Lebensmittelvorr\u00e4te und zeigt dir auf, wieviel Geld du mit der Vermeidung von Food Waste sparst.<\/p>\n\t\t\t\t\t\t<\/div>\n\t\t\t\t\t\t<div class=\"allinfo-initiative\">\n\t\t\t\t\t\t\t<p>Die No Waste App unterst\u00fctzt dich bei der Vermeidung von Food Waste in deinem Haushalt. Du kannst deinen Lagerbestand in K\u00fcchenschr\u00e4nken, Tiefk\u00fchler und K\u00fchlschrank erfassen und beh\u00e4ltst so stets die \u00dcbersicht \u00fcber die vorhandenen Lebensmittel und ihre Haltbarkeitsdauer. So beh\u00e4ltst du deinen monatlichen (vermiedenen) Food Waste im Blick.<\/p>\n\t\t\t\t\t\t\t\n\t\t\t\t\t\t\t\n\t\t\t\t\t\t\t<ul class=\"networks\">\n\t\t\t\t\t\t\t\t\t\t\t\t\t\t\t<li class=\"website\"><a href=\"https:\/\/www.nowasteapp.com\/\" target=\"_blank\"><img loading=\"lazy\" decoding=\"async\" src=\"\/wp-content\/themes\/fw\/assets\/img\/link.svg\" alt=\"Link Icon\" width=\"24\" height=\"24\"><\/a><\/li>\n\t\t\t\t\t\t\t\t\t\t\t\t\t\t\t\t\t\t\t\t\t\t\t\t\t\t\t\t\t\t\t\t\t\t\n\t\t\t\t\t\t\t\t\t\t\t<li><a target=\"_blank\" href=\"https:\/\/www.facebook.com\/NoWasteApp\"><img loading=\"lazy\" decoding=\"async\" src=\"\/wp-content\/themes\/fw\/assets\/img\/facebook.svg\" alt=\"Facebook Icon\" width=\"24\" height=\"24\"><\/a><\/li>\n\t\t\t\t\t\t\t\t\t\t\t\t\t\t\t\t\t\t\t\t\t\n\t\t\t\t\t\t\t\t\t\t\t<li><a target=\"_blank\" href=\"https:\/\/www.instagram.com\/nowaste_app\/\"><img loading=\"lazy\" decoding=\"async\" src=\"\/wp-content\/themes\/fw\/assets\/img\/instagram.svg\" alt=\"Instagram Icon\" width=\"24\" height=\"24\"><\/a><\/li>\n\t\t\t\t\t\t\t\t\t\t\t\t\t\t\t\t\t\t\t\t\t\n\t\t\t\t\t\t\t\t\t\t\t<li><a target=\"_blank\" href=\"https:\/\/www.pinterest.com\/nowasteapp\/\"><img loading=\"lazy\" decoding=\"async\" src=\"\/wp-content\/themes\/fw\/assets\/img\/pinterest.svg\" alt=\"Pinterest Icon\" width=\"24\" height=\"24\"><\/a><\/li>\n\t\t\t\t\t\t\t\t\t\t\t\t\t\t\t\t\t\t\t\t\t<\/ul>\n\t\t\t\t\t\t\t\t\t\t\t\t\t\t\t\t\t<\/ul>\n\t\t\t\t\t\t<\/div>\n\t\t\t\t\t\t<a href=\"#\" class=\"btn plus wp-block-button__link wp-element-button more-initiative\">\n\t\t\t\t\t\t\t\t\t\t\t\t\t\tEn savoir plus\t\n\t\t\t\t\t\t<\/a>\n\t\t\t\t\t<\/div>\n\t\t\t\t<\/div>\n\t\t\t<\/div>\n\t\t\t\n\t\t\t\t<div id=\"13397\" class=\"post-item masonry-item 1649 1644 \" data-name=\"pantrist\">\n\t\t\t\t<div class=\"flex-grid-inner close\">\n\t\t\t\t\t<div class=\"img-initiative\">\n\t\t\t\t\t\t\t\t\t\t\t\t\t<div class=\"project-img-wrapper\">\n                                \t\t\t\t\t\t\t\t<img decoding=\"async\" class=\"\" src=\"https:\/\/foodwaste.ch\/wp-content\/uploads\/2022\/07\/nico.png\">\n\t\t\t\t\t\t\t<\/div>\n\t\t\t\t\t\t\t\t\t\t\t\t\t\t\t\t\t\t\t<div class=\"project-logo-wrap\">\n\t\t\t\t\t\t\t\t<img decoding=\"async\" class=\"project-logo\" src=\"https:\/\/foodwaste.ch\/wp-content\/uploads\/2022\/07\/Logo-nico-002-300x300.png\">\n\t\t\t\t\t\t\t<\/div>\n\t\t\t\t\t\t\t\t\t\t\t<\/div>\n\t\t\t\t\t<div class=\"content-initiative\">\n\t\t\t\t\t\t<div class=\"header-initiative\">\n\t\t\t\t\t\t\t<h4>Pantrist<\/h4>\n\t\t\t\t\t\t<\/div>\n\t\t\t\t\t\t<div class=\"teaser-initiative\">\n\t\t\t\t\t\t\t<p>Einkaufs- und Vorratslisten-App, die f\u00fcr den perfekten \u00dcberblick \u00fcber deine Vorr\u00e4te sorgt.<\/p>\n\t\t\t\t\t\t<\/div>\n\t\t\t\t\t\t<div class=\"allinfo-initiative\">\n\t\t\t\t\t\t\t<p>Einkaufs- und Vorratslisten-App, die f\u00fcr den perfekten \u00dcberblick \u00fcber deine Vorr\u00e4te sorgt:<br \/>\nPantrist vereinfacht das Eintragen von seinem Vorrat durch eine gro\u00dfe Datenbank an Artikeln. Artikel, die nahe dem Mindesthaltbarkeitsdatum sind, werden markiert und so nicht vergessen.<br \/>\nWenn die Vorr\u00e4te aufgebraucht werden, werden die Artikel direkt auf die Einkaufsliste geschrieben, sodass die Vorr\u00e4te immer konstant bleiben.<br \/>\nPantrist kann ebenfalls Rezepte verwalten. Die Rezepte k\u00f6nnen auch anhand der vorhandenen Vorr\u00e4te gefiltert werden, sodass die Vorr\u00e4te optimal genutzt werden k\u00f6nnen.<br \/>\nZuletzt gibt es auch diverse Analysen f\u00fcr die Vorr\u00e4te und Eink\u00e4ufe. So beh\u00e4lt man immer den \u00dcberblick \u00fcber seine Ausgaben und der Nahrhaftigkeit seiner Vorr\u00e4te.<\/p>\n\t\t\t\t\t\t\t\n\t\t\t\t\t\t\t\t\t\t\t\t\t\t\t<div class=\"info\">\n\t\t\t\t\t\t\t\t\t\t<b>\n\t\t\t\t\t\t\t\t\t\t\tContact :\t\n\t\t\t\t\t\t\t\t\t\t<\/b>\n\t\t\t\t\t\t\t\t\t\t<p><a href=\"mailto:info@pantrist.com\">info@pantrist.com<\/a><\/p>\n\t\t\t\t\t\t\t\t<\/div>\n\t\t\t\t\t\t\t\n\t\t\t\t\t\t\t<ul class=\"networks\">\n\t\t\t\t\t\t\t\t\t\t\t\t\t\t\t<li class=\"website\"><a href=\"https:\/\/pantrist.com\" target=\"_blank\"><img loading=\"lazy\" decoding=\"async\" src=\"\/wp-content\/themes\/fw\/assets\/img\/link.svg\" alt=\"Link Icon\" width=\"24\" height=\"24\"><\/a><\/li>\n\t\t\t\t\t\t\t\t\t\t\t\t\t\t\t\t\t\t\t\t\t\t\t\t\t\t\t\t\t\t\t\t\t\t\n\t\t\t\t\t\t\t\t\t\t\t<li><a target=\"_blank\" href=\"https:\/\/www.facebook.com\/app.pantrist\/\"><img loading=\"lazy\" decoding=\"async\" src=\"\/wp-content\/themes\/fw\/assets\/img\/facebook.svg\" alt=\"Facebook Icon\" width=\"24\" height=\"24\"><\/a><\/li>\n\t\t\t\t\t\t\t\t\t\t\t\t\t\t\t\t\t\t\t\t\t\n\t\t\t\t\t\t\t\t\t\t\t<li><a target=\"_blank\" href=\"https:\/\/www.instagram.com\/pantrist_app\/\"><img loading=\"lazy\" decoding=\"async\" src=\"\/wp-content\/themes\/fw\/assets\/img\/instagram.svg\" alt=\"Instagram Icon\" width=\"24\" height=\"24\"><\/a><\/li>\n\t\t\t\t\t\t\t\t\t\t\t\t\t\t\t\t\t\t\t\t\t<\/ul>\n\t\t\t\t\t\t\t\t\t\t\t\t\t\t\t\t\t<\/ul>\n\t\t\t\t\t\t<\/div>\n\t\t\t\t\t\t<a href=\"#\" class=\"btn plus wp-block-button__link wp-element-button more-initiative\">\n\t\t\t\t\t\t\t\t\t\t\t\t\t\tEn savoir plus\t\n\t\t\t\t\t\t<\/a>\n\t\t\t\t\t<\/div>\n\t\t\t\t<\/div>\n\t\t\t<\/div>\n\t\t\t\n\t\t\t\t<div id=\"6342\" class=\"post-item masonry-item 1641 1634 1647 \" data-name=\"partage\">\n\t\t\t\t<div class=\"flex-grid-inner close\">\n\t\t\t\t\t<div class=\"img-initiative\">\n\t\t\t\t\t\t\t\t\t\t\t\t\t<div class=\"project-img-wrapper\">\n                                \t\t\t\t\t\t\t\t<img decoding=\"async\" class=\"\" src=\"https:\/\/foodwaste.ch\/wp-content\/uploads\/2019\/06\/partage-bild.jpg\">\n\t\t\t\t\t\t\t<\/div>\n\t\t\t\t\t\t\t\t\t\t\t\t\t\t\t\t\t\t\t<div class=\"project-logo-wrap\">\n\t\t\t\t\t\t\t\t<img decoding=\"async\" class=\"project-logo\" src=\"https:\/\/foodwaste.ch\/wp-content\/uploads\/2019\/06\/partage-logo.jpg\">\n\t\t\t\t\t\t\t<\/div>\n\t\t\t\t\t\t\t\t\t\t\t<\/div>\n\t\t\t\t\t<div class=\"content-initiative\">\n\t\t\t\t\t\t<div class=\"header-initiative\">\n\t\t\t\t\t\t\t<h4>Partage<\/h4>\n\t\t\t\t\t\t<\/div>\n\t\t\t\t\t\t<div class=\"teaser-initiative\">\n\t\t\t\t\t\t\t<p>La plateforme genevoise qui a d\u00e9clar\u00e9 la guerre au gaspillage alimentaire. <\/p>\n\t\t\t\t\t\t<\/div>\n\t\t\t\t\t\t<div class=\"allinfo-initiative\">\n\t\t\t\t\t\t\t<p>L&rsquo;organisation \u00ab\u00a0partage\u00a0\u00bb apporte une pr\u00e9cieuse contribution au climat. En effet, elle collecte et trie les invendus du commerce de d\u00e9tail et les distribue gratuitement \u00e0 des institutions sociales. Ainsi, les personnes en situation difficile \u00e0 Gen\u00e8ve peuvent b\u00e9n\u00e9ficier d&rsquo;une nourriture irr\u00e9prochable.<\/p>\n<p>Les marchandises sont transport\u00e9es de mani\u00e8re \u00e9cologique \u00e0 l&rsquo;aide de tricycles \u00e9lectriques. Partage soutient \u00e9galement la r\u00e9int\u00e9gration professionnelle.<\/p>\n<p>Tu peux t&rsquo;engager b\u00e9n\u00e9volement chez partage et aider par exemple \u00e0 trier les denr\u00e9es alimentaires.<\/p>\n<p>En tant qu&rsquo;entreprise, tu peux soutenir partage en faisant don de tes invendus alimentaires \u00e0 l&rsquo;organisation.<\/p>\n<p>&nbsp;<\/p>\n\t\t\t\t\t\t\t\t\t\t\t\t\t\t\t<div class=\"address\">\n\t\t\t\t\t\t\t\t<b>\n\t\t\t\t\t\t\t\t\tSites :\t\n\t\t\t\t\t\t\t\t<\/b>\n\t\t\t\t\t\t\t\t<p>Route de la Galaise 19 A, 1228 Plan-les-Ouates<\/p>\n\t\t\t\t\t\t\t\t<\/div>\n\t\t\t\t\t\t\t\n\t\t\t\t\t\t\t\t\t\t\t\t\t\t\t<div class=\"info\">\n\t\t\t\t\t\t\t\t\t\t<b>\n\t\t\t\t\t\t\t\t\t\t\tContact :\t\n\t\t\t\t\t\t\t\t\t\t<\/b>\n\t\t\t\t\t\t\t\t\t\t<p><a href=\"mailto:info@partage.ch\">info@partage.ch<\/a><\/p>\n\t\t\t\t\t\t\t\t<\/div>\n\t\t\t\t\t\t\t\n\t\t\t\t\t\t\t<ul class=\"networks\">\n\t\t\t\t\t\t\t\t\t\t\t\t\t\t\t<li class=\"website\"><a href=\"https:\/\/www.partage.ch\/\" target=\"_blank\"><img loading=\"lazy\" decoding=\"async\" src=\"\/wp-content\/themes\/fw\/assets\/img\/link.svg\" alt=\"Link Icon\" width=\"24\" height=\"24\"><\/a><\/li>\n\t\t\t\t\t\t\t\t\t\t\t\t\t\t\t\t\t\t\t\t\t\t\t\t\t\t\t\t\t\t\t\t\t\t\n\t\t\t\t\t\t\t\t\t\t\t<li><a target=\"_blank\" href=\"https:\/\/www.facebook.com\/centrale.partage\/\"><img loading=\"lazy\" decoding=\"async\" src=\"\/wp-content\/themes\/fw\/assets\/img\/facebook.svg\" alt=\"Facebook Icon\" width=\"24\" height=\"24\"><\/a><\/li>\n\t\t\t\t\t\t\t\t\t\t\t\t\t\t\t\t\t\t\t\t\t<\/ul>\n\t\t\t\t\t\t\t\t\t\t\t\t\t\t\t\t\t<\/ul>\n\t\t\t\t\t\t<\/div>\n\t\t\t\t\t\t<a href=\"#\" class=\"btn plus wp-block-button__link wp-element-button more-initiative\">\n\t\t\t\t\t\t\t\t\t\t\t\t\t\tEn savoir plus\t\n\t\t\t\t\t\t<\/a>\n\t\t\t\t\t<\/div>\n\t\t\t\t<\/div>\n\t\t\t<\/div>\n\t\t\t\n\t\t\t\t<div id=\"12554\" class=\"post-item masonry-item 1648 1646 \" data-name=\"projekt-baumnussbaum\">\n\t\t\t\t<div class=\"flex-grid-inner close\">\n\t\t\t\t\t<div class=\"img-initiative\">\n\t\t\t\t\t\t\t\t\t\t\t\t\t<div class=\"project-img-wrapper\">\n                                \t\t\t\t\t\t\t\t<img decoding=\"async\" class=\"\" src=\"https:\/\/foodwaste.ch\/wp-content\/uploads\/2022\/03\/Baumnuesse-von-unbehandelten-und-freistehenden-Baeumen.jpg\">\n\t\t\t\t\t\t\t<\/div>\n\t\t\t\t\t\t\t\t\t\t\t\t\t\t\t\t\t\t\t<div class=\"project-logo-wrap\">\n\t\t\t\t\t\t\t\t<img decoding=\"async\" class=\"project-logo\" src=\"https:\/\/foodwaste.ch\/wp-content\/uploads\/2022\/03\/Rinderbrunnen_icons-22-300x246.png\">\n\t\t\t\t\t\t\t<\/div>\n\t\t\t\t\t\t\t\t\t\t\t<\/div>\n\t\t\t\t\t<div class=\"content-initiative\">\n\t\t\t\t\t\t<div class=\"header-initiative\">\n\t\t\t\t\t\t\t<h4>Projekt Baumnussbaum<\/h4>\n\t\t\t\t\t\t<\/div>\n\t\t\t\t\t\t<div class=\"teaser-initiative\">\n\t\t\t\t\t\t\t<p>Das schweizweite Projekt \u00ab\u00a0Baumnussbaum\u00a0\u00bb sammelt, knackt und verarbeitet Baumn\u00fcsse von vorher ungenutzten B\u00e4umen.<\/p>\n\t\t\t\t\t\t<\/div>\n\t\t\t\t\t\t<div class=\"allinfo-initiative\">\n\t\t\t\t\t\t\t<p>J\u00e4hrlich werden \u00fcber 2&rsquo;700 Tonnen Baumn\u00fcsse in die Schweiz importiert, gleichzeitig stehen in der Schweiz ca. 130&rsquo;000 (wilde) Nussb\u00e4ume, deren Fr\u00fcchte oftmals gar nicht genutzt werden. Das Projekt \u00ab\u00a0Baumnussbaum\u00a0\u00bb will das Potenzial der bereits vorhandenen, vereinzelt freistehenden B\u00e4ume aussch\u00f6pfen.<\/p>\n<p>Dabei wird aktiv Foodwaste reduziert und auch mit sozialen Institutionen zusammengearbeitet. Das Projekt \u00ab\u00a0Baumnussbaum\u00a0\u00bb ist Teil des Hofs Rinderbrunnen im Kanton Z\u00fcrich, arbeitet aber schweizweit mit Partnern zusammen. Das Projekt sucht laufend weitere Besitzer von ungenutzten Nussb\u00e4umen, soziale Institutionen und Wiederverk\u00e4ufer zur Zusammenarbeit.<\/p>\n\t\t\t\t\t\t\t\n\t\t\t\t\t\t\t\t\t\t\t\t\t\t\t<div class=\"info\">\n\t\t\t\t\t\t\t\t\t\t<b>\n\t\t\t\t\t\t\t\t\t\t\tContact :\t\n\t\t\t\t\t\t\t\t\t\t<\/b>\n\t\t\t\t\t\t\t\t\t\t<p><a class=\"wixui-rich-text__text\" href=\"mailto:martin@rinderbrunnen.ch\" target=\"_self\">martin@rinderbrunnen.ch<\/a><\/p>\n\t\t\t\t\t\t\t\t<\/div>\n\t\t\t\t\t\t\t\n\t\t\t\t\t\t\t<ul class=\"networks\">\n\t\t\t\t\t\t\t\t\t\t\t\t\t\t\t<li class=\"website\"><a href=\"https:\/\/www.rinderbrunnen.ch\/baumnussbaum\" target=\"_blank\"><img loading=\"lazy\" decoding=\"async\" src=\"\/wp-content\/themes\/fw\/assets\/img\/link.svg\" alt=\"Link Icon\" width=\"24\" height=\"24\"><\/a><\/li>\n\t\t\t\t\t\t\t\t\t\t\t\t\t\t\t\t\t\t\t\t\t\t<\/ul>\n\t\t\t\t\t\t<\/div>\n\t\t\t\t\t\t<a href=\"#\" class=\"btn plus wp-block-button__link wp-element-button more-initiative\">\n\t\t\t\t\t\t\t\t\t\t\t\t\t\tEn savoir plus\t\n\t\t\t\t\t\t<\/a>\n\t\t\t\t\t<\/div>\n\t\t\t\t<\/div>\n\t\t\t<\/div>\n\t\t\t\n\t\t\t\t<div id=\"6348\" class=\"post-item masonry-item 1648 1644 1645 \" data-name=\"pure-taste\">\n\t\t\t\t<div class=\"flex-grid-inner close\">\n\t\t\t\t\t<div class=\"img-initiative\">\n\t\t\t\t\t\t\t\t\t\t\t\t\t<div class=\"project-img-wrapper\">\n                                \t\t\t\t\t\t\t\t<img decoding=\"async\" class=\"\" src=\"https:\/\/foodwaste.ch\/wp-content\/uploads\/2019\/06\/bild-pure-taste.png\">\n\t\t\t\t\t\t\t<\/div>\n\t\t\t\t\t\t\t\t\t\t\t\t\t\t\t\t\t\t\t<div class=\"project-logo-wrap\">\n\t\t\t\t\t\t\t\t<img decoding=\"async\" class=\"project-logo\" src=\"https:\/\/foodwaste.ch\/wp-content\/uploads\/2019\/06\/logo-pure-taste.jpg\">\n\t\t\t\t\t\t\t<\/div>\n\t\t\t\t\t\t\t\t\t\t\t<\/div>\n\t\t\t\t\t<div class=\"content-initiative\">\n\t\t\t\t\t\t<div class=\"header-initiative\">\n\t\t\t\t\t\t\t<h4>Pure Taste<\/h4>\n\t\t\t\t\t\t<\/div>\n\t\t\t\t\t\t<div class=\"teaser-initiative\">\n\t\t\t\t\t\t\t<p>Die Fermentation Manufaktur fermentiert alles, was die Natur her gibt. <\/p>\n\t\t\t\t\t\t<\/div>\n\t\t\t\t\t\t<div class=\"allinfo-initiative\">\n\t\t\t\t\t\t\t<p>Pure Taste geht mit der Saison und holt das Beste aus ihr raus.<br \/>\nJedes St\u00fcck, welches ein Produkt hergibt, wird verarbeitet. So entsteht keine Verschwendung. Ob klein, h\u00e4sslich, krumm, sch\u00f6n, verbeult, perfekt oder anders; die Zutaten der regionalen Biobetriebe werden bei Pure Taste fermentiert und in leckere Produkte verwandelt.<\/p>\n<p>Schmeckt nicht nur lecker, sondern leistet auch einen wichtigen Beitrag zur Vermeidung von Food Waste.<\/p>\n\t\t\t\t\t\t\t\n\t\t\t\t\t\t\t\t\t\t\t\t\t\t\t<div class=\"info\">\n\t\t\t\t\t\t\t\t\t\t<b>\n\t\t\t\t\t\t\t\t\t\t\tContact :\t\n\t\t\t\t\t\t\t\t\t\t<\/b>\n\t\t\t\t\t\t\t\t\t\t<p><a href=\"mailto:info@puretaste.ch\">info@puretaste.ch<\/a><\/p>\n\t\t\t\t\t\t\t\t<\/div>\n\t\t\t\t\t\t\t\n\t\t\t\t\t\t\t<ul class=\"networks\">\n\t\t\t\t\t\t\t\t\t\t\t\t\t\t\t<li class=\"website\"><a href=\"https:\/\/puretaste.ch\" target=\"_blank\"><img loading=\"lazy\" decoding=\"async\" src=\"\/wp-content\/themes\/fw\/assets\/img\/link.svg\" alt=\"Link Icon\" width=\"24\" height=\"24\"><\/a><\/li>\n\t\t\t\t\t\t\t\t\t\t\t\t\t\t\t\t\t\t\t\t\t\t\t\t\t\t\t\t\t\t\t\t\t\t\n\t\t\t\t\t\t\t\t\t\t\t<li><a target=\"_blank\" href=\"https:\/\/www.facebook.com\/puretaste.fermentation.manufaktur\/\"><img loading=\"lazy\" decoding=\"async\" src=\"\/wp-content\/themes\/fw\/assets\/img\/facebook.svg\" alt=\"Facebook Icon\" width=\"24\" height=\"24\"><\/a><\/li>\n\t\t\t\t\t\t\t\t\t\t\t\t\t\t\t\t\t\t\t\t\t\n\t\t\t\t\t\t\t\t\t\t\t<li><a target=\"_blank\" href=\"https:\/\/www.instagram.com\/puretaste\/\"><img loading=\"lazy\" decoding=\"async\" src=\"\/wp-content\/themes\/fw\/assets\/img\/instagram.svg\" alt=\"Instagram Icon\" width=\"24\" height=\"24\"><\/a><\/li>\n\t\t\t\t\t\t\t\t\t\t\t\t\t\t\t\t\t\t\t\t\t<\/ul>\n\t\t\t\t\t\t\t\t\t\t\t\t\t\t\t\t\t<\/ul>\n\t\t\t\t\t\t<\/div>\n\t\t\t\t\t\t<a href=\"#\" class=\"btn plus wp-block-button__link wp-element-button more-initiative\">\n\t\t\t\t\t\t\t\t\t\t\t\t\t\tEn savoir plus\t\n\t\t\t\t\t\t<\/a>\n\t\t\t\t\t<\/div>\n\t\t\t\t<\/div>\n\t\t\t<\/div>\n\t\t\t\n\t\t\t\t<div id=\"26067\" class=\"post-item masonry-item 1648 1645 \" data-name=\"pureup\">\n\t\t\t\t<div class=\"flex-grid-inner close\">\n\t\t\t\t\t<div class=\"img-initiative\">\n\t\t\t\t\t\t\t\t\t\t\t\t\t<div class=\"project-img-wrapper\">\n                                \t\t\t\t\t\t\t\t<img decoding=\"async\" class=\"\" src=\"https:\/\/foodwaste.ch\/wp-content\/uploads\/2025\/07\/PureUp_Foto-773x1024.jpeg\">\n\t\t\t\t\t\t\t<\/div>\n\t\t\t\t\t\t\t\t\t\t\t\t\t\t\t\t\t\t\t<div class=\"project-logo-wrap\">\n\t\t\t\t\t\t\t\t<img decoding=\"async\" class=\"project-logo\" src=\"https:\/\/foodwaste.ch\/wp-content\/uploads\/2025\/07\/PureUp_Logo-300x260.jpeg\">\n\t\t\t\t\t\t\t<\/div>\n\t\t\t\t\t\t\t\t\t\t\t<\/div>\n\t\t\t\t\t<div class=\"content-initiative\">\n\t\t\t\t\t\t<div class=\"header-initiative\">\n\t\t\t\t\t\t\t<h4>PureUp<\/h4>\n\t\t\t\t\t\t<\/div>\n\t\t\t\t\t\t<div class=\"teaser-initiative\">\n\t\t\t\t\t\t\t<p>PureUp produziert Tiefk\u00fchl-P\u00fcree aus \u00fcbersch\u00fcssigen Fr\u00fcchten f\u00fcr die Gastronomie und Industrie.<\/p>\n\t\t\t\t\t\t<\/div>\n\t\t\t\t\t\t<div class=\"allinfo-initiative\">\n\t\t\t\t\t\t\t<p>PureUp rettet \u00fcbersch\u00fcssige Fr\u00fcchte und verarbeitet sie zu hochwertigem, tiefgek\u00fchltem Fruchtp\u00fcree f\u00fcr die Gastronomie und Industrie. So entsteht ein nachhaltiges B2B-Produkt, das Lebensmittelverschwendung reduziert und gleichzeitig volle Fruchtqualit\u00e4t liefert.<\/p>\n\t\t\t\t\t\t\t\n\t\t\t\t\t\t\t\t\t\t\t\t\t\t\t<div class=\"info\">\n\t\t\t\t\t\t\t\t\t\t<b>\n\t\t\t\t\t\t\t\t\t\t\tContact :\t\n\t\t\t\t\t\t\t\t\t\t<\/b>\n\t\t\t\t\t\t\t\t\t\t<p><a href=\"mailto:info@pureup.ch\">info@pureup.ch<\/a><\/p>\n\t\t\t\t\t\t\t\t<\/div>\n\t\t\t\t\t\t\t\n\t\t\t\t\t\t\t<ul class=\"networks\">\n\t\t\t\t\t\t\t\t\t\t\t\t\t\t\t<li class=\"website\"><a href=\"https:\/\/pureup.ch\/\" target=\"_blank\"><img loading=\"lazy\" decoding=\"async\" src=\"\/wp-content\/themes\/fw\/assets\/img\/link.svg\" alt=\"Link Icon\" width=\"24\" height=\"24\"><\/a><\/li>\n\t\t\t\t\t\t\t\t\t\t\t\t\t\t\t\t\t\t\t\t\t\t\t\t\t\t\t\t\t\t\t\t\t\t\n\t\t\t\t\t\t\t\t\t\t\t<li><a target=\"_blank\" href=\"https:\/\/www.instagram.com\/pureup_pure\"><img loading=\"lazy\" decoding=\"async\" src=\"\/wp-content\/themes\/fw\/assets\/img\/instagram.svg\" alt=\"Instagram Icon\" width=\"24\" height=\"24\"><\/a><\/li>\n\t\t\t\t\t\t\t\t\t\t\t\t\t\t\t\t\t\t\t\t\t<\/ul>\n\t\t\t\t\t\t\t\t\t\t\t\t\t\t\t\t\t<\/ul>\n\t\t\t\t\t\t<\/div>\n\t\t\t\t\t\t<a href=\"#\" class=\"btn plus wp-block-button__link wp-element-button more-initiative\">\n\t\t\t\t\t\t\t\t\t\t\t\t\t\tEn savoir plus\t\n\t\t\t\t\t\t<\/a>\n\t\t\t\t\t<\/div>\n\t\t\t\t<\/div>\n\t\t\t<\/div>\n\t\t\t\n\t\t\t\t<div id=\"6059\" class=\"post-item masonry-item 1638 1640 1637 1636 1635 1634 1647 \" data-name=\"restessbar\">\n\t\t\t\t<div class=\"flex-grid-inner close\">\n\t\t\t\t\t<div class=\"img-initiative\">\n\t\t\t\t\t\t\t\t\t\t\t\t\t<div class=\"project-img-wrapper\">\n                                \t\t\t\t\t\t\t\t<img decoding=\"async\" class=\"\" src=\"https:\/\/foodwaste.ch\/wp-content\/uploads\/2025\/09\/12835021_10207861365166544_109038925_n.jpg\">\n\t\t\t\t\t\t\t<\/div>\n\t\t\t\t\t\t\t\t\t\t\t\t\t\t\t\t\t\t\t<div class=\"project-logo-wrap\">\n\t\t\t\t\t\t\t\t<img decoding=\"async\" class=\"project-logo\" src=\"https:\/\/foodwaste.ch\/wp-content\/uploads\/2019\/01\/restessbar_logo-300x300.jpg\">\n\t\t\t\t\t\t\t<\/div>\n\t\t\t\t\t\t\t\t\t\t\t<\/div>\n\t\t\t\t\t<div class=\"content-initiative\">\n\t\t\t\t\t\t<div class=\"header-initiative\">\n\t\t\t\t\t\t\t<h4>RestEssBar<\/h4>\n\t\t\t\t\t\t<\/div>\n\t\t\t\t\t\t<div class=\"teaser-initiative\">\n\t\t\t\t\t\t\t<p>Eine RestEssBar ist ein \u00f6ffentlicher K\u00fchlschrank, der mit \u00fcbersch\u00fcssigen Lebensmitteln bef\u00fcllt wird und allen kostenlos zur Verf\u00fcgung steht.<\/p>\n\t\t\t\t\t\t<\/div>\n\t\t\t\t\t\t<div class=\"allinfo-initiative\">\n\t\t\t\t\t\t\t<p>Das Projekt RestEssBar hat sich zum Ziel gesetzt, der Lebensmittelverschwendung mit konkreten Massnahmen entgegenzuwirken.<\/p>\n<p>Um dieses Ziel zu erreichen, schliessen sich engagierte Menschen zusammen und betreiben in ihrem Ort eine lokale und unabh\u00e4ngige RestEssBar &#8211; also einen K\u00fchlschrank oder ein Regal, der von Freiwilligen mit \u00fcbersch\u00fcssigen Lebensmitteln von L\u00e4den bef\u00fcllt wird und allen kostenlos zur Verf\u00fcgung steht. Manche nennen ihr Projekt anders, das Ziel und das Konzept ist jedoch dasselbe.<\/p>\n<p>Auf der Website der <a href=\"https:\/\/restessbar.ch\/de\">RestEssBar<\/a> findet man alle Standorte sowie weiterf\u00fchrende Links. Ziel ist, dass sich auch in anderen Orten Freiwillige finden lassen, die einen Standort gr\u00fcnden m\u00f6chten.<\/p>\n\t\t\t\t\t\t\t\t\t\t\t\t\t\t\t<div class=\"address\">\n\t\t\t\t\t\t\t\t<b>\n\t\t\t\t\t\t\t\t\tSites :\t\n\t\t\t\t\t\t\t\t<\/b>\n\t\t\t\t\t\t\t\t<p>Robert Luterbacher-Strasse 3, 2540 <strong>Grenchen<br \/>\n<\/strong><\/p>\n<p>Gyrischachenstrasse 27, 3400 <strong>Burgdorf<\/strong><\/p>\n<p>Kofmehlweg 2, 4500 <strong>Solothurn<\/strong><\/p>\n<p>G\u00f6sgerstrasse 8, 4600 <strong>Olten<\/strong><\/p>\n<p>Hauptstrasse 86, 4702 <strong>Oensingen<\/strong><\/p>\n<p>Choschtbar, Bifangstrasse 1, 4800 <strong>Zofingen<\/strong><\/p>\n<p>Gartenstrasse 2, 5400 <strong>Baden<\/strong><\/p>\n<p>Neubad, Bireggstrasse 36, 6003 <strong>Luzern\u00a0<\/strong><\/p>\n<p>Schappe Kulturquadrat, Obernauerstrasse 1, 6010 <strong>Kriens<\/strong><\/p>\n<p>Bisangmatt 2, 6130 <strong>Willisau<\/strong><\/p>\n<p>Bahnhofplatz 9, 6210 <strong>Sursee<\/strong><\/p>\n<p>Save Our Food, Bahnhofstrasse 9, <strong>7270 Davos Platz<\/strong><\/p>\n<p>Essbar FV Igis, Werkhof, Ringstrasse 22, 7302 <strong>Landquart<\/strong><\/p>\n<p>Rheinstrasse 12, 8200<strong> Schaffhausen<\/strong><\/p>\n<p>VerwertBAR, Bleichestrasse 11, 8280 <strong>Kreuzlingen<\/strong><\/p>\n<p>Reitweg 7b, 8400 <strong>Winterthur<\/strong><\/p>\n<p>Zentrum am Buck 2a,\u00a08404 <strong>Winterthur<\/strong><\/p>\n<p>Stationsstrasse 5, 8406 <strong>Winterthur<\/strong><\/p>\n<p>Lindenstrasse 57, 9000<strong> St. Gallen<\/strong><\/p>\n\t\t\t\t\t\t\t\t<\/div>\n\t\t\t\t\t\t\t\n\t\t\t\t\t\t\t\t\t\t\t\t\t\t\t<div class=\"info\">\n\t\t\t\t\t\t\t\t\t\t<b>\n\t\t\t\t\t\t\t\t\t\t\tContact :\t\n\t\t\t\t\t\t\t\t\t\t<\/b>\n\t\t\t\t\t\t\t\t\t\t<p><a href=\"mailto:info@restessbar.ch\">info@restessbar.ch<\/a><\/p>\n\t\t\t\t\t\t\t\t<\/div>\n\t\t\t\t\t\t\t\n\t\t\t\t\t\t\t<ul class=\"networks\">\n\t\t\t\t\t\t\t\t\t\t\t\t\t\t\t<li class=\"website\"><a href=\"https:\/\/restessbar.ch\" target=\"_blank\"><img loading=\"lazy\" decoding=\"async\" src=\"\/wp-content\/themes\/fw\/assets\/img\/link.svg\" alt=\"Link Icon\" width=\"24\" height=\"24\"><\/a><\/li>\n\t\t\t\t\t\t\t\t\t\t\t\t\t\t\t\t\t\t\t\t\t\t\t\t\t\t\t\t\t\t\t\t\t\t\n\t\t\t\t\t\t\t\t\t\t\t<li><a target=\"_blank\" href=\"https:\/\/www.facebook.com\/restessbar\/\"><img loading=\"lazy\" decoding=\"async\" src=\"\/wp-content\/themes\/fw\/assets\/img\/facebook.svg\" alt=\"Facebook Icon\" width=\"24\" height=\"24\"><\/a><\/li>\n\t\t\t\t\t\t\t\t\t\t\t\t\t\t\t\t\t\t\t\t\t<\/ul>\n\t\t\t\t\t\t\t\t\t\t\t\t\t\t\t\t\t<\/ul>\n\t\t\t\t\t\t<\/div>\n\t\t\t\t\t\t<a href=\"#\" class=\"btn plus wp-block-button__link wp-element-button more-initiative\">\n\t\t\t\t\t\t\t\t\t\t\t\t\t\tEn savoir plus\t\n\t\t\t\t\t\t<\/a>\n\t\t\t\t\t<\/div>\n\t\t\t\t<\/div>\n\t\t\t<\/div>\n\t\t\t\n\t\t\t\t<div id=\"6361\" class=\"post-item masonry-item 1648 1647 \" data-name=\"rettet-das-huhn\">\n\t\t\t\t<div class=\"flex-grid-inner close\">\n\t\t\t\t\t<div class=\"img-initiative\">\n\t\t\t\t\t\t\t\t\t\t\t\t\t<div class=\"project-img-wrapper\">\n                                \t\t\t\t\t\t\t\t<img decoding=\"async\" class=\"\" src=\"https:\/\/foodwaste.ch\/wp-content\/uploads\/2019\/06\/Rettet-das-Huhn-Bild.png\">\n\t\t\t\t\t\t\t<\/div>\n\t\t\t\t\t\t\t\t\t\t\t\t\t\t\t\t\t\t\t<div class=\"project-logo-wrap\">\n\t\t\t\t\t\t\t\t<img decoding=\"async\" class=\"project-logo\" src=\"https:\/\/foodwaste.ch\/wp-content\/uploads\/2019\/06\/rettet-das-huhn-logo-300x295.png\">\n\t\t\t\t\t\t\t<\/div>\n\t\t\t\t\t\t\t\t\t\t\t<\/div>\n\t\t\t\t\t<div class=\"content-initiative\">\n\t\t\t\t\t\t<div class=\"header-initiative\">\n\t\t\t\t\t\t\t<h4>Rettet das Huhn<\/h4>\n\t\t\t\t\t\t<\/div>\n\t\t\t\t\t\t<div class=\"teaser-initiative\">\n\t\t\t\t\t\t\t<p>Rettet das Huhn gibt H\u00fchnern und H\u00e4hnen ein zweites Leben. Du kannst einem Huhn einen sch\u00f6nen Lebensplatz schenken. <\/p>\n\t\t\t\t\t\t<\/div>\n\t\t\t\t\t\t<div class=\"allinfo-initiative\">\n\t\t\t\t\t\t\t<p>rettetdashuhn.ch ist ein Engagement von der Stiftung Tiere in Not &#8211; Animal Help.<br \/>\nRettet das Huhn findet f\u00fcr ausrangierte Legehennen einen sch\u00f6nen Lebensplatz. Hast du Lust, ein Huhn bei dir zu Hause aufzunehmen? Dann setz dich mit dem Projekt in Verbindung und gib einem Huhn oder einem Hahn Gelegenheit, einen sch\u00f6nen Rest des Lebens zu verbringen.<\/p>\n\t\t\t\t\t\t\t\n\t\t\t\t\t\t\t\t\t\t\t\t\t\t\t<div class=\"info\">\n\t\t\t\t\t\t\t\t\t\t<b>\n\t\t\t\t\t\t\t\t\t\t\tContact :\t\n\t\t\t\t\t\t\t\t\t\t<\/b>\n\t\t\t\t\t\t\t\t\t\t<p><a href=\"mailto:info@rettetdashuhn.ch\">info@rettetdashuhn.ch<\/a><\/p>\n\t\t\t\t\t\t\t\t<\/div>\n\t\t\t\t\t\t\t\n\t\t\t\t\t\t\t<ul class=\"networks\">\n\t\t\t\t\t\t\t\t\t\t\t\t\t\t\t<li class=\"website\"><a href=\"https:\/\/www.rettetdashuhn.ch\/\" target=\"_blank\"><img loading=\"lazy\" decoding=\"async\" src=\"\/wp-content\/themes\/fw\/assets\/img\/link.svg\" alt=\"Link Icon\" width=\"24\" height=\"24\"><\/a><\/li>\n\t\t\t\t\t\t\t\t\t\t\t\t\t\t\t\t\t\t\t\t\t\t\t\t\t\t\t\t\t\t\t\t\t\t\n\t\t\t\t\t\t\t\t\t\t\t<li><a target=\"_blank\" href=\"https:\/\/www.facebook.com\/rettetdashuhnev\/\"><img loading=\"lazy\" decoding=\"async\" src=\"\/wp-content\/themes\/fw\/assets\/img\/facebook.svg\" alt=\"Facebook Icon\" width=\"24\" height=\"24\"><\/a><\/li>\n\t\t\t\t\t\t\t\t\t\t\t\t\t\t\t\t\t\t\t\t\t<\/ul>\n\t\t\t\t\t\t\t\t\t\t\t\t\t\t\t\t\t<\/ul>\n\t\t\t\t\t\t<\/div>\n\t\t\t\t\t\t<a href=\"#\" class=\"btn plus wp-block-button__link wp-element-button more-initiative\">\n\t\t\t\t\t\t\t\t\t\t\t\t\t\tEn savoir plus\t\n\t\t\t\t\t\t<\/a>\n\t\t\t\t\t<\/div>\n\t\t\t\t<\/div>\n\t\t\t<\/div>\n\t\t\t\n\t\t\t\t<div id=\"15467\" class=\"post-item masonry-item 1638 1634 \" data-name=\"robinfood\">\n\t\t\t\t<div class=\"flex-grid-inner close\">\n\t\t\t\t\t<div class=\"img-initiative\">\n\t\t\t\t\t\t\t\t\t\t\t\t\t<div class=\"project-img-wrapper\">\n                                \t\t\t\t\t\t\t\t<img decoding=\"async\" class=\"\" src=\"https:\/\/foodwaste.ch\/wp-content\/uploads\/2023\/06\/robin-food.jpg\">\n\t\t\t\t\t\t\t<\/div>\n\t\t\t\t\t\t\t\t\t\t\t\t\t\t\t\t\t\t\t<div class=\"project-logo-wrap\">\n\t\t\t\t\t\t\t\t<img decoding=\"async\" class=\"project-logo\" src=\"https:\/\/foodwaste.ch\/wp-content\/uploads\/2023\/06\/rf-logo-002.jpg\">\n\t\t\t\t\t\t\t<\/div>\n\t\t\t\t\t\t\t\t\t\t\t<\/div>\n\t\t\t\t\t<div class=\"content-initiative\">\n\t\t\t\t\t\t<div class=\"header-initiative\">\n\t\t\t\t\t\t\t<h4>RobinFood<\/h4>\n\t\t\t\t\t\t<\/div>\n\t\t\t\t\t\t<div class=\"teaser-initiative\">\n\t\t\t\t\t\t\t<p>Das prim\u00e4re Ziel von RobinFood ist es, mit den uns gegebenen Mitteln m\u00f6glichst viele Restlebensmittel in Biel und Umgebung zur Wiederverwendung bereitstellen zu k\u00f6nnen. <\/p>\n\t\t\t\t\t\t<\/div>\n\t\t\t\t\t\t<div class=\"allinfo-initiative\">\n\t\t\t\t\t\t\t<p>Das prim\u00e4re Ziel von RobinFood ist es, mit den uns gegebenen Mitteln m\u00f6glichst viele Restlebensmittel in Biel und Umgebung zur Wiederverwendung bereitstellen zu k\u00f6nnen. Davon profitieren sowohl die Umwelt als auch finanziell schlechter gestellte Menschen. Langfristig macht es sich RobinFood zur Aufgabe, die \u00f6ffentliche Aufmerksamkeit auf die Verschwendung von Lebensmitteln zu lenken und diese immer weiter zu reduzieren.<br \/>\nT\u00e4glich werden von Montag bis Samstag die Restlebensmittel, die die Partner*innen bereitstellen, in ihren Betrieben abgeholt und auf direktem Wege zu den K\u00fchlschr\u00e4nken gebracht.<br \/>\nIn den K\u00fchlschr\u00e4nken stehen die Lebensmittel dann der \u00d6ffentlichkeit zur Verf\u00fcgung und k\u00f6nnen nach Bedarf konsumiert und\/oder mitgenommen werden.<\/p>\n\t\t\t\t\t\t\t\t\t\t\t\t\t\t\t<div class=\"address\">\n\t\t\t\t\t\t\t\t<b>\n\t\t\t\t\t\t\t\t\tSites :\t\n\t\t\t\t\t\t\t\t<\/b>\n\t\t\t\t\t\t\t\t<p>Biel\/Bienne<\/p>\n\t\t\t\t\t\t\t\t<\/div>\n\t\t\t\t\t\t\t\n\t\t\t\t\t\t\t\t\t\t\t\t\t\t\t<div class=\"info\">\n\t\t\t\t\t\t\t\t\t\t<b>\n\t\t\t\t\t\t\t\t\t\t\tContact :\t\n\t\t\t\t\t\t\t\t\t\t<\/b>\n\t\t\t\t\t\t\t\t\t\t<p><a href=\"mailto:robinfood.bielbienne@gmail.com\">robinfood.bielbienne@gmail.com<\/a><\/p>\n\t\t\t\t\t\t\t\t<\/div>\n\t\t\t\t\t\t\t\n\t\t\t\t\t\t\t<ul class=\"networks\">\n\t\t\t\t\t\t\t\t\t\t\t\t\t\t\t<li class=\"website\"><a href=\"https:\/\/robinfoodbielbienne.ch\/\" target=\"_blank\"><img loading=\"lazy\" decoding=\"async\" src=\"\/wp-content\/themes\/fw\/assets\/img\/link.svg\" alt=\"Link Icon\" width=\"24\" height=\"24\"><\/a><\/li>\n\t\t\t\t\t\t\t\t\t\t\t\t\t\t\t\t\t\t\t\t\t\t\t\t\t\t\t\t\t\t\t\t\t\t\n\t\t\t\t\t\t\t\t\t\t\t<li><a target=\"_blank\" href=\"https:\/\/www.facebook.com\/robinfood.bielbienne\/\"><img loading=\"lazy\" decoding=\"async\" src=\"\/wp-content\/themes\/fw\/assets\/img\/facebook.svg\" alt=\"Facebook Icon\" width=\"24\" height=\"24\"><\/a><\/li>\n\t\t\t\t\t\t\t\t\t\t\t\t\t\t\t\t\t\t\t\t\t\n\t\t\t\t\t\t\t\t\t\t\t<li><a target=\"_blank\" href=\"https:\/\/www.instagram.com\/robinfood.bielbienne\/\"><img loading=\"lazy\" decoding=\"async\" src=\"\/wp-content\/themes\/fw\/assets\/img\/instagram.svg\" alt=\"Instagram Icon\" width=\"24\" height=\"24\"><\/a><\/li>\n\t\t\t\t\t\t\t\t\t\t\t\t\t\t\t\t\t\t\t\t\t<\/ul>\n\t\t\t\t\t\t\t\t\t\t\t\t\t\t\t\t\t<\/ul>\n\t\t\t\t\t\t<\/div>\n\t\t\t\t\t\t<a href=\"#\" class=\"btn plus wp-block-button__link wp-element-button more-initiative\">\n\t\t\t\t\t\t\t\t\t\t\t\t\t\tEn savoir plus\t\n\t\t\t\t\t\t<\/a>\n\t\t\t\t\t<\/div>\n\t\t\t\t<\/div>\n\t\t\t<\/div>\n\t\t\t\n\t\t\t\t<div id=\"9433\" class=\"post-item masonry-item 1638 1645 \" data-name=\"rohnatur-kostbares-seeland\">\n\t\t\t\t<div class=\"flex-grid-inner close\">\n\t\t\t\t\t<div class=\"img-initiative\">\n\t\t\t\t\t\t\t\t\t\t\t\t\t<div class=\"project-img-wrapper\">\n                                \t\t\t\t\t\t\t\t<img decoding=\"async\" class=\"\" src=\"https:\/\/foodwaste.ch\/wp-content\/uploads\/2020\/03\/Screenshot_20200122-2006542.png\">\n\t\t\t\t\t\t\t<\/div>\n\t\t\t\t\t\t\t\t\t\t\t\t\t\t\t\t\t\t\t<div class=\"project-logo-wrap\">\n\t\t\t\t\t\t\t\t<img decoding=\"async\" class=\"project-logo\" src=\"https:\/\/foodwaste.ch\/wp-content\/uploads\/2020\/03\/Logo_vect_alle_v21-2-300x177.jpg\">\n\t\t\t\t\t\t\t<\/div>\n\t\t\t\t\t\t\t\t\t\t\t<\/div>\n\t\t\t\t\t<div class=\"content-initiative\">\n\t\t\t\t\t\t<div class=\"header-initiative\">\n\t\t\t\t\t\t\t<h4>Rohnatur \u2013 Kostbares Seeland<\/h4>\n\t\t\t\t\t\t<\/div>\n\t\t\t\t\t\t<div class=\"teaser-initiative\">\n\t\t\t\t\t\t\t<p>Im Herzen vom Seeland werden normabweichendes Obst und Gem\u00fcse direkt verarbeitet, zu schonend getrockneten Spezialit\u00e4ten veredelt.<\/p>\n\t\t\t\t\t\t<\/div>\n\t\t\t\t\t\t<div class=\"allinfo-initiative\">\n\t\t\t\t\t\t\t<p>Regionale Ernteertr\u00e4ge, welche nicht der Norm entsprechen, kleine optische M\u00e4ngel haben, oder einfach \u00fcberz\u00e4hlig sind, werden hier rund um die Uhr sinnvoll verwertet. Auch bei allf\u00e4lligen \u00dcberbest\u00e4nden von lokalen Grossisten k\u00f6nnen wir als Abnehmer von gr\u00f6sseren Mengen einspringen. Wir engagieren uns im Kampf gegen die Lebensmittelverschwendung mit Leidenschaft und aus pers\u00f6nlicher \u00dcberzeugung. F\u00fcr alle Beteiligten der Produktionskette soll ein nachhaltiger Mehrwert entstehen. Letztendlich gelangen gesunde, haltbare Nahrungsmittel zum Konsumenten, womit unsere Arbeit ihre wertsch\u00e4tzenden Fr\u00fcchte tragen darf.<\/p>\n\t\t\t\t\t\t\t\t\t\t\t\t\t\t\t<div class=\"address\">\n\t\t\t\t\t\t\t\t<b>\n\t\t\t\t\t\t\t\t\tSites :\t\n\t\t\t\t\t\t\t\t<\/b>\n\t\t\t\t\t\t\t\t<p>2577 Finsterhennen<\/p>\n\t\t\t\t\t\t\t\t<\/div>\n\t\t\t\t\t\t\t\n\t\t\t\t\t\t\t\t\t\t\t\t\t\t\t<div class=\"info\">\n\t\t\t\t\t\t\t\t\t\t<b>\n\t\t\t\t\t\t\t\t\t\t\tContact :\t\n\t\t\t\t\t\t\t\t\t\t<\/b>\n\t\t\t\t\t\t\t\t\t\t<p><a href=\"mailto:info@rohnatur.ch\" target=\"_blank\" rel=\"noopener\">info@rohnatur.ch<\/a><\/p>\n\t\t\t\t\t\t\t\t<\/div>\n\t\t\t\t\t\t\t\n\t\t\t\t\t\t\t<ul class=\"networks\">\n\t\t\t\t\t\t\t\t\t\t\t\t\t\t\t<li class=\"website\"><a href=\"https:\/\/www.rohnatur.ch\/\" target=\"_blank\"><img loading=\"lazy\" decoding=\"async\" src=\"\/wp-content\/themes\/fw\/assets\/img\/link.svg\" alt=\"Link Icon\" width=\"24\" height=\"24\"><\/a><\/li>\n\t\t\t\t\t\t\t\t\t\t\t\t\t\t\t\t\t\t\t\t\t\t\t\t\t\t\t\t\t\t\t\t\t\t\n\t\t\t\t\t\t\t\t\t\t\t<li><a target=\"_blank\" href=\"https:\/\/www.facebook.com\/rohnatur.ch\/\"><img loading=\"lazy\" decoding=\"async\" src=\"\/wp-content\/themes\/fw\/assets\/img\/facebook.svg\" alt=\"Facebook Icon\" width=\"24\" height=\"24\"><\/a><\/li>\n\t\t\t\t\t\t\t\t\t\t\t\t\t\t\t\t\t\t\t\t\t<\/ul>\n\t\t\t\t\t\t\t\t\t\t\t\t\t\t\t\t\t<\/ul>\n\t\t\t\t\t\t<\/div>\n\t\t\t\t\t\t<a href=\"#\" class=\"btn plus wp-block-button__link wp-element-button more-initiative\">\n\t\t\t\t\t\t\t\t\t\t\t\t\t\tEn savoir plus\t\n\t\t\t\t\t\t<\/a>\n\t\t\t\t\t<\/div>\n\t\t\t\t<\/div>\n\t\t\t<\/div>\n\t\t\t\n\t\t\t\t<div id=\"12608\" class=\"post-item masonry-item 1637 1646 \" data-name=\"saelberernte\">\n\t\t\t\t<div class=\"flex-grid-inner close\">\n\t\t\t\t\t<div class=\"img-initiative\">\n\t\t\t\t\t\t\t\t\t\t\t\t\t<div class=\"project-img-wrapper\">\n                                \t\t\t\t\t\t\t\t<img decoding=\"async\" class=\"\" src=\"https:\/\/foodwaste.ch\/wp-content\/uploads\/2022\/04\/saelberernte-kunden-1024x414.jpg\">\n\t\t\t\t\t\t\t<\/div>\n\t\t\t\t\t\t\t\t\t\t\t\t\t\t\t\t\t\t\t<div class=\"project-logo-wrap\">\n\t\t\t\t\t\t\t\t<img decoding=\"async\" class=\"project-logo\" src=\"https:\/\/foodwaste.ch\/wp-content\/uploads\/2022\/04\/logo-desktop-300x166.png\">\n\t\t\t\t\t\t\t<\/div>\n\t\t\t\t\t\t\t\t\t\t\t<\/div>\n\t\t\t\t\t<div class=\"content-initiative\">\n\t\t\t\t\t\t<div class=\"header-initiative\">\n\t\t\t\t\t\t\t<h4>S\u00e4lberernte<\/h4>\n\t\t\t\t\t\t<\/div>\n\t\t\t\t\t\t<div class=\"teaser-initiative\">\n\t\t\t\t\t\t\t<p>Selbsternte-Gem\u00fcsegarten: Wir s\u00e4en, pflanzen, pflegen \u2013 Sie ernten und geniessen!<\/p>\n\t\t\t\t\t\t<\/div>\n\t\t\t\t\t\t<div class=\"allinfo-initiative\">\n\t\t\t\t\t\t\t<p>So funktioniert der Selbsternte-Gem\u00fcsegarten: Sie melden sich f\u00fcr ein S\u00e4lberernte-Feld an. Das Team von S\u00e4lberernte s\u00e4t und pflanzt \u00fcber 35 Gem\u00fcse an und pflegt, j\u00e4tet und w\u00e4ssert sie. Sie ernten wann Sie m\u00f6chten, so viel wie Sie gerade brauchen. Sie haben Ihren eigenen Gem\u00fcsegarten aber ohne Pflegeaufwand und k\u00f6nnen jederzeit so viel ernten, wie Sie brauchen &#8211; so vermeiden Sie Food Waste. Sie erhalten Ihr eigenes Gem\u00fcse g\u00fcnstiger als aus dem Supermarkt und dazu ein echtes Naturerlebnis: die Erde sp\u00fcren und Erholung vom Alltag.<\/p>\n\t\t\t\t\t\t\t\t\t\t\t\t\t\t\t<div class=\"address\">\n\t\t\t\t\t\t\t\t<b>\n\t\t\t\t\t\t\t\t\tSites :\t\n\t\t\t\t\t\t\t\t<\/b>\n\t\t\t\t\t\t\t\t<p>Wallenschwil 457<br \/>\n5637 Beinwil (Freiamt)<\/p>\n\t\t\t\t\t\t\t\t<\/div>\n\t\t\t\t\t\t\t\n\t\t\t\t\t\t\t\t\t\t\t\t\t\t\t<div class=\"info\">\n\t\t\t\t\t\t\t\t\t\t<b>\n\t\t\t\t\t\t\t\t\t\t\tContact :\t\n\t\t\t\t\t\t\t\t\t\t<\/b>\n\t\t\t\t\t\t\t\t\t\t<p><a href=\"mailto:info@naturacher.ch\">info@naturacher.ch<\/a><\/p>\n\t\t\t\t\t\t\t\t<\/div>\n\t\t\t\t\t\t\t\n\t\t\t\t\t\t\t<ul class=\"networks\">\n\t\t\t\t\t\t\t\t\t\t\t\t\t\t\t<li class=\"website\"><a href=\"https:\/\/www.xn--slberernte-q5a.ch\/\" target=\"_blank\"><img loading=\"lazy\" decoding=\"async\" src=\"\/wp-content\/themes\/fw\/assets\/img\/link.svg\" alt=\"Link Icon\" width=\"24\" height=\"24\"><\/a><\/li>\n\t\t\t\t\t\t\t\t\t\t\t\t\t\t\t\t\t\t\t\t\t\t<\/ul>\n\t\t\t\t\t\t<\/div>\n\t\t\t\t\t\t<a href=\"#\" class=\"btn plus wp-block-button__link wp-element-button more-initiative\">\n\t\t\t\t\t\t\t\t\t\t\t\t\t\tEn savoir plus\t\n\t\t\t\t\t\t<\/a>\n\t\t\t\t\t<\/div>\n\t\t\t\t<\/div>\n\t\t\t<\/div>\n\t\t\t\n\t\t\t\t<div id=\"6339\" class=\"post-item masonry-item 1638 1640 1637 1636 1641 1635 1634 \" data-name=\"schweizer-tafel\">\n\t\t\t\t<div class=\"flex-grid-inner close\">\n\t\t\t\t\t<div class=\"img-initiative\">\n\t\t\t\t\t\t\t\t\t\t\t\t\t<div class=\"project-img-wrapper\">\n                                \t\t\t\t\t\t\t\t<img decoding=\"async\" class=\"\" src=\"https:\/\/foodwaste.ch\/wp-content\/uploads\/2019\/06\/schweizer-tafel_6B3A8833-scaled-1-1024x683.jpg\">\n\t\t\t\t\t\t\t<\/div>\n\t\t\t\t\t\t\t\t\t\t\t\t\t\t\t\t\t\t\t<div class=\"project-logo-wrap\">\n\t\t\t\t\t\t\t\t<img decoding=\"async\" class=\"project-logo\" src=\"https:\/\/foodwaste.ch\/wp-content\/uploads\/2019\/06\/schweizer-tafel_Logo-mit-Claim-300x237.png\">\n\t\t\t\t\t\t\t<\/div>\n\t\t\t\t\t\t\t\t\t\t\t<\/div>\n\t\t\t\t\t<div class=\"content-initiative\">\n\t\t\t\t\t\t<div class=\"header-initiative\">\n\t\t\t\t\t\t\t<h4>Schweizer Tafel<\/h4>\n\t\t\t\t\t\t<\/div>\n\t\t\t\t\t\t<div class=\"teaser-initiative\">\n\t\t\t\t\t\t\t<p>Essen verteilen &#8211; Armut lindern<\/p>\n\t\t\t\t\t\t<\/div>\n\t\t\t\t\t\t<div class=\"allinfo-initiative\">\n\t\t\t\t\t\t\t<p>Die Stiftung Schweizer Tafel sammelt t\u00e4glich rund 30 Tonnen einwandfreie, \u00fcbersch\u00fcssige Lebensmittel im Detailhandel, bei Grossverteilern und in der Industrie ein und verteilt sie kostenlos an \u00fcber 500 soziale Institutionen wie Obdachlosenheime, Gassenk\u00fcchen, Notunterk\u00fcnfte oder Frauenh\u00e4user. So bauen wir die Br\u00fccke vom \u00dcberfluss zum Mangel und helfen bed\u00fcrftigen Menschen in der Schweiz.<\/p>\n<p>Gleichzeitig tragen wir aktiv zum Klimaschutz bei: Indem wir diese Lebensmittel vor dem Abfall bewahren, vermeiden wir j\u00e4hrlich die Emission von \u00fcber 12\u2019783 Tonnen CO\u2082.<\/p>\n\t\t\t\t\t\t\t\t\t\t\t\t\t\t\t<div class=\"address\">\n\t\t\t\t\t\t\t\t<b>\n\t\t\t\t\t\t\t\t\tSites :\t\n\t\t\t\t\t\t\t\t<\/b>\n\t\t\t\t\t\t\t\t<p>Region Mittelland<\/p>\n<p>Belpstrasse 24<br \/>\n3122 Kehrsatz<br \/>\nTel: 058 255 62 20<\/p>\n<p>*<\/p>\n<p>Region Nordwestschweiz<\/p>\n<p>Muttenzerstrasse 109<br \/>\n4133 Pratteln<br \/>\nTel: 058 255 62 60<\/p>\n<p>*<\/p>\n<p>Region Ostschweiz<\/p>\n<p>G\u00fcterbahnhofstrasse 2<br \/>\n9000 St.Gallen<br \/>\nTel: 058 255 62 70<\/p>\n<p>*<\/p>\n<p>Region Romandie<\/p>\n<p>Chemin du D\u00e9vent 7<br \/>\n1024 Ecublens<br \/>\nTel: 058 255 62 30<\/p>\n<p>*<\/p>\n<p>Region Zentralschweiz<\/p>\n<p>Station-Ost 1<br \/>\n6023 Rothenburg<br \/>\nTel: 058 255 62 40<\/p>\n<p>*<\/p>\n<p>Region Z\u00fcrich<\/p>\n<p>Giessenstrasse 15<br \/>\n8953 Dietikon<br \/>\nTel: 058 255 62 50<\/p>\n<p>*<\/p>\n<p>Region Aargau<\/p>\n<p>Aarauerstrasse 70<br \/>\n5603 Staufen<br \/>\nTel:\u00a0058 255 03 60<\/p>\n<p>*<\/p>\n<p>Gesch\u00e4ftsstelle<\/p>\n<p>Bahnhofplatz 20<br \/>\n3210 Kerzers<br \/>\nTel: 058 255 62 00<\/p>\n\t\t\t\t\t\t\t\t<\/div>\n\t\t\t\t\t\t\t\n\t\t\t\t\t\t\t\t\t\t\t\t\t\t\t<div class=\"info\">\n\t\t\t\t\t\t\t\t\t\t<b>\n\t\t\t\t\t\t\t\t\t\t\tContact :\t\n\t\t\t\t\t\t\t\t\t\t<\/b>\n\t\t\t\t\t\t\t\t\t\t<p><a href=\"mailto:info@schweizertafel.ch\">info@schweizertafel.ch<\/a><\/p>\n\t\t\t\t\t\t\t\t<\/div>\n\t\t\t\t\t\t\t\n\t\t\t\t\t\t\t<ul class=\"networks\">\n\t\t\t\t\t\t\t\t\t\t\t\t\t\t\t<li class=\"website\"><a href=\"https:\/\/www.schweizertafel.ch\/de\/\" target=\"_blank\"><img loading=\"lazy\" decoding=\"async\" src=\"\/wp-content\/themes\/fw\/assets\/img\/link.svg\" alt=\"Link Icon\" width=\"24\" height=\"24\"><\/a><\/li>\n\t\t\t\t\t\t\t\t\t\t\t\t\t\t\t\t\t\t\t\t\t\t\t\t\t\t\t\t\t\t\t\t\t\t\n\t\t\t\t\t\t\t\t\t\t\t<li><a target=\"_blank\" href=\"https:\/\/www.facebook.com\/schweizertafel.ch\/\"><img loading=\"lazy\" decoding=\"async\" src=\"\/wp-content\/themes\/fw\/assets\/img\/facebook.svg\" alt=\"Facebook Icon\" width=\"24\" height=\"24\"><\/a><\/li>\n\t\t\t\t\t\t\t\t\t\t\t\t\t\t\t\t\t\t\t\t\t\n\t\t\t\t\t\t\t\t\t\t\t<li><a target=\"_blank\" href=\"https:\/\/www.instagram.com\/schweizertafel.ch\/\"><img loading=\"lazy\" decoding=\"async\" src=\"\/wp-content\/themes\/fw\/assets\/img\/instagram.svg\" alt=\"Instagram Icon\" width=\"24\" height=\"24\"><\/a><\/li>\n\t\t\t\t\t\t\t\t\t\t\t\t\t\t\t\t\t\t\t\t\t\n\t\t\t\t\t\t\t\t\t\t\t<li><a target=\"_blank\" href=\"https:\/\/www.linkedin.com\/company\/schweizertafel\/\"><img loading=\"lazy\" decoding=\"async\" src=\"\/wp-content\/themes\/fw\/assets\/img\/linkedin.svg\" alt=\"LinkedIn Icon\" width=\"24\" height=\"24\"><\/a><\/li>\n\t\t\t\t\t\t\t\t\t\t\t\t\t\t\t\t\t\t\t\t\t<\/ul>\n\t\t\t\t\t\t\t\t\t\t\t\t\t\t\t\t\t<\/ul>\n\t\t\t\t\t\t<\/div>\n\t\t\t\t\t\t<a href=\"#\" class=\"btn plus wp-block-button__link wp-element-button more-initiative\">\n\t\t\t\t\t\t\t\t\t\t\t\t\t\tEn savoir plus\t\n\t\t\t\t\t\t<\/a>\n\t\t\t\t\t<\/div>\n\t\t\t\t<\/div>\n\t\t\t<\/div>\n\t\t\t\n\t\t\t\t<div id=\"12149\" class=\"post-item masonry-item 1648 1644 1645 \" data-name=\"secend-ch\">\n\t\t\t\t<div class=\"flex-grid-inner close\">\n\t\t\t\t\t<div class=\"img-initiative\">\n\t\t\t\t\t\t\t\t\t\t\t\t\t<div class=\"project-img-wrapper\">\n                                \t\t\t\t\t\t\t\t<img decoding=\"async\" class=\"\" src=\"https:\/\/foodwaste.ch\/wp-content\/uploads\/2021\/12\/bild-secend.jpg\">\n\t\t\t\t\t\t\t<\/div>\n\t\t\t\t\t\t\t\t\t\t\t\t\t\t\t\t\t\t\t<div class=\"project-logo-wrap\">\n\t\t\t\t\t\t\t\t<img decoding=\"async\" class=\"project-logo\" src=\"https:\/\/foodwaste.ch\/wp-content\/uploads\/2021\/12\/Secend-Logo-Quadratisch-300x300.jpg\">\n\t\t\t\t\t\t\t<\/div>\n\t\t\t\t\t\t\t\t\t\t\t<\/div>\n\t\t\t\t\t<div class=\"content-initiative\">\n\t\t\t\t\t\t<div class=\"header-initiative\">\n\t\t\t\t\t\t\t<h4>secend.ch<\/h4>\n\t\t\t\t\t\t<\/div>\n\t\t\t\t\t\t<div class=\"teaser-initiative\">\n\t\t\t\t\t\t\t<p>Onlineshop f\u00fcr gerettete Lebensmittel und Kosmetika<\/p>\n\t\t\t\t\t\t<\/div>\n\t\t\t\t\t\t<div class=\"allinfo-initiative\">\n\t\t\t\t\t\t\t<p>Secend rettet verarbeitete Lebensmittel und Kosmetika und verkauft diese online mit super Rabatten. Die Produkte sind meistens knapp vor oder \u00fcber dem Mindesthaltbarkeitsdatum. Auch Produkte mit Verpackungsfehlern oder Saisonalit\u00e4ten landen bei Secend. Dein P\u00e4ckli mit ausgew\u00e4hlten geretteten Produkten erh\u00e4ltst du einfach und bequem nach Hause geliefert.<\/p>\n\t\t\t\t\t\t\t\n\t\t\t\t\t\t\t\t\t\t\t\t\t\t\t<div class=\"info\">\n\t\t\t\t\t\t\t\t\t\t<b>\n\t\t\t\t\t\t\t\t\t\t\tContact :\t\n\t\t\t\t\t\t\t\t\t\t<\/b>\n\t\t\t\t\t\t\t\t\t\t<p><a href=\"mailto:info@secend.ch\">info@secend.ch<\/a><\/p>\n\t\t\t\t\t\t\t\t<\/div>\n\t\t\t\t\t\t\t\n\t\t\t\t\t\t\t<ul class=\"networks\">\n\t\t\t\t\t\t\t\t\t\t\t\t\t\t\t<li class=\"website\"><a href=\"https:\/\/www.secend.ch\" target=\"_blank\"><img loading=\"lazy\" decoding=\"async\" src=\"\/wp-content\/themes\/fw\/assets\/img\/link.svg\" alt=\"Link Icon\" width=\"24\" height=\"24\"><\/a><\/li>\n\t\t\t\t\t\t\t\t\t\t\t\t\t\t\t\t\t\t\t\t\t\t\t\t\t\t\t\t\t\t\t\t\t\t\n\t\t\t\t\t\t\t\t\t\t\t<li><a target=\"_blank\" href=\"https:\/\/www.instagram.com\/secend.ch\/\"><img loading=\"lazy\" decoding=\"async\" src=\"\/wp-content\/themes\/fw\/assets\/img\/instagram.svg\" alt=\"Instagram Icon\" width=\"24\" height=\"24\"><\/a><\/li>\n\t\t\t\t\t\t\t\t\t\t\t\t\t\t\t\t\t\t\t\t\t<\/ul>\n\t\t\t\t\t\t\t\t\t\t\t\t\t\t\t\t\t<\/ul>\n\t\t\t\t\t\t<\/div>\n\t\t\t\t\t\t<a href=\"#\" class=\"btn plus wp-block-button__link wp-element-button more-initiative\">\n\t\t\t\t\t\t\t\t\t\t\t\t\t\tEn savoir plus\t\n\t\t\t\t\t\t<\/a>\n\t\t\t\t\t<\/div>\n\t\t\t\t<\/div>\n\t\t\t<\/div>\n\t\t\t\n\t\t\t\t<div id=\"13325\" class=\"post-item masonry-item 1641 1634 \" data-name=\"sos-fruits\">\n\t\t\t\t<div class=\"flex-grid-inner close\">\n\t\t\t\t\t<div class=\"img-initiative\">\n\t\t\t\t\t\t\t\t\t\t\t\t\t<div class=\"project-img-wrapper\">\n                                \t\t\t\t\t\t\t\t<img decoding=\"async\" class=\"\" src=\"https:\/\/foodwaste.ch\/wp-content\/uploads\/2022\/07\/sos-fruits-683x1024.jpg\">\n\t\t\t\t\t\t\t<\/div>\n\t\t\t\t\t\t\t\t\t\t\t\t\t\t\t\t\t\t\t<div class=\"project-logo-wrap\">\n\t\t\t\t\t\t\t\t<img decoding=\"async\" class=\"project-logo\" src=\"https:\/\/foodwaste.ch\/wp-content\/uploads\/2022\/07\/A-80821_HDJ_YSP_02-1-300x114.jpg\">\n\t\t\t\t\t\t\t<\/div>\n\t\t\t\t\t\t\t\t\t\t\t<\/div>\n\t\t\t\t\t<div class=\"content-initiative\">\n\t\t\t\t\t\t<div class=\"header-initiative\">\n\t\t\t\t\t\t\t<h4>SOS Fruits<\/h4>\n\t\t\t\t\t\t<\/div>\n\t\t\t\t\t\t<div class=\"teaser-initiative\">\n\t\t\t\t\t\t\t<p>SOS Fruits, un service de r\u00e9colte b\u00e9n\u00e9vole.<\/p>\n\t\t\t\t\t\t<\/div>\n\t\t\t\t\t\t<div class=\"allinfo-initiative\">\n\t\t\t\t\t\t\t<p>SOS Fruit est une association \u00e0 but non lucratif qui propose un service de r\u00e9colte b\u00e9n\u00e9vole \u00e0 des d\u00e9tenteurs d\u2019arbres fruitiers qui le d\u00e9sirent et donne la possibilit\u00e9 \u00e0 des personnes int\u00e9ress\u00e9es de venir r\u00e9colter des fruits gratuitement.<\/p>\n\t\t\t\t\t\t\t\t\t\t\t\t\t\t\t<div class=\"address\">\n\t\t\t\t\t\t\t\t<b>\n\t\t\t\t\t\t\t\t\tSites :\t\n\t\t\t\t\t\t\t\t<\/b>\n\t\t\t\t\t\t\t\t<p>1400 Yverdon-les-Bains<\/p>\n\t\t\t\t\t\t\t\t<\/div>\n\t\t\t\t\t\t\t\n\t\t\t\t\t\t\t\t\t\t\t\t\t\t\t<div class=\"info\">\n\t\t\t\t\t\t\t\t\t\t<b>\n\t\t\t\t\t\t\t\t\t\t\tContact :\t\n\t\t\t\t\t\t\t\t\t\t<\/b>\n\t\t\t\t\t\t\t\t\t\t<p><a href=\"mailto:info@sos-fruits.ch\">info@sos-fruits.ch<\/a><\/p>\n\t\t\t\t\t\t\t\t<\/div>\n\t\t\t\t\t\t\t\n\t\t\t\t\t\t\t<ul class=\"networks\">\n\t\t\t\t\t\t\t\t\t\t\t\t\t\t\t<li class=\"website\"><a href=\"http:\/\/www.sos-fruits.ch\" target=\"_blank\"><img loading=\"lazy\" decoding=\"async\" src=\"\/wp-content\/themes\/fw\/assets\/img\/link.svg\" alt=\"Link Icon\" width=\"24\" height=\"24\"><\/a><\/li>\n\t\t\t\t\t\t\t\t\t\t\t\t\t\t\t\t\t\t\t\t\t\t<\/ul>\n\t\t\t\t\t\t<\/div>\n\t\t\t\t\t\t<a href=\"#\" class=\"btn plus wp-block-button__link wp-element-button more-initiative\">\n\t\t\t\t\t\t\t\t\t\t\t\t\t\tEn savoir plus\t\n\t\t\t\t\t\t<\/a>\n\t\t\t\t\t<\/div>\n\t\t\t\t<\/div>\n\t\t\t<\/div>\n\t\t\t\n\t\t\t\t<div id=\"6345\" class=\"post-item masonry-item 1640 1634 1647 \" data-name=\"sozialwerk-pfarrer-sieber\">\n\t\t\t\t<div class=\"flex-grid-inner close\">\n\t\t\t\t\t<div class=\"img-initiative\">\n\t\t\t\t\t\t\t\t\t\t\t\t\t<div class=\"project-img-wrapper\">\n                                \t\t\t\t\t\t\t\t<img decoding=\"async\" class=\"\" src=\"https:\/\/foodwaste.ch\/wp-content\/uploads\/2019\/06\/bild-pfarrer-sieber.jpg\">\n\t\t\t\t\t\t\t<\/div>\n\t\t\t\t\t\t\t\t\t\t\t\t\t\t\t\t\t\t\t<div class=\"project-logo-wrap\">\n\t\t\t\t\t\t\t\t<img decoding=\"async\" class=\"project-logo\" src=\"https:\/\/foodwaste.ch\/wp-content\/uploads\/2019\/06\/logo-sieber-pfarrer-300x300.jpg\">\n\t\t\t\t\t\t\t<\/div>\n\t\t\t\t\t\t\t\t\t\t\t<\/div>\n\t\t\t\t\t<div class=\"content-initiative\">\n\t\t\t\t\t\t<div class=\"header-initiative\">\n\t\t\t\t\t\t\t<h4>Sozialwerk Pfarrer Sieber<\/h4>\n\t\t\t\t\t\t<\/div>\n\t\t\t\t\t\t<div class=\"teaser-initiative\">\n\t\t\t\t\t\t\t<p>Das Sozialwerk betreibt die Lebensmittelabgabestelle \u00ab\u00a0Reschtegl\u00fcck\u00a0\u00bb: Obdachlose erhalten gesunde Mahlzeiten. <\/p>\n\t\t\t\t\t\t<\/div>\n\t\t\t\t\t\t<div class=\"allinfo-initiative\">\n\t\t\t\t\t\t\t<p>Die Lebensmittelabgabestelle Reschtegl\u00fcck verteilt einwandfreie, nicht mehr ben\u00f6tigte Lebensmittel an Odachlose,\u00a0damit diese in den Genuss von vollwertigen, gesunden Mahlzeiten kommen. So tr\u00e4gt das Reschtegl\u00fcck zur Verringerung von Lebensmittelverlusten bei und leistet auch sozial einen wichtigen Beitrag. Menschen mit einer Leistungseinschr\u00e4nkung finden bei der Lebensmittelverarbeitung Arbeit.<\/p>\n<p>&nbsp;<\/p>\n\t\t\t\t\t\t\t\t\t\t\t\t\t\t\t<div class=\"address\">\n\t\t\t\t\t\t\t\t<b>\n\t\t\t\t\t\t\t\t\tSites :\t\n\t\t\t\t\t\t\t\t<\/b>\n\t\t\t\t\t\t\t\t<p>Hohlstrasse 192, 8004 Z\u00fcrich<\/p>\n\t\t\t\t\t\t\t\t<\/div>\n\t\t\t\t\t\t\t\n\t\t\t\t\t\t\t\t\t\t\t\t\t\t\t<div class=\"info\">\n\t\t\t\t\t\t\t\t\t\t<b>\n\t\t\t\t\t\t\t\t\t\t\tContact :\t\n\t\t\t\t\t\t\t\t\t\t<\/b>\n\t\t\t\t\t\t\t\t\t\t<p><a>info@swsieber.ch<\/a><\/p>\n\t\t\t\t\t\t\t\t<\/div>\n\t\t\t\t\t\t\t\n\t\t\t\t\t\t\t<ul class=\"networks\">\n\t\t\t\t\t\t\t\t\t\t\t\t\t\t\t<li class=\"website\"><a href=\"https:\/\/www.swsieber.ch\/was-wir-tun\/weiterhelfen\/lebensmittelabgabe\/\" target=\"_blank\"><img loading=\"lazy\" decoding=\"async\" src=\"\/wp-content\/themes\/fw\/assets\/img\/link.svg\" alt=\"Link Icon\" width=\"24\" height=\"24\"><\/a><\/li>\n\t\t\t\t\t\t\t\t\t\t\t\t\t\t\t\t\t\t\t\t\t\t\t\t\t\t\t\t\t\t\t\t\t\t\n\t\t\t\t\t\t\t\t\t\t\t<li><a target=\"_blank\" href=\"https:\/\/www.facebook.com\/pg\/SozialwerkePfarrerSieber\/about\/?ref=page_internal\"><img loading=\"lazy\" decoding=\"async\" src=\"\/wp-content\/themes\/fw\/assets\/img\/facebook.svg\" alt=\"Facebook Icon\" width=\"24\" height=\"24\"><\/a><\/li>\n\t\t\t\t\t\t\t\t\t\t\t\t\t\t\t\t\t\t\t\t\t<\/ul>\n\t\t\t\t\t\t\t\t\t\t\t\t\t\t\t\t\t<\/ul>\n\t\t\t\t\t\t<\/div>\n\t\t\t\t\t\t<a href=\"#\" class=\"btn plus wp-block-button__link wp-element-button more-initiative\">\n\t\t\t\t\t\t\t\t\t\t\t\t\t\tEn savoir plus\t\n\t\t\t\t\t\t<\/a>\n\t\t\t\t\t<\/div>\n\t\t\t\t<\/div>\n\t\t\t<\/div>\n\t\t\t\n\t\t\t\t<div id=\"11929\" class=\"post-item masonry-item 1649 1644 \" data-name=\"speisekammer-app\">\n\t\t\t\t<div class=\"flex-grid-inner close\">\n\t\t\t\t\t<div class=\"img-initiative\">\n\t\t\t\t\t\t\t\t\t\t\t\t\t<div class=\"project-img-wrapper\">\n                                \t\t\t\t\t\t\t\t<img decoding=\"async\" class=\"\" src=\"https:\/\/foodwaste.ch\/wp-content\/uploads\/2021\/10\/Simulator-Screen-Shot-iPhone-12-2021-09-29-at-14.41.03-473x1024.png\">\n\t\t\t\t\t\t\t<\/div>\n\t\t\t\t\t\t\t\t\t\t\t\t\t\t\t\t\t\t\t<div class=\"project-logo-wrap\">\n\t\t\t\t\t\t\t\t<img decoding=\"async\" class=\"project-logo\" src=\"https:\/\/foodwaste.ch\/wp-content\/uploads\/2021\/10\/Logo-Speisekammer.App_-300x300.png\">\n\t\t\t\t\t\t\t<\/div>\n\t\t\t\t\t\t\t\t\t\t\t<\/div>\n\t\t\t\t\t<div class=\"content-initiative\">\n\t\t\t\t\t\t<div class=\"header-initiative\">\n\t\t\t\t\t\t\t<h4>Speisekammer-App<\/h4>\n\t\t\t\t\t\t<\/div>\n\t\t\t\t\t\t<div class=\"teaser-initiative\">\n\t\t\t\t\t\t\t<p>Lebensmittelverschwendung vermeiden dank Speisekammer.app<\/p>\n\t\t\t\t\t\t<\/div>\n\t\t\t\t\t\t<div class=\"allinfo-initiative\">\n\t\t\t\t\t\t\t<p>Durch scannen von dem Barcode der Lebensmittel wird eine virtuelle Speisekammer angelegt. In der App sind alle verf\u00fcgbaren Lebensmittel mit Mindesthaltbarkeitsdatum ersichtlich und man wird auf bald ablaufende Lebensmittel hingewiesen. Auf den virtuellen Vorrat k\u00f6nnen mehrer Haushaltsmitglieder zugreifen, sodass doppelt k\u00e4ufe vermieden werden und Lebensmittel mit kurzen Mindesthaltbarkeitsdatum zuerst verbraucht werden. F\u00fcr selbstgemachte Vorr\u00e4te wie zB. Konfis kann \u00fcbrigens selber ein Barcode erstellt werden &#8211; wie das geht, erf\u00e4hrst du <a href=\"https:\/\/speisekammer.app\/blog\/ab-sofort-kannst-du-deine-eigenen-barcodes-fuer-selbstgemachtes-drucken\/\">hier<\/a><\/p>\n\t\t\t\t\t\t\t\n\t\t\t\t\t\t\t\t\t\t\t\t\t\t\t<div class=\"info\">\n\t\t\t\t\t\t\t\t\t\t<b>\n\t\t\t\t\t\t\t\t\t\t\tContact :\t\n\t\t\t\t\t\t\t\t\t\t<\/b>\n\t\t\t\t\t\t\t\t\t\t<p><a href=\"mailto:info@speisekammer-app.de\">info@speisekammer-app.de<\/a><\/p>\n\t\t\t\t\t\t\t\t<\/div>\n\t\t\t\t\t\t\t\n\t\t\t\t\t\t\t<ul class=\"networks\">\n\t\t\t\t\t\t\t\t\t\t\t\t\t\t\t<li class=\"website\"><a href=\"https:\/\/speisekammer.app\" target=\"_blank\"><img loading=\"lazy\" decoding=\"async\" src=\"\/wp-content\/themes\/fw\/assets\/img\/link.svg\" alt=\"Link Icon\" width=\"24\" height=\"24\"><\/a><\/li>\n\t\t\t\t\t\t\t\t\t\t\t\t\t\t\t\t\t\t\t\t\t\t\t\t\t\t\t\t\t\t\t\t\t\t\n\t\t\t\t\t\t\t\t\t\t\t<li><a target=\"_blank\" href=\"https:\/\/www.facebook.com\/speisekammerapp\/?ref=pages_you_manage\"><img loading=\"lazy\" decoding=\"async\" src=\"\/wp-content\/themes\/fw\/assets\/img\/facebook.svg\" alt=\"Facebook Icon\" width=\"24\" height=\"24\"><\/a><\/li>\n\t\t\t\t\t\t\t\t\t\t\t\t\t\t\t\t\t\t\t\t\t<\/ul>\n\t\t\t\t\t\t\t\t\t\t\t\t\t\t\t\t\t<\/ul>\n\t\t\t\t\t\t<\/div>\n\t\t\t\t\t\t<a href=\"#\" class=\"btn plus wp-block-button__link wp-element-button more-initiative\">\n\t\t\t\t\t\t\t\t\t\t\t\t\t\tEn savoir plus\t\n\t\t\t\t\t\t<\/a>\n\t\t\t\t\t<\/div>\n\t\t\t\t<\/div>\n\t\t\t<\/div>\n\t\t\t\n\t\t\t\t<div id=\"13368\" class=\"post-item masonry-item 1641 1646 \" data-name=\"starterre\">\n\t\t\t\t<div class=\"flex-grid-inner close\">\n\t\t\t\t\t<div class=\"img-initiative\">\n\t\t\t\t\t\t\t\t\t\t\t\t\t<div class=\"project-img-wrapper\">\n                                \t\t\t\t\t\t\t\t<img decoding=\"async\" class=\"\" src=\"https:\/\/foodwaste.ch\/wp-content\/uploads\/2022\/07\/pexels-ahmed-12443129-scaled-1-683x1024.jpg\">\n\t\t\t\t\t\t\t<\/div>\n\t\t\t\t\t\t\t\t\t\t\t\t\t\t\t\t\t\t\t<div class=\"project-logo-wrap\">\n\t\t\t\t\t\t\t\t<img decoding=\"async\" class=\"project-logo\" src=\"https:\/\/foodwaste.ch\/wp-content\/uploads\/2022\/07\/StarTerre_logo_17-02-2020-300x120.jpg\">\n\t\t\t\t\t\t\t<\/div>\n\t\t\t\t\t\t\t\t\t\t\t<\/div>\n\t\t\t\t\t<div class=\"content-initiative\">\n\t\t\t\t\t\t<div class=\"header-initiative\">\n\t\t\t\t\t\t\t<h4>Star&rsquo;Terre<\/h4>\n\t\t\t\t\t\t<\/div>\n\t\t\t\t\t\t<div class=\"teaser-initiative\">\n\t\t\t\t\t\t\t<p>Permettre \u00e0 des entrepreneurs de d\u00e9velopper des projets innovants et durables qui cr\u00e9ent de la valeur au sein de la chaine alimentaire.<\/p>\n\t\t\t\t\t\t<\/div>\n\t\t\t\t\t\t<div class=\"allinfo-initiative\">\n\t\t\t\t\t\t\t<p>Au travers de Star\u2019Terre, nous souhaitons renforcer le d\u00e9veloppement des cha\u00eenes de valeur alimentaires r\u00e9gionales innovantes et collaboratives, qui placent les agriculteurs et les entrepreneurs de l\u2019alimentation au centre.<\/p>\n<p>Star\u2019Terre stimule des collaborations et appuie les acteurs l\u00e9maniques dans leur volont\u00e9 de partager, innover et mieux valoriser les savoirs faire agricoles et alimentaires. Elle vise \u00e0 garantir un retour de valeur ajout\u00e9e aux producteurs et valoriser le territoire de l\u2019arc l\u00e9manique.<\/p>\n<p>Elle d\u00e9veloppe ainsi les activit\u00e9s visant \u00e0 remplir sa mission : informations, \u00e9v\u00e9nements, guichet, r\u00e9seau, notamment gr\u00e2ce au soutien de plusieurs cantons de la r\u00e9gion l\u00e9manique.<br \/>\nStar\u2019Terre vise \u00e0 un changement de mod\u00e8le en rapprochant les mondes agricoles et non-agricoles, afin de mieux se conna\u00eetre et favoriser les collaborations, en renfor\u00e7ant l\u2019esprit entrepreneurial des agriculteurs, en accompagnant des projets qui se trouvent actuellement dans une zone grise pour acqu\u00e9rir de nouveaux march\u00e9s, en d\u00e9veloppant une approche intercantonale au sein de l&rsquo;arc l\u00e9manique et faciliter ainsi les synergies entre les diff\u00e9rents territoires, en identifiant et p\u00e9rennisant des activit\u00e9s et aides sp\u00e9cifiques et en stimulant l&rsquo;innovation.<\/p>\n\t\t\t\t\t\t\t\t\t\t\t\t\t\t\t<div class=\"address\">\n\t\t\t\t\t\t\t\t<b>\n\t\t\t\t\t\t\t\t\tSites :\t\n\t\t\t\t\t\t\t\t<\/b>\n\t\t\t\t\t\t\t\t<p>Avenue des Jordils 3, 1006 Lausanne<\/p>\n\t\t\t\t\t\t\t\t<\/div>\n\t\t\t\t\t\t\t\n\t\t\t\t\t\t\t\t\t\t\t\t\t\t\t<div class=\"info\">\n\t\t\t\t\t\t\t\t\t\t<b>\n\t\t\t\t\t\t\t\t\t\t\tContact :\t\n\t\t\t\t\t\t\t\t\t\t<\/b>\n\t\t\t\t\t\t\t\t\t\t<p><a href=\"mailto:info@starterre.ch\">info@starterre.ch<\/a><\/p>\n\t\t\t\t\t\t\t\t<\/div>\n\t\t\t\t\t\t\t\n\t\t\t\t\t\t\t<ul class=\"networks\">\n\t\t\t\t\t\t\t\t\t\t\t\t\t\t\t<li class=\"website\"><a href=\"https:\/\/www.starterre.ch\/\" target=\"_blank\"><img loading=\"lazy\" decoding=\"async\" src=\"\/wp-content\/themes\/fw\/assets\/img\/link.svg\" alt=\"Link Icon\" width=\"24\" height=\"24\"><\/a><\/li>\n\t\t\t\t\t\t\t\t\t\t\t\t\t\t\t\t\t\t\t\t\t\t\t\t\t\t\t\t\t\t\t\t\t\t\n\t\t\t\t\t\t\t\t\t\t\t<li><a target=\"_blank\" href=\"https:\/\/www.facebook.com\/starterrech\/\"><img loading=\"lazy\" decoding=\"async\" src=\"\/wp-content\/themes\/fw\/assets\/img\/facebook.svg\" alt=\"Facebook Icon\" width=\"24\" height=\"24\"><\/a><\/li>\n\t\t\t\t\t\t\t\t\t\t\t\t\t\t\t\t\t\t\t\t\t\n\t\t\t\t\t\t\t\t\t\t\t<li><a target=\"_blank\" href=\"https:\/\/ch.linkedin.com\/company\/starterrech\"><img loading=\"lazy\" decoding=\"async\" src=\"\/wp-content\/themes\/fw\/assets\/img\/linkedin.svg\" alt=\"LinkedIn Icon\" width=\"24\" height=\"24\"><\/a><\/li>\n\t\t\t\t\t\t\t\t\t\t\t\t\t\t\t\t\t\t\t\t\t<\/ul>\n\t\t\t\t\t\t\t\t\t\t\t\t\t\t\t\t\t<\/ul>\n\t\t\t\t\t\t<\/div>\n\t\t\t\t\t\t<a href=\"#\" class=\"btn plus wp-block-button__link wp-element-button more-initiative\">\n\t\t\t\t\t\t\t\t\t\t\t\t\t\tEn savoir plus\t\n\t\t\t\t\t\t<\/a>\n\t\t\t\t\t<\/div>\n\t\t\t\t<\/div>\n\t\t\t<\/div>\n\t\t\t\n\t\t\t\t<div id=\"6356\" class=\"post-item masonry-item 1638 1645 \" data-name=\"strunk\">\n\t\t\t\t<div class=\"flex-grid-inner close\">\n\t\t\t\t\t<div class=\"img-initiative\">\n\t\t\t\t\t\t\t\t\t\t\t\t\t<div class=\"project-img-wrapper\">\n                                \t\t\t\t\t\t\t\t<img decoding=\"async\" class=\"\" src=\"https:\/\/foodwaste.ch\/wp-content\/uploads\/2019\/06\/Strunk-Bild-1024x683.jpg\">\n\t\t\t\t\t\t\t<\/div>\n\t\t\t\t\t\t\t\t\t\t\t\t\t\t\t\t\t\t\t<div class=\"project-logo-wrap\">\n\t\t\t\t\t\t\t\t<img decoding=\"async\" class=\"project-logo\" src=\"https:\/\/foodwaste.ch\/wp-content\/uploads\/2019\/06\/strunk-logo-300x300.png\">\n\t\t\t\t\t\t\t<\/div>\n\t\t\t\t\t\t\t\t\t\t\t<\/div>\n\t\t\t\t\t<div class=\"content-initiative\">\n\t\t\t\t\t\t<div class=\"header-initiative\">\n\t\t\t\t\t\t\t<h4>Strunk<\/h4>\n\t\t\t\t\t\t<\/div>\n\t\t\t\t\t\t<div class=\"teaser-initiative\">\n\t\t\t\t\t\t\t<p>In diesem Restaurant schmeckt Wegwerfgem\u00fcse aus dem Einmachglas ganz besonders hervorragend. <\/p>\n\t\t\t\t\t\t<\/div>\n\t\t\t\t\t\t<div class=\"allinfo-initiative\">\n\t\t\t\t\t\t\t<p>Bei Strunk landet schmackhaftes Wegwerfgem\u00fcse im Einmachglas und sp\u00e4ter auf der gedeckten Tafel.<br \/>\nDas Gem\u00fcse wird mit weiteren Kreationen erg\u00e4nzt und im charmanten Lokal in Bern serviert. Egal ob als Catering f\u00fcr deinen pers\u00f6nlichen Anlass oder im Rahmen einer der regelm\u00e4ssigen Veranstaltungen. Das Gem\u00fcse und die Fr\u00fcchte, welche im Strunk verwendet werden, stammen von regionalen und biologisch nachhaltigen Produzentinnen und Produzenten. Von der Wurzel bis zum Blatt wird bei Strunk, wann immer m\u00f6glich, alles verwendet.<\/p>\n<p>Geh vorbei und las dich kulinarisch \u00fcberraschen.<\/p>\n\t\t\t\t\t\t\t\t\t\t\t\t\t\t\t<div class=\"address\">\n\t\t\t\t\t\t\t\t<b>\n\t\t\t\t\t\t\t\t\tSites :\t\n\t\t\t\t\t\t\t\t<\/b>\n\t\t\t\t\t\t\t\t<p>Murifeldweg 24, 3006 Bern<\/p>\n\t\t\t\t\t\t\t\t<\/div>\n\t\t\t\t\t\t\t\n\t\t\t\t\t\t\t\t\t\t\t\t\t\t\t<div class=\"info\">\n\t\t\t\t\t\t\t\t\t\t<b>\n\t\t\t\t\t\t\t\t\t\t\tContact :\t\n\t\t\t\t\t\t\t\t\t\t<\/b>\n\t\t\t\t\t\t\t\t\t\t<p><a href=\"mailto:info@strunk.ch\">info@strunk.ch<\/a><\/p>\n\t\t\t\t\t\t\t\t<\/div>\n\t\t\t\t\t\t\t\n\t\t\t\t\t\t\t<ul class=\"networks\">\n\t\t\t\t\t\t\t\t\t\t\t\t\t\t\t<li class=\"website\"><a href=\"https:\/\/strunk.ch\/\" target=\"_blank\"><img loading=\"lazy\" decoding=\"async\" src=\"\/wp-content\/themes\/fw\/assets\/img\/link.svg\" alt=\"Link Icon\" width=\"24\" height=\"24\"><\/a><\/li>\n\t\t\t\t\t\t\t\t\t\t\t\t\t\t\t\t\t\t\t\t\t\t\t\t\t\t\t\t\t\t\t\t\t\t\n\t\t\t\t\t\t\t\t\t\t\t<li><a target=\"_blank\" href=\"https:\/\/www.facebook.com\/StrunkBern\/\"><img loading=\"lazy\" decoding=\"async\" src=\"\/wp-content\/themes\/fw\/assets\/img\/facebook.svg\" alt=\"Facebook Icon\" width=\"24\" height=\"24\"><\/a><\/li>\n\t\t\t\t\t\t\t\t\t\t\t\t\t\t\t\t\t\t\t\t\t<\/ul>\n\t\t\t\t\t\t\t\t\t\t\t\t\t\t\t\t\t<\/ul>\n\t\t\t\t\t\t<\/div>\n\t\t\t\t\t\t<a href=\"#\" class=\"btn plus wp-block-button__link wp-element-button more-initiative\">\n\t\t\t\t\t\t\t\t\t\t\t\t\t\tEn savoir plus\t\n\t\t\t\t\t\t<\/a>\n\t\t\t\t\t<\/div>\n\t\t\t\t<\/div>\n\t\t\t<\/div>\n\t\t\t\n\t\t\t\t<div id=\"29848\" class=\"post-item masonry-item 2102 2094 \" data-name=\"table-couvre-toi\">\n\t\t\t\t<div class=\"flex-grid-inner close\">\n\t\t\t\t\t<div class=\"img-initiative\">\n\t\t\t\t\t\t\t\t\t\t\t\t\t<div class=\"project-img-wrapper\">\n                                \t\t\t\t\t\t\t\t<img decoding=\"async\" class=\"\" src=\"https:\/\/foodwaste.ch\/wp-content\/uploads\/2022\/01\/table-bild.jpg\">\n\t\t\t\t\t\t\t<\/div>\n\t\t\t\t\t\t\t\t\t\t\t\t\t\t\t\t\t\t\t<div class=\"project-logo-wrap\">\n\t\t\t\t\t\t\t\t<img decoding=\"async\" class=\"project-logo\" src=\"https:\/\/foodwaste.ch\/wp-content\/uploads\/2018\/12\/TDD_Logo_rot_rgb-300x86.jpg\">\n\t\t\t\t\t\t\t<\/div>\n\t\t\t\t\t\t\t\t\t\t\t<\/div>\n\t\t\t\t\t<div class=\"content-initiative\">\n\t\t\t\t\t\t<div class=\"header-initiative\">\n\t\t\t\t\t\t\t<h4>Table couvre-toi<\/h4>\n\t\t\t\t\t\t<\/div>\n\t\t\t\t\t\t<div class=\"teaser-initiative\">\n\t\t\t\t\t\t\t<p>Table couvre-toi sauve des denr\u00e9es alimentaires de la destruction et les distribue \u00e0 des personnes touch\u00e9es par la pauvret\u00e9. <\/p>\n\t\t\t\t\t\t<\/div>\n\t\t\t\t\t\t<div class=\"allinfo-initiative\">\n\t\t\t\t\t\t\t<p>Table couvre-toi est une association \u00e0 but non lucratif s\u2019engageant contre le gaspillage alimentaire tout en luttant contre la pauvret\u00e9. Chaque ann\u00e9e, en Suisse, environ 2,8 millions de tonnes d\u2019aliments irr\u00e9prochables atterrissent \u00e0 la poubelle, alors que 735\u2019000 personnes, dans notre pays, ne disposent que du minimum vital ou de moins encore. C\u2019est l\u00e0 que l\u2019association intervient et jette un pont entre la surabondance et la pauvret\u00e9.<\/p>\n<p>Depuis 1999, nous sauvons de la destruction des denr\u00e9es alimentaires et des produits de consommation quotidienne d\u2019une qualit\u00e9 irr\u00e9prochable afin de les distribuer par le biais des 140 centres de distribution r\u00e9gionaux de Table couvre-toi chaque semaine \u00e0 21\u2019000 personnes dans le besoin dans toute la Suisse et dans la Principaut\u00e9 de Liechtenstein.    <\/p>\n<p>L\u2019association ind\u00e9pendante sur le plan confessionnel et politique est exclusivement financ\u00e9e par des dons. Coop, Transgourmet, Migros, la Fondation Ernst G\u00f6hner et le Secours d\u2019hiver Suisse soutiennent Table couvre-toi en tant que partenaires principaux. <\/p>\n<p>Outre quelques collaboratrices et collaborateurs salari\u00e9s, 3200 personnes b\u00e9n\u00e9voles, participant \u00e0 des programmes d\u2019occupation ou effectuant leur service civil travaillent pour l\u2019association. <\/p>\n\t\t\t\t\t\t\t\n\t\t\t\t\t\t\t\t\t\t\t\t\t\t\t<div class=\"info\">\n\t\t\t\t\t\t\t\t\t\t<b>\n\t\t\t\t\t\t\t\t\t\t\tContact :\t\n\t\t\t\t\t\t\t\t\t\t<\/b>\n\t\t\t\t\t\t\t\t\t\t<p><a href=\"mailto:info@tablecouvretoi.ch\">info@tablecouvretoi.ch<\/a><\/p>\n\t\t\t\t\t\t\t\t<\/div>\n\t\t\t\t\t\t\t\n\t\t\t\t\t\t\t<ul class=\"networks\">\n\t\t\t\t\t\t\t\t\t\t\t\t\t\t\t<li class=\"website\"><a href=\"https:\/\/www.tischlein.ch\" target=\"_blank\"><img loading=\"lazy\" decoding=\"async\" src=\"\/wp-content\/themes\/fw\/assets\/img\/link.svg\" alt=\"Link Icon\" width=\"24\" height=\"24\"><\/a><\/li>\n\t\t\t\t\t\t\t\t\t\t\t\t\t\t\t\t\t\t\t\t\t\t\t\t\t\t\t\t\t\t\t\t\t\t\n\t\t\t\t\t\t\t\t\t\t\t<li><a target=\"_blank\" href=\"http:\/\/www.instagram.ch\/tischleindeckdich_schweiz\/\"><img loading=\"lazy\" decoding=\"async\" src=\"\/wp-content\/themes\/fw\/assets\/img\/instagram.svg\" alt=\"Instagram Icon\" width=\"24\" height=\"24\"><\/a><\/li>\n\t\t\t\t\t\t\t\t\t\t\t\t\t\t\t\t\t\t\t\t\t\n\t\t\t\t\t\t\t\t\t\t\t<li><a target=\"_blank\" href=\"https:\/\/www.facebook.com\/tischleindeckdich\"><img loading=\"lazy\" decoding=\"async\" src=\"\/wp-content\/themes\/fw\/assets\/img\/facebook.svg\" alt=\"Facebook Icon\" width=\"24\" height=\"24\"><\/a><\/li>\n\t\t\t\t\t\t\t\t\t\t\t\t\t\t\t\t\t\t\t\t\t<\/ul>\n\t\t\t\t\t\t\t\t\t\t\t\t\t\t\t\t\t<\/ul>\n\t\t\t\t\t\t<\/div>\n\t\t\t\t\t\t<a href=\"#\" class=\"btn plus wp-block-button__link wp-element-button more-initiative\">\n\t\t\t\t\t\t\t\t\t\t\t\t\t\tEn savoir plus\t\n\t\t\t\t\t\t<\/a>\n\t\t\t\t\t<\/div>\n\t\t\t\t<\/div>\n\t\t\t<\/div>\n\t\t\t\n\t\t\t\t<div id=\"6359\" class=\"post-item masonry-item 1643 1634 \" data-name=\"tables-du-rhone\">\n\t\t\t\t<div class=\"flex-grid-inner close\">\n\t\t\t\t\t<div class=\"img-initiative\">\n\t\t\t\t\t\t\t\t\t\t\t\t\t<div class=\"project-img-wrapper\">\n                                \t\t\t\t\t\t\t\t<img decoding=\"async\" class=\"\" src=\"https:\/\/foodwaste.ch\/wp-content\/uploads\/2019\/06\/tables-du-rhone.png\">\n\t\t\t\t\t\t\t<\/div>\n\t\t\t\t\t\t\t\t\t\t\t\t\t\t\t\t\t\t\t<div class=\"project-logo-wrap\">\n\t\t\t\t\t\t\t\t<img decoding=\"async\" class=\"project-logo\" src=\"https:\/\/foodwaste.ch\/wp-content\/uploads\/2019\/06\/tables-du-rhone-300x106.png\">\n\t\t\t\t\t\t\t<\/div>\n\t\t\t\t\t\t\t\t\t\t\t<\/div>\n\t\t\t\t\t<div class=\"content-initiative\">\n\t\t\t\t\t\t<div class=\"header-initiative\">\n\t\t\t\t\t\t\t<h4>Tables du Rh\u00f4ne<\/h4>\n\t\t\t\t\t\t<\/div>\n\t\t\t\t\t\t<div class=\"teaser-initiative\">\n\t\t\t\t\t\t\t<p>Teilen anstatt verschwenden. <\/p>\n\t\t\t\t\t\t<\/div>\n\t\t\t\t\t\t<div class=\"allinfo-initiative\">\n\t\t\t\t\t\t\t<p>Teilen anstatt verschwenden. Dies ist das Motto von Tables du Rh\u00f4ne. Umgesetzt wird dies, indem\u00a0t\u00e4glich Lastwagen ihre Route durch das Wallis und Chablais fahren, bei grossen Lieferanten \u00dcbersch\u00fcsse einsammeln und sie dann via soziale Institutionen und \u00f6ffentliche Tafeln an die bed\u00fcrftigsten Menschen umverteilen. So k\u00f6nnen w\u00f6chentlich \u00fcber 8&rsquo;000 Men\u00fcs an Menschen verteilt werden, welche sich ganz besonders \u00fcber die Lebensmittel freuen.\u00a0Gleichzeitig wird ein wichtiger Beitrag gegen die Lebensmittelverschwendung geleistet.<\/p>\n\t\t\t\t\t\t\t\t\t\t\t\t\t\t\t<div class=\"address\">\n\t\t\t\t\t\t\t\t<b>\n\t\t\t\t\t\t\t\t\tSites :\t\n\t\t\t\t\t\t\t\t<\/b>\n\t\t\t\t\t\t\t\t<p>Rue des Saphirs, Monthey, Schweiz<\/p>\n\t\t\t\t\t\t\t\t<\/div>\n\t\t\t\t\t\t\t\n\t\t\t\t\t\t\t\t\t\t\t\t\t\t\t<div class=\"info\">\n\t\t\t\t\t\t\t\t\t\t<b>\n\t\t\t\t\t\t\t\t\t\t\tContact :\t\n\t\t\t\t\t\t\t\t\t\t<\/b>\n\t\t\t\t\t\t\t\t\t\t<p>tablesdurhone@bluewin.ch<\/p>\n\t\t\t\t\t\t\t\t<\/div>\n\t\t\t\t\t\t\t\n\t\t\t\t\t\t\t<ul class=\"networks\">\n\t\t\t\t\t\t\t\t\t\t\t\t\t\t\t<li class=\"website\"><a href=\"http:\/\/www.tablesdurhone.ch\/\" target=\"_blank\"><img loading=\"lazy\" decoding=\"async\" src=\"\/wp-content\/themes\/fw\/assets\/img\/link.svg\" alt=\"Link Icon\" width=\"24\" height=\"24\"><\/a><\/li>\n\t\t\t\t\t\t\t\t\t\t\t\t\t\t\t\t\t\t\t\t\t\t<\/ul>\n\t\t\t\t\t\t<\/div>\n\t\t\t\t\t\t<a href=\"#\" class=\"btn plus wp-block-button__link wp-element-button more-initiative\">\n\t\t\t\t\t\t\t\t\t\t\t\t\t\tEn savoir plus\t\n\t\t\t\t\t\t<\/a>\n\t\t\t\t\t<\/div>\n\t\t\t\t<\/div>\n\t\t\t<\/div>\n\t\t\t\n\t\t\t\t<div id=\"6065\" class=\"post-item masonry-item 1640 1634 \" data-name=\"teller-statt-kuebel\">\n\t\t\t\t<div class=\"flex-grid-inner close\">\n\t\t\t\t\t<div class=\"img-initiative\">\n\t\t\t\t\t\t\t\t\t\t\t\t\t<div class=\"project-img-wrapper\">\n                                \t\t\t\t\t\t\t\t<img decoding=\"async\" class=\"\" src=\"https:\/\/foodwaste.ch\/wp-content\/uploads\/2019\/01\/Teller-statt-Kuebel-Team-820x461-1.jpg\">\n\t\t\t\t\t\t\t<\/div>\n\t\t\t\t\t\t\t\t\t\t\t\t\t\t\t\t\t\t\t<div class=\"project-logo-wrap\">\n\t\t\t\t\t\t\t\t<img decoding=\"async\" class=\"project-logo\" src=\"https:\/\/foodwaste.ch\/wp-content\/uploads\/2025\/09\/Logo-1-300x209.png\">\n\t\t\t\t\t\t\t<\/div>\n\t\t\t\t\t\t\t\t\t\t\t<\/div>\n\t\t\t\t\t<div class=\"content-initiative\">\n\t\t\t\t\t\t<div class=\"header-initiative\">\n\t\t\t\t\t\t\t<h4>Teller statt K\u00fcbel<\/h4>\n\t\t\t\t\t\t<\/div>\n\t\t\t\t\t\t<div class=\"teaser-initiative\">\n\t\t\t\t\t\t\t<p>Wir reduzieren Foodwaste und bek\u00e4mpfen dabei noch Armut in Dietikon.<\/p>\n\t\t\t\t\t\t<\/div>\n\t\t\t\t\t\t<div class=\"allinfo-initiative\">\n\t\t\t\t\t\t\t<p>Wir beziehen die Tagesfrischprodukte von der Migros im Shoppi Tivoli in Spreitenbach, dem Limmatbeck und der B\u00e4ckerei Bachmann. Anschliessend verteilen wir die Lebensmittel im reformierten Kirchengemeindehaus in Dietikon an Bed\u00fcrftige. Diese erhalten vom Sozialamt Dietikon, den beiden Landeskrichen oder der Asylorganisation ORS eine Abholberechtigungskarte. Zur Zeit k\u00f6nnen wir somit etwa 70 Menschen helfen und dabei um die 100kg Lebensmittel pro Woche retten.<\/p>\n<p>Wir sind nach wie vor auf Freiwillige Fahrerinnen und Fahrer angewiesen, die an einem Dienstag oder Freitag Abend von 19:45 bis 20:00 Uhr die Lebensmittel abholen. Wer uns lieber finanziell unterst\u00fctzen will, kann f\u00fcr einen Jahresbeitrag von CHF 10.- passiv Mitglied in unserem Verein werden.<\/p>\n\t\t\t\t\t\t\t\t\t\t\t\t\t\t\t<div class=\"address\">\n\t\t\t\t\t\t\t\t<b>\n\t\t\t\t\t\t\t\t\tSites :\t\n\t\t\t\t\t\t\t\t<\/b>\n\t\t\t\t\t\t\t\t<p>Dietikon<\/p>\n\t\t\t\t\t\t\t\t<\/div>\n\t\t\t\t\t\t\t\n\t\t\t\t\t\t\t\t\t\t\t\t\t\t\t<div class=\"info\">\n\t\t\t\t\t\t\t\t\t\t<b>\n\t\t\t\t\t\t\t\t\t\t\tContact :\t\n\t\t\t\t\t\t\t\t\t\t<\/b>\n\t\t\t\t\t\t\t\t\t\t<p><a href=\"mailto:sujata.jeanmarc@posteo.ch\">sujata.jeanmarc@gmail.com<\/a><\/p>\n\t\t\t\t\t\t\t\t<\/div>\n\t\t\t\t\t\t\t\n\t\t\t\t\t\t\t<ul class=\"networks\">\n\t\t\t\t\t\t\t\t\t\t\t\t\t\t\t\t\t\t\t\t\t\t\t\t\t\t\t\t\t\t\t\t\t\n\t\t\t\t\t\t\t\t\t\t\t<li><a target=\"_blank\" href=\"https:\/\/www.facebook.com\/TellerStattKuebel\"><img loading=\"lazy\" decoding=\"async\" src=\"\/wp-content\/themes\/fw\/assets\/img\/facebook.svg\" alt=\"Facebook Icon\" width=\"24\" height=\"24\"><\/a><\/li>\n\t\t\t\t\t\t\t\t\t\t\t\t\t\t\t\t\t\t\t\t\t<\/ul>\n\t\t\t\t\t\t\t\t\t\t\t\t\t\t\t\t\t<\/ul>\n\t\t\t\t\t\t<\/div>\n\t\t\t\t\t\t<a href=\"#\" class=\"btn plus wp-block-button__link wp-element-button more-initiative\">\n\t\t\t\t\t\t\t\t\t\t\t\t\t\tEn savoir plus\t\n\t\t\t\t\t\t<\/a>\n\t\t\t\t\t<\/div>\n\t\t\t\t<\/div>\n\t\t\t<\/div>\n\t\t\t\n\t\t\t\t<div id=\"6397\" class=\"post-item masonry-item 1640 1645 \" data-name=\"tessinerplatz\">\n\t\t\t\t<div class=\"flex-grid-inner close\">\n\t\t\t\t\t<div class=\"img-initiative\">\n\t\t\t\t\t\t\t\t\t\t\t\t\t<div class=\"project-img-wrapper\">\n                                \t\t\t\t\t\t\t\t<img decoding=\"async\" class=\"\" src=\"https:\/\/foodwaste.ch\/wp-content\/uploads\/2019\/07\/TEssinerplatz.png\">\n\t\t\t\t\t\t\t<\/div>\n\t\t\t\t\t\t\t\t\t\t\t\t\t\t\t\t\t\t\t<div class=\"project-logo-wrap\">\n\t\t\t\t\t\t\t\t<img decoding=\"async\" class=\"project-logo\" src=\"https:\/\/foodwaste.ch\/wp-content\/uploads\/2019\/07\/Tessinerplatz-klein.png\">\n\t\t\t\t\t\t\t<\/div>\n\t\t\t\t\t\t\t\t\t\t\t<\/div>\n\t\t\t\t\t<div class=\"content-initiative\">\n\t\t\t\t\t\t<div class=\"header-initiative\">\n\t\t\t\t\t\t\t<h4>Tessinerplatz<\/h4>\n\t\t\t\t\t\t<\/div>\n\t\t\t\t\t\t<div class=\"teaser-initiative\">\n\t\t\t\t\t\t\t<p>Coworking. Coffee. Community. <\/p>\n\t\t\t\t\t\t<\/div>\n\t\t\t\t\t\t<div class=\"allinfo-initiative\">\n\t\t\t\t\t\t\t<p>Das Coworking \u00ab\u00a0Tessinerplatz\u00a0\u00bb in Z\u00fcrich legt seinen Fokus stark auf das Vermeiden von Food Waste und Abf\u00e4llen im generellen.<\/p>\n<p>So verfolgt das \u00f6ffentliche B\u00fcro eine \u00ab\u00a0Zero Waste Policy\u00a0\u00bb und arbeitet ausschliesslich mit Mehrweg-Geschirr. Im Angebot sind nur Produkte, welche von lokalen Produzenten aus Z\u00fcrich stammen. Dass diese auch saisonal sind, versteht sich von selbst. Beim Einkauf und bei der Verarbeitung achtet das Coworking darauf, dass keine Resten anfallen. Sogar der Kaffeesatz der Kaffeemaschine wird wiederverwendet; daraus stellt das Team Naturseife her.<\/p>\n<p>Das Coworking arbeitet eng mit Too good to go und dem Restaurant Zum guten Heinrich zusammen.<\/p>\n\t\t\t\t\t\t\t\t\t\t\t\t\t\t\t<div class=\"address\">\n\t\t\t\t\t\t\t\t<b>\n\t\t\t\t\t\t\t\t\tSites :\t\n\t\t\t\t\t\t\t\t<\/b>\n\t\t\t\t\t\t\t\t<p>Tessinerplatz 7, Z\u00fcrich, Schweiz<\/p>\n\t\t\t\t\t\t\t\t<\/div>\n\t\t\t\t\t\t\t\n\t\t\t\t\t\t\t\t\t\t\t\t\t\t\t<div class=\"info\">\n\t\t\t\t\t\t\t\t\t\t<b>\n\t\t\t\t\t\t\t\t\t\t\tContact :\t\n\t\t\t\t\t\t\t\t\t\t<\/b>\n\t\t\t\t\t\t\t\t\t\t<p>Susanne@tessinerplatz.ch<\/p>\n\t\t\t\t\t\t\t\t<\/div>\n\t\t\t\t\t\t\t\n\t\t\t\t\t\t\t<ul class=\"networks\">\n\t\t\t\t\t\t\t\t\t\t\t\t\t\t\t<li class=\"website\"><a href=\"https:\/\/www.tessinerplatz.ch\/\" target=\"_blank\"><img loading=\"lazy\" decoding=\"async\" src=\"\/wp-content\/themes\/fw\/assets\/img\/link.svg\" alt=\"Link Icon\" width=\"24\" height=\"24\"><\/a><\/li>\n\t\t\t\t\t\t\t\t\t\t\t\t\t\t\t\t\t\t\t\t\t\t\t\t\t\t\t\t\t\t\t\t\t\t\n\t\t\t\t\t\t\t\t\t\t\t<li><a target=\"_blank\" href=\"https:\/\/www.instagram.com\/coworkingloungetessinerplatz\/?hl=de\"><img loading=\"lazy\" decoding=\"async\" src=\"\/wp-content\/themes\/fw\/assets\/img\/instagram.svg\" alt=\"Instagram Icon\" width=\"24\" height=\"24\"><\/a><\/li>\n\t\t\t\t\t\t\t\t\t\t\t\t\t\t\t\t\t\t\t\t\t\n\t\t\t\t\t\t\t\t\t\t\t<li><a target=\"_blank\" href=\"https:\/\/www.facebook.com\/Tessinerplatz\/\"><img loading=\"lazy\" decoding=\"async\" src=\"\/wp-content\/themes\/fw\/assets\/img\/facebook.svg\" alt=\"Facebook Icon\" width=\"24\" height=\"24\"><\/a><\/li>\n\t\t\t\t\t\t\t\t\t\t\t\t\t\t\t\t\t\t\t\t\t\n\t\t\t\t\t\t\t\t\t\t\t<li><a target=\"_blank\" href=\"https:\/\/www.linkedin.com\/company\/coworking-lounge-tessinerplatz\/\"><img loading=\"lazy\" decoding=\"async\" src=\"\/wp-content\/themes\/fw\/assets\/img\/linkedin.svg\" alt=\"LinkedIn Icon\" width=\"24\" height=\"24\"><\/a><\/li>\n\t\t\t\t\t\t\t\t\t\t\t\t\t\t\t\t\t\t\t\t\t<\/ul>\n\t\t\t\t\t\t\t\t\t\t\t\t\t\t\t\t\t<\/ul>\n\t\t\t\t\t\t<\/div>\n\t\t\t\t\t\t<a href=\"#\" class=\"btn plus wp-block-button__link wp-element-button more-initiative\">\n\t\t\t\t\t\t\t\t\t\t\t\t\t\tEn savoir plus\t\n\t\t\t\t\t\t<\/a>\n\t\t\t\t\t<\/div>\n\t\t\t\t<\/div>\n\t\t\t<\/div>\n\t\t\t\n\t\t\t\t<div id=\"31627\" class=\"post-item masonry-item 1642 1645 \" data-name=\"testedirapa-zero-waste-afiordigusto-bistrot-bottega\">\n\t\t\t\t<div class=\"flex-grid-inner close\">\n\t\t\t\t\t<div class=\"img-initiative\">\n\t\t\t\t\t\t\t\t\t\t\t\t\t<div class=\"project-img-wrapper\">\n                                \t\t\t\t\t\t\t\t<img decoding=\"async\" class=\"\" src=\"https:\/\/foodwaste.ch\/wp-content\/uploads\/2026\/03\/testedirapa_bild.jpg\">\n\t\t\t\t\t\t\t<\/div>\n\t\t\t\t\t\t\t\t\t\t\t\t\t\t\t\t\t\t\t<div class=\"project-logo-wrap\">\n\t\t\t\t\t\t\t\t<img decoding=\"async\" class=\"project-logo\" src=\"https:\/\/foodwaste.ch\/wp-content\/uploads\/2026\/03\/testedirapa_logo.svg\">\n\t\t\t\t\t\t\t<\/div>\n\t\t\t\t\t\t\t\t\t\t\t<\/div>\n\t\t\t\t\t<div class=\"content-initiative\">\n\t\t\t\t\t\t<div class=\"header-initiative\">\n\t\t\t\t\t\t\t<h4>testedirapa zero waste (afiordigusto bistrot &#038; bottega)<\/h4>\n\t\t\t\t\t\t<\/div>\n\t\t\t\t\t\t<div class=\"teaser-initiative\">\n\t\t\t\t\t\t\t<p>Dal 2009 afiordigusto \u00e8 bio bistrot &#038; bottega e nel 2021 ha varato il progetto testedirapa zero waste per salvare vegetali e altre derrate bio, esclusi dal dettaglio. Li acquista dai coltivatori e dai distributori locali, li trasforma, li rivende e tiene workshop di pratiche zero waste.<\/p>\n\t\t\t\t\t\t<\/div>\n\t\t\t\t\t\t<div class=\"allinfo-initiative\">\n\t\t\t\t\t\t\t<p>Afiordigusto biobistrot &amp; bottega nasce nel 2009 a Lugano e noi siamo 3 della stessa famiglia. L\u2019orto, che coltiviamo da sempre, \u00e8 il nostro credo. Cuciniamo da trent\u2019anni e gli ultimi diciassette con esclusivamente vegetali: abbiamo scelto solo il biologico, il locale e di non sprecare nulla di questo bendidio.<\/p>\n<p>Proprio da qui nasce, nel 2021, il nostro progetto testedirapa zero spreco bio, che racchiude i valori primari del biobistrot: l\u2019importanza del cibo buono, pulito e giusto per tutti e la ferma opposizione ad un sistema consumistico che produce spreco. \u00c8 un progetto-non-getto, che salva vegetali biologici scartati dal dettaglio per motivi estetici (acquistati dai diretti coltivatori locali o dal distributore del biologico in Ticino) e ne fa un upcycling culinario per ispirare e condividere consapevolezza foodsave: li trasforma in conserve, li valorizza nei menu al bistrot, nel laboratori di pratiche di upcycling a zero spreco e li rivende anche al suo mercato (foodsave bio) del sabato mattina al bistrot. Benvenuti nella nostra cucina biologica circolare, dove gli scarti sono risorse che valgono oro!<\/p>\n\t\t\t\t\t\t\t\t\t\t\t\t\t\t\t<div class=\"address\">\n\t\t\t\t\t\t\t\t<b>\n\t\t\t\t\t\t\t\t\tSites :\t\n\t\t\t\t\t\t\t\t<\/b>\n\t\t\t\t\t\t\t\t<p>Via Pietro Capelli 30, 6900 Lugano<\/p>\n\t\t\t\t\t\t\t\t<\/div>\n\t\t\t\t\t\t\t\n\t\t\t\t\t\t\t\t\t\t\t\t\t\t\t<div class=\"info\">\n\t\t\t\t\t\t\t\t\t\t<b>\n\t\t\t\t\t\t\t\t\t\t\tContact :\t\n\t\t\t\t\t\t\t\t\t\t<\/b>\n\t\t\t\t\t\t\t\t\t\t<p><a href=\"mailto:info@afiordigusto.ch\">info@afiordigusto.ch<\/a><br \/>\n091 970 16 80<\/p>\n\t\t\t\t\t\t\t\t<\/div>\n\t\t\t\t\t\t\t\n\t\t\t\t\t\t\t<ul class=\"networks\">\n\t\t\t\t\t\t\t\t\t\t\t\t\t\t\t<li class=\"website\"><a href=\"https:\/\/afiordigusto.ch\" target=\"_blank\"><img loading=\"lazy\" decoding=\"async\" src=\"\/wp-content\/themes\/fw\/assets\/img\/link.svg\" alt=\"Link Icon\" width=\"24\" height=\"24\"><\/a><\/li>\n\t\t\t\t\t\t\t\t\t\t\t\t\t\t\t\t\t\t\t\t\t\t\t\t\t\t\t\t\t\t\t\t\t\t\n\t\t\t\t\t\t\t\t\t\t\t<li><a target=\"_blank\" href=\"https:\/\/www.instagram.com\/afiordigustobiobistrot\/\"><img loading=\"lazy\" decoding=\"async\" src=\"\/wp-content\/themes\/fw\/assets\/img\/instagram.svg\" alt=\"Instagram Icon\" width=\"24\" height=\"24\"><\/a><\/li>\n\t\t\t\t\t\t\t\t\t\t\t\t\t\t\t\t\t\t\t\t\t<\/ul>\n\t\t\t\t\t\t\t\t\t\t\t\t\t\t\t\t\t<\/ul>\n\t\t\t\t\t\t<\/div>\n\t\t\t\t\t\t<a href=\"#\" class=\"btn plus wp-block-button__link wp-element-button more-initiative\">\n\t\t\t\t\t\t\t\t\t\t\t\t\t\tEn savoir plus\t\n\t\t\t\t\t\t<\/a>\n\t\t\t\t\t<\/div>\n\t\t\t\t<\/div>\n\t\t\t<\/div>\n\t\t\t\n\t\t\t\t<div id=\"20549\" class=\"post-item masonry-item 1640 1645 \" data-name=\"the-goods-club\">\n\t\t\t\t<div class=\"flex-grid-inner close\">\n\t\t\t\t\t<div class=\"img-initiative\">\n\t\t\t\t\t\t\t\t\t\t\t\t\t<div class=\"project-img-wrapper\">\n                                \t\t\t\t\t\t\t\t<img decoding=\"async\" class=\"\" src=\"https:\/\/foodwaste.ch\/wp-content\/uploads\/2024\/06\/Bildschirmfoto-2024-05-06-um-11.50.03.png\">\n\t\t\t\t\t\t\t<\/div>\n\t\t\t\t\t\t\t\t\t\t\t\t\t\t\t\t\t\t\t<div class=\"project-logo-wrap\">\n\t\t\t\t\t\t\t\t<img decoding=\"async\" class=\"project-logo\" src=\"https:\/\/foodwaste.ch\/wp-content\/uploads\/2024\/06\/Signet-1-ohne-Hintergrund-300x300.png\">\n\t\t\t\t\t\t\t<\/div>\n\t\t\t\t\t\t\t\t\t\t\t<\/div>\n\t\t\t\t\t<div class=\"content-initiative\">\n\t\t\t\t\t\t<div class=\"header-initiative\">\n\t\t\t\t\t\t\t<h4>The Goods Club<\/h4>\n\t\t\t\t\t\t<\/div>\n\t\t\t\t\t\t<div class=\"teaser-initiative\">\n\t\t\t\t\t\t\t<p>Qualit\u00e4tsprodukte zum Schn\u00e4pplipreis: The Goods Club verkauft Restpostenartikel von Grossh\u00e4ndlern &#038; Produzenten und rettet die Lebensmittel somit vor dem Abfall. <\/p>\n\t\t\t\t\t\t<\/div>\n\t\t\t\t\t\t<div class=\"allinfo-initiative\">\n\t\t\t\t\t\t\t<p>Bei The Goods Club findest du Lebensmittel zu sehr tiefen Preisen \u2013 inmitten der Triemli Tramhaltestelle!<\/p>\n<p>Dazu geh\u00f6ren z.B.: Getr\u00e4nke, Snacks, Saucen oder Gew\u00fcrze.<br \/>\nDas Sortiment kann sich jede Woche \u00e4ndern!<\/p>\n<p>Auf Grund von \u00dcberbestellmengen, der kurzen Haltbarkeit, oder Sortimentsbereinigungen k\u00f6nnen unsere Lebensmittel nicht mehr an den regul\u00e4ren Detailhandel weiterverkauft werden. Du hilfst also aktiv mit, Food Waste zu reduzieren. \u200b<\/p>\n\t\t\t\t\t\t\t\t\t\t\t\t\t\t\t<div class=\"address\">\n\t\t\t\t\t\t\t\t<b>\n\t\t\t\t\t\t\t\t\tSites :\t\n\t\t\t\t\t\t\t\t<\/b>\n\t\t\t\t\t\t\t\t<p>Tramhaltestelle Triemli, Birmensdorferstr. 507, 8055 Z\u00fcrich<\/p>\n\t\t\t\t\t\t\t\t<\/div>\n\t\t\t\t\t\t\t\n\t\t\t\t\t\t\t\t\t\t\t\t\t\t\t<div class=\"info\">\n\t\t\t\t\t\t\t\t\t\t<b>\n\t\t\t\t\t\t\t\t\t\t\tContact :\t\n\t\t\t\t\t\t\t\t\t\t<\/b>\n\t\t\t\t\t\t\t\t\t\t<p><a href=\"mailto:sarah@goods-club.ch\">sarah@goods-club.ch<\/a><\/p>\n\t\t\t\t\t\t\t\t<\/div>\n\t\t\t\t\t\t\t\n\t\t\t\t\t\t\t<ul class=\"networks\">\n\t\t\t\t\t\t\t\t\t\t\t\t\t\t\t<li class=\"website\"><a href=\"https:\/\/www.goods-club.ch\/pop-up-store\" target=\"_blank\"><img loading=\"lazy\" decoding=\"async\" src=\"\/wp-content\/themes\/fw\/assets\/img\/link.svg\" alt=\"Link Icon\" width=\"24\" height=\"24\"><\/a><\/li>\n\t\t\t\t\t\t\t\t\t\t\t\t\t\t\t\t\t\t\t\t\t\t\t\t\t\t\t\t\t\t\t\t\t\t\n\t\t\t\t\t\t\t\t\t\t\t<li><a target=\"_blank\" href=\"https:\/\/www.instagram.com\/the_goods_club_\/\"><img loading=\"lazy\" decoding=\"async\" src=\"\/wp-content\/themes\/fw\/assets\/img\/instagram.svg\" alt=\"Instagram Icon\" width=\"24\" height=\"24\"><\/a><\/li>\n\t\t\t\t\t\t\t\t\t\t\t\t\t\t\t\t\t\t\t\t\t<\/ul>\n\t\t\t\t\t\t\t\t\t\t\t\t\t\t\t\t\t<\/ul>\n\t\t\t\t\t\t<\/div>\n\t\t\t\t\t\t<a href=\"#\" class=\"btn plus wp-block-button__link wp-element-button more-initiative\">\n\t\t\t\t\t\t\t\t\t\t\t\t\t\tEn savoir plus\t\n\t\t\t\t\t\t<\/a>\n\t\t\t\t\t<\/div>\n\t\t\t\t<\/div>\n\t\t\t<\/div>\n\t\t\t\n\t\t\t\t<div id=\"24241\" class=\"post-item masonry-item 1641 1634 \" data-name=\"the-lost-food-project-switzerland\">\n\t\t\t\t<div class=\"flex-grid-inner close\">\n\t\t\t\t\t<div class=\"img-initiative\">\n\t\t\t\t\t\t\t\t\t\t\t\t\t<div class=\"project-img-wrapper\">\n\t\t\t\t\t\t\t\t<img decoding=\"async\" class=\"\" src=\"https:\/\/foodwaste.ch\/wp-content\/themes\/fw\/assets\/img\/placeholder.png\">\n\t\t\t\t\t\t\t<\/div>\n\t\t\t\t\t\t\t\t\t\t\t\t\t\t\t\t\t\t\t<div class=\"project-logo-wrap\">\n\t\t\t\t\t\t\t\t<img decoding=\"async\" class=\"project-logo\" src=\"https:\/\/foodwaste.ch\/wp-content\/uploads\/2025\/05\/TLFP_Logo-300x244.jpg\">\n\t\t\t\t\t\t\t<\/div>\n\t\t\t\t\t\t\t\t\t\t\t<\/div>\n\t\t\t\t\t<div class=\"content-initiative\">\n\t\t\t\t\t\t<div class=\"header-initiative\">\n\t\t\t\t\t\t\t<h4>The Lost Food Project Switzerland<\/h4>\n\t\t\t\t\t\t<\/div>\n\t\t\t\t\t\t<div class=\"teaser-initiative\">\n\t\t\t\t\t\t\t<p>Nous luttons contre le gaspillage alimentaire en Suisse en r\u00e9cup\u00e9rant et en redig\u00e9rant la nourriture de haute qualit\u00e9 vers les personnes locales dans le besoin.<\/p>\n\t\t\t\t\t\t<\/div>\n\t\t\t\t\t\t<div class=\"allinfo-initiative\">\n\t\t\t\t\t\t\t<p>Le Lost Food Project Suisse (TLFP CH) est une association \u00e9co-responsable \u00e0 but non lucratif qui lutte contre le gaspillage et l&rsquo;ins\u00e9curit\u00e9 alimentaires. Nous collaborons avec des partenaires pour sauver des denr\u00e9es alimentaires de haute qualit\u00e9 qui seraient autrement jet\u00e9es ou compost\u00e9es, et les redistribuons aux banques locales.<\/p>\n<p>Inscrits dans un mouvement mondial, nous promouvons un changement durable par l&rsquo;action et le plaidoyer. Au-del\u00e0 de l&rsquo;aspect logistique de nos op\u00e9rations, nous nous concentrons \u00e9galement sur le reporting et l&rsquo;analyse de donn\u00e9es environnementales et le d\u00e9veloppement de programmes \u00e9ducatifs, afin de favoriser des \u00e9volutions soci\u00e9tales, politiques et fiscales en mati\u00e8re de gaspillage alimentaire en Suisse.<\/p>\n\t\t\t\t\t\t\t\t\t\t\t\t\t\t\t<div class=\"address\">\n\t\t\t\t\t\t\t\t<b>\n\t\t\t\t\t\t\t\t\tSites :\t\n\t\t\t\t\t\t\t\t<\/b>\n\t\t\t\t\t\t\t\t<p>1260 Nyon<\/p>\n\t\t\t\t\t\t\t\t<\/div>\n\t\t\t\t\t\t\t\n\t\t\t\t\t\t\t\t\t\t\t\t\t\t\t<div class=\"info\">\n\t\t\t\t\t\t\t\t\t\t<b>\n\t\t\t\t\t\t\t\t\t\t\tContact :\t\n\t\t\t\t\t\t\t\t\t\t<\/b>\n\t\t\t\t\t\t\t\t\t\t<p><a href=\"mailto:info@thelostfoodproject.ch\">info@thelostfoodproject.ch<\/a><\/p>\n\t\t\t\t\t\t\t\t<\/div>\n\t\t\t\t\t\t\t\n\t\t\t\t\t\t\t<ul class=\"networks\">\n\t\t\t\t\t\t\t\t\t\t\t\t\t\t\t<li class=\"website\"><a href=\"https:\/\/thelostfoodproject.ch\/\" target=\"_blank\"><img loading=\"lazy\" decoding=\"async\" src=\"\/wp-content\/themes\/fw\/assets\/img\/link.svg\" alt=\"Link Icon\" width=\"24\" height=\"24\"><\/a><\/li>\n\t\t\t\t\t\t\t\t\t\t\t\t\t\t\t\t\t\t\t\t\t\t\t\t\t\t\t\t\t\t\t\t\t\t\n\t\t\t\t\t\t\t\t\t\t\t<li><a target=\"_blank\" href=\"https:\/\/www.facebook.com\/thelostfoodproject.ch\/\"><img loading=\"lazy\" decoding=\"async\" src=\"\/wp-content\/themes\/fw\/assets\/img\/facebook.svg\" alt=\"Facebook Icon\" width=\"24\" height=\"24\"><\/a><\/li>\n\t\t\t\t\t\t\t\t\t\t\t\t\t\t\t\t\t\t\t\t\t\n\t\t\t\t\t\t\t\t\t\t\t<li><a target=\"_blank\" href=\"https:\/\/www.instagram.com\/thelostfoodproject.ch\/\"><img loading=\"lazy\" decoding=\"async\" src=\"\/wp-content\/themes\/fw\/assets\/img\/instagram.svg\" alt=\"Instagram Icon\" width=\"24\" height=\"24\"><\/a><\/li>\n\t\t\t\t\t\t\t\t\t\t\t\t\t\t\t\t\t\t\t\t\t\n\t\t\t\t\t\t\t\t\t\t\t<li><a target=\"_blank\" href=\"https:\/\/www.linkedin.com\/showcase\/thelostfoodprojectswitzerland\/\"><img loading=\"lazy\" decoding=\"async\" src=\"\/wp-content\/themes\/fw\/assets\/img\/linkedin.svg\" alt=\"LinkedIn Icon\" width=\"24\" height=\"24\"><\/a><\/li>\n\t\t\t\t\t\t\t\t\t\t\t\t\t\t\t\t\t\t\t\t\t<\/ul>\n\t\t\t\t\t\t\t\t\t\t\t\t\t\t\t\t\t<\/ul>\n\t\t\t\t\t\t<\/div>\n\t\t\t\t\t\t<a href=\"#\" class=\"btn plus wp-block-button__link wp-element-button more-initiative\">\n\t\t\t\t\t\t\t\t\t\t\t\t\t\tEn savoir plus\t\n\t\t\t\t\t\t<\/a>\n\t\t\t\t\t<\/div>\n\t\t\t\t<\/div>\n\t\t\t<\/div>\n\t\t\t\n\t\t\t\t<div id=\"29926\" class=\"post-item masonry-item 2105 2093 2092 \" data-name=\"too-good-to-go\">\n\t\t\t\t<div class=\"flex-grid-inner close\">\n\t\t\t\t\t<div class=\"img-initiative\">\n\t\t\t\t\t\t\t\t\t\t\t\t\t<div class=\"project-img-wrapper\">\n                                \t\t\t\t\t\t\t\t<img decoding=\"async\" class=\"\" src=\"https:\/\/foodwaste.ch\/wp-content\/uploads\/2019\/01\/tgtg-Logo.jpg\">\n\t\t\t\t\t\t\t<\/div>\n\t\t\t\t\t\t\t\t\t\t\t\t\t\t\t\t\t\t\t<div class=\"project-logo-wrap\">\n\t\t\t\t\t\t\t\t<img decoding=\"async\" class=\"project-logo\" src=\"https:\/\/foodwaste.ch\/wp-content\/uploads\/2019\/01\/tgtg-Logo-300x200.jpg\">\n\t\t\t\t\t\t\t<\/div>\n\t\t\t\t\t\t\t\t\t\t\t<\/div>\n\t\t\t\t\t<div class=\"content-initiative\">\n\t\t\t\t\t\t<div class=\"header-initiative\">\n\t\t\t\t\t\t\t<h4>Too Good To Go<\/h4>\n\t\t\t\t\t\t<\/div>\n\t\t\t\t\t\t<div class=\"teaser-initiative\">\n\t\t\t\t\t\t\t<p>Convaincue que les aliments produits doivent \u00eatre consomm\u00e9s, la soci\u00e9t\u00e9 danoise Too Good To Go lutte, notamment avec l&rsquo;application du m\u00eame nom, contre le gaspillage alimentaire depuis sa fondation en 2016.<\/p>\n\t\t\t\t\t\t<\/div>\n\t\t\t\t\t\t<div class=\"allinfo-initiative\">\n\t\t\t\t\t\t\t<p>Gr\u00e2ce \u00e0 son application gratuite, Too Good To Go met en relation les commerces qui vendent de la nourriture, comme les restaurants, les supermarch\u00e9s et les boulangeries avec les utilisateurs-trices afin qu&rsquo;ils puissent sauver leurs invendus sous forme de paniers surprise. Les utilisateurs-trices voient sur l&rsquo;application quels commerces proches d\u2019eux-elles proposent des paniers surprise et peuvent aller les r\u00e9cup\u00e9rer \u00e0 prix r\u00e9duit. Tout le monde est gagnant : les commer\u00e7ants, les utilisateurs-trices et l&rsquo;environnement ! Repr\u00e9sent\u00e9 en Suisse depuis l\u2019\u00e9t\u00e9 2018, le mouvement est actuellement actif dans 14 pays europ\u00e9ens et s\u2019est lanc\u00e9 aux \u00c9tats-Unis en Septembre 2020.    <\/p>\n\t\t\t\t\t\t\t\n\t\t\t\t\t\t\t\n\t\t\t\t\t\t\t<ul class=\"networks\">\n\t\t\t\t\t\t\t\t\t\t\t\t\t\t\t<li class=\"website\"><a href=\"https:\/\/www.toogoodtogo.com\/de-ch\" target=\"_blank\"><img loading=\"lazy\" decoding=\"async\" src=\"\/wp-content\/themes\/fw\/assets\/img\/link.svg\" alt=\"Link Icon\" width=\"24\" height=\"24\"><\/a><\/li>\n\t\t\t\t\t\t\t\t\t\t\t\t\t\t\t\t\t\t\t\t\t\t<\/ul>\n\t\t\t\t\t\t<\/div>\n\t\t\t\t\t\t<a href=\"#\" class=\"btn plus wp-block-button__link wp-element-button more-initiative\">\n\t\t\t\t\t\t\t\t\t\t\t\t\t\tEn savoir plus\t\n\t\t\t\t\t\t<\/a>\n\t\t\t\t\t<\/div>\n\t\t\t\t<\/div>\n\t\t\t<\/div>\n\t\t\t\n\t\t\t\t<div id=\"6405\" class=\"post-item masonry-item 1648 1645 1646 \" data-name=\"tropicalmountains\">\n\t\t\t\t<div class=\"flex-grid-inner close\">\n\t\t\t\t\t<div class=\"img-initiative\">\n\t\t\t\t\t\t\t\t\t\t\t\t\t<div class=\"project-img-wrapper\">\n                                \t\t\t\t\t\t\t\t<img decoding=\"async\" class=\"\" src=\"https:\/\/foodwaste.ch\/wp-content\/uploads\/2019\/07\/tropicalmountains-bild-1024x720.png\">\n\t\t\t\t\t\t\t<\/div>\n\t\t\t\t\t\t\t\t\t\t\t\t\t\t\t\t\t\t\t<div class=\"project-logo-wrap\">\n\t\t\t\t\t\t\t\t<img decoding=\"async\" class=\"project-logo\" src=\"https:\/\/foodwaste.ch\/wp-content\/uploads\/2019\/07\/logo-tropical-mountains.png\">\n\t\t\t\t\t\t\t<\/div>\n\t\t\t\t\t\t\t\t\t\t\t<\/div>\n\t\t\t\t\t<div class=\"content-initiative\">\n\t\t\t\t\t\t<div class=\"header-initiative\">\n\t\t\t\t\t\t\t<h4>tropicalmountains<\/h4>\n\t\t\t\t\t\t<\/div>\n\t\t\t\t\t\t<div class=\"teaser-initiative\">\n\t\t\t\t\t\t\t<p>Respect makes better tasting coffee. <\/p>\n\t\t\t\t\t\t<\/div>\n\t\t\t\t\t\t<div class=\"allinfo-initiative\">\n\t\t\t\t\t\t\t<p>Der Kaffee von tropicalmountains w\u00e4chst auf einem kleinen Familienbetrieb in Peru. Die Kaffeeb\u00e4ume kommen ganz ohne Chemikalien aus. Die Ernte wird mit gr\u00f6sster Sorgfalt behandelt. So werden die Bohnen handverlesen und langsam ger\u00f6stet, damit sie den bestm\u00f6glichen Geschmack entfalten k\u00f6nnen. Der Kaffee ist vegan. Der Kaffee wird nach der Verarbeitung in kompostierbare Kapseln abgepackt, die kompatibel sind mit den Nespresso-Maschinen. Jegliche Verpackung, welche eingesetzt wird, ist rein botanisch, kompostierbar im Garten und n\u00e4hrt so auch gleich noch den Boden. Weil zu einer leckeren Tasse Kaffee mehr geh\u00f6rt als bloss guter Geschmack!<\/p>\n<p>&nbsp;<\/p>\n\t\t\t\t\t\t\t\n\t\t\t\t\t\t\t\t\t\t\t\t\t\t\t<div class=\"info\">\n\t\t\t\t\t\t\t\t\t\t<b>\n\t\t\t\t\t\t\t\t\t\t\tContact :\t\n\t\t\t\t\t\t\t\t\t\t<\/b>\n\t\t\t\t\t\t\t\t\t\t<p><a href=\"mailto:tom@tropicalmountains.com\" target=\"_blank\" rel=\"noopener\">tom@tropicalmountains.com<\/a><\/p>\n\t\t\t\t\t\t\t\t<\/div>\n\t\t\t\t\t\t\t\n\t\t\t\t\t\t\t<ul class=\"networks\">\n\t\t\t\t\t\t\t\t\t\t\t\t\t\t\t<li class=\"website\"><a href=\"https:\/\/tropicalmountains.com\/ch\/en\" target=\"_blank\"><img loading=\"lazy\" decoding=\"async\" src=\"\/wp-content\/themes\/fw\/assets\/img\/link.svg\" alt=\"Link Icon\" width=\"24\" height=\"24\"><\/a><\/li>\n\t\t\t\t\t\t\t\t\t\t\t\t\t\t\t\t\t\t\t\t\t\t\t\t\t\t\t\t\t\t\t\t\t\t\n\t\t\t\t\t\t\t\t\t\t\t<li><a target=\"_blank\" href=\"https:\/\/www.facebook.com\/Tropical.Mountains.Coffee\/\"><img loading=\"lazy\" decoding=\"async\" src=\"\/wp-content\/themes\/fw\/assets\/img\/facebook.svg\" alt=\"Facebook Icon\" width=\"24\" height=\"24\"><\/a><\/li>\n\t\t\t\t\t\t\t\t\t\t\t\t\t\t\t\t\t\t\t\t\t<\/ul>\n\t\t\t\t\t\t\t\t\t\t\t\t\t\t\t\t\t<\/ul>\n\t\t\t\t\t\t<\/div>\n\t\t\t\t\t\t<a href=\"#\" class=\"btn plus wp-block-button__link wp-element-button more-initiative\">\n\t\t\t\t\t\t\t\t\t\t\t\t\t\tEn savoir plus\t\n\t\t\t\t\t\t<\/a>\n\t\t\t\t\t<\/div>\n\t\t\t\t<\/div>\n\t\t\t<\/div>\n\t\t\t\n\t\t\t\t<div id=\"29923\" class=\"post-item masonry-item 2102 2093 \" data-name=\"uglyfruits\">\n\t\t\t\t<div class=\"flex-grid-inner close\">\n\t\t\t\t\t<div class=\"img-initiative\">\n\t\t\t\t\t\t\t\t\t\t\t\t\t<div class=\"project-img-wrapper\">\n                                \t\t\t\t\t\t\t\t<img decoding=\"async\" class=\"\" src=\"https:\/\/foodwaste.ch\/wp-content\/uploads\/2019\/04\/ugly-fruits-photo-1024x847.jpg\">\n\t\t\t\t\t\t\t<\/div>\n\t\t\t\t\t\t\t\t\t\t\t\t\t\t\t\t\t\t\t<div class=\"project-logo-wrap\">\n\t\t\t\t\t\t\t\t<img decoding=\"async\" class=\"project-logo\" src=\"https:\/\/foodwaste.ch\/wp-content\/uploads\/2019\/04\/ugly-fruits-logo-300x300.jpg\">\n\t\t\t\t\t\t\t<\/div>\n\t\t\t\t\t\t\t\t\t\t\t<\/div>\n\t\t\t\t\t<div class=\"content-initiative\">\n\t\t\t\t\t\t<div class=\"header-initiative\">\n\t\t\t\t\t\t\t<h4>UglyFruits<\/h4>\n\t\t\t\t\t\t<\/div>\n\t\t\t\t\t\t<div class=\"teaser-initiative\">\n\t\t\t\t\t\t\t<p>UglyFruits propose des paniers de fruits et l\u00e9gumes bio, livr\u00e9s \u00e0 domicile, et notamment compos\u00e9 de l\u00e9gumes et fruits non-calibr\u00e9s, ce qui permet de lutter contre les pertes alimentaires tout en savourant de d\u00e9licieux produits frais et de qualit\u00e9. <\/p>\n\t\t\t\t\t\t<\/div>\n\t\t\t\t\t\t<div class=\"allinfo-initiative\">\n\t\t\t\t\t\t\t<p>Les produits sont r\u00e9colt\u00e9s le matin chez le producteur pour arriver chez nos clients moins de 48 apr\u00e8s. Ce qui garantit une fra\u00eecheur et une dur\u00e9e de conservation in\u00e9galable. En 2 clics, il vous suffit de choisir la taille de votre panier, ainsi que le jour et la fr\u00e9quence de livraison. Si vous \u00eates absent (par exemple pendant les vacances), suspendez tout simplement votre abonnement. UglyFruits propose \u00e9galement une offre de corbeille de fruits pour le bureau.    <\/p>\n\t\t\t\t\t\t\t\n\t\t\t\t\t\t\t\t\t\t\t\t\t\t\t<div class=\"info\">\n\t\t\t\t\t\t\t\t\t\t<b>\n\t\t\t\t\t\t\t\t\t\t\tContact :\t\n\t\t\t\t\t\t\t\t\t\t<\/b>\n\t\t\t\t\t\t\t\t\t\t<p>info@uglyfruits.ch<\/p>\n\t\t\t\t\t\t\t\t<\/div>\n\t\t\t\t\t\t\t\n\t\t\t\t\t\t\t<ul class=\"networks\">\n\t\t\t\t\t\t\t\t\t\t\t\t\t\t\t<li class=\"website\"><a href=\"https:\/\/uglyfruits.ch\/\" target=\"_blank\"><img loading=\"lazy\" decoding=\"async\" src=\"\/wp-content\/themes\/fw\/assets\/img\/link.svg\" alt=\"Link Icon\" width=\"24\" height=\"24\"><\/a><\/li>\n\t\t\t\t\t\t\t\t\t\t\t\t\t\t\t\t\t\t\t\t\t\t\t\t\t\t\t\t\t\t\t\t\t\t\n\t\t\t\t\t\t\t\t\t\t\t<li><a target=\"_blank\" href=\"https:\/\/www.instagram.com\/uglyfruits_schweiz\/\"><img loading=\"lazy\" decoding=\"async\" src=\"\/wp-content\/themes\/fw\/assets\/img\/instagram.svg\" alt=\"Instagram Icon\" width=\"24\" height=\"24\"><\/a><\/li>\n\t\t\t\t\t\t\t\t\t\t\t\t\t\t\t\t\t\t\t\t\t\n\t\t\t\t\t\t\t\t\t\t\t<li><a target=\"_blank\" href=\"https:\/\/www.facebook.com\/UglyFruitsSchweiz\/\"><img loading=\"lazy\" decoding=\"async\" src=\"\/wp-content\/themes\/fw\/assets\/img\/facebook.svg\" alt=\"Facebook Icon\" width=\"24\" height=\"24\"><\/a><\/li>\n\t\t\t\t\t\t\t\t\t\t\t\t\t\t\t\t\t\t\t\t\t\n\t\t\t\t\t\t\t\t\t\t\t<li><a target=\"_blank\" href=\"https:\/\/www.instagram.com\/ugly_fruits_suisse\/\"><img loading=\"lazy\" decoding=\"async\" src=\"\/wp-content\/themes\/fw\/assets\/img\/instagram.svg\" alt=\"Instagram Icon\" width=\"24\" height=\"24\"><\/a><\/li>\n\t\t\t\t\t\t\t\t\t\t\t\t\t\t\t\t\t\t\t\t\t\n\t\t\t\t\t\t\t\t\t\t\t<li><a target=\"_blank\" href=\"https:\/\/www.facebook.com\/uglyfruits\/\"><img loading=\"lazy\" decoding=\"async\" src=\"\/wp-content\/themes\/fw\/assets\/img\/facebook.svg\" alt=\"Facebook Icon\" width=\"24\" height=\"24\"><\/a><\/li>\n\t\t\t\t\t\t\t\t\t\t\t\t\t\t\t\t\t\t\t\t\t<\/ul>\n\t\t\t\t\t\t\t\t\t\t\t\t\t\t\t\t\t<\/ul>\n\t\t\t\t\t\t<\/div>\n\t\t\t\t\t\t<a href=\"#\" class=\"btn plus wp-block-button__link wp-element-button more-initiative\">\n\t\t\t\t\t\t\t\t\t\t\t\t\t\tEn savoir plus\t\n\t\t\t\t\t\t<\/a>\n\t\t\t\t\t<\/div>\n\t\t\t\t<\/div>\n\t\t\t<\/div>\n\t\t\t\n\t\t\t\t<div id=\"10945\" class=\"post-item masonry-item 1640 1634 \" data-name=\"verein-hilfskette\">\n\t\t\t\t<div class=\"flex-grid-inner close\">\n\t\t\t\t\t<div class=\"img-initiative\">\n\t\t\t\t\t\t\t\t\t\t\t\t\t<div class=\"project-img-wrapper\">\n                                \t\t\t\t\t\t\t\t<img decoding=\"async\" class=\"\" src=\"https:\/\/foodwaste.ch\/wp-content\/uploads\/2021\/01\/suppe.jpg\">\n\t\t\t\t\t\t\t<\/div>\n\t\t\t\t\t\t\t\t\t\t\t\t\t\t\t\t\t\t\t<div class=\"project-logo-wrap\">\n\t\t\t\t\t\t\t\t<img decoding=\"async\" class=\"project-logo\" src=\"https:\/\/foodwaste.ch\/wp-content\/uploads\/2021\/01\/signatur-emails.jpg\">\n\t\t\t\t\t\t\t<\/div>\n\t\t\t\t\t\t\t\t\t\t\t<\/div>\n\t\t\t\t\t<div class=\"content-initiative\">\n\t\t\t\t\t\t<div class=\"header-initiative\">\n\t\t\t\t\t\t\t<h4>Verein Hilfskette<\/h4>\n\t\t\t\t\t\t<\/div>\n\t\t\t\t\t\t<div class=\"teaser-initiative\">\n\t\t\t\t\t\t\t<p>Zusammen gegen Armut, Einsamkeit und Food Waste<\/p>\n\t\t\t\t\t\t<\/div>\n\t\t\t\t\t\t<div class=\"allinfo-initiative\">\n\t\t\t\t\t\t\t<p>Das erste Projekt der Hilfskette in der Schweiz ist die Abgabe von Lebensmitteln an bed\u00fcrftige Mitmenschen. So rettet die Hilfskette pro Woche bis zu 30 Tonnen Lebensmittel, die sonst im Abfall landen w\u00fcrden. In diese Arbeit werden auch sozial randst\u00e4ndige Menschen integriert \u2013 ganz praktisch, in der Bereitstellung und der Verteilung von G\u00fctern. Die Gesch\u00e4ftsstelle und der Vorstand arbeiten ehrenamtlich und auch f\u00fcr diverse logistische Arbeiten kann man sich freiwillig engagieren.<\/p>\n<p>Der Verein Hilfskette ist im Kanton Z\u00fcrich aktiv, bisherige Abgabestellen sind in Steinmaur, Winterthur und Uster.<\/p>\n\t\t\t\t\t\t\t\t\t\t\t\t\t\t\t<div class=\"address\">\n\t\t\t\t\t\t\t\t<b>\n\t\t\t\t\t\t\t\t\tSites :\t\n\t\t\t\t\t\t\t\t<\/b>\n\t\t\t\t\t\t\t\t<p>Brunnengasse 4<br \/>\n8162 Steinmaur<\/p>\n\t\t\t\t\t\t\t\t<\/div>\n\t\t\t\t\t\t\t\n\t\t\t\t\t\t\t\t\t\t\t\t\t\t\t<div class=\"info\">\n\t\t\t\t\t\t\t\t\t\t<b>\n\t\t\t\t\t\t\t\t\t\t\tContact :\t\n\t\t\t\t\t\t\t\t\t\t<\/b>\n\t\t\t\t\t\t\t\t\t\t<p>info@hilfskette.ch<\/p>\n\t\t\t\t\t\t\t\t<\/div>\n\t\t\t\t\t\t\t\n\t\t\t\t\t\t\t<ul class=\"networks\">\n\t\t\t\t\t\t\t\t\t\t\t\t\t\t\t<li class=\"website\"><a href=\"https:\/\/www.hilfskette.ch\" target=\"_blank\"><img loading=\"lazy\" decoding=\"async\" src=\"\/wp-content\/themes\/fw\/assets\/img\/link.svg\" alt=\"Link Icon\" width=\"24\" height=\"24\"><\/a><\/li>\n\t\t\t\t\t\t\t\t\t\t\t\t\t\t\t\t\t\t\t\t\t\t\t\t\t\t\t\t\t\t\t\t\t\t\n\t\t\t\t\t\t\t\t\t\t\t<li><a target=\"_blank\" href=\"https:\/\/www.instagram.com\/hilfskette\/\"><img loading=\"lazy\" decoding=\"async\" src=\"\/wp-content\/themes\/fw\/assets\/img\/instagram.svg\" alt=\"Instagram Icon\" width=\"24\" height=\"24\"><\/a><\/li>\n\t\t\t\t\t\t\t\t\t\t\t\t\t\t\t\t\t\t\t\t\t<\/ul>\n\t\t\t\t\t\t\t\t\t\t\t\t\t\t\t\t\t<\/ul>\n\t\t\t\t\t\t<\/div>\n\t\t\t\t\t\t<a href=\"#\" class=\"btn plus wp-block-button__link wp-element-button more-initiative\">\n\t\t\t\t\t\t\t\t\t\t\t\t\t\tEn savoir plus\t\n\t\t\t\t\t\t<\/a>\n\t\t\t\t\t<\/div>\n\t\t\t\t<\/div>\n\t\t\t<\/div>\n\t\t\t\n\t\t\t\t<div id=\"6321\" class=\"post-item masonry-item 1648 1644 1634 1646 \" data-name=\"verein-mehr-als-zwei\">\n\t\t\t\t<div class=\"flex-grid-inner close\">\n\t\t\t\t\t<div class=\"img-initiative\">\n\t\t\t\t\t\t\t\t\t\t\t\t\t<div class=\"project-img-wrapper\">\n                                \t\t\t\t\t\t\t\t<img decoding=\"async\" class=\"\" src=\"https:\/\/foodwaste.ch\/wp-content\/uploads\/2019\/06\/Mehr-als-zwei-bild-1024x684.jpg\">\n\t\t\t\t\t\t\t<\/div>\n\t\t\t\t\t\t\t\t\t\t\t\t\t\t\t\t\t\t\t<div class=\"project-logo-wrap\">\n\t\t\t\t\t\t\t\t<img decoding=\"async\" class=\"project-logo\" src=\"https:\/\/foodwaste.ch\/wp-content\/uploads\/2019\/06\/mehr-als-zwei-logo-300x300.png\">\n\t\t\t\t\t\t\t<\/div>\n\t\t\t\t\t\t\t\t\t\t\t<\/div>\n\t\t\t\t\t<div class=\"content-initiative\">\n\t\t\t\t\t\t<div class=\"header-initiative\">\n\t\t\t\t\t\t\t<h4>Verein Mehr als zwei<\/h4>\n\t\t\t\t\t\t<\/div>\n\t\t\t\t\t\t<div class=\"teaser-initiative\">\n\t\t\t\t\t\t\t<p>online-Marktplatz f\u00fcr \u00dcberschuss und Nebenprodukte sowie weitere innovative Projekte<\/p>\n\t\t\t\t\t\t<\/div>\n\t\t\t\t\t\t<div class=\"allinfo-initiative\">\n\t\t\t\t\t\t\t<p>Der Verein Mehr als zwei initiiert und organisiert diverse Projekte gegen Food Waste und f\u00fcr eine nachhaltige Ern\u00e4hrung. So k\u00f6nnen zum Beispiel auf seiner\u00a0 online-Plattform f\u00fcr \u00dcberschuss und Nebenprodukte Lebensmittel (in Grossmengen) verkauft und bezogen werden. Der Verein strebt danach, wichtige Fragen unserer Zeit und unserer Gesellschaft anzupacken und L\u00f6sungsans\u00e4tze zu entwickeln. Dabei greift er auf breitgef\u00e4chertes Wissen aus dem Netzwerk zur\u00fcck und entwickelt so ansprechende L\u00f6sungen.<\/p>\n<p>Die drei Vorstandsmitglieder freuen sich immer \u00fcber spannende Projekte und neue Inputs.<\/p>\n\t\t\t\t\t\t\t\n\t\t\t\t\t\t\t\t\t\t\t\t\t\t\t<div class=\"info\">\n\t\t\t\t\t\t\t\t\t\t<b>\n\t\t\t\t\t\t\t\t\t\t\tContact :\t\n\t\t\t\t\t\t\t\t\t\t<\/b>\n\t\t\t\t\t\t\t\t\t\t<p><a href=\"mailto:info@mehralszwei.ch\">info@mehralszwei.ch<\/a><\/p>\n\t\t\t\t\t\t\t\t<\/div>\n\t\t\t\t\t\t\t\n\t\t\t\t\t\t\t<ul class=\"networks\">\n\t\t\t\t\t\t\t\t\t\t\t\t\t\t\t<li class=\"website\"><a href=\"https:\/\/mehralszwei.ch\/\" target=\"_blank\"><img loading=\"lazy\" decoding=\"async\" src=\"\/wp-content\/themes\/fw\/assets\/img\/link.svg\" alt=\"Link Icon\" width=\"24\" height=\"24\"><\/a><\/li>\n\t\t\t\t\t\t\t\t\t\t\t\t\t\t\t\t\t\t\t\t\t\t\t\t\t\t\t\t\t\t\t\t\t\t\n\t\t\t\t\t\t\t\t\t\t\t<li><a target=\"_blank\" href=\"https:\/\/www.facebook.com\/vereinmehralszwei\/\"><img loading=\"lazy\" decoding=\"async\" src=\"\/wp-content\/themes\/fw\/assets\/img\/facebook.svg\" alt=\"Facebook Icon\" width=\"24\" height=\"24\"><\/a><\/li>\n\t\t\t\t\t\t\t\t\t\t\t\t\t\t\t\t\t\t\t\t\t\n\t\t\t\t\t\t\t\t\t\t\t<li><a target=\"_blank\" href=\"https:\/\/www.instagram.com\/mehralszwei\/\"><img loading=\"lazy\" decoding=\"async\" src=\"\/wp-content\/themes\/fw\/assets\/img\/instagram.svg\" alt=\"Instagram Icon\" width=\"24\" height=\"24\"><\/a><\/li>\n\t\t\t\t\t\t\t\t\t\t\t\t\t\t\t\t\t\t\t\t\t<\/ul>\n\t\t\t\t\t\t\t\t\t\t\t\t\t\t\t\t\t<\/ul>\n\t\t\t\t\t\t<\/div>\n\t\t\t\t\t\t<a href=\"#\" class=\"btn plus wp-block-button__link wp-element-button more-initiative\">\n\t\t\t\t\t\t\t\t\t\t\t\t\t\tEn savoir plus\t\n\t\t\t\t\t\t<\/a>\n\t\t\t\t\t<\/div>\n\t\t\t\t<\/div>\n\t\t\t<\/div>\n\t\t\t\n\t\t\t\t<div id=\"6351\" class=\"post-item masonry-item 1637 1634 1647 \" data-name=\"verein-phari\">\n\t\t\t\t<div class=\"flex-grid-inner close\">\n\t\t\t\t\t<div class=\"img-initiative\">\n\t\t\t\t\t\t\t\t\t\t\t\t\t<div class=\"project-img-wrapper\">\n                                \t\t\t\t\t\t\t\t<img decoding=\"async\" class=\"\" src=\"https:\/\/foodwaste.ch\/wp-content\/uploads\/2019\/06\/Phari-bild-1024x545.jpg\">\n\t\t\t\t\t\t\t<\/div>\n\t\t\t\t\t\t\t\t\t\t\t\t\t\t\t\t\t\t\t<div class=\"project-logo-wrap\">\n\t\t\t\t\t\t\t\t<img decoding=\"async\" class=\"project-logo\" src=\"https:\/\/foodwaste.ch\/wp-content\/uploads\/2019\/06\/phari-logo.png\">\n\t\t\t\t\t\t\t<\/div>\n\t\t\t\t\t\t\t\t\t\t\t<\/div>\n\t\t\t\t\t<div class=\"content-initiative\">\n\t\t\t\t\t\t<div class=\"header-initiative\">\n\t\t\t\t\t\t\t<h4>Verein Phari<\/h4>\n\t\t\t\t\t\t<\/div>\n\t\t\t\t\t\t<div class=\"teaser-initiative\">\n\t\t\t\t\t\t\t<p>Der Verein PHARI unterst\u00fctzt Menschen, die am oder unter dem Existenzminimum leben. Zum Beispiel durch Abgabe von Nahrungsmitteln. <\/p>\n\t\t\t\t\t\t<\/div>\n\t\t\t\t\t\t<div class=\"allinfo-initiative\">\n\t\t\t\t\t\t\t<p>Der Verein PHARI unterst\u00fctz Menschen, die am oder unter dem Existenzminimum leben, denn diese m\u00fcssen sich in ihrer Grundversorgung einschr\u00e4nken.<br \/>\nSo verteilt der Verein zum Beispiel Lebensmittel, Kleidung und Hygieneprodukte an bed\u00fcrftige Menschen.<\/p>\n<p>Bei PHARI kannst du entweder selbst Hilfe beziehen, oder dich mit einer finanziellen oder materiellen Spende beteiligen.<\/p>\n<p>&nbsp;<\/p>\n\t\t\t\t\t\t\t\t\t\t\t\t\t\t\t<div class=\"address\">\n\t\t\t\t\t\t\t\t<b>\n\t\t\t\t\t\t\t\t\tSites :\t\n\t\t\t\t\t\t\t\t<\/b>\n\t\t\t\t\t\t\t\t<p>am Mittleren Kreis 29, 4106 Therwil<\/p>\n\t\t\t\t\t\t\t\t<\/div>\n\t\t\t\t\t\t\t\n\t\t\t\t\t\t\t\t\t\t\t\t\t\t\t<div class=\"info\">\n\t\t\t\t\t\t\t\t\t\t<b>\n\t\t\t\t\t\t\t\t\t\t\tContact :\t\n\t\t\t\t\t\t\t\t\t\t<\/b>\n\t\t\t\t\t\t\t\t\t\t<p>verein.phari@bluewin.ch<\/p>\n<p>&nbsp;<\/p>\n\t\t\t\t\t\t\t\t<\/div>\n\t\t\t\t\t\t\t\n\t\t\t\t\t\t\t<ul class=\"networks\">\n\t\t\t\t\t\t\t\t\t\t\t\t\t\t\t<li class=\"website\"><a href=\"https:\/\/www.vereinphari.ch\/\" target=\"_blank\"><img loading=\"lazy\" decoding=\"async\" src=\"\/wp-content\/themes\/fw\/assets\/img\/link.svg\" alt=\"Link Icon\" width=\"24\" height=\"24\"><\/a><\/li>\n\t\t\t\t\t\t\t\t\t\t\t\t\t\t\t\t\t\t\t\t\t\t\t\t\t\t\t\t\t\t\t\t\t\t\n\t\t\t\t\t\t\t\t\t\t\t<li><a target=\"_blank\" href=\"https:\/\/www.facebook.com\/Verein-Phari-428794707285766\/\"><img loading=\"lazy\" decoding=\"async\" src=\"\/wp-content\/themes\/fw\/assets\/img\/facebook.svg\" alt=\"Facebook Icon\" width=\"24\" height=\"24\"><\/a><\/li>\n\t\t\t\t\t\t\t\t\t\t\t\t\t\t\t\t\t\t\t\t\t<\/ul>\n\t\t\t\t\t\t\t\t\t\t\t\t\t\t\t\t\t<\/ul>\n\t\t\t\t\t\t<\/div>\n\t\t\t\t\t\t<a href=\"#\" class=\"btn plus wp-block-button__link wp-element-button more-initiative\">\n\t\t\t\t\t\t\t\t\t\t\t\t\t\tEn savoir plus\t\n\t\t\t\t\t\t<\/a>\n\t\t\t\t\t<\/div>\n\t\t\t\t<\/div>\n\t\t\t<\/div>\n\t\t\t\n\t\t\t\t<div id=\"6180\" class=\"post-item masonry-item 1638 1645 \" data-name=\"vivaconterra\">\n\t\t\t\t<div class=\"flex-grid-inner close\">\n\t\t\t\t\t<div class=\"img-initiative\">\n\t\t\t\t\t\t\t\t\t\t\t\t\t<div class=\"project-img-wrapper\">\n                                \t\t\t\t\t\t\t\t<img decoding=\"async\" class=\"\" src=\"https:\/\/foodwaste.ch\/wp-content\/uploads\/2019\/02\/Bild-vivaconterra.jpg\">\n\t\t\t\t\t\t\t<\/div>\n\t\t\t\t\t\t\t\t\t\t\t\t\t\t\t\t\t\t\t<div class=\"project-logo-wrap\">\n\t\t\t\t\t\t\t\t<img decoding=\"async\" class=\"project-logo\" src=\"https:\/\/foodwaste.ch\/wp-content\/uploads\/2019\/02\/82480893_573375586543952_8020445684014514176_o-300x300.jpg\">\n\t\t\t\t\t\t\t<\/div>\n\t\t\t\t\t\t\t\t\t\t\t<\/div>\n\t\t\t\t\t<div class=\"content-initiative\">\n\t\t\t\t\t\t<div class=\"header-initiative\">\n\t\t\t\t\t\t\t<h4>Vivaconterra<\/h4>\n\t\t\t\t\t\t<\/div>\n\t\t\t\t\t\t<div class=\"teaser-initiative\">\n\t\t\t\t\t\t\t<p>Vivaconterra betreibt jeweils mittwochs einen Marktstand mit Gem\u00fcse in bio- oder demeter-Qualit\u00e4t, welches nicht der Handelsnorm entspricht. <\/p>\n\t\t\t\t\t\t<\/div>\n\t\t\t\t\t\t<div class=\"allinfo-initiative\">\n\t\t\t\t\t\t\t<p>Krumme R\u00fcebli, unregelm\u00e4ssig gef\u00e4rbte Tomaten, kleine\u00a0Kartoffeln und vieles mehr gibt es am Gem\u00fcsestand von Vivaconterra in Wabern zu kaufen.\u00a0Alle Produkte\u00a0stammen aus bio- oder demeter-Anbau. Der ausgeschilderte Richtpreis hilft dir zu entscheiden, wieviel du daf\u00fcr zahlst; die Einnahmen aus dem Verkauf werden unter den jeweils beteiligten H\u00f6fen aufgeteilt.\u00a0Der Stand ist\u00a0immer mittwochs von 9 bis 18 Uhr vor der Heiteren Fahne anzutreffen. Ein Newsletter informiert im Voraus \u00fcber das jeweilige Angebot.<\/p>\n\t\t\t\t\t\t\t\t\t\t\t\t\t\t\t<div class=\"address\">\n\t\t\t\t\t\t\t\t<b>\n\t\t\t\t\t\t\t\t\tSites :\t\n\t\t\t\t\t\t\t\t<\/b>\n\t\t\t\t\t\t\t\t<p><strong>Lorraine<\/strong><br \/>\nSchulweg 8, 3013 Bern<\/p>\n<p><strong>Inselplatz<br \/>\n<\/strong>Laupenstrasse 60, 3008 Bern<\/p>\n\t\t\t\t\t\t\t\t<\/div>\n\t\t\t\t\t\t\t\n\t\t\t\t\t\t\t\t\t\t\t\t\t\t\t<div class=\"info\">\n\t\t\t\t\t\t\t\t\t\t<b>\n\t\t\t\t\t\t\t\t\t\t\tContact :\t\n\t\t\t\t\t\t\t\t\t\t<\/b>\n\t\t\t\t\t\t\t\t\t\t<p>vivaconterramail@riseup.net<\/p>\n\t\t\t\t\t\t\t\t<\/div>\n\t\t\t\t\t\t\t\n\t\t\t\t\t\t\t<ul class=\"networks\">\n\t\t\t\t\t\t\t\t\t\t\t\t\t\t\t<li class=\"website\"><a href=\"https:\/\/vivaconterra.ch\/\" target=\"_blank\"><img loading=\"lazy\" decoding=\"async\" src=\"\/wp-content\/themes\/fw\/assets\/img\/link.svg\" alt=\"Link Icon\" width=\"24\" height=\"24\"><\/a><\/li>\n\t\t\t\t\t\t\t\t\t\t\t\t\t\t\t\t\t\t\t\t\t\t\t\t\t\t\t\t\t\t\t\t\t\t\n\t\t\t\t\t\t\t\t\t\t\t<li><a target=\"_blank\" href=\"https:\/\/www.facebook.com\/vivaconterra\/\"><img loading=\"lazy\" decoding=\"async\" src=\"\/wp-content\/themes\/fw\/assets\/img\/facebook.svg\" alt=\"Facebook Icon\" width=\"24\" height=\"24\"><\/a><\/li>\n\t\t\t\t\t\t\t\t\t\t\t\t\t\t\t\t\t\t\t\t\t<\/ul>\n\t\t\t\t\t\t\t\t\t\t\t\t\t\t\t\t\t<\/ul>\n\t\t\t\t\t\t<\/div>\n\t\t\t\t\t\t<a href=\"#\" class=\"btn plus wp-block-button__link wp-element-button more-initiative\">\n\t\t\t\t\t\t\t\t\t\t\t\t\t\tEn savoir plus\t\n\t\t\t\t\t\t<\/a>\n\t\t\t\t\t<\/div>\n\t\t\t\t<\/div>\n\t\t\t<\/div>\n\t\t\t\n\t\t\t\t<div id=\"11660\" class=\"post-item masonry-item 1637 1645 1634 1647 \" data-name=\"wertstaette\">\n\t\t\t\t<div class=\"flex-grid-inner close\">\n\t\t\t\t\t<div class=\"img-initiative\">\n\t\t\t\t\t\t\t\t\t\t\t\t\t<div class=\"project-img-wrapper\">\n                                \t\t\t\t\t\t\t\t<img decoding=\"async\" class=\"\" src=\"https:\/\/foodwaste.ch\/wp-content\/uploads\/2021\/08\/abfuellen.png\">\n\t\t\t\t\t\t\t<\/div>\n\t\t\t\t\t\t\t\t\t\t\t\t\t\t\t\t\t\t\t<div class=\"project-logo-wrap\">\n\t\t\t\t\t\t\t\t<img decoding=\"async\" class=\"project-logo\" src=\"https:\/\/foodwaste.ch\/wp-content\/uploads\/2021\/08\/logo.png\">\n\t\t\t\t\t\t\t<\/div>\n\t\t\t\t\t\t\t\t\t\t\t<\/div>\n\t\t\t\t\t<div class=\"content-initiative\">\n\t\t\t\t\t\t<div class=\"header-initiative\">\n\t\t\t\t\t\t\t<h4>WERT!St\u00e4tte<\/h4>\n\t\t\t\t\t\t<\/div>\n\t\t\t\t\t\t<div class=\"teaser-initiative\">\n\t\t\t\t\t\t\t<p>Die WERT!St\u00e4tte \u00ab\u00a0rettet\u00a0\u00bb \u00fcberz\u00e4hlige Lebensmittel, spendet diese an soziale Institutionen oder verarbeitet sie zu haltbaren Produkten.<\/p>\n\t\t\t\t\t\t<\/div>\n\t\t\t\t\t\t<div class=\"allinfo-initiative\">\n\t\t\t\t\t\t\t<p>Die WERT!St\u00e4tte holt bei Superm\u00e4rkten, B\u00e4ckereien und Grossverteilern sowie auf Landwirtschaftsbetrieben Lebensmittel ab, die nicht mehr gebraucht werden, um damit soziale Institutionen und Lebensmittelabgabestellen zu beliefern.<\/p>\n<p>Ein Anteil dieser \u201egeretteten\u201c Lebensmittel wird auch direkt in der eigenen \u201aEinmachfabrik\u2018 verwertet &#8211; so entstehen fruchtige Konfit\u00fcren, pikante Chutneys und diverse k\u00f6stliche, haltbargemachte Gem\u00fcsevariationen. Diese Produkte werden auf M\u00e4rkten und in ausgew\u00e4hlten Gesch\u00e4ften im Raum Basel verkauft.<\/p>\n<p>Die WERT!St\u00e4tte wird von Freiwilligen betrieben und gibt Menschen, die sich in einer schwierigen Lebensphase befinden, eine Tagesstruktur. Weitere Freiwillige sind willkommen!<\/p>\n\t\t\t\t\t\t\t\t\t\t\t\t\t\t\t<div class=\"address\">\n\t\t\t\t\t\t\t\t<b>\n\t\t\t\t\t\t\t\t\tSites :\t\n\t\t\t\t\t\t\t\t<\/b>\n\t\t\t\t\t\t\t\t<p>WERT!St\u00e4tte gemeinn\u00fctzige GmbH<br \/>\nHofackerstrasse 79<br \/>\n4132 Muttenz<\/p>\n\t\t\t\t\t\t\t\t<\/div>\n\t\t\t\t\t\t\t\n\t\t\t\t\t\t\t\t\t\t\t\t\t\t\t<div class=\"info\">\n\t\t\t\t\t\t\t\t\t\t<b>\n\t\t\t\t\t\t\t\t\t\t\tContact :\t\n\t\t\t\t\t\t\t\t\t\t<\/b>\n\t\t\t\t\t\t\t\t\t\t<p><a href=\"mailto:info@wertstaette.ch\">info@wertstaette.ch<\/a><br \/>\n079 570 0710<\/p>\n\t\t\t\t\t\t\t\t<\/div>\n\t\t\t\t\t\t\t\n\t\t\t\t\t\t\t<ul class=\"networks\">\n\t\t\t\t\t\t\t\t\t\t\t\t\t\t\t<li class=\"website\"><a href=\"https:\/\/www.wertstaette.ch\/\" target=\"_blank\"><img loading=\"lazy\" decoding=\"async\" src=\"\/wp-content\/themes\/fw\/assets\/img\/link.svg\" alt=\"Link Icon\" width=\"24\" height=\"24\"><\/a><\/li>\n\t\t\t\t\t\t\t\t\t\t\t\t\t\t\t\t\t\t\t\t\t\t\t\t\t\t\t\t\t\t\t\t\t\t\n\t\t\t\t\t\t\t\t\t\t\t<li><a target=\"_blank\" href=\"https:\/\/www.facebook.com\/WERTStaette\"><img loading=\"lazy\" decoding=\"async\" src=\"\/wp-content\/themes\/fw\/assets\/img\/facebook.svg\" alt=\"Facebook Icon\" width=\"24\" height=\"24\"><\/a><\/li>\n\t\t\t\t\t\t\t\t\t\t\t\t\t\t\t\t\t\t\t\t\t\n\t\t\t\t\t\t\t\t\t\t\t<li><a target=\"_blank\" href=\"https:\/\/www.instagram.com\/wertstaette_ggmbh\/\"><img loading=\"lazy\" decoding=\"async\" src=\"\/wp-content\/themes\/fw\/assets\/img\/instagram.svg\" alt=\"Instagram Icon\" width=\"24\" height=\"24\"><\/a><\/li>\n\t\t\t\t\t\t\t\t\t\t\t\t\t\t\t\t\t\t\t\t\t\n\t\t\t\t\t\t\t\t\t\t\t<li><a target=\"_blank\" href=\"https:\/\/www.linkedin.com\/company\/wertstaette\/\"><img loading=\"lazy\" decoding=\"async\" src=\"\/wp-content\/themes\/fw\/assets\/img\/linkedin.svg\" alt=\"LinkedIn Icon\" width=\"24\" height=\"24\"><\/a><\/li>\n\t\t\t\t\t\t\t\t\t\t\t\t\t\t\t\t\t\t\t\t\t<\/ul>\n\t\t\t\t\t\t\t\t\t\t\t\t\t\t\t\t\t<\/ul>\n\t\t\t\t\t\t<\/div>\n\t\t\t\t\t\t<a href=\"#\" class=\"btn plus wp-block-button__link wp-element-button more-initiative\">\n\t\t\t\t\t\t\t\t\t\t\t\t\t\tEn savoir plus\t\n\t\t\t\t\t\t<\/a>\n\t\t\t\t\t<\/div>\n\t\t\t\t<\/div>\n\t\t\t<\/div>\n\t\t\t\n\t\t\t\t<div id=\"6069\" class=\"post-item masonry-item 1648 1645 \" data-name=\"wood-field\">\n\t\t\t\t<div class=\"flex-grid-inner close\">\n\t\t\t\t\t<div class=\"img-initiative\">\n\t\t\t\t\t\t\t\t\t\t\t\t\t<div class=\"project-img-wrapper\">\n                                \t\t\t\t\t\t\t\t<img decoding=\"async\" class=\"\" src=\"https:\/\/foodwaste.ch\/wp-content\/uploads\/2019\/01\/Symbobild_Team-und-Produkt-1024x683.jpg\">\n\t\t\t\t\t\t\t<\/div>\n\t\t\t\t\t\t\t\t\t\t\t\t\t\t\t\t\t\t\t<div class=\"project-logo-wrap\">\n\t\t\t\t\t\t\t\t<img decoding=\"async\" class=\"project-logo\" src=\"https:\/\/foodwaste.ch\/wp-content\/uploads\/2019\/01\/W_Logo_schwarz-300x150.png\">\n\t\t\t\t\t\t\t<\/div>\n\t\t\t\t\t\t\t\t\t\t\t<\/div>\n\t\t\t\t\t<div class=\"content-initiative\">\n\t\t\t\t\t\t<div class=\"header-initiative\">\n\t\t\t\t\t\t\t<h4>Wheycation Lokalgenuss AG<\/h4>\n\t\t\t\t\t\t<\/div>\n\t\t\t\t\t\t<div class=\"teaser-initiative\">\n\t\t\t\t\t\t\t<p>Wheycation betreibt Upcycling mit Schweizer Molke, dem Nebenstrom der K\u00e4seproduktion und hilft so, Food Waste zu verringern.<\/p>\n\t\t\t\t\t\t<\/div>\n\t\t\t\t\t\t<div class=\"allinfo-initiative\">\n\t\t\t\t\t\t\t<p>Wheycation entwickeln Upcycling Lebensmittel durch Aufwertung von Schweizer Molke. Ihre Produkte sind die ultimative Regeneration f\u00fcr K\u00f6rper, Geist und Umwelt. G\u00f6nne dir den einzigartig nat\u00fcrlichen Geschmack und die wertvollen Molkenproteine und tue gleichzeitig der Umwelt etwas Gutes, indem du ihnen hilfst, die Schweizer Molke vor dem Tierfutter und der Biogasanlage zu retten.<br \/>\nWheycation machen \u00ab\u00a0good food for good people\u00a0\u00bb. Mit R\u00fccksicht auf die Natur entwickeln sie einfach gute Lebensmittel f\u00fcr aktive, naturverbundene und abenteuerlustige Menschen, wie sie dies auch sind. J\u00e4hrlich fallen rund 1.3 Millionen Tonnen Molke als Nebenprodukt in der K\u00e4seproduktion an. Nur rund ein Viertel davon gelangt in die menschliche Ern\u00e4hrung, obwohl in der Molke wertvollste Proteine, Vitamine und Mineralstoffe enthalten sind. Es ist Zeit, das Image der Molke aufzuwerten und dieses wundervolle Produkt zu geniessen!<\/p>\n\t\t\t\t\t\t\t\n\t\t\t\t\t\t\t\t\t\t\t\t\t\t\t<div class=\"info\">\n\t\t\t\t\t\t\t\t\t\t<b>\n\t\t\t\t\t\t\t\t\t\t\tContact :\t\n\t\t\t\t\t\t\t\t\t\t<\/b>\n\t\t\t\t\t\t\t\t\t\t<p><a href=\"mailto:hello@wheycation.ch\">hello@wheycation.ch<\/a><\/p>\n\t\t\t\t\t\t\t\t<\/div>\n\t\t\t\t\t\t\t\n\t\t\t\t\t\t\t<ul class=\"networks\">\n\t\t\t\t\t\t\t\t\t\t\t\t\t\t\t<li class=\"website\"><a href=\"https:\/\/www.wheycation.ch\" target=\"_blank\"><img loading=\"lazy\" decoding=\"async\" src=\"\/wp-content\/themes\/fw\/assets\/img\/link.svg\" alt=\"Link Icon\" width=\"24\" height=\"24\"><\/a><\/li>\n\t\t\t\t\t\t\t\t\t\t\t\t\t\t\t\t\t\t\t\t\t\t\t\t\t\t\t\t\t\t\t\t\t\t\n\t\t\t\t\t\t\t\t\t\t\t<li><a target=\"_blank\" href=\"https:\/\/www.facebook.com\/woodandfieldgmbh\/\"><img loading=\"lazy\" decoding=\"async\" src=\"\/wp-content\/themes\/fw\/assets\/img\/facebook.svg\" alt=\"Facebook Icon\" width=\"24\" height=\"24\"><\/a><\/li>\n\t\t\t\t\t\t\t\t\t\t\t\t\t\t\t\t\t\t\t\t\t\n\t\t\t\t\t\t\t\t\t\t\t<li><a target=\"_blank\" href=\"https:\/\/www.instagram.com\/wheycation\"><img loading=\"lazy\" decoding=\"async\" src=\"\/wp-content\/themes\/fw\/assets\/img\/instagram.svg\" alt=\"Instagram Icon\" width=\"24\" height=\"24\"><\/a><\/li>\n\t\t\t\t\t\t\t\t\t\t\t\t\t\t\t\t\t\t\t\t\t\n\t\t\t\t\t\t\t\t\t\t\t<li><a target=\"_blank\" href=\"https:\/\/www.linkedin.com\/company\/wheycation\"><img loading=\"lazy\" decoding=\"async\" src=\"\/wp-content\/themes\/fw\/assets\/img\/linkedin.svg\" alt=\"LinkedIn Icon\" width=\"24\" height=\"24\"><\/a><\/li>\n\t\t\t\t\t\t\t\t\t\t\t\t\t\t\t\t\t\t\t\t\t<\/ul>\n\t\t\t\t\t\t\t\t\t\t\t\t\t\t\t\t\t<\/ul>\n\t\t\t\t\t\t<\/div>\n\t\t\t\t\t\t<a href=\"#\" class=\"btn plus wp-block-button__link wp-element-button more-initiative\">\n\t\t\t\t\t\t\t\t\t\t\t\t\t\tEn savoir plus\t\n\t\t\t\t\t\t<\/a>\n\t\t\t\t\t<\/div>\n\t\t\t\t<\/div>\n\t\t\t<\/div>\n\t\t\t\n\t\t\t\t<div id=\"10936\" class=\"post-item masonry-item 1648 1645 \" data-name=\"wybrand\">\n\t\t\t\t<div class=\"flex-grid-inner close\">\n\t\t\t\t\t<div class=\"img-initiative\">\n\t\t\t\t\t\t\t\t\t\t\t\t\t<div class=\"project-img-wrapper\">\n                                \t\t\t\t\t\t\t\t<img decoding=\"async\" class=\"\" src=\"https:\/\/foodwaste.ch\/wp-content\/uploads\/2021\/01\/bild-1024x819.jpg\">\n\t\t\t\t\t\t\t<\/div>\n\t\t\t\t\t\t\t\t\t\t\t\t\t\t\t\t\t\t\t<div class=\"project-logo-wrap\">\n\t\t\t\t\t\t\t\t<img decoding=\"async\" class=\"project-logo\" src=\"https:\/\/foodwaste.ch\/wp-content\/uploads\/2021\/01\/logos_wybrand-01-300x163.png\">\n\t\t\t\t\t\t\t<\/div>\n\t\t\t\t\t\t\t\t\t\t\t<\/div>\n\t\t\t\t\t<div class=\"content-initiative\">\n\t\t\t\t\t\t<div class=\"header-initiative\">\n\t\t\t\t\t\t\t<h4>Wybrand<\/h4>\n\t\t\t\t\t\t<\/div>\n\t\t\t\t\t\t<div class=\"teaser-initiative\">\n\t\t\t\t\t\t\t<p>Wybrand destilliert alten Wein, der ungeniessbar geworden ist, zu neuem Weinbrand.<\/p>\n\t\t\t\t\t\t<\/div>\n\t\t\t\t\t\t<div class=\"allinfo-initiative\">\n\t\t\t\t\t\t\t<p>Auch Weine k\u00f6nnen \u00fcber die Zeit ungeniessbar werden. Deshalb verfolgt Wybrand das Ziel, alte Weine welche auf dem Markt keinen Platz mehr finden, nachhaltig und umweltschonend zu wohlschmeckendem Weinbrand zu verarbeiten und haucht ihnen so neues Leben ein.<\/p>\n<p>Mit ein wenig Geduld wird in der Destillerie aus dem alten Wein, Wybrand. In den Flaschen k\u00f6nnen 60-80 j\u00e4hrige, aber auch ganz junge Weine sein. Rot-, Weiss- und S\u00fcssweine, aber auch Champagner fanden den Weg in den Brand.<\/p>\n<p>Wybrand wird lokal und fair destilliert. Die dazu verwendeten Weine stammen aus Keller-R\u00e4umungen, Restbest\u00e4nden, Liquidationen oder Erbschaften von Sammlern. Sie w\u00e4ren andernfalls entsorgt worden.<\/p>\n<p>Kein Wein ist zu alt um einfach entsorgt zu werden. Kein Tropfen landet im Ausguss, das Fass wird gef\u00fcllt, ist es voll, entsteht die n\u00e4chste Serie Wybrand.<\/p>\n\t\t\t\t\t\t\t\n\t\t\t\t\t\t\t\t\t\t\t\t\t\t\t<div class=\"info\">\n\t\t\t\t\t\t\t\t\t\t<b>\n\t\t\t\t\t\t\t\t\t\t\tContact :\t\n\t\t\t\t\t\t\t\t\t\t<\/b>\n\t\t\t\t\t\t\t\t\t\t<p><a href=\"mailto:info@winebarrel.ch\">info@winebarrel.ch<\/a><\/p>\n\t\t\t\t\t\t\t\t<\/div>\n\t\t\t\t\t\t\t\n\t\t\t\t\t\t\t<ul class=\"networks\">\n\t\t\t\t\t\t\t\t\t\t\t\t\t\t\t<li class=\"website\"><a href=\"https:\/\/www.wybrand.ch\" target=\"_blank\"><img loading=\"lazy\" decoding=\"async\" src=\"\/wp-content\/themes\/fw\/assets\/img\/link.svg\" alt=\"Link Icon\" width=\"24\" height=\"24\"><\/a><\/li>\n\t\t\t\t\t\t\t\t\t\t\t\t\t\t\t\t\t\t\t\t\t\t<\/ul>\n\t\t\t\t\t\t<\/div>\n\t\t\t\t\t\t<a href=\"#\" class=\"btn plus wp-block-button__link wp-element-button more-initiative\">\n\t\t\t\t\t\t\t\t\t\t\t\t\t\tEn savoir plus\t\n\t\t\t\t\t\t<\/a>\n\t\t\t\t\t<\/div>\n\t\t\t\t<\/div>\n\t\t\t<\/div>\n\t\t\t\n\t\t\t\t<div id=\"6064\" class=\"post-item masonry-item 1638 1645 \" data-name=\"ygmachts-so\">\n\t\t\t\t<div class=\"flex-grid-inner close\">\n\t\t\t\t\t<div class=\"img-initiative\">\n\t\t\t\t\t\t\t\t\t\t\t\t\t<div class=\"project-img-wrapper\">\n                                \t\t\t\t\t\t\t\t<img decoding=\"async\" class=\"\" src=\"https:\/\/foodwaste.ch\/wp-content\/uploads\/2025\/09\/Stand_Schauplatz.jpg\">\n\t\t\t\t\t\t\t<\/div>\n\t\t\t\t\t\t\t\t\t\t\t\t\t\t\t\t\t\t\t<div class=\"project-logo-wrap\">\n\t\t\t\t\t\t\t\t<img decoding=\"async\" class=\"project-logo\" src=\"https:\/\/foodwaste.ch\/wp-content\/uploads\/2025\/09\/Logo_YgmachtsSo-1-300x104.png\">\n\t\t\t\t\t\t\t<\/div>\n\t\t\t\t\t\t\t\t\t\t\t<\/div>\n\t\t\t\t\t<div class=\"content-initiative\">\n\t\t\t\t\t\t<div class=\"header-initiative\">\n\t\t\t\t\t\t\t<h4>Ygmachts &#038; So<\/h4>\n\t\t\t\t\t\t<\/div>\n\t\t\t\t\t\t<div class=\"teaser-initiative\">\n\t\t\t\t\t\t\t<p>Ygmachts &#038; So stellt aus \u00dcbersch\u00fcssigem direkt ab Hof Upcycling-Produkte her.<\/p>\n\t\t\t\t\t\t<\/div>\n\t\t\t\t\t\t<div class=\"allinfo-initiative\">\n\t\t\t\t\t\t\t<p>Das Engagement gegen Foodwaste hat auf dem Biohof Heimenhaus in Kirchlindach eine langj\u00e4hrige Tradition: dreibeinige R\u00fcebli landen hier zum Beispiel nicht im Abfall, sondern werden so gut wie\u2019s geht weiterverarbeitet. Die Verarbeitung solcher Lebensmittel bedeutet jedoch einen erheblichen Mehraufwand. Dem wurde nun Abhilfe geschaffen, denn Nicole Weisswange und Olga H\u00e4nni haben Anfang dieses Jahres aus dem Foodwaste-Gedanke heraus das Projekt \u201eYgmachts &amp; So\u201c lanciert. Sie stellen aus \u00fcbersch\u00fcssigen Lebensmittel direkt ab Hof upcycling Produkte her, welche somit l\u00e4nger haltbar sind.<\/p>\n<p>Ygmachts &amp; So hat den Verkauf seiner ersten Produkte am Slow Food Market in Bern gestartet und bisher an verschiedenen M\u00e4rkten rund um Bern teilgenommen. Das Feedback der BesucherInnen ist grossartig! Gluschtig gmacht? Dann besuch unsere Internetseite!<\/p>\n\t\t\t\t\t\t\t\t\t\t\t\t\t\t\t<div class=\"address\">\n\t\t\t\t\t\t\t\t<b>\n\t\t\t\t\t\t\t\t\tSites :\t\n\t\t\t\t\t\t\t\t<\/b>\n\t\t\t\t\t\t\t\t<p>Heimenhausstrasse 20,\u00a03038 Kirchlindach<\/p>\n\t\t\t\t\t\t\t\t<\/div>\n\t\t\t\t\t\t\t\n\t\t\t\t\t\t\t\t\t\t\t\t\t\t\t<div class=\"info\">\n\t\t\t\t\t\t\t\t\t\t<b>\n\t\t\t\t\t\t\t\t\t\t\tContact :\t\n\t\t\t\t\t\t\t\t\t\t<\/b>\n\t\t\t\t\t\t\t\t\t\t<p>ygmachts@heimenhaus.ch<\/p>\n\t\t\t\t\t\t\t\t<\/div>\n\t\t\t\t\t\t\t\n\t\t\t\t\t\t\t<ul class=\"networks\">\n\t\t\t\t\t\t\t\t\t\t\t\t\t\t\t<li class=\"website\"><a href=\"http:\/\/heimenhaus.ch\/ygmachts-so\" target=\"_blank\"><img loading=\"lazy\" decoding=\"async\" src=\"\/wp-content\/themes\/fw\/assets\/img\/link.svg\" alt=\"Link Icon\" width=\"24\" height=\"24\"><\/a><\/li>\n\t\t\t\t\t\t\t\t\t\t\t\t\t\t\t\t\t\t\t\t\t\t\t\t\t\t\t\t\t\t\t\t\t\t\n\t\t\t\t\t\t\t\t\t\t\t<li><a target=\"_blank\" href=\"https:\/\/www.facebook.com\/Ygmachts\/\"><img loading=\"lazy\" decoding=\"async\" src=\"\/wp-content\/themes\/fw\/assets\/img\/facebook.svg\" alt=\"Facebook Icon\" width=\"24\" height=\"24\"><\/a><\/li>\n\t\t\t\t\t\t\t\t\t\t\t\t\t\t\t\t\t\t\t\t\t<\/ul>\n\t\t\t\t\t\t\t\t\t\t\t\t\t\t\t\t\t<\/ul>\n\t\t\t\t\t\t<\/div>\n\t\t\t\t\t\t<a href=\"#\" class=\"btn plus wp-block-button__link wp-element-button more-initiative\">\n\t\t\t\t\t\t\t\t\t\t\t\t\t\tEn savoir plus\t\n\t\t\t\t\t\t<\/a>\n\t\t\t\t\t<\/div>\n\t\t\t\t<\/div>\n\t\t\t<\/div>\n\t\t\t\n\t\t\t\t<div id=\"13282\" class=\"post-item masonry-item 1641 1644 1645 \" data-name=\"zelo\">\n\t\t\t\t<div class=\"flex-grid-inner close\">\n\t\t\t\t\t<div class=\"img-initiative\">\n\t\t\t\t\t\t\t\t\t\t\t\t\t<div class=\"project-img-wrapper\">\n                                \t\t\t\t\t\t\t\t<img decoding=\"async\" class=\"\" src=\"https:\/\/foodwaste.ch\/wp-content\/uploads\/2022\/07\/DSC02495-1024x683.jpg\">\n\t\t\t\t\t\t\t<\/div>\n\t\t\t\t\t\t\t\t\t\t\t\t\t\t\t\t\t\t\t<div class=\"project-logo-wrap\">\n\t\t\t\t\t\t\t\t<img decoding=\"async\" class=\"project-logo\" src=\"https:\/\/foodwaste.ch\/wp-content\/uploads\/2022\/07\/Logo_Zelo-300x123.jpg\">\n\t\t\t\t\t\t\t<\/div>\n\t\t\t\t\t\t\t\t\t\t\t<\/div>\n\t\t\t\t\t<div class=\"content-initiative\">\n\t\t\t\t\t\t<div class=\"header-initiative\">\n\t\t\t\t\t\t\t<h4>Z\u00e9lo<\/h4>\n\t\t\t\t\t\t<\/div>\n\t\t\t\t\t\t<div class=\"teaser-initiative\">\n\t\t\t\t\t\t\t<p>Le supermarch\u00e9 en ligne \u00e9cologique, 100% z\u00e9ro d\u00e9chet et livr\u00e9 chez toi \u00e0 v\u00e9lo.<\/p>\n\t\t\t\t\t\t<\/div>\n\t\t\t\t\t\t<div class=\"allinfo-initiative\">\n\t\t\t\t\t\t\t<p>Z\u00e9lo est un supermarch\u00e9 en ligne \u00e9co-responsable qui vise \u00e0 diminuer les d\u00e9chets et le bilan carbone.<\/p>\n<p>Voil\u00e0 les 3 forces :<br \/>\n\u2013 Tous les produits sont conditionn\u00e9s dans des contenants r\u00e9utilisables (z\u00e9ro d\u00e9chet)<br \/>\n\u2013 Les commandes sont livr\u00e9es \u00e0 v\u00e9lo cargo<br \/>\n\u2013 Collaboration avec les commer\u00e7ants locaux (circuits-courts)<br \/>\nAinsi, 5kg de CO2 sont \u00e9conomis\u00e9s \u00e0 chaque livraison, ce qui repr\u00e9sente l\u2019\u00e9quivalent de 25km en voiture \u00e0 combustion.<\/p>\n\t\t\t\t\t\t\t\t\t\t\t\t\t\t\t<div class=\"address\">\n\t\t\t\t\t\t\t\t<b>\n\t\t\t\t\t\t\t\t\tSites :\t\n\t\t\t\t\t\t\t\t<\/b>\n\t\t\t\t\t\t\t\t<p>Gland, Nyon, Rolle<\/p>\n\t\t\t\t\t\t\t\t<\/div>\n\t\t\t\t\t\t\t\n\t\t\t\t\t\t\t\t\t\t\t\t\t\t\t<div class=\"info\">\n\t\t\t\t\t\t\t\t\t\t<b>\n\t\t\t\t\t\t\t\t\t\t\tContact :\t\n\t\t\t\t\t\t\t\t\t\t<\/b>\n\t\t\t\t\t\t\t\t\t\t<p><a href=\"mailto:andre@zelo-sa.ch\">andre@zelo-sa.ch<\/a><\/p>\n\t\t\t\t\t\t\t\t<\/div>\n\t\t\t\t\t\t\t\n\t\t\t\t\t\t\t<ul class=\"networks\">\n\t\t\t\t\t\t\t\t\t\t\t\t\t\t\t<li class=\"website\"><a href=\"http:\/\/www.zelo-sa.ch\" target=\"_blank\"><img loading=\"lazy\" decoding=\"async\" src=\"\/wp-content\/themes\/fw\/assets\/img\/link.svg\" alt=\"Link Icon\" width=\"24\" height=\"24\"><\/a><\/li>\n\t\t\t\t\t\t\t\t\t\t\t\t\t\t\t\t\t\t\t\t\t\t\t\t\t\t\t\t\t\t\t\t\t\t\n\t\t\t\t\t\t\t\t\t\t\t<li><a target=\"_blank\" href=\"https:\/\/www.facebook.com\/Z%C3%A9lo-Le-supermarch%C3%A9-z%C3%A9ro-d%C3%A9chet-108430585010358\"><img loading=\"lazy\" decoding=\"async\" src=\"\/wp-content\/themes\/fw\/assets\/img\/facebook.svg\" alt=\"Facebook Icon\" width=\"24\" height=\"24\"><\/a><\/li>\n\t\t\t\t\t\t\t\t\t\t\t\t\t\t\t\t\t\t\t\t\t\n\t\t\t\t\t\t\t\t\t\t\t<li><a target=\"_blank\" href=\"https:\/\/www.instagram.com\/zelo_supermarche\/\"><img loading=\"lazy\" decoding=\"async\" src=\"\/wp-content\/themes\/fw\/assets\/img\/instagram.svg\" alt=\"Instagram Icon\" width=\"24\" height=\"24\"><\/a><\/li>\n\t\t\t\t\t\t\t\t\t\t\t\t\t\t\t\t\t\t\t\t\t\n\t\t\t\t\t\t\t\t\t\t\t<li><a target=\"_blank\" href=\"https:\/\/www.linkedin.com\/company\/z%C3%A9lo\/\"><img loading=\"lazy\" decoding=\"async\" src=\"\/wp-content\/themes\/fw\/assets\/img\/linkedin.svg\" alt=\"LinkedIn Icon\" width=\"24\" height=\"24\"><\/a><\/li>\n\t\t\t\t\t\t\t\t\t\t\t\t\t\t\t\t\t\t\t\t\t<\/ul>\n\t\t\t\t\t\t\t\t\t\t\t\t\t\t\t\t\t<\/ul>\n\t\t\t\t\t\t<\/div>\n\t\t\t\t\t\t<a href=\"#\" class=\"btn plus wp-block-button__link wp-element-button more-initiative\">\n\t\t\t\t\t\t\t\t\t\t\t\t\t\tEn savoir plus\t\n\t\t\t\t\t\t<\/a>\n\t\t\t\t\t<\/div>\n\t\t\t\t<\/div>\n\t\t\t<\/div>\n\t\t\t\n\t\t\t\t<div id=\"6112\" class=\"post-item masonry-item 1649 1644 \" data-name=\"zu-gut-fuer-die-tonne-app\">\n\t\t\t\t<div class=\"flex-grid-inner close\">\n\t\t\t\t\t<div class=\"img-initiative\">\n\t\t\t\t\t\t\t\t\t\t\t\t\t<div class=\"project-img-wrapper\">\n                                \t\t\t\t\t\t\t\t<img decoding=\"async\" class=\"\" src=\"https:\/\/foodwaste.ch\/wp-content\/uploads\/2019\/01\/App-zu-gut-fuer-die-Tonne.jpg\">\n\t\t\t\t\t\t\t<\/div>\n\t\t\t\t\t\t\t\t\t\t\t\t\t\t\t\t\t\t\t<div class=\"project-logo-wrap\">\n\t\t\t\t\t\t\t\t<img decoding=\"async\" class=\"project-logo\" src=\"https:\/\/foodwaste.ch\/wp-content\/uploads\/2019\/01\/Logo-zu-gut-fuer-die-Tonne-300x300.jpg\">\n\t\t\t\t\t\t\t<\/div>\n\t\t\t\t\t\t\t\t\t\t\t<\/div>\n\t\t\t\t\t<div class=\"content-initiative\">\n\t\t\t\t\t\t<div class=\"header-initiative\">\n\t\t\t\t\t\t\t<h4>Zu gut f\u00fcr die Tonne (App)<\/h4>\n\t\t\t\t\t\t<\/div>\n\t\t\t\t\t\t<div class=\"teaser-initiative\">\n\t\t\t\t\t\t\t<p>Jedes achte Lebensmittel, das wir kaufen, werfen wir weg. Du kannst das \u00e4ndern. Die App des deutschen Bundesministerium f\u00fcr Ern\u00e4hrung und Landwirtschaft zeigt, wie das geht.<\/p>\n\t\t\t\t\t\t<\/div>\n\t\t\t\t\t\t<div class=\"allinfo-initiative\">\n\t\t\t\t\t\t\t<p>Aus \u00fcbriggebliebenen Lebensmitteln leckere Restegerichte zubereiten: Daf\u00fcr gibt es die<i> Zu gut f\u00fcr die Tonne!<\/i>-App f\u00fcr Smartphones und Tablets. Sie enth\u00e4lt mittlerweile 550 Rezepte von Sternek\u00f6chen und prominenten Kochpaten sowie vielen Hobbyk\u00f6chen. Hier finden sich Klassiker wie der Arme Ritter, neue Kreationen und pfiffige Beilagen aus wenigen Zutaten. Regelm\u00e4\u00dfig kommen neue Rezepte hinzu &#8211; die App l\u00e4sst sich dazu ganz einfach aktualisieren.<\/p>\n<p>Die App gibt au\u00dferdem Tipps zum Einkauf, zur richtigen Aufbewahrung und Verwertung von Lebensmitteln. Ein umfangreiches Lebensmittellexikon informiert \u00fcber Lagerung und Haltbarkeit. Und der Einkaufsplaner bringt \u00dcbersicht in den Supermarktbesuch und hilft dabei, Mengen richtig einzusch\u00e4tzen und Zeit im Gesch\u00e4ft zu sparen.<\/p>\n<p>Die App ist kostenlos im AppStore und bei GooglePlay erh\u00e4ltlich.<\/p>\n\t\t\t\t\t\t\t\n\t\t\t\t\t\t\t\n\t\t\t\t\t\t\t<ul class=\"networks\">\n\t\t\t\t\t\t\t\t\t\t\t\t\t\t\t<li class=\"website\"><a href=\"https:\/\/www.zugutfuerdietonne.de\/app\" target=\"_blank\"><img loading=\"lazy\" decoding=\"async\" src=\"\/wp-content\/themes\/fw\/assets\/img\/link.svg\" alt=\"Link Icon\" width=\"24\" height=\"24\"><\/a><\/li>\n\t\t\t\t\t\t\t\t\t\t\t\t\t\t\t\t\t\t\t\t\t\t<\/ul>\n\t\t\t\t\t\t<\/div>\n\t\t\t\t\t\t<a href=\"#\" class=\"btn plus wp-block-button__link wp-element-button more-initiative\">\n\t\t\t\t\t\t\t\t\t\t\t\t\t\tEn savoir plus\t\n\t\t\t\t\t\t<\/a>\n\t\t\t\t\t<\/div>\n\t\t\t\t<\/div>\n\t\t\t<\/div>\n\t\t\t\t<\/div>\n\t<div class=\"no-events-found\">\n\t\tAucune organisation trouv\u00e9e. Ajuste les crit\u00e8res de recherche et r\u00e9essaie.\t\n\t<\/div>\n\t<div class=\"loading-animation\"><\/div>\n<\/div>\n\n<script>\nvar initiative = {\n    \"0\": {\n        \"id\": 20531,\n        \"logo\": \"https:\\\/\\\/foodwaste.ch\\\/wp-content\\\/uploads\\\/2024\\\/06\\\/123bocal-300x300.png\",\n        \"title\": \"1.2.3.Bocal\",\n        \"short_description\": \"<p>\u00c9picerie en vrac, bio et local \u2013 une \u00e9picerie sur-mesure, sans gaspi et sans chichi <\\\/p>\\n\",\n        \"addresses\": [\n            {\n                \"lat\": 46.86531039999999848078005015850067138671875,\n                \"lng\": 7.12382129999999857972170502762310206890106201171875,\n                \"region\": 1641\n            }\n        ]\n    },\n    \"1\": {\n        \"id\": 20517,\n        \"logo\": \"https:\\\/\\\/foodwaste.ch\\\/wp-content\\\/uploads\\\/2024\\\/06\\\/academie2.jpeg\",\n        \"title\": \"Acad\u00e9mie anti-gaspi\",\n        \"short_description\": \"<p>Formation pour animateurs-rices en cuisine \u201eanti-gaspi\u201c <\\\/p>\\n\",\n        \"addresses\": [\n            {\n                \"lat\": 46.8064772999999973990270518697798252105712890625,\n                \"lng\": 7.1619718999999992803395798546262085437774658203125,\n                \"region\": 1641\n            }\n        ]\n    },\n    \"2\": {\n        \"id\": 20526,\n        \"logo\": \"https:\\\/\\\/foodwaste.ch\\\/wp-content\\\/uploads\\\/2024\\\/06\\\/reper-logo-300x244.png\",\n        \"title\": \"Accueil Antigaspi REPER\",\n        \"short_description\": \"<p>Cet accueil a pour aspiration de cr\u00e9er des liens entre les participant.e.s tout en s'occupant de la marchandise re\u00e7ue par la Banque Alimentaire.<\\\/p>\\n\",\n        \"addresses\": [\n            {\n                \"lat\": 46.80253479999999655092324246652424335479736328125,\n                \"lng\": 7.1654262000000006338495950330980122089385986328125,\n                \"region\": 1641\n            }\n        ]\n    },\n    \"3\": {\n        \"id\": 13289,\n        \"logo\": \"https:\\\/\\\/foodwaste.ch\\\/wp-content\\\/uploads\\\/2022\\\/07\\\/aromavrac_couleur-300x300.png\",\n        \"title\": \"AromaVrac\",\n        \"short_description\": \"<p>\u00c9picerie vrac de produits bio et le plus local possible<\\\/p>\\n\",\n        \"addresses\": [\n            {\n                \"lat\": 46.56157799999999724605004303157329559326171875,\n                \"lng\": 6.69731719999999963732761898427270352840423583984375,\n                \"region\": 1641\n            }\n        ]\n    },\n    \"4\": {\n        \"id\": 29643,\n        \"logo\": \"https:\\\/\\\/foodwaste.ch\\\/wp-content\\\/uploads\\\/2015\\\/01\\\/1508657_783821488358420_7159093021578515916_n-300x253.png\",\n        \"title\": \"\u00c4ss-Bar\",\n        \"short_description\": \"<p>L\u2019\u00c4ss-Bar vend des produits de boulangerie 'frais d'hier' et r\u00e9duit ainsi le gaspillage alimentaire des boulangeries.<\\\/p>\\n\",\n        \"addresses\": [\n            {\n                \"lat\": 47.55769169999999945730451145209372043609619140625,\n                \"lng\": 7.58177419999999901989440331817604601383209228515625,\n                \"region\": 2099\n            },\n            {\n                \"lat\": \"46.9478182\",\n                \"lng\": \"7.446340299999974\",\n                \"region\": 2097\n            },\n            {\n                \"lat\": \"47.140373\",\n                \"lng\": \"7.246692100000018\",\n                \"region\": 2097\n            },\n            {\n                \"lat\": 46.51864830000000239351720665581524372100830078125,\n                \"lng\": 6.63086739999999963401933200657367706298828125,\n                \"region\": 2101\n            },\n            {\n                \"lat\": \"47.0549332\",\n                \"lng\": \"8.31287169999996\",\n                \"region\": 2106\n            },\n            {\n                \"lat\": \"47.4979054\",\n                \"lng\": \"8.728211699999974\",\n                \"region\": 2098\n            },\n            {\n                \"lat\": \"47.3727193\",\n                \"lng\": \"8.543904200000042\",\n                \"region\": 2098\n            },\n            {\n                \"lat\": 47.36658299999999854890120332129299640655517578125,\n                \"lng\": 8.5484379999999990928927218192256987094879150390625,\n                \"region\": 2098\n            },\n            {\n                \"lat\": 47.3813099999999991496224538423120975494384765625,\n                \"lng\": 8.5315659999999997609165802714414894580841064453125,\n                \"region\": 2098\n            },\n            {\n                \"lat\": 47.3773618999999968082192935980856418609619140625,\n                \"lng\": 8.547406900000002138995114364661276340484619140625,\n                \"region\": 2098\n            }\n        ]\n    },\n    \"5\": {\n        \"id\": 30802,\n        \"logo\": \"https:\\\/\\\/foodwaste.ch\\\/wp-content\\\/uploads\\\/2026\\\/01\\\/BAF_logo-300x141.png\",\n        \"title\": \"Association Banque Alimentaire Fribourgeoise\",\n        \"short_description\": \"<p>Nous luttons quotidiennement contre la faim et le gaspillage alimentaire.<\\\/p>\\n\",\n        \"addresses\": [\n            {\n                \"lat\": 46.81382529999999775327523821033537387847900390625,\n                \"lng\": 7.155676299999999656620275345630943775177001953125,\n                \"region\": 2101\n            }\n        ]\n    },\n    \"6\": {\n        \"id\": 13307,\n        \"logo\": \"https:\\\/\\\/foodwaste.ch\\\/wp-content\\\/uploads\\\/2022\\\/07\\\/Logo-vectorise-300x300.png\",\n        \"title\": \"Association Free Go\",\n        \"short_description\": \"<p>L'association Free Go a pour but de mettre en place des r\u00e9frig\u00e9rateurs libre-service (appel\u00e9s Free Go) chez des partenaires afin d'aider les personnes dans le besoin tout en contribuant \u00e0 la diminution du gaspillage alimentaire.<\\\/p>\\n\",\n        \"addresses\": [\n            {\n                \"lat\": 46.943127099999998108614818193018436431884765625,\n                \"lng\": 6.8467862999999997697386788786388933658599853515625,\n                \"region\": 1641\n            }\n        ]\n    },\n    \"7\": {\n        \"id\": 13773,\n        \"logo\": \"https:\\\/\\\/foodwaste.ch\\\/wp-content\\\/uploads\\\/2023\\\/01\\\/Atout_Vrac_logo-300x55.png\",\n        \"title\": \"Atout Vrac\",\n        \"short_description\": \"<p>Atout Vrac est une \u00e9picerie coop\u00e9rative sans emballage qui privil\u00e9gie les produits locaux et bio<\\\/p>\\n\",\n        \"addresses\": [\n            {\n                \"lat\": 46.80548960000000846548573463223874568939208984375,\n                \"lng\": 7.16197610000000128849251268547959625720977783203125,\n                \"region\": 1641\n            }\n        ]\n    },\n    \"8\": {\n        \"id\": 6042,\n        \"logo\": \"https:\\\/\\\/foodwaste.ch\\\/wp-content\\\/uploads\\\/2019\\\/01\\\/ASW_Logo_CMYK5153-300x127.jpg\",\n        \"title\": \"Aufgetischt statt Weggeworfen\",\n        \"short_description\": \"<p>Aufgetischt statt Weggeworfen sammelt bei Produzenten und L\u00e4den \u00fcbersch\u00fcssige Lebensmittel ein und verteilt diese an armutsbetroffene Menschen<\\\/p>\\n\",\n        \"addresses\": [\n            {\n                \"lat\": \"47.3847241\",\n                \"lng\": \"8.124637200000052\",\n                \"region\": 1637\n            },\n            {\n                \"lat\": 47.377319900000003372042556293308734893798828125,\n                \"lng\": 8.1427230999999995475491232355125248432159423828125,\n                \"region\": 1637\n            },\n            {\n                \"lat\": \"47.3904443\",\n                \"lng\": \"8.172154500000033\",\n                \"region\": 1637\n            },\n            {\n                \"lat\": 47.38368890000000277495928457938134670257568359375,\n                \"lng\": 8.1681975999999991699951351620256900787353515625,\n                \"region\": 1637\n            },\n            {\n                \"lat\": 47.3491773999999878697053645737469196319580078125,\n                \"lng\": 8.33979049999999944020601105876266956329345703125,\n                \"region\": 1637\n            },\n            {\n                \"lat\": \"47.3706194\",\n                \"lng\": \"8.638824900000031\",\n                \"region\": 1640\n            },\n            {\n                \"lat\": \"47.31414029999999\",\n                \"lng\": \"8.518532499999992\",\n                \"region\": 1640\n            },\n            {\n                \"lat\": \"47.28812\",\n                \"lng\": \"8.537829999999985\",\n                \"region\": 1640\n            },\n            {\n                \"lat\": \"47.3672639\",\n                \"lng\": \"8.880818299999987\",\n                \"region\": 1640\n            },\n            {\n                \"lat\": \"47.3955306\",\n                \"lng\": \"8.616133600000012\",\n                \"region\": 1640\n            },\n            {\n                \"lat\": \"47.32225469999999\",\n                \"lng\": \"8.801023600000007\",\n                \"region\": 1640\n            },\n            {\n                \"lat\": 47.230892399999987674164003692567348480224609375,\n                \"lng\": 8.8370061999999993673782228142954409122467041015625,\n                \"region\": 1636\n            },\n            {\n                \"lat\": 47.20970729999999804249455337412655353546142578125,\n                \"lng\": 8.696259999999998768771547474898397922515869140625,\n                \"region\": 1640\n            },\n            {\n                \"lat\": 47.2483725000000021054802346043288707733154296875,\n                \"lng\": 8.6079057999999992745188137632794678211212158203125,\n                \"region\": 1640\n            },\n            {\n                \"lat\": 47.22968709999999958881744532845914363861083984375,\n                \"lng\": 8.6718188999999998856083038845099508762359619140625,\n                \"region\": 1640\n            },\n            {\n                \"lat\": \"47.3867071\",\n                \"lng\": \"8.420693000000028\",\n                \"region\": 1640\n            },\n            {\n                \"lat\": \"47.36250299999999\",\n                \"lng\": \"8.36739399999999\",\n                \"region\": 1637\n            }\n        ]\n    },\n    \"9\": {\n        \"id\": 6106,\n        \"logo\": \"https:\\\/\\\/foodwaste.ch\\\/wp-content\\\/uploads\\\/2025\\\/09\\\/Screen-Shot-2016-07-01-at-18.05.43-300x234.png\",\n        \"title\": \"Backwaren Outlet\",\n        \"short_description\": \"\",\n        \"addresses\": [\n            {\n                \"lat\": \"47.5451943\",\n                \"lng\": \"7.587937399999987\",\n                \"region\": 1637\n            }\n        ]\n    },\n    \"10\": {\n        \"id\": 30212,\n        \"logo\": \"https:\\\/\\\/foodwaste.ch\\\/wp-content\\\/uploads\\\/2025\\\/12\\\/ben-ouais_logo-300x300.png\",\n        \"title\": \"ben ouais \u2013 Transition durable dans la restauration romande\",\n        \"short_description\": \"<p>R\u00e9duire le gaspillage alimentaire dans la restauration tout en prouvant que durabilit\u00e9 et performance \u00e9conomique peuvent aller de pair. <\\\/p>\\n\",\n        \"addresses\": [\n            {\n                \"lat\": 46.6066933999999974957972881384193897247314453125,\n                \"lng\": 6.7412454999999997795612216577865183353424072265625,\n                \"region\": 1641\n            }\n        ]\n    },\n    \"11\": {\n        \"id\": 6497,\n        \"logo\": \"https:\\\/\\\/foodwaste.ch\\\/wp-content\\\/uploads\\\/2019\\\/08\\\/Logo-bio-mio-300x178.png\",\n        \"title\": \"Bio Mio\",\n        \"short_description\": \"<p>Bio Mio bringt dir saisonales Gem\u00fcse von Partnerh\u00f6fen direkt zu dir nach Hause. Auch die krummen Karotten und zu kleinen Kartoffeln schaffen es in das Abo, denn sie schmecken genauso lecker. <\\\/p>\\n\",\n        \"addresses\": [\n            {\n                \"lat\": \"47.3635239\",\n                \"lng\": \"8.547713199999976\",\n                \"region\": 1640\n            },\n            {\n                \"lat\": 47.14970170000000138088580570183694362640380859375,\n                \"lng\": 8.547771499999999633701008860953152179718017578125,\n                \"region\": 1635\n            }\n        ]\n    },\n    \"15\": {\n        \"id\": 26066,\n        \"logo\": \"https:\\\/\\\/foodwaste.ch\\\/wp-content\\\/uploads\\\/2025\\\/07\\\/vracrie_logo-300x259.jpg\",\n        \"title\": \"Coop\u00e9rative La Vracrie\",\n        \"short_description\": \"<p>Epicerie coop\u00e9rative ouverte \u00e0 tous \u00e0 Praz dans le Vully. Produits en vrac, locaux, de saison, naturels et \u00e9thiques. <\\\/p>\\n\",\n        \"addresses\": [\n            {\n                \"lat\": 46.9553877999999969006239552982151508331298828125,\n                \"lng\": 7.10186100000000042342662709415890276432037353515625,\n                \"region\": 1641\n            }\n        ]\n    },\n    \"16\": {\n        \"id\": 12561,\n        \"logo\": \"https:\\\/\\\/foodwaste.ch\\\/wp-content\\\/uploads\\\/2022\\\/03\\\/logo-wir-packen-ein-216x300.png\",\n        \"title\": \"Culinaria \u2013 wir packen ein\",\n        \"short_description\": \"<p>Die regionale Drehscheibe wo die Verminderung von Food Waste in Zusammenhang mit Armutsbek\u00e4mpfung, Besch\u00e4ftigung und Beratung steht.<\\\/p>\\n\",\n        \"addresses\": [\n            {\n                \"lat\": 46.9736917999999974426827975548803806304931640625,\n                \"lng\": 7.348957200000000966610969044268131256103515625,\n                \"region\": 1638\n            }\n        ]\n    },\n    \"17\": {\n        \"id\": 10744,\n        \"logo\": \"https:\\\/\\\/foodwaste.ch\\\/wp-content\\\/uploads\\\/2020\\\/10\\\/cultivetoi-300x205.jpg\",\n        \"title\": \"cultive-toi\",\n        \"short_description\": \"<p>L'association cultive-toi est un projet participatif qui r\u00e9colte et conserve des l\u00e9gumes et fruits non utilis\u00e9s.<\\\/p>\\n\",\n        \"addresses\": [\n            {\n                \"lat\": 46.51605399999999690408003516495227813720703125,\n                \"lng\": 6.60899800000000059441163102746941149234771728515625,\n                \"region\": 1641\n            }\n        ]\n    },\n    \"18\": {\n        \"id\": 16209,\n        \"logo\": \"https:\\\/\\\/foodwaste.ch\\\/wp-content\\\/uploads\\\/2023\\\/07\\\/Dialog-im-Quartier-logo-278x300.jpg\",\n        \"title\": \"Dialog im Quartier\",\n        \"short_description\": \"<p>\u00abDialog im Quartier \u2013 Dein Quartier isst nachhaltig\u00bb ist ein Programm, das durch kollektive Ver\u00e4nderungen von Ern\u00e4hrungsgewohnheiten und Strukturen im Quartier einen nachhaltigen Ern\u00e4hrungsalltag m\u00f6glich macht. <\\\/p>\\n\",\n        \"addresses\": [\n            {\n                \"lat\": 47.37713309999998756438799318857491016387939453125,\n                \"lng\": 8.546865499999999116198523552156984806060791015625,\n                \"region\": 1640\n            }\n        ]\n    },\n    \"20\": {\n        \"id\": 10128,\n        \"logo\": false,\n        \"title\": \"dr Konfimaa\",\n        \"short_description\": \"<p>Handgemachte bio-Konfi aus \u00fcbersch\u00fcssigen Fr\u00fcchten, im Abo zu dir nach Hause geliefert<\\\/p>\\n\",\n        \"addresses\": [\n            {\n                \"lat\": 47.13677849999999835972630535252392292022705078125,\n                \"lng\": 7.2467908999999988139961715205572545528411865234375,\n                \"region\": 1638\n            }\n        ]\n    },\n    \"22\": {\n        \"id\": 6210,\n        \"logo\": \"https:\\\/\\\/foodwaste.ch\\\/wp-content\\\/uploads\\\/2019\\\/03\\\/Logo_einmach_biblio-300x294.png\",\n        \"title\": \"Einmach Bibliothek\",\n        \"short_description\": \"<p>In der Einmach Bibliothek kannst du Einmachwerkzeuge ausleihen oder nutzen, aus \u00dcbersch\u00fcssen Eingemachtes machen, Workshops besuchen und die Techniken des Einmachens und Konservierens lernen.<br \\\/>\\nZudem kannst du jeden Mittwoch auf der Guggach Brache Bio-Gem\u00fcse retten!<\\\/p>\\n\",\n        \"addresses\": [\n            {\n                \"lat\": \"47.4027411\",\n                \"lng\": \"8.534381100000019\",\n                \"region\": 1640\n            }\n        ]\n    },\n    \"23\": {\n        \"id\": 13409,\n        \"logo\": \"https:\\\/\\\/foodwaste.ch\\\/wp-content\\\/uploads\\\/2022\\\/08\\\/Logo-Gueggel-mit-Schrift-3cm-300x300.jpg\",\n        \"title\": \"Essen am Gleis\",\n        \"short_description\": \"<p>Kostenlose Abgabe von \u00fcbersch\u00fcssigen Lebensmitteln f\u00fcr jedermann \\\/ jedefrau, jeweils freitags<\\\/p>\\n\",\n        \"addresses\": [\n            {\n                \"lat\": 47.4751432999999991579898050986230373382568359375,\n                \"lng\": 9.495678999999999092551661306060850620269775390625,\n                \"region\": 1636\n            }\n        ]\n    },\n    \"24\": {\n        \"id\": 8954,\n        \"logo\": false,\n        \"title\": \"Essen f\u00fcr alle\",\n        \"short_description\": \"<p>Food-Save-Buffet einmal im Monat<\\\/p>\\n\",\n        \"addresses\": [\n            {\n                \"lat\": 47.34853100000000125646693049930036067962646484375,\n                \"lng\": 7.91196269999999923783207123051397502422332763671875,\n                \"region\": 1637\n            }\n        ]\n    },\n    \"26\": {\n        \"id\": 20088,\n        \"logo\": \"https:\\\/\\\/foodwaste.ch\\\/wp-content\\\/uploads\\\/2024\\\/04\\\/FeinesausLU_sw-300x99.jpg\",\n        \"title\": \"Feines aus Luzern \u00abAp\u00e9ro-Perlen\u00bb\",\n        \"short_description\": \"<p>Die Ap\u00e9ro-Perlen entstehen aus gutem Brot, das nicht der Norm entspricht.<\\\/p>\\n\",\n        \"addresses\": [\n            {\n                \"lat\": 47.13106210000000118043317343108355998992919921875,\n                \"lng\": 8.25202039999999925612428341992199420928955078125,\n                \"region\": 1635\n            }\n        ]\n    },\n    \"28\": {\n        \"id\": 13015,\n        \"logo\": \"https:\\\/\\\/foodwaste.ch\\\/wp-content\\\/uploads\\\/2022\\\/05\\\/foodchat_logo_animiert-300x295.gif\",\n        \"title\": \"Food Chat\",\n        \"short_description\": \"<p>Der Chat gegen Food Waste: Gib Fr\u00fcchten und Gem\u00fcse eine zweite Chance<\\\/p>\\n\",\n        \"addresses\": [\n            {\n                \"lat\": 47.63560040000000839199856272898614406585693359375,\n                \"lng\": 9.209518700000000279715095530264079570770263671875,\n                \"region\": 1636\n            },\n            {\n                \"lat\": 47.49805839999999790279616718180477619171142578125,\n                \"lng\": 8.79825459999999992533048498444259166717529296875,\n                \"region\": 1640\n            },\n            {\n                \"lat\": 47.66930099999999725923771620728075504302978515625,\n                \"lng\": 9.07993710000000220361471292562782764434814453125,\n                \"region\": 1636\n            },\n            {\n                \"lat\": 47.6600329999999985375325195491313934326171875,\n                \"lng\": 8.818022299999999091824065544642508029937744140625,\n                \"region\": 1636\n            },\n            {\n                \"lat\": 47.55359969999999947276592138223350048065185546875,\n                \"lng\": 8.8987540999999996671476765186525881290435791015625,\n                \"region\": 1636\n            },\n            {\n                \"lat\": 47.3621531000000004496541805565357208251953125,\n                \"lng\": 9.4524457000000001727357812342233955860137939453125,\n                \"region\": 1636\n            },\n            {\n                \"lat\": 47.41556080000000150675987242721021175384521484375,\n                \"lng\": 9.24885199999999940700945444405078887939453125,\n                \"region\": 1636\n            },\n            {\n                \"lat\": 47.3857009000000033438482205383479595184326171875,\n                \"lng\": 9.2798472000000007398057277896441519260406494140625,\n                \"region\": 1636\n            },\n            {\n                \"lat\": 47.26074200000000047339199227280914783477783203125,\n                \"lng\": 8.596363000000000198497218661941587924957275390625,\n                \"region\": 1640\n            },\n            {\n                \"lat\": 47.5935362000000026228008209727704524993896484375,\n                \"lng\": 9.3177304000000003014747562701813876628875732421875,\n                \"region\": 1636\n            },\n            {\n                \"lat\": 47.51957010000000281024767900817096233367919921875,\n                \"lng\": 8.9340549999999989694288160535506904125213623046875,\n                \"region\": 1636\n            },\n            {\n                \"lat\": 47.5657077999999984285750542767345905303955078125,\n                \"lng\": 9.377195900000000250429366133175790309906005859375,\n                \"region\": 1636\n            },\n            {\n                \"lat\": 47.42448180000000235168045037426054477691650390625,\n                \"lng\": 9.376717299999999255533111863769590854644775390625,\n                \"region\": 1636\n            },\n            {\n                \"lat\": 47.3907420000000030313458410091698169708251953125,\n                \"lng\": 9.389246299999999934016159386374056339263916015625,\n                \"region\": 1636\n            },\n            {\n                \"lat\": 47.4078753000000006068148650228977203369140625,\n                \"lng\": 9.4647144000000000829686541692353785037994384765625,\n                \"region\": 1636\n            },\n            {\n                \"lat\": 47.2026435999999876003130339086055755615234375,\n                \"lng\": 8.9423674000000001882426658994518220424652099609375,\n                \"region\": 1635\n            }\n        ]\n    },\n    \"30\": {\n        \"id\": 11148,\n        \"logo\": \"https:\\\/\\\/foodwaste.ch\\\/wp-content\\\/uploads\\\/2021\\\/03\\\/foodangels_Profilbild-300x300.png\",\n        \"title\": \"Foodangels\",\n        \"short_description\": \"<p>Der Verein foodangels engagiert sich f\u00fcr die Weiterverwendung von \u00fcbersch\u00fcssigen oder fehlerhaften Lebensmitteln aus Grosshandel, Detailhandel und Produktion.<\\\/p>\\n\",\n        \"addresses\": [\n            {\n                \"lat\": 47.56560319999999819629010744392871856689453125,\n                \"lng\": 7.61177310000000062473191064782440662384033203125,\n                \"region\": 1637\n            }\n        ]\n    },\n    \"32\": {\n        \"id\": 13358,\n        \"logo\": \"https:\\\/\\\/foodwaste.ch\\\/wp-content\\\/uploads\\\/2022\\\/07\\\/Foodoo_Savetheveggies_1_sw-300x149.png\",\n        \"title\": \"FOODOO\",\n        \"short_description\": \"<p>\u00c4usserlichkeiten sind Foodoo egal, es sind die inneren Werte, auf die es ankommt! <\\\/p>\\n\",\n        \"addresses\": [\n            {\n                \"lat\": 46.96147680000000690370143274776637554168701171875,\n                \"lng\": 7.56524519999999967012627166695892810821533203125,\n                \"region\": 1638\n            }\n        ]\n    },\n    \"33\": {\n        \"id\": 15460,\n        \"logo\": \"https:\\\/\\\/foodwaste.ch\\\/wp-content\\\/uploads\\\/2023\\\/05\\\/foodsavemarkt_logo-300x180.jpg\",\n        \"title\": \"foodsavemarkt\",\n        \"short_description\": \"<p>Jeden Mittwoch von 16 bis 18 Uhr verkauft dieCuisine Fr\u00fcchte- und Gem\u00fcse\u00fcbersch\u00fcsse aus dem Grosshandel zu g\u00fcnstigen Preisen. <\\\/p>\\n\",\n        \"addresses\": [\n            {\n                \"lat\": 47.39251139999999651308826287277042865753173828125,\n                \"lng\": 8.492144599999999599049260723404586315155029296875,\n                \"region\": 1640\n            }\n        ]\n    },\n    \"36\": {\n        \"id\": 16361,\n        \"logo\": \"https:\\\/\\\/foodwaste.ch\\\/wp-content\\\/uploads\\\/2023\\\/08\\\/freego-Logo.jpg\",\n        \"title\": \"Free-Go\",\n        \"short_description\": \"<p>Un r\u00e9seau de r\u00e9frig\u00e9rateurs en libre-service pour r\u00e9duire le gaspillage alimentaire \u00e0 Gen\u00e8ve <\\\/p>\\n\",\n        \"addresses\": [\n            {\n                \"lat\": 46.20439069999999759374986751936376094818115234375,\n                \"lng\": 6.143157699999999721285348641686141490936279296875,\n                \"region\": 1641\n            }\n        ]\n    },\n    \"37\": {\n        \"id\": 6226,\n        \"logo\": \"https:\\\/\\\/foodwaste.ch\\\/wp-content\\\/uploads\\\/2019\\\/04\\\/frischer-fritz-300x147.png\",\n        \"title\": \"Frischer Fritz iss auf\",\n        \"short_description\": \"<p>Frischer Fritz rettet einwandfreie Lebensmittel und bringt sie zu Konsumentinnen und Konsumenten. Dazu arbeitet Fritz mit verschiedenen regionalen und nationalen Partnerinnen und Partnern zusammen und leistet einen wesentlichen Beitrag gegen die Lebensmittelverschwendung.  <\\\/p>\\n\",\n        \"addresses\": [\n            {\n                \"lat\": 46.76019900000000006912159733474254608154296875,\n                \"lng\": 7.62843489999999935236019155126996338367462158203125,\n                \"region\": 1638\n            }\n        ]\n    },\n    \"38\": {\n        \"id\": 6062,\n        \"logo\": \"https:\\\/\\\/foodwaste.ch\\\/wp-content\\\/uploads\\\/2025\\\/09\\\/Logo1kl-2.jpg\",\n        \"title\": \"Fr\u00fctile\",\n        \"short_description\": \"<p>Production de confitures et d'autres produits \u00e0 partir de fruits invendus<\\\/p>\\n\",\n        \"addresses\": [\n            {\n                \"lat\": \"46.80432929999999\",\n                \"lng\": \"7.1583663000000115\",\n                \"region\": 1641\n            }\n        ]\n    },\n    \"39\": {\n        \"id\": 10115,\n        \"logo\": \"https:\\\/\\\/foodwaste.ch\\\/wp-content\\\/uploads\\\/2020\\\/05\\\/Logo-Gemuesekeller-300x300.jpg\",\n        \"title\": \"Gem\u00fcsekeller\",\n        \"short_description\": \"<p>Verkauf von \\\"gerettetem\\\" Bio Gem\u00fcse und Fr\u00fcchten und von Produkten lokaler Produzenten<\\\/p>\\n\",\n        \"addresses\": [\n            {\n                \"lat\": 47.05593569999999914443833404220640659332275390625,\n                \"lng\": 7.62722430000000084504563346854411065578460693359375,\n                \"region\": 1638\n            },\n            {\n                \"lat\": 46.9378621999999978697815095074474811553955078125,\n                \"lng\": 7.79068240000000056255657909787259995937347412109375,\n                \"region\": 1638\n            }\n        ]\n    },\n    \"41\": {\n        \"id\": 13470,\n        \"logo\": \"https:\\\/\\\/foodwaste.ch\\\/wp-content\\\/uploads\\\/2022\\\/08\\\/Logo_Loeoeoev-Kopie-002-300x119.jpg\",\n        \"title\": \"Glace L\u00f6\u00f6\u00f6v\",\n        \"short_description\": \"<p>Spread the L\u00f6\u00f6\u00f6v \u2013 L\u00f6\u00f6\u00f6v produziert Glac\u00e9 aus geretteten und lokalen Zutaten.<\\\/p>\\n\",\n        \"addresses\": [\n            {\n                \"lat\": 47.56560319999999819629010744392871856689453125,\n                \"lng\": 7.61177310000000062473191064782440662384033203125,\n                \"region\": 1637\n            }\n        ]\n    },\n    \"42\": {\n        \"id\": 10952,\n        \"logo\": \"https:\\\/\\\/foodwaste.ch\\\/wp-content\\\/uploads\\\/2021\\\/01\\\/global-300x101.jpeg\",\n        \"title\": \"GLoBAL-Treff Romanshorn\",\n        \"short_description\": \"<p>Gemeinsam, lokal, biologisch leben und arbeiten in Romanshorn<\\\/p>\\n\",\n        \"addresses\": [\n            {\n                \"lat\": 47.5657077999999984285750542767345905303955078125,\n                \"lng\": 9.377195900000000250429366133175790309906005859375,\n                \"region\": 1636\n            }\n        ]\n    },\n    \"43\": {\n        \"id\": 6184,\n        \"logo\": \"https:\\\/\\\/foodwaste.ch\\\/wp-content\\\/uploads\\\/2019\\\/03\\\/logo-gg-positiv_1.png\",\n        \"title\": \"gm\u00fcesgarte\",\n        \"short_description\": \"<p>Der gm\u00fcesgarte Bern verkauft an der Marktgasse 19 \\\"chrummes und frisches\\\" Gem\u00fcse, welches von landwirtschaftlichen Betrieben aussortiert wird, da es nicht den Anspr\u00fcchen der Konsumentinnen und Konsumenten entspricht. <\\\/p>\\n\",\n        \"addresses\": [\n            {\n                \"lat\": \"46.9478182\",\n                \"lng\": \"7.446340299999974\",\n                \"region\": 1638\n            }\n        ]\n    },\n    \"45\": {\n        \"id\": 15775,\n        \"logo\": \"https:\\\/\\\/foodwaste.ch\\\/wp-content\\\/uploads\\\/2023\\\/06\\\/Logo_mit-Farbverlauf.jpeg\",\n        \"title\": \"Good Market\",\n        \"short_description\": \"<p>Good Market ist ein Z\u00fcrcher Start-up, das lokale Bauern unterst\u00fctzt, indem es \u00fcbersch\u00fcssiges und optisch unperfektes Bio-Gem\u00fcse fair bezahlt und sowohl als Gem\u00fcseretterkisten in der gesamten Stadt Z\u00fcrich als auch an die Gastronomie vermittelt. <\\\/p>\\n\",\n        \"addresses\": [\n            {\n                \"lat\": 47.37688659999999885030774748884141445159912109375,\n                \"lng\": 8.54169399999999967576513881795108318328857421875,\n                \"region\": 1640\n            }\n        ]\n    },\n    \"46\": {\n        \"id\": 13538,\n        \"logo\": \"https:\\\/\\\/foodwaste.ch\\\/wp-content\\\/uploads\\\/2022\\\/09\\\/GPClimat_VertTransp-2-300x300.png\",\n        \"title\": \"Grands-Parents pour le climat - L\u2019Alimentation, une cl\u00e9 pour la transition\",\n        \"short_description\": \"<p>Afin de r\u00e9pondre \u00e0 l'envie de ses membres d\u2019agir concr\u00e8tement pour le climat, \\\"les grands-parents\\\" pour le climat ont mis sur pied un projet sur l'alimentation durable qui permet de passer \u00e0 l\u2019action individuellement mais aussi collectivement dans votre commune ou quartier.<\\\/p>\\n\",\n        \"addresses\": [\n            {\n                \"lat\": 46.52013909999998730881998199038207530975341796875,\n                \"lng\": 6.6427496000000001430407792213372886180877685546875,\n                \"region\": 1641\n            }\n        ]\n    },\n    \"47\": {\n        \"id\": 6237,\n        \"logo\": \"https:\\\/\\\/foodwaste.ch\\\/wp-content\\\/uploads\\\/2019\\\/04\\\/Grassrooted_Logo-300x257.jpg\",\n        \"title\": \"Grassrooted\",\n        \"short_description\": \"<p>Gemeinn\u00fctziger Verein sowie sozaiels Unternehmen aus Z\u00fcrich zur Bek\u00e4mpfung von Food Waste und zur F\u00f6rderung von \u00f6kologischer und regenerativer Landwirtschaft.<\\\/p>\\n\",\n        \"addresses\": [\n            {\n                \"lat\": 47.37288050000000083628037828020751476287841796875,\n                \"lng\": 8.52482810000000057470970205031335353851318359375,\n                \"region\": 1640\n            }\n        ]\n    },\n    \"51\": {\n        \"id\": 6298,\n        \"logo\": \"https:\\\/\\\/foodwaste.ch\\\/wp-content\\\/uploads\\\/2019\\\/06\\\/juckerfarm_logo.svg\",\n        \"title\": \"Juckerfarm\",\n        \"short_description\": \"<p>Vier Erlebnish\u00f6fe, zwei Restaurants, ein Produktionshof sowie drei Hofl\u00e4den machen die Juckerfarm AG aus. Hier wird Landwirtschaft zum Erlebnis! In der HofAkademie soll Wissen und Erfahrung weitergegeben werden. <\\\/p>\\n\",\n        \"addresses\": [\n            {\n                \"lat\": \"47.3439168\",\n                \"lng\": \"8.77273409999998\",\n                \"region\": 1640\n            },\n            {\n                \"lat\": \"47.2198334\",\n                \"lng\": \"8.843949199999997\",\n                \"region\": 1636\n            },\n            {\n                \"lat\": \"47.599278\",\n                \"lng\": \"8.555192499999976\",\n                \"region\": 1640\n            },\n            {\n                \"lat\": \"47.4665326\",\n                \"lng\": \"8.568431099999998\",\n                \"region\": 1640\n            }\n        ]\n    },\n    \"52\": {\n        \"id\": 13267,\n        \"logo\": \"https:\\\/\\\/foodwaste.ch\\\/wp-content\\\/uploads\\\/2022\\\/07\\\/JustNoWaste-logo-circle-300x300.png\",\n        \"title\": \"Just No Waste\",\n        \"short_description\": \"<p>Make your event sustainable !<\\\/p>\\n\",\n        \"addresses\": [\n            {\n                \"lat\": 46.567487999999997327904566191136837005615234375,\n                \"lng\": 6.6809642000000000194859239854849874973297119140625,\n                \"region\": 1641\n            }\n        ]\n    },\n    \"53\": {\n        \"id\": 10732,\n        \"logo\": \"https:\\\/\\\/foodwaste.ch\\\/wp-content\\\/uploads\\\/2020\\\/10\\\/Kalle-300x300.jpg\",\n        \"title\": \"Kalle\",\n        \"short_description\": \"<p>Kalle, der K\u00fchlschrank f\u00fcr Alle ist ein \u00f6ffentlich zug\u00e4nglicher K\u00fchlschrank, wo nicht ben\u00f6tigte Lebensmittel f\u00fcr andere deponiert werden k\u00f6nnen.<\\\/p>\\n\",\n        \"addresses\": [\n            {\n                \"lat\": 47.4869944000000003825334715656936168670654296875,\n                \"lng\": 8.2918056999999993905703377095051109790802001953125,\n                \"region\": 1637\n            }\n        ]\n    },\n    \"55\": {\n        \"id\": 10760,\n        \"logo\": \"https:\\\/\\\/foodwaste.ch\\\/wp-content\\\/uploads\\\/2020\\\/11\\\/klimafreunde.jpg\",\n        \"title\": \"Klimafreunde\",\n        \"short_description\": \"<p>Die Klimafreunde bieten Beratungen, Vortr\u00e4ge, Workshops und andere Veranstaltungen rund um klimafreundliches Leben und Handeln an.<\\\/p>\\n\",\n        \"addresses\": [\n            {\n                \"lat\": 47.5221494999999976016624714247882366180419921875,\n                \"lng\": 7.81653479999999856175918466760776937007904052734375,\n                \"region\": 1637\n            }\n        ]\n    },\n    \"56\": {\n        \"id\": 20548,\n        \"logo\": \"https:\\\/\\\/foodwaste.ch\\\/wp-content\\\/uploads\\\/2024\\\/06\\\/logo_chana_fond-blanc-255x300.png\",\n        \"title\": \"L'Epicerie Chana\",\n        \"short_description\": \"<p>Epicerie en vrac <\\\/p>\\n\",\n        \"addresses\": [\n            {\n                \"lat\": 46.82229629999999787060005473904311656951904296875,\n                \"lng\": 7.15094379999999940622501526377163827419281005859375,\n                \"region\": 1641\n            }\n        ]\n    },\n    \"57\": {\n        \"id\": 13463,\n        \"logo\": \"https:\\\/\\\/foodwaste.ch\\\/wp-content\\\/uploads\\\/2022\\\/08\\\/Logo_La-ruche-eco-291x300.png\",\n        \"title\": \"La ruche \u00e9co\",\n        \"short_description\": \"<p>Epicerie participative proposant des produits bio locaux et sans emballage.<\\\/p>\\n\",\n        \"addresses\": [\n            {\n                \"lat\": 46.639884399999999686770024709403514862060546875,\n                \"lng\": 6.63612160000000006476739145000465214252471923828125,\n                \"region\": 1641\n            }\n        ]\n    },\n    \"58\": {\n        \"id\": 12223,\n        \"logo\": \"https:\\\/\\\/foodwaste.ch\\\/wp-content\\\/uploads\\\/2022\\\/01\\\/La-sauvette-logo-fond-plein-300x300.png\",\n        \"title\": \"la sauvette\",\n        \"short_description\": \"<p>Transformation et conservation de fruits et l\u00e9gumes r\u00e9cup\u00e9r\u00e9s directement chez des producteurs de la r\u00e9gion lausannoise<\\\/p>\\n\",\n        \"addresses\": [\n            {\n                \"lat\": 46.53643779999998741914168931543827056884765625,\n                \"lng\": 6.5909098999999997658960637636482715606689453125,\n                \"region\": 1641\n            }\n        ]\n    },\n    \"59\": {\n        \"id\": 13787,\n        \"logo\": \"https:\\\/\\\/foodwaste.ch\\\/wp-content\\\/uploads\\\/2023\\\/01\\\/logo-CVDP-300x113.png\",\n        \"title\": \"Les Rescap\u00e9s du potager\",\n        \"short_description\": \"<p>Projet de revalorisation des invendus (fruits et l\u00e9gumes) en collaboration avec l'atelier alimentaire de la FOVAHM<\\\/p>\\n\",\n        \"addresses\": [\n            {\n                \"lat\": 46.23312210000000277432263828814029693603515625,\n                \"lng\": 7.36062599999999900290958976256661117076873779296875,\n                \"region\": 1643\n            }\n        ]\n    },\n    \"62\": {\n        \"id\": 13338,\n        \"logo\": \"https:\\\/\\\/foodwaste.ch\\\/wp-content\\\/uploads\\\/2022\\\/07\\\/ma_terre_logo_coul-300x74.jpg\",\n        \"title\": \"Ma-terre\",\n        \"short_description\": \"<p>La Maison de l'Alimentation du Territoire Genevois: Sensibiliser \u2013 Former \u2013 Valoriser \u2013 Renforcer<\\\/p>\\n\",\n        \"addresses\": [\n            {\n                \"lat\": 46.22426730000000105746948975138366222381591796875,\n                \"lng\": 6.129134199999999310648490791209042072296142578125,\n                \"region\": 1641\n            }\n        ]\n    },\n    \"63\": {\n        \"id\": 29937,\n        \"logo\": \"https:\\\/\\\/foodwaste.ch\\\/wp-content\\\/uploads\\\/2025\\\/11\\\/madame-frigo_logo.svg\",\n        \"title\": \"Madame Frigo\",\n        \"short_description\": \"<p>Les aliments qui pourrissent dans le r\u00e9frig\u00e9rateur, c'est du pass\u00e9. Gr\u00e2ce \u00e0 Madame Frigo, tu peux placer les aliments dont tu n'as plus besoin dans un r\u00e9frig\u00e9rateur public et ainsi faire plaisir \u00e0 quelqu'un.  <\\\/p>\\n\",\n        \"addresses\": [\n            {\n                \"lat\": 47.392653400000000374348019249737262725830078125,\n                \"lng\": 8.045291299999998813063939451240003108978271484375,\n                \"region\": 2099\n            },\n            {\n                \"lat\": 47.50078160000000337959136231802403926849365234375,\n                \"lng\": 7.55329569999999961282810545526444911956787109375,\n                \"region\": 2099\n            },\n            {\n                \"lat\": 47.55517439999999851352185942232608795166015625,\n                \"lng\": 7.61440949999999983077714205137453973293304443359375,\n                \"region\": 2099\n            },\n            {\n                \"lat\": 46.9476370000000002846718416549265384674072265625,\n                \"lng\": 7.43947629999999993088977134902961552143096923828125,\n                \"region\": 2097\n            },\n            {\n                \"lat\": 46.80363280000000258951331488788127899169921875,\n                \"lng\": 7.1647870999999998531393430312164127826690673828125,\n                \"region\": 2101\n            },\n            {\n                \"lat\": 46.8505879000000078349330578930675983428955078125,\n                \"lng\": 9.5348775999999997310396793182007968425750732421875,\n                \"region\": 2100\n            },\n            {\n                \"lat\": 47.3630260999999990190190146677196025848388671875,\n                \"lng\": 7.34716660000000043595491661108098924160003662109375,\n                \"region\": 2101\n            },\n            {\n                \"lat\": 47.04561749999999875626599532552063465118408203125,\n                \"lng\": 8.3068168000000017769934856914915144443511962890625,\n                \"region\": 2106\n            },\n            {\n                \"lat\": 46.8959449999999975489117787219583988189697265625,\n                \"lng\": 8.2453833000000003039531293325126171112060546875,\n                \"region\": 2106\n            },\n            {\n                \"lat\": 47.75495879999999715437297709286212921142578125,\n                \"lng\": 8.6704083999999994603058439679443836212158203125,\n                \"region\": 2100\n            },\n            {\n                \"lat\": 47.128918400000003430250217206776142120361328125,\n                \"lng\": 8.741393699999999711280906922183930873870849609375,\n                \"region\": 2106\n            },\n            {\n                \"lat\": 47.30175220000000280151652987115085124969482421875,\n                \"lng\": 7.7946308999999995847929312731139361858367919921875,\n                \"region\": 2099\n            },\n            {\n                \"lat\": 47.41391120000000825029928819276392459869384765625,\n                \"lng\": 9.250676999999999594592736684717237949371337890625,\n                \"region\": 2100\n            },\n            {\n                \"lat\": 46.1677697999999878675225772894918918609619140625,\n                \"lng\": 8.79589849999999984220266924239695072174072265625,\n                \"region\": 2103\n            },\n            {\n                \"lat\": 47.55233890000000229747456614859402179718017578125,\n                \"lng\": 8.8886951999999990192691257107071578502655029296875,\n                \"region\": 2100\n            },\n            {\n                \"lat\": 46.88111909999999937781467451713979244232177734375,\n                \"lng\": 8.6436019999999995633288563112728297710418701171875,\n                \"region\": 2106\n            },\n            {\n                \"lat\": 46.5482157000000000834916136227548122406005859375,\n                \"lng\": 6.6707795000000000840145730762742459774017333984375,\n                \"region\": 2101\n            },\n            {\n                \"lat\": 46.3158693999999968582415021955966949462890625,\n                \"lng\": 7.98865689999999961656840241630561649799346923828125,\n                \"region\": 2104\n            },\n            {\n                \"lat\": 47.1951013999999986481270752847194671630859375,\n                \"lng\": 8.5227209999999988809804563061334192752838134765625,\n                \"region\": 2106\n            },\n            {\n                \"lat\": 47.37496310000000221407390199601650238037109375,\n                \"lng\": 8.53997700000000037334757507778704166412353515625,\n                \"region\": 2098\n            },\n            {\n                \"lat\": 47.04692759999999651654434273950755596160888671875,\n                \"lng\": 8.3093422999999990707920005661435425281524658203125,\n                \"region\": false\n            }\n        ]\n    },\n    \"66\": {\n        \"id\": 13318,\n        \"logo\": \"https:\\\/\\\/foodwaste.ch\\\/wp-content\\\/uploads\\\/2022\\\/07\\\/cropped-MyBluePlanet_LOGO_weiss_auf_blau-300x300.png\",\n        \"title\": \"MyBluePlanet\",\n        \"short_description\": \"<p>Ensemble vers un avenir respectueux du climat.<\\\/p>\\n\",\n        \"addresses\": [\n            {\n                \"lat\": 46.51965349999999688179741497151553630828857421875,\n                \"lng\": 6.63227339999999987441015036893077194690704345703125,\n                \"region\": 1641\n            }\n        ]\n    },\n    \"69\": {\n        \"id\": 6342,\n        \"logo\": \"https:\\\/\\\/foodwaste.ch\\\/wp-content\\\/uploads\\\/2019\\\/06\\\/partage-logo.jpg\",\n        \"title\": \"Partage\",\n        \"short_description\": \"<p>La plateforme genevoise qui a d\u00e9clar\u00e9 la guerre au gaspillage alimentaire. <\\\/p>\\n\",\n        \"addresses\": [\n            {\n                \"lat\": 46.16554519999999683932401239871978759765625,\n                \"lng\": 6.10193449999999959487695377902127802371978759765625,\n                \"region\": 1641\n            }\n        ]\n    },\n    \"73\": {\n        \"id\": 6059,\n        \"logo\": \"https:\\\/\\\/foodwaste.ch\\\/wp-content\\\/uploads\\\/2019\\\/01\\\/restessbar_logo-300x300.jpg\",\n        \"title\": \"RestEssBar\",\n        \"short_description\": \"<p>Eine RestEssBar ist ein \u00f6ffentlicher K\u00fchlschrank, der mit \u00fcbersch\u00fcssigen Lebensmitteln bef\u00fcllt wird und allen kostenlos zur Verf\u00fcgung steht.<\\\/p>\\n\",\n        \"addresses\": [\n            {\n                \"lat\": 47.192824999999999135980033315718173980712890625,\n                \"lng\": 7.39444200000000062544813772547058761119842529296875,\n                \"region\": 1637\n            },\n            {\n                \"lat\": 47.0629670000000004392859409563243389129638671875,\n                \"lng\": 7.6303050999999992853872754494659602642059326171875,\n                \"region\": 1638\n            },\n            {\n                \"lat\": 47.2007118999999875086359679698944091796875,\n                \"lng\": 7.52828710000000000945874489843845367431640625,\n                \"region\": 1637\n            },\n            {\n                \"lat\": 47.3547463000000021793312043882906436920166015625,\n                \"lng\": 7.90742109999999964742301017395220696926116943359375,\n                \"region\": 1637\n            },\n            {\n                \"lat\": 47.28977009999999836509232409298419952392578125,\n                \"lng\": 7.7261922999999992356379152624867856502532958984375,\n                \"region\": 1637\n            },\n            {\n                \"lat\": \"47.291729\",\n                \"lng\": \"7.944729100000018\",\n                \"region\": 1637\n            },\n            {\n                \"lat\": \"47.4766834\",\n                \"lng\": \"8.304562199999964\",\n                \"region\": 1637\n            },\n            {\n                \"lat\": 47.0414085999999969089913065545260906219482421875,\n                \"lng\": 8.30713899999999938472683425061404705047607421875,\n                \"region\": 1635\n            },\n            {\n                \"lat\": \"47.03401189999999\",\n                \"lng\": \"8.276409699999931\",\n                \"region\": 1635\n            },\n            {\n                \"lat\": 47.1195011999999877616573940031230449676513671875,\n                \"lng\": 7.99767720000000092994696387904696166515350341796875,\n                \"region\": 1635\n            },\n            {\n                \"lat\": 47.17042810000000230274963541887700557708740234375,\n                \"lng\": 8.09898319999999927176759229041635990142822265625,\n                \"region\": 1635\n            },\n            {\n                \"lat\": 46.7908869999999978972482495009899139404296875,\n                \"lng\": 9.81894319999999964920789352618157863616943359375,\n                \"region\": 1636\n            },\n            {\n                \"lat\": 46.96224309999998780540408915840089321136474609375,\n                \"lng\": 9.556826799999999622059476678259670734405517578125,\n                \"region\": 1636\n            },\n            {\n                \"lat\": \"47.69393849999999\",\n                \"lng\": \"8.634304799999995\",\n                \"region\": 1636\n            },\n            {\n                \"lat\": 47.6405223000000006550180842168629169464111328125,\n                \"lng\": 9.1953560999999996994347384315915405750274658203125,\n                \"region\": 1636\n            },\n            {\n                \"lat\": 47.49474049999999891724655753932893276214599609375,\n                \"lng\": 8.732609599999999971942088450305163860321044921875,\n                \"region\": 1640\n            },\n            {\n                \"lat\": 47.51847650000001266334948013536632061004638671875,\n                \"lng\": 8.7637532999999994132167557836510241031646728515625,\n                \"region\": 1640\n            },\n            {\n                \"lat\": 47.4911849999999873261913307942450046539306640625,\n                \"lng\": 8.7078147999999995221287463209591805934906005859375,\n                \"region\": 1640\n            },\n            {\n                \"lat\": 47.43290019999999884703356656245887279510498046875,\n                \"lng\": 9.3913554000000001309444996877573430538177490234375,\n                \"region\": 1636\n            }\n        ]\n    },\n    \"75\": {\n        \"id\": 15467,\n        \"logo\": \"https:\\\/\\\/foodwaste.ch\\\/wp-content\\\/uploads\\\/2023\\\/06\\\/rf-logo-002.jpg\",\n        \"title\": \"RobinFood\",\n        \"short_description\": \"<p>Das prim\u00e4re Ziel von RobinFood ist es, mit den uns gegebenen Mitteln m\u00f6glichst viele Restlebensmittel in Biel und Umgebung zur Wiederverwendung bereitstellen zu k\u00f6nnen. <\\\/p>\\n\",\n        \"addresses\": [\n            {\n                \"lat\": 47.13677849999999835972630535252392292022705078125,\n                \"lng\": 7.24679089999999970217459122068248689174652099609375,\n                \"region\": 1638\n            }\n        ]\n    },\n    \"76\": {\n        \"id\": 9433,\n        \"logo\": \"https:\\\/\\\/foodwaste.ch\\\/wp-content\\\/uploads\\\/2020\\\/03\\\/Logo_vect_alle_v21-2-300x177.jpg\",\n        \"title\": \"Rohnatur \u2013 Kostbares Seeland\",\n        \"short_description\": \"<p>Im Herzen vom Seeland werden normabweichendes Obst und Gem\u00fcse direkt verarbeitet, zu schonend getrockneten Spezialit\u00e4ten veredelt.<\\\/p>\\n\",\n        \"addresses\": [\n            {\n                \"lat\": \"47.0263567\",\n                \"lng\": \"7.178505800000001\",\n                \"region\": 1638\n            }\n        ]\n    },\n    \"77\": {\n        \"id\": 12608,\n        \"logo\": \"https:\\\/\\\/foodwaste.ch\\\/wp-content\\\/uploads\\\/2022\\\/04\\\/logo-desktop-300x166.png\",\n        \"title\": \"S\u00e4lberernte\",\n        \"short_description\": \"<p>Selbsternte-Gem\u00fcsegarten: Wir s\u00e4en, pflanzen, pflegen \u2013 Sie ernten und geniessen!<\\\/p>\\n\",\n        \"addresses\": [\n            {\n                \"lat\": 47.23535989999999884503267821855843067169189453125,\n                \"lng\": 8.3690997999999989787056620116345584392547607421875,\n                \"region\": 1637\n            }\n        ]\n    },\n    \"78\": {\n        \"id\": 6339,\n        \"logo\": \"https:\\\/\\\/foodwaste.ch\\\/wp-content\\\/uploads\\\/2019\\\/06\\\/schweizer-tafel_Logo-mit-Claim-300x237.png\",\n        \"title\": \"Schweizer Tafel\",\n        \"short_description\": \"<p>Essen verteilen - Armut lindern<\\\/p>\\n\",\n        \"addresses\": [\n            {\n                \"lat\": 46.9073867999999976063918438740074634552001953125,\n                \"lng\": 7.47415919999999989187244864297099411487579345703125,\n                \"region\": 1638\n            },\n            {\n                \"lat\": 47.52037610000000000809450284577906131744384765625,\n                \"lng\": 7.677590699999999657165972166694700717926025390625,\n                \"region\": 1637\n            },\n            {\n                \"lat\": 47.4180062999999876183210290037095546722412109375,\n                \"lng\": 9.36353629999999981237124302424490451812744140625,\n                \"region\": 1636\n            },\n            {\n                \"lat\": 46.5324341999999973040758050046861171722412109375,\n                \"lng\": 6.55675790000000002777369445539079606533050537109375,\n                \"region\": 1641\n            },\n            {\n                \"lat\": 47.08774050000000244153852690942585468292236328125,\n                \"lng\": 8.2514392999999994771087585831992328166961669921875,\n                \"region\": 1635\n            },\n            {\n                \"lat\": 47.40161719999999689889591536484658718109130859375,\n                \"lng\": 8.424251500000000447698766947723925113677978515625,\n                \"region\": 1640\n            },\n            {\n                \"lat\": 47.387574999999998226485331542789936065673828125,\n                \"lng\": 8.155786400000000213594830711372196674346923828125,\n                \"region\": 1637\n            },\n            {\n                \"lat\": 46.97439159999999702677087043412029743194580078125,\n                \"lng\": 7.193317300000000358295437763445079326629638671875,\n                \"region\": false\n            }\n        ]\n    },\n    \"80\": {\n        \"id\": 13325,\n        \"logo\": \"https:\\\/\\\/foodwaste.ch\\\/wp-content\\\/uploads\\\/2022\\\/07\\\/A-80821_HDJ_YSP_02-1-300x114.jpg\",\n        \"title\": \"SOS Fruits\",\n        \"short_description\": \"<p>SOS Fruits, un service de r\u00e9colte b\u00e9n\u00e9vole.<\\\/p>\\n\",\n        \"addresses\": [\n            {\n                \"lat\": 46.7784735999999981004293658770620822906494140625,\n                \"lng\": 6.6411829999999998364046405185945332050323486328125,\n                \"region\": 1641\n            }\n        ]\n    },\n    \"81\": {\n        \"id\": 6345,\n        \"logo\": \"https:\\\/\\\/foodwaste.ch\\\/wp-content\\\/uploads\\\/2019\\\/06\\\/logo-sieber-pfarrer-300x300.jpg\",\n        \"title\": \"Sozialwerk Pfarrer Sieber\",\n        \"short_description\": \"<p>Das Sozialwerk betreibt die Lebensmittelabgabestelle \\\"Reschtegl\u00fcck\\\": Obdachlose erhalten gesunde Mahlzeiten. <\\\/p>\\n\",\n        \"addresses\": [\n            {\n                \"lat\": \"47.3816207\",\n                \"lng\": \"8.517470600000024\",\n                \"region\": 1640\n            }\n        ]\n    },\n    \"83\": {\n        \"id\": 13368,\n        \"logo\": \"https:\\\/\\\/foodwaste.ch\\\/wp-content\\\/uploads\\\/2022\\\/07\\\/StarTerre_logo_17-02-2020-300x120.jpg\",\n        \"title\": \"Star'Terre\",\n        \"short_description\": \"<p>Permettre \u00e0 des entrepreneurs de d\u00e9velopper des projets innovants et durables qui cr\u00e9ent de la valeur au sein de la chaine alimentaire.<\\\/p>\\n\",\n        \"addresses\": [\n            {\n                \"lat\": 46.5093734000000011974407243542373180389404296875,\n                \"lng\": 6.627561799999998726207195431925356388092041015625,\n                \"region\": 1641\n            }\n        ]\n    },\n    \"84\": {\n        \"id\": 6356,\n        \"logo\": \"https:\\\/\\\/foodwaste.ch\\\/wp-content\\\/uploads\\\/2019\\\/06\\\/strunk-logo-300x300.png\",\n        \"title\": \"Strunk\",\n        \"short_description\": \"<p>In diesem Restaurant schmeckt Wegwerfgem\u00fcse aus dem Einmachglas ganz besonders hervorragend. <\\\/p>\\n\",\n        \"addresses\": [\n            {\n                \"lat\": \"46.94032900000001\",\n                \"lng\": \"7.47178150000002\",\n                \"region\": 1638\n            }\n        ]\n    },\n    \"86\": {\n        \"id\": 6359,\n        \"logo\": \"https:\\\/\\\/foodwaste.ch\\\/wp-content\\\/uploads\\\/2019\\\/06\\\/tables-du-rhone-300x106.png\",\n        \"title\": \"Tables du Rh\u00f4ne\",\n        \"short_description\": \"<p>Teilen anstatt verschwenden. <\\\/p>\\n\",\n        \"addresses\": [\n            {\n                \"lat\": \"46.2523184\",\n                \"lng\": \"6.961437899999964\",\n                \"region\": 1643\n            }\n        ]\n    },\n    \"87\": {\n        \"id\": 6065,\n        \"logo\": \"https:\\\/\\\/foodwaste.ch\\\/wp-content\\\/uploads\\\/2025\\\/09\\\/Logo-1-300x209.png\",\n        \"title\": \"Teller statt K\u00fcbel\",\n        \"short_description\": \"<p>Wir reduzieren Foodwaste und bek\u00e4mpfen dabei noch Armut in Dietikon.<\\\/p>\\n\",\n        \"addresses\": [\n            {\n                \"lat\": \"47.4053885\",\n                \"lng\": \"8.39976999999999\",\n                \"region\": 1640\n            }\n        ]\n    },\n    \"88\": {\n        \"id\": 6397,\n        \"logo\": \"https:\\\/\\\/foodwaste.ch\\\/wp-content\\\/uploads\\\/2019\\\/07\\\/Tessinerplatz-klein.png\",\n        \"title\": \"Tessinerplatz\",\n        \"short_description\": \"<p>Coworking. Coffee. Community. <\\\/p>\\n\",\n        \"addresses\": [\n            {\n                \"lat\": \"47.3640648\",\n                \"lng\": \"8.532166899999993\",\n                \"region\": 1640\n            }\n        ]\n    },\n    \"89\": {\n        \"id\": 31627,\n        \"logo\": \"https:\\\/\\\/foodwaste.ch\\\/wp-content\\\/uploads\\\/2026\\\/03\\\/testedirapa_logo.svg\",\n        \"title\": \"testedirapa zero waste (afiordigusto bistrot & bottega)\",\n        \"short_description\": \"<p>Dal 2009 afiordigusto \u00e8 bio bistrot & bottega e nel 2021 ha varato il progetto testedirapa zero waste per salvare vegetali e altre derrate bio, esclusi dal dettaglio. Li acquista dai coltivatori e dai distributori locali, li trasforma, li rivende e tiene workshop di pratiche zero waste.<\\\/p>\\n\",\n        \"addresses\": [\n            {\n                \"lat\": 46.0089631000000025551344151608645915985107421875,\n                \"lng\": 8.960450200000000364752850146032869815826416015625,\n                \"region\": 1642\n            }\n        ]\n    },\n    \"90\": {\n        \"id\": 20549,\n        \"logo\": \"https:\\\/\\\/foodwaste.ch\\\/wp-content\\\/uploads\\\/2024\\\/06\\\/Signet-1-ohne-Hintergrund-300x300.png\",\n        \"title\": \"The Goods Club\",\n        \"short_description\": \"<p>Qualit\u00e4tsprodukte zum Schn\u00e4pplipreis: The Goods Club verkauft Restpostenartikel von Grossh\u00e4ndlern & Produzenten und rettet die Lebensmittel somit vor dem Abfall. <\\\/p>\\n\",\n        \"addresses\": [\n            {\n                \"lat\": 47.3679460000000034369804779998958110809326171875,\n                \"lng\": 8.49562639999999902329363976605236530303955078125,\n                \"region\": 1640\n            }\n        ]\n    },\n    \"91\": {\n        \"id\": 24241,\n        \"logo\": \"https:\\\/\\\/foodwaste.ch\\\/wp-content\\\/uploads\\\/2025\\\/05\\\/TLFP_Logo-300x244.jpg\",\n        \"title\": \"The Lost Food Project Switzerland\",\n        \"short_description\": \"<p>Nous luttons contre le gaspillage alimentaire en Suisse en r\u00e9cup\u00e9rant et en redig\u00e9rant la nourriture de haute qualit\u00e9 vers les personnes locales dans le besoin.<\\\/p>\\n\",\n        \"addresses\": [\n            {\n                \"lat\": 46.38326829999999745268723927438259124755859375,\n                \"lng\": 6.23478520000000013823182598571293056011199951171875,\n                \"region\": 1641\n            }\n        ]\n    },\n    \"95\": {\n        \"id\": 10945,\n        \"logo\": \"https:\\\/\\\/foodwaste.ch\\\/wp-content\\\/uploads\\\/2021\\\/01\\\/signatur-emails.jpg\",\n        \"title\": \"Verein Hilfskette\",\n        \"short_description\": \"<p>Zusammen gegen Armut, Einsamkeit und Food Waste<\\\/p>\\n\",\n        \"addresses\": [\n            {\n                \"lat\": 47.49856270000000080244717537425458431243896484375,\n                \"lng\": 8.4551041999999991816139299771748483180999755859375,\n                \"region\": 1640\n            }\n        ]\n    },\n    \"97\": {\n        \"id\": 6351,\n        \"logo\": \"https:\\\/\\\/foodwaste.ch\\\/wp-content\\\/uploads\\\/2019\\\/06\\\/phari-logo.png\",\n        \"title\": \"Verein Phari\",\n        \"short_description\": \"<p>Der Verein PHARI unterst\u00fctzt Menschen, die am oder unter dem Existenzminimum leben. Zum Beispiel durch Abgabe von Nahrungsmitteln. <\\\/p>\\n\",\n        \"addresses\": [\n            {\n                \"lat\": \"47.4990611\",\n                \"lng\": \"7.553280800000039\",\n                \"region\": 1637\n            }\n        ]\n    },\n    \"98\": {\n        \"id\": 6180,\n        \"logo\": \"https:\\\/\\\/foodwaste.ch\\\/wp-content\\\/uploads\\\/2019\\\/02\\\/82480893_573375586543952_8020445684014514176_o-300x300.jpg\",\n        \"title\": \"Vivaconterra\",\n        \"short_description\": \"<p>Vivaconterra betreibt jeweils mittwochs einen Marktstand mit Gem\u00fcse in bio- oder demeter-Qualit\u00e4t, welches nicht der Handelsnorm entspricht. <\\\/p>\\n\",\n        \"addresses\": [\n            {\n                \"lat\": 46.95652129999999857545844861306250095367431640625,\n                \"lng\": 7.4461849999999998317434801720082759857177734375,\n                \"region\": 1638\n            },\n            {\n                \"lat\": 46.94827970000000050276867114007472991943359375,\n                \"lng\": 7.4285094999999987663841238827444612979888916015625,\n                \"region\": 1638\n            }\n        ]\n    },\n    \"99\": {\n        \"id\": 11660,\n        \"logo\": \"https:\\\/\\\/foodwaste.ch\\\/wp-content\\\/uploads\\\/2021\\\/08\\\/logo.png\",\n        \"title\": \"WERT!St\u00e4tte\",\n        \"short_description\": \"<p>Die WERT!St\u00e4tte \\\"rettet\\\" \u00fcberz\u00e4hlige Lebensmittel, spendet diese an soziale Institutionen oder verarbeitet sie zu haltbaren Produkten.<\\\/p>\\n\",\n        \"addresses\": [\n            {\n                \"lat\": 47.53634599999998755492924829013645648956298828125,\n                \"lng\": 7.63671179999999960585910230292938649654388427734375,\n                \"region\": 1637\n            }\n        ]\n    },\n    \"102\": {\n        \"id\": 6064,\n        \"logo\": \"https:\\\/\\\/foodwaste.ch\\\/wp-content\\\/uploads\\\/2025\\\/09\\\/Logo_YgmachtsSo-1-300x104.png\",\n        \"title\": \"Ygmachts & So\",\n        \"short_description\": \"<p>Ygmachts & So stellt aus \u00dcbersch\u00fcssigem direkt ab Hof Upcycling-Produkte her.<\\\/p>\\n\",\n        \"addresses\": [\n            {\n                \"lat\": \"46.9934191\",\n                \"lng\": \"7.410287799999992\",\n                \"region\": 1638\n            }\n        ]\n    },\n    \"103\": {\n        \"id\": 13282,\n        \"logo\": \"https:\\\/\\\/foodwaste.ch\\\/wp-content\\\/uploads\\\/2022\\\/07\\\/Logo_Zelo-300x123.jpg\",\n        \"title\": \"Z\u00e9lo\",\n        \"short_description\": \"<p>Le supermarch\u00e9 en ligne \u00e9cologique, 100% z\u00e9ro d\u00e9chet et livr\u00e9 chez toi \u00e0 v\u00e9lo.<\\\/p>\\n\",\n        \"addresses\": [\n            {\n                \"lat\": 46.422864599999996926271705888211727142333984375,\n                \"lng\": 6.26388020000000000919726517167873680591583251953125,\n                \"region\": 1641\n            }\n        ]\n    }\n};\n<\/script>\n\n<link rel=\"stylesheet\" href=\"\/wp-content\/themes\/fw\/assets\/map\/maplibre\/maplibre-gl-5.12.0.css\">\n<script src=\"\/wp-content\/themes\/fw\/assets\/map\/maplibre\/maplibre-gl-5.12.0.js\"><\/script>\n<script src=\"\/wp-content\/themes\/fw\/assets\/map\/protomaps\/pmtiles_4.3.0.js\"><\/script>\n<script src=\"\/wp-content\/themes\/fw\/assets\/map\/protomaps\/protomaps-basemaps_5.7.0.js\"><\/script>\n<script src=\"\/wp-content\/themes\/fw\/assets\/map\/initiative.js\"><\/script>\n","protected":false},"excerpt":{"rendered":"","protected":false},"author":1,"featured_media":27388,"parent":27261,"menu_order":0,"comment_status":"closed","ping_status":"closed","template":"","meta":{"_acf_changed":false,"inline_featured_image":false,"footnotes":""},"class_list":["post-29407","page","type-page","status-publish","has-post-thumbnail","hentry"],"acf":[],"_links":{"self":[{"href":"https:\/\/foodwaste.ch\/fr\/wp-json\/wp\/v2\/pages\/29407","targetHints":{"allow":["GET"]}}],"collection":[{"href":"https:\/\/foodwaste.ch\/fr\/wp-json\/wp\/v2\/pages"}],"about":[{"href":"https:\/\/foodwaste.ch\/fr\/wp-json\/wp\/v2\/types\/page"}],"author":[{"embeddable":true,"href":"https:\/\/foodwaste.ch\/fr\/wp-json\/wp\/v2\/users\/1"}],"replies":[{"embeddable":true,"href":"https:\/\/foodwaste.ch\/fr\/wp-json\/wp\/v2\/comments?post=29407"}],"version-history":[{"count":2,"href":"https:\/\/foodwaste.ch\/fr\/wp-json\/wp\/v2\/pages\/29407\/revisions"}],"predecessor-version":[{"id":29467,"href":"https:\/\/foodwaste.ch\/fr\/wp-json\/wp\/v2\/pages\/29407\/revisions\/29467"}],"up":[{"embeddable":true,"href":"https:\/\/foodwaste.ch\/fr\/wp-json\/wp\/v2\/pages\/27261"}],"wp:featuredmedia":[{"embeddable":true,"href":"https:\/\/foodwaste.ch\/fr\/wp-json\/wp\/v2\/media\/27388"}],"wp:attachment":[{"href":"https:\/\/foodwaste.ch\/fr\/wp-json\/wp\/v2\/media?parent=29407"}],"curies":[{"name":"wp","href":"https:\/\/api.w.org\/{rel}","templated":true}]}}